{"id":6774,"date":"2025-08-01T14:36:02","date_gmt":"2025-08-01T14:36:02","guid":{"rendered":"https:\/\/rfblegal.co.uk\/?post_type=knowledge-base&#038;p=6774"},"modified":"2025-08-05T09:47:14","modified_gmt":"2025-08-05T09:47:14","slug":"vasiyetnamede-degisiklik-senedi-nedir","status":"publish","type":"knowledge-base","link":"https:\/\/rfblegal.co.uk\/tr\/bilgi-tabani\/vasiyetnamede-degisiklik-senedi-nedir\/","title":{"rendered":"Vasiyetname De\u011fi\u015fikli\u011fi Senedi Nedir?\u00a0"},"content":{"rendered":"<p>Bir ki\u015fi \u00f6ld\u00fc\u011f\u00fcnde, miras\u0131 Vasiyetnamesi h\u00fck\u00fcmlerine g\u00f6re veya Vasiyetname yapmam\u0131\u015fsa, Vasiyetname Kurallar\u0131 uyar\u0131nca da\u011f\u0131t\u0131l\u0131r. Ancak, terekeden yararlananlar\u0131n terekenin nas\u0131l da\u011f\u0131t\u0131laca\u011f\u0131n\u0131 de\u011fi\u015ftirmek isteyebilecekleri baz\u0131 durumlar olabilir.\u00a0\u00a0<\/p>\n\n\n\n<p>Bunlar, a\u015fa\u011f\u0131dakiler de dahil olmak \u00fczere \u00e7e\u015fitli nedenlerle olabilir:&nbsp;&nbsp;<\/p>\n\n\n\n<ol start=\"1\" class=\"wp-block-list\">\n<li>Vasiyetname d\u0131\u015f\u0131nda b\u0131rak\u0131lan biri i\u00e7in kar\u015f\u0131l\u0131k sa\u011flamak.&nbsp;<\/li>\n<\/ol>\n\n\n\n<ol start=\"2\" class=\"wp-block-list\">\n<li>Faydalan\u0131c\u0131lar aras\u0131ndaki da\u011f\u0131l\u0131m\u0131 dengelemek.&nbsp;<\/li>\n<\/ol>\n\n\n\n<ol start=\"3\" class=\"wp-block-list\">\n<li>Faydalan\u0131c\u0131lar i\u00e7in i\u015fleri kolayla\u015ft\u0131rmak.&nbsp;<\/li>\n<\/ol>\n\n\n\n<ol start=\"4\" class=\"wp-block-list\">\n<li>Veraset Vergisi y\u00fck\u00fcml\u00fcl\u00fc\u011f\u00fcn\u00fc azaltmak i\u00e7in.&nbsp;<\/li>\n<\/ol>\n\n\n\n<p>Bu durumlarda, lehtarlar, bir miras\u0131n idaresini Vasiyetname veya Vasiyetname Kurallar\u0131 h\u00fck\u00fcmlerinden farkl\u0131 k\u0131lmak i\u00e7in kullan\u0131lan yasal bir belge olan De\u011fi\u015fiklik Senedini kullanmak isteyebilirler.&nbsp;&nbsp;<\/p>\n\n\n\n<h2 class=\"wp-block-heading\"><strong>Pratikler:&nbsp;<\/strong>&nbsp;<\/h2>\n\n\n\n<p>Bir De\u011fi\u015fiklik Senedinin do\u011fru hareket tarz\u0131 olup olmad\u0131\u011f\u0131n\u0131 belirlerken, g\u00f6z \u00f6n\u00fcnde bulundurman\u0131z gereken \u00e7ok say\u0131da pratik unsur vard\u0131r:\u00a0\u00a0<\/p>\n\n\n\n<ul class=\"wp-block-list\">\n<li>Miraslar\u0131 De\u011fi\u015fiklik Senedinden etkilenecek olan t\u00fcm lehtarlar\u0131n bunu kabul etmesi ve de\u011fi\u015fikliklere r\u0131za g\u00f6stermesi gerekir. Dolay\u0131s\u0131yla, etkilenen lehtarlardan biri de\u011fi\u015fikli\u011fi kabul etmezse, de\u011fi\u015fiklik yap\u0131lamaz.&nbsp;<\/li>\n<\/ul>\n\n\n\n<ul class=\"wp-block-list\">\n<li>De\u011fi\u015fiklik Senedi, Temsil Yetkisi al\u0131nmadan \u00f6nce veya sonra imzalanabilse de, miras b\u0131rak\u0131lm\u0131\u015fsa miras\u0131n herhangi bir b\u00f6l\u00fcm\u00fcn\u00fc resmi olarak de\u011fi\u015ftiremezsiniz.&nbsp;<\/li>\n<\/ul>\n\n\n\n<ul class=\"wp-block-list\">\n<li>Bir Vasiyetnamede atanan vasilerin veya vasilerin atamas\u0131n\u0131 de\u011fi\u015ftiremezsiniz; De\u011fi\u015fiklik Senedi yaln\u0131zca bir m\u00fclk\u00fcn da\u011f\u0131t\u0131m\u0131n\u0131 de\u011fi\u015ftirebilir.&nbsp;&nbsp;<\/li>\n<\/ul>\n\n\n\n<h2 class=\"wp-block-heading\"><strong>Yasal Sonu\u00e7lar:&nbsp;<\/strong>&nbsp;<\/h2>\n\n\n\n<p>De\u011fi\u015fiklik Senedinin yasal bir belge oldu\u011fu g\u00f6z \u00f6n\u00fcne al\u0131nd\u0131\u011f\u0131nda, uyulmas\u0131 gereken yasal \u00e7\u0131kar\u0131mlar vard\u0131r. A\u015fa\u011f\u0131da, ak\u0131lda tutulmas\u0131 gereken baz\u0131 yasal hususlar\u0131n kapsaml\u0131 olmayan bir listesi yer almaktad\u0131r:&nbsp;&nbsp;<\/p>\n\n\n\n<ul class=\"wp-block-list\">\n<li>De\u011fi\u015fiklik Senedi sadece merhumun \u00f6l\u00fcm\u00fcnden sonraki iki y\u0131l i\u00e7inde yap\u0131labilir.&nbsp;<\/li>\n<\/ul>\n\n\n\n<ul class=\"wp-block-list\">\n<li>Sadece 18 ya\u015f\u0131ndan b\u00fcy\u00fck ve tam akli ehliyete sahip lehtarlar De\u011fi\u015fiklik Senedini imzalayabilir. Bir lehtar 18 ya\u015f\u0131n alt\u0131ndaysa veya akli ehliyeti yoksa, Mahkeme de\u011fi\u015fikli\u011fe onay vermelidir.\u00a0<\/li>\n<\/ul>\n\n\n\n<ul class=\"wp-block-list\">\n<li>De\u011fi\u015fiklik Senedi yaz\u0131l\u0131 olarak yap\u0131lmal\u0131d\u0131r.&nbsp;&nbsp;<\/li>\n<\/ul>\n\n\n\n<ul class=\"wp-block-list\">\n<li>Faydalan\u0131c\u0131ya de\u011fi\u015fikli\u011fi kabul etmesi i\u00e7in herhangi bir mali te\u015fvikte bulunulamaz.&nbsp;&nbsp;<\/li>\n<\/ul>\n\n\n\n<ul class=\"wp-block-list\">\n<li>De\u011fi\u015fiklik Senedi imzaland\u0131ktan ve terekenin da\u011f\u0131l\u0131m\u0131 de\u011fi\u015ftirildikten sonra bir daha de\u011fi\u015ftirilemez. Da\u011f\u0131t\u0131m\u0131 de\u011fi\u015ftirmek i\u00e7in ikinci bir \u015fans olmayacakt\u0131r.&nbsp;&nbsp;<\/li>\n<\/ul>\n\n\n\n<h2 class=\"wp-block-heading\"><strong>\u0130htiya\u00e7 duyulabilecek durumlar:&nbsp;<\/strong>&nbsp;<\/h2>\n\n\n\n<h3 class=\"wp-block-heading\">Vasiyetname d\u0131\u015f\u0131nda b\u0131rak\u0131lan biri i\u00e7in kar\u015f\u0131l\u0131k sa\u011flamak:&nbsp;<\/h3>\n\n\n\n<p>Vefat eden ki\u015fi Vasiyetnamesinde bir arkada\u015f\u0131n\u0131n ya da aile \u00fcyesinin ge\u00e7iminin sa\u011flanmas\u0131n\u0131 istemi\u015f ve bu h\u00fckm\u00fc Vasiyetnameye koyma f\u0131rsat\u0131n\u0131 bulamam\u0131\u015fsa ya da yanl\u0131\u015fl\u0131kla Vasiyetnamede bu ki\u015finin ge\u00e7iminin sa\u011fland\u0131\u011f\u0131n\u0131 d\u00fc\u015f\u00fcnm\u00fc\u015fse, bu isteklerin yerine getirildi\u011finden emin olmak i\u00e7in bir De\u011fi\u015fiklik Senedi kullan\u0131labilir.&nbsp;&nbsp;<\/p>\n\n\n\n<h3 class=\"wp-block-heading\">Yararlan\u0131c\u0131lar aras\u0131ndaki da\u011f\u0131t\u0131mlar\u0131 dengelemek;&nbsp;<\/h3>\n\n\n\n<p>E\u011fer bir lehtar di\u011fer lehtarlardan \u00f6nemli \u00f6l\u00e7\u00fcde daha fazla miras alacaksa (\u00f6rne\u011fin bir \u00e7ocuk veya torun karde\u015flerinden daha fazla miras alacaksa) o zaman bir De\u011fi\u015fiklik Senedi t\u00fcm lehtarlar\u0131n e\u015fit miktarda miras almas\u0131n\u0131 sa\u011flayabilir. Bu, lehtarlar taraf\u0131ndan al\u0131nan miras\u0131n de\u011feri \u00fczerindeki anla\u015fmazl\u0131klar\u0131 durdurabilir.&nbsp;&nbsp;<\/p>\n\n\n\n<h3 class=\"wp-block-heading\">Faydalan\u0131c\u0131lar i\u00e7in i\u015fleri kolayla\u015ft\u0131rmak:&nbsp;<\/h3>\n\n\n\n<p>E\u011fer bir miras\u00e7\u0131 miras\u0131n\u0131 hemen ba\u015fka birine hediye etmek istiyorsa, o zaman nihai miras\u00e7\u0131n\u0131n varl\u0131klar\u0131 do\u011frudan devralmas\u0131 i\u00e7in bir Varyasyon Senedi kullanmak isteyebilir. Varl\u0131klar \u00f6l\u00fcm\u00fcn\u00fczden sonraki 7 y\u0131l i\u00e7inde hediye edilirse, bu durum terekeniz i\u00e7in mevcut olan S\u0131f\u0131r Oranl\u0131 Bant \u00d6dene\u011fini azaltabilir ve potansiyel olarak hediyenin kendisine 40% Veraset Vergisi \u00fccreti uygulanaca\u011f\u0131 anlam\u0131na gelebilir.  Bu nedenle, bu sorunlardan ka\u00e7\u0131nmak i\u00e7in bir De\u011fi\u015fiklik Senedi yararl\u0131 olabilir.&nbsp;&nbsp;<\/p>\n\n\n\n<h3 class=\"wp-block-heading\">Veraset Vergisi Y\u00fck\u00fcml\u00fcl\u00fc\u011f\u00fcn\u00fc azaltmak i\u00e7in:&nbsp;<\/h3>\n\n\n\n<p>Bir Deed of Variation, kullan\u0131lmam\u0131\u015f olan mevcut Veraset Vergisi indirimlerini kullanabilir. \u00d6rne\u011fin, e\u015fler veya medeni partnerler aras\u0131ndaki her t\u00fcrl\u00fc hediye Veraset Vergisinden muaft\u0131r. Dolay\u0131s\u0131yla, bir terekenin \u00f6nemli bir Veraset Vergisi y\u00fck\u00fcml\u00fcl\u00fc\u011f\u00fc varsa ve varl\u0131klar\u0131n bir k\u0131sm\u0131n\u0131 veya tamam\u0131n\u0131 merhumun e\u015fine veya medeni partnerine y\u00f6nlendirerek bunu azaltmak istiyorsa, bir De\u011fi\u015fiklik Senedi kullan\u0131labilir.&nbsp;&nbsp;<\/p>","protected":false},"author":12,"featured_media":6775,"parent":0,"menu_order":0,"template":"","format":"standard","meta":{"_acf_changed":false,"om_disable_all_campaigns":false,"_uf_show_specific_survey":0,"_uf_disable_surveys":false,"footnotes":""},"categories":[22],"tags":[],"class_list":["post-6774","knowledge-base","type-knowledge-base","status-publish","format-standard","has-post-thumbnail","hentry","category-wills-probate"],"acf":[],"aioseo_notices":[],"yoast_head":"<!-- This site is optimized with the Yoast SEO plugin v27.2 - https:\/\/yoast.com\/product\/yoast-seo-wordpress\/ -->\n<title>What is a Deed of Variation to a Will\u00a0 - RFB Legal<\/title>\n<meta name=\"description\" content=\"A Deed of Variation lets beneficiaries legally alter a will\u2019s distribution to address fairness, simplify matters, or reduce tax liability.\" \/>\n<meta name=\"robots\" content=\"index, follow, max-snippet:-1, max-image-preview:large, max-video-preview:-1\" \/>\n<link rel=\"canonical\" href=\"https:\/\/rfblegal.co.uk\/tr\/bilgi-tabani\/vasiyetnamede-degisiklik-senedi-nedir\/\" \/>\n<meta property=\"og:locale\" content=\"tr_TR\" \/>\n<meta property=\"og:type\" content=\"article\" \/>\n<meta property=\"og:title\" content=\"What is a Deed of Variation to a Will\u00a0 - RFB Legal\" \/>\n<meta property=\"og:description\" content=\"A Deed of Variation lets beneficiaries legally alter a will\u2019s distribution to address fairness, simplify matters, or reduce tax liability.\" \/>\n<meta property=\"og:url\" content=\"https:\/\/rfblegal.co.uk\/tr\/bilgi-tabani\/vasiyetnamede-degisiklik-senedi-nedir\/\" \/>\n<meta property=\"og:site_name\" content=\"RFB Legal\" \/>\n<meta property=\"article:publisher\" content=\"https:\/\/www.facebook.com\/RFBLegal\/\" \/>\n<meta property=\"article:modified_time\" content=\"2025-08-05T09:47:14+00:00\" \/>\n<meta property=\"og:image\" content=\"https:\/\/rfblegal.co.uk\/wp-content\/uploads\/2025\/08\/What-Is-A-Deed-of-Variation-to-a-Will-joe.png\" \/>\n\t<meta property=\"og:image:width\" content=\"2120\" \/>\n\t<meta property=\"og:image:height\" content=\"1108\" \/>\n\t<meta property=\"og:image:type\" content=\"image\/png\" \/>\n<meta name=\"twitter:card\" content=\"summary_large_image\" \/>\n<meta name=\"twitter:label1\" content=\"Est. reading time\" \/>\n\t<meta name=\"twitter:data1\" content=\"4 dakika\" \/>\n<script type=\"application\/ld+json\" class=\"yoast-schema-graph\">{\"@context\":\"https:\/\/schema.org\",\"@graph\":[{\"@type\":\"WebPage\",\"@id\":\"https:\/\/rfblegal.co.uk\/knowledge-base\/what-is-a-deed-of-variation-to-a-will\/\",\"url\":\"https:\/\/rfblegal.co.uk\/knowledge-base\/what-is-a-deed-of-variation-to-a-will\/\",\"name\":\"What is a Deed of Variation to a Will\u00a0 - RFB Legal\",\"isPartOf\":{\"@id\":\"https:\/\/rfblegal.co.uk\/#website\"},\"primaryImageOfPage\":{\"@id\":\"https:\/\/rfblegal.co.uk\/knowledge-base\/what-is-a-deed-of-variation-to-a-will\/#primaryimage\"},\"image\":{\"@id\":\"https:\/\/rfblegal.co.uk\/knowledge-base\/what-is-a-deed-of-variation-to-a-will\/#primaryimage\"},\"thumbnailUrl\":\"https:\/\/rfblegal.co.uk\/wp-content\/uploads\/2025\/08\/What-Is-A-Deed-of-Variation-to-a-Will-joe.png\",\"datePublished\":\"2025-08-01T14:36:02+00:00\",\"dateModified\":\"2025-08-05T09:47:14+00:00\",\"description\":\"A Deed of Variation lets beneficiaries legally alter a will\u2019s distribution to address fairness, simplify matters, or reduce tax liability.\",\"breadcrumb\":{\"@id\":\"https:\/\/rfblegal.co.uk\/knowledge-base\/what-is-a-deed-of-variation-to-a-will\/#breadcrumb\"},\"inLanguage\":\"tr\",\"potentialAction\":[{\"@type\":\"ReadAction\",\"target\":[\"https:\/\/rfblegal.co.uk\/knowledge-base\/what-is-a-deed-of-variation-to-a-will\/\"]}]},{\"@type\":\"ImageObject\",\"inLanguage\":\"tr\",\"@id\":\"https:\/\/rfblegal.co.uk\/knowledge-base\/what-is-a-deed-of-variation-to-a-will\/#primaryimage\",\"url\":\"https:\/\/rfblegal.co.uk\/wp-content\/uploads\/2025\/08\/What-Is-A-Deed-of-Variation-to-a-Will-joe.png\",\"contentUrl\":\"https:\/\/rfblegal.co.uk\/wp-content\/uploads\/2025\/08\/What-Is-A-Deed-of-Variation-to-a-Will-joe.png\",\"width\":2120,\"height\":1108},{\"@type\":\"BreadcrumbList\",\"@id\":\"https:\/\/rfblegal.co.uk\/knowledge-base\/what-is-a-deed-of-variation-to-a-will\/#breadcrumb\",\"itemListElement\":[{\"@type\":\"ListItem\",\"position\":1,\"name\":\"Home\",\"item\":\"https:\/\/rfblegal.co.uk\/\"},{\"@type\":\"ListItem\",\"position\":2,\"name\":\"Knowledge base\",\"item\":\"https:\/\/rfblegal.co.uk\/knowledge-base\/\"},{\"@type\":\"ListItem\",\"position\":3,\"name\":\"What is a Deed of Variation to a Will\u00a0\"}]},{\"@type\":\"WebSite\",\"@id\":\"https:\/\/rfblegal.co.uk\/#website\",\"url\":\"https:\/\/rfblegal.co.uk\/\",\"name\":\"RFB Legal\",\"description\":\"\",\"publisher\":{\"@id\":\"https:\/\/rfblegal.co.uk\/#organization\"},\"potentialAction\":[{\"@type\":\"SearchAction\",\"target\":{\"@type\":\"EntryPoint\",\"urlTemplate\":\"https:\/\/rfblegal.co.uk\/?s={search_term_string}\"},\"query-input\":{\"@type\":\"PropertyValueSpecification\",\"valueRequired\":true,\"valueName\":\"search_term_string\"}}],\"inLanguage\":\"tr\"},{\"@type\":\"Organization\",\"@id\":\"https:\/\/rfblegal.co.uk\/#organization\",\"name\":\"RFB Legal\",\"url\":\"https:\/\/rfblegal.co.uk\/\",\"logo\":{\"@type\":\"ImageObject\",\"inLanguage\":\"tr\",\"@id\":\"https:\/\/rfblegal.co.uk\/#\/schema\/logo\/image\/\",\"url\":\"https:\/\/rfblegal.co.uk\/wp-content\/uploads\/2024\/01\/header_company_logo.svg\",\"contentUrl\":\"https:\/\/rfblegal.co.uk\/wp-content\/uploads\/2024\/01\/header_company_logo.svg\",\"caption\":\"RFB Legal\"},\"image\":{\"@id\":\"https:\/\/rfblegal.co.uk\/#\/schema\/logo\/image\/\"},\"sameAs\":[\"https:\/\/www.facebook.com\/RFBLegal\/\",\"https:\/\/www.linkedin.com\/uas\/login?session_redirect=company2012282\",\"https:\/\/www.instagram.com\/rfb_legal\/\"]}]}<\/script>\n<!-- \/ Yoast SEO plugin. -->","yoast_head_json":{"title":"Vasiyetname De\u011fi\u015fikli\u011fi Senedi Nedir - RFB Legal","description":"De\u011fi\u015fiklik Senedi, lehtarlar\u0131n bir vasiyetnamenin da\u011f\u0131t\u0131m\u0131n\u0131 adaleti sa\u011flamak, konular\u0131 basitle\u015ftirmek veya vergi y\u00fck\u00fcml\u00fcl\u00fc\u011f\u00fcn\u00fc azaltmak i\u00e7in yasal olarak de\u011fi\u015ftirmelerine olanak tan\u0131r.","robots":{"index":"index","follow":"follow","max-snippet":"max-snippet:-1","max-image-preview":"max-image-preview:large","max-video-preview":"max-video-preview:-1"},"canonical":"https:\/\/rfblegal.co.uk\/tr\/bilgi-tabani\/vasiyetnamede-degisiklik-senedi-nedir\/","og_locale":"tr_TR","og_type":"article","og_title":"What is a Deed of Variation to a Will\u00a0 - RFB Legal","og_description":"A Deed of Variation lets beneficiaries legally alter a will\u2019s distribution to address fairness, simplify matters, or reduce tax liability.","og_url":"https:\/\/rfblegal.co.uk\/tr\/bilgi-tabani\/vasiyetnamede-degisiklik-senedi-nedir\/","og_site_name":"RFB Legal","article_publisher":"https:\/\/www.facebook.com\/RFBLegal\/","article_modified_time":"2025-08-05T09:47:14+00:00","og_image":[{"width":2120,"height":1108,"url":"https:\/\/rfblegal.co.uk\/wp-content\/uploads\/2025\/08\/What-Is-A-Deed-of-Variation-to-a-Will-joe.png","type":"image\/png"}],"twitter_card":"summary_large_image","twitter_misc":{"Est. reading time":"4 dakika"},"schema":{"@context":"https:\/\/schema.org","@graph":[{"@type":"WebPage","@id":"https:\/\/rfblegal.co.uk\/knowledge-base\/what-is-a-deed-of-variation-to-a-will\/","url":"https:\/\/rfblegal.co.uk\/knowledge-base\/what-is-a-deed-of-variation-to-a-will\/","name":"Vasiyetname De\u011fi\u015fikli\u011fi Senedi Nedir - RFB Legal","isPartOf":{"@id":"https:\/\/rfblegal.co.uk\/#website"},"primaryImageOfPage":{"@id":"https:\/\/rfblegal.co.uk\/knowledge-base\/what-is-a-deed-of-variation-to-a-will\/#primaryimage"},"image":{"@id":"https:\/\/rfblegal.co.uk\/knowledge-base\/what-is-a-deed-of-variation-to-a-will\/#primaryimage"},"thumbnailUrl":"https:\/\/rfblegal.co.uk\/wp-content\/uploads\/2025\/08\/What-Is-A-Deed-of-Variation-to-a-Will-joe.png","datePublished":"2025-08-01T14:36:02+00:00","dateModified":"2025-08-05T09:47:14+00:00","description":"De\u011fi\u015fiklik Senedi, lehtarlar\u0131n bir vasiyetnamenin da\u011f\u0131t\u0131m\u0131n\u0131 adaleti sa\u011flamak, konular\u0131 basitle\u015ftirmek veya vergi y\u00fck\u00fcml\u00fcl\u00fc\u011f\u00fcn\u00fc azaltmak i\u00e7in yasal olarak de\u011fi\u015ftirmelerine olanak tan\u0131r.","breadcrumb":{"@id":"https:\/\/rfblegal.co.uk\/knowledge-base\/what-is-a-deed-of-variation-to-a-will\/#breadcrumb"},"inLanguage":"tr","potentialAction":[{"@type":"ReadAction","target":["https:\/\/rfblegal.co.uk\/knowledge-base\/what-is-a-deed-of-variation-to-a-will\/"]}]},{"@type":"ImageObject","inLanguage":"tr","@id":"https:\/\/rfblegal.co.uk\/knowledge-base\/what-is-a-deed-of-variation-to-a-will\/#primaryimage","url":"https:\/\/rfblegal.co.uk\/wp-content\/uploads\/2025\/08\/What-Is-A-Deed-of-Variation-to-a-Will-joe.png","contentUrl":"https:\/\/rfblegal.co.uk\/wp-content\/uploads\/2025\/08\/What-Is-A-Deed-of-Variation-to-a-Will-joe.png","width":2120,"height":1108},{"@type":"BreadcrumbList","@id":"https:\/\/rfblegal.co.uk\/knowledge-base\/what-is-a-deed-of-variation-to-a-will\/#breadcrumb","itemListElement":[{"@type":"ListItem","position":1,"name":"Home","item":"https:\/\/rfblegal.co.uk\/"},{"@type":"ListItem","position":2,"name":"Knowledge base","item":"https:\/\/rfblegal.co.uk\/knowledge-base\/"},{"@type":"ListItem","position":3,"name":"What is a Deed of Variation to a Will\u00a0"}]},{"@type":"WebSite","@id":"https:\/\/rfblegal.co.uk\/#website","url":"https:\/\/rfblegal.co.uk\/","name":"RFB Hukuk","description":"","publisher":{"@id":"https:\/\/rfblegal.co.uk\/#organization"},"potentialAction":[{"@type":"SearchAction","target":{"@type":"EntryPoint","urlTemplate":"https:\/\/rfblegal.co.uk\/?s={search_term_string}"},"query-input":{"@type":"PropertyValueSpecification","valueRequired":true,"valueName":"search_term_string"}}],"inLanguage":"tr"},{"@type":"Organization","@id":"https:\/\/rfblegal.co.uk\/#organization","name":"RFB Hukuk","url":"https:\/\/rfblegal.co.uk\/","logo":{"@type":"ImageObject","inLanguage":"tr","@id":"https:\/\/rfblegal.co.uk\/#\/schema\/logo\/image\/","url":"https:\/\/rfblegal.co.uk\/wp-content\/uploads\/2024\/01\/header_company_logo.svg","contentUrl":"https:\/\/rfblegal.co.uk\/wp-content\/uploads\/2024\/01\/header_company_logo.svg","caption":"RFB Legal"},"image":{"@id":"https:\/\/rfblegal.co.uk\/#\/schema\/logo\/image\/"},"sameAs":["https:\/\/www.facebook.com\/RFBLegal\/","https:\/\/www.linkedin.com\/uas\/login?session_redirect=company2012282","https:\/\/www.instagram.com\/rfb_legal\/"]}]}},"_links":{"self":[{"href":"https:\/\/rfblegal.co.uk\/tr\/wp-json\/wp\/v2\/knowledge-base\/6774","targetHints":{"allow":["GET"]}}],"collection":[{"href":"https:\/\/rfblegal.co.uk\/tr\/wp-json\/wp\/v2\/knowledge-base"}],"about":[{"href":"https:\/\/rfblegal.co.uk\/tr\/wp-json\/wp\/v2\/types\/knowledge-base"}],"author":[{"embeddable":true,"href":"https:\/\/rfblegal.co.uk\/tr\/wp-json\/wp\/v2\/users\/12"}],"version-history":[{"count":0,"href":"https:\/\/rfblegal.co.uk\/tr\/wp-json\/wp\/v2\/knowledge-base\/6774\/revisions"}],"wp:featuredmedia":[{"embeddable":true,"href":"https:\/\/rfblegal.co.uk\/tr\/wp-json\/wp\/v2\/media\/6775"}],"wp:attachment":[{"href":"https:\/\/rfblegal.co.uk\/tr\/wp-json\/wp\/v2\/media?parent=6774"}],"wp:term":[{"taxonomy":"category","embeddable":true,"href":"https:\/\/rfblegal.co.uk\/tr\/wp-json\/wp\/v2\/categories?post=6774"},{"taxonomy":"post_tag","embeddable":true,"href":"https:\/\/rfblegal.co.uk\/tr\/wp-json\/wp\/v2\/tags?post=6774"}],"curies":[{"name":"wp","href":"https:\/\/api.w.org\/{rel}","templated":true}]}}