{"id":6548,"date":"2025-07-08T13:56:15","date_gmt":"2025-07-08T13:56:15","guid":{"rendered":"https:\/\/rfblegal.co.uk\/?post_type=knowledge-base&#038;p=6548"},"modified":"2026-04-14T09:01:34","modified_gmt":"2026-04-14T09:01:34","slug":"olumden-sonra-vasiyetname-nasil-degi%cc%87sti%cc%87ri%cc%87li%cc%87r","status":"publish","type":"knowledge-base","link":"https:\/\/rfblegal.co.uk\/tr\/bilgi-tabani\/olumden-sonra-vasiyetname-nasil-degi%cc%87sti%cc%87ri%cc%87li%cc%87r\/","title":{"rendered":"\u00d6l\u00fcmden Sonra Vasiyetnamedeki Hatalar Nas\u0131l D\u00fczeltilir?\u00a0"},"content":{"rendered":"<p>Birisi \u00f6ld\u00fckten sonra vasiyetnamede bir hata oldu\u011funu fark etmek son derece sinir bozucu olabilir-\u00f6zellikle de bu hata, miras\u0131n merhumun istedi\u011fi gibi ge\u00e7meyece\u011fi anlam\u0131na geliyorsa. Belki bir lehtar\u0131n ad\u0131 yanl\u0131\u015f yaz\u0131lm\u0131\u015f, bir m\u00fclk\u00fcn adresi yanl\u0131\u015f yaz\u0131lm\u0131\u015f ya da \u00e7ok \u00f6nemli bir hediye tamamen atlanm\u0131\u015ft\u0131r.&nbsp;&nbsp;<\/p>\n\n\n\n<p>\u0130yi haber \u015fu ki, yasa \u00f6l\u00fcmden sonra vasiyetnamedeki hatalar\u0131 d\u00fczeltmek i\u00e7in bir mekanizma sa\u011fl\u0131yor, ancak bu kat\u0131 zaman s\u0131n\u0131rlar\u0131 ve belirli gereksinimleri olan yasal bir s\u00fcre\u00e7.&nbsp;&nbsp;<\/p>\n\n\n\n<p>Bu k\u0131lavuz, \u0130ngiltere ve Galler'de \u00f6l\u00fcmden sonra vasiyetnamedeki hatalar\u0131n nas\u0131l d\u00fczeltilebilece\u011fini, hangi gerek\u00e7elerle d\u00fczeltme yap\u0131labilece\u011fini ve ilk son tarihi ka\u00e7\u0131r\u0131rsan\u0131z ne olaca\u011f\u0131n\u0131 a\u00e7\u0131klamaktad\u0131r.&nbsp;&nbsp;<\/p>\n\n\n\n<h2 class=\"wp-block-heading\"><strong>Vasiyetname \u00d6l\u00fcmden Sonra D\u00fczeltilebilir mi?&nbsp;<\/strong>&nbsp;<\/h2>\n\n\n\n<p>Evet, \u0130ngiltere ve Galler'de bir vasiyetname \u00f6l\u00fcmden sonra a\u015fa\u011f\u0131daki ko\u015fullar alt\u0131nda d\u00fczeltilebilir&nbsp;<a href=\"https:\/\/www.legislation.gov.uk\/ukpga\/1982\/53\/section\/20\" target=\"_blank\" rel=\"noreferrer noopener\">1982 tarihli Adalet Y\u00f6netimi Yasas\u0131'n\u0131n 20. b\u00f6l\u00fcm\u00fc&nbsp;<\/a>mahkeme karar\u0131yla.&nbsp;&nbsp;<\/p>\n\n\n\n<p>D\u00fczeltme, hakkaniyete uygun bir \u00e7\u00f6z\u00fcm yoludur. Bu, mahkemenin yaz\u0131l\u0131 bir vasiyetnameyi vasiyet\u00e7inin kan\u0131tlanm\u0131\u015f niyetlerine uygun olacak \u015fekilde d\u00fczeltmek i\u00e7in takdir yetkisini kulland\u0131\u011f\u0131 anlam\u0131na gelir. D\u00fczeltmenin kapsam\u0131 s\u0131n\u0131rl\u0131d\u0131r. Bir vasiyeti iyile\u015ftirmek, modernize etmek ya da yeniden yazmak i\u00e7in genel bir yetki de\u011fildir. Mahkeme yaln\u0131zca vasiyet\u00e7inin yasal belgeyi imzalad\u0131\u011f\u0131 s\u0131rada verdi\u011fi talimatlar\u0131n kaydedilmesindeki hatalar\u0131 d\u00fczeltebilir, bu da bir kodikil i\u00e7erebilir.&nbsp;&nbsp;<\/p>\n\n\n\n<h2 class=\"wp-block-heading\"><strong>Bir Vasiyetname Hangi Gerek\u00e7elerle D\u00fczeltilebilir?&nbsp;<\/strong>&nbsp;<\/h2>\n\n\n\n<p>1982 tarihli Adalet Y\u00f6netimi Yasas\u0131'n\u0131n 20(1). b\u00f6l\u00fcm\u00fc d\u00fczeltme i\u015flemlerini iki ana kategoriyle s\u0131n\u0131rland\u0131rmaktad\u0131r:&nbsp;&nbsp;<\/p>\n\n\n\n<ol start=\"1\" class=\"wp-block-list\">\n<li><strong>Yaz\u0131m hatas\u0131<\/strong>\u00a0\u00a0<\/li>\n<\/ol>\n\n\n\n<ol start=\"2\" class=\"wp-block-list\">\n<li><strong>Vasiyet\u00e7inin talimatlar\u0131n\u0131n anla\u015f\u0131lamamas\u0131<\/strong>\u00a0\u00a0<\/li>\n<\/ol>\n\n\n\n<p>Mahkeme, vasiyetnamenin d\u00fczenlendi\u011fi tarihte vasiyet\u00e7inin talimatlar\u0131na ili\u015fkin a\u00e7\u0131k kan\u0131tlar arayacakt\u0131r. Buna \u015funlar dahil olabilir:&nbsp;&nbsp;<\/p>\n\n\n\n<ul class=\"wp-block-list\">\n<li>Avukatla yap\u0131lan toplant\u0131lar\u0131n kat\u0131l\u0131m notlar\u0131\u00a0\u00a0<\/li>\n<\/ul>\n\n\n\n<ul class=\"wp-block-list\">\n<li>Vasiyetnamenin \u00f6nceki taslaklar\u0131\u00a0\u00a0<\/li>\n<\/ul>\n\n\n\n<ul class=\"wp-block-list\">\n<li>Vasiyetname yazar\u0131 ile mektuplar veya e-postalar\u00a0\u00a0<\/li>\n<\/ul>\n\n\n\n<ul class=\"wp-block-list\">\n<li>Merhum taraf\u0131ndan imzalanm\u0131\u015f yaz\u0131l\u0131 talimatlar\u00a0\u00a0<\/li>\n<\/ul>\n\n\n\n<p>Bir lehtar\u0131n memnuniyetsizli\u011fi veya alg\u0131lanan adaletsizlik yeterli de\u011fildir. Davac\u0131, vasiyetnamenin haz\u0131rland\u0131\u011f\u0131 \u015fekliyle vasiyet\u00e7inin niyetini yans\u0131tmad\u0131\u011f\u0131n\u0131 g\u00f6stermeli ve do\u011fru ifadenin ne olmas\u0131 gerekti\u011fini kan\u0131tlamal\u0131d\u0131r.&nbsp;&nbsp;<\/p>\n\n\n\n<h2 class=\"wp-block-heading\"><strong>Yaz\u0131m Hatas\u0131&nbsp;<\/strong>&nbsp;<\/h2>\n\n\n\n<p>Yaz\u0131m hatas\u0131, esasen vasiyet\u00e7inin talimatlar\u0131n\u0131n kaydedilmesi veya kopyalanmas\u0131 s\u00fcrecinde meydana gelen bir kayma veya hatad\u0131r. Genellikle mekanik niteliktedir - mahkemelerin \u201cofis i\u015finin\u201d bir par\u00e7as\u0131 olarak tan\u0131mlad\u0131\u011f\u0131 \u015feydir.\u201d&nbsp;&nbsp;<\/p>\n\n\n\n<h3 class=\"wp-block-heading\"><strong>Yayg\u0131n \u00f6rnekler \u015funlard\u0131r:<\/strong>&nbsp;&nbsp;<\/h3>\n\n\n\n<figure class=\"wp-block-table\"><table class=\"has-fixed-layout\"><tbody><tr><td><strong>Hata T\u00fcr\u00fc<\/strong>&nbsp;&nbsp;<\/td><td><strong>\u00d6rnek<\/strong>&nbsp;&nbsp;<\/td><\/tr><tr><td>De\u011fi\u015ftirilmi\u015f isimler&nbsp;&nbsp;<\/td><td>Yararlan\u0131c\u0131 olarak \u201cJohn\u201d ve \u201cJames \u201din kar\u0131\u015ft\u0131r\u0131lmas\u0131&nbsp;&nbsp;<\/td><\/tr><tr><td>Yanl\u0131\u015f adres&nbsp;&nbsp;<\/td><td>\u201c12 Akasya Caddesi\u201d yerine \u201c21 Akasya Caddesi\u201d yaz\u0131lmas\u0131\u201d&nbsp;&nbsp;<\/td><\/tr><tr><td>Yanl\u0131\u015f c\u00fcmle yap\u0131\u015ft\u0131r\u0131lm\u0131\u015f&nbsp;&nbsp;<\/td><td>Ba\u015fka bir m\u00fcvekkilin vasiyetinden bir madde eklemek&nbsp;&nbsp;<\/td><\/tr><tr><td>Atlanan hediye&nbsp;&nbsp;<\/td><td>A\u00e7\u0131k\u00e7a belirtilmi\u015f belirli bir vasiyetin atlanmas\u0131&nbsp;&nbsp;<\/td><\/tr><tr><td>\u0130mzalama hatas\u0131&nbsp;&nbsp;<\/td><td>Bir belgenin yanl\u0131\u015f s\u00fcr\u00fcm\u00fcn\u00fc y\u00fcr\u00fctme&nbsp;&nbsp;<\/td><\/tr><\/tbody><\/table><\/figure>\n\n\n\n<p>\u00d6nde gelen davada&nbsp;<a href=\"https:\/\/www.supremecourt.uk\/cases\/uksc-2012-0057\" target=\"_blank\" rel=\"noreferrer noopener\">Marley v Rawlings (2014),<\/a>&nbsp;Bir kar\u0131 koca (Bay ve Bayan Rawlings) 1999 y\u0131l\u0131nda yanl\u0131\u015fl\u0131kla birbirlerinin ayna vasiyetnamelerini imzalam\u0131\u015flard\u0131r. Avukatlar\u0131 imzalamalar\u0131 i\u00e7in ayn\u0131 vasiyetnameleri haz\u0131rlam\u0131\u015ft\u0131 ancak her nas\u0131lsa e\u015flerden her biri di\u011ferinin vasiyetnamesini imzalam\u0131\u015ft\u0131.&nbsp;&nbsp;<\/p>\n\n\n\n<p>Bayan Rawlings 2003 y\u0131l\u0131nda \u00f6lm\u00fc\u015ft\u00fcr. Bay Rawlings 2006 y\u0131l\u0131nda \u00f6ld\u00fc\u011f\u00fcnde hata ortaya \u00e7\u0131km\u0131\u015ft\u0131r. Y\u00fcksek Mahkeme bunun 20. madde kapsam\u0131nda bir yaz\u0131m hatas\u0131 oldu\u011funa karar verdi ve d\u00fczeltilmesine h\u00fckmetti. Vasiyetname, Bay Rawlings kendisi i\u00e7in \u00f6ng\u00f6r\u00fclen do\u011fru belgeyi imzalam\u0131\u015f gibi muamele g\u00f6rm\u00fc\u015ft\u00fcr.&nbsp;&nbsp;<\/p>\n\n\n\n<p>Marley'i takiben, \u201cyaz\u0131m hatas\u0131\u201d sadece bir daktilo hatas\u0131 olarak de\u011fil, talimatlar\u0131n vasiyet metnine kaydedilmesi veya aktar\u0131lmas\u0131ndaki herhangi bir hata olarak geni\u015f yorumlanmaktad\u0131r.&nbsp;&nbsp;<\/p>\n\n\n\n<h2 class=\"wp-block-heading\"><strong>Vasiyet\u00e7inin Talimatlar\u0131n\u0131n Anla\u015f\u0131lamamas\u0131&nbsp;<\/strong>&nbsp;<\/h2>\n\n\n\n<p>Bu gerek\u00e7e, vasiyetnameyi haz\u0131rlayan ki\u015finin (ister bir avukat, ister vasiyetname yazan bir firma, hatta isterse ev yap\u0131m\u0131 bir vasiyetnameye yard\u0131m eden bir arkada\u015f olsun) a\u00e7\u0131k talimatlar\u0131 yanl\u0131\u015f anlamas\u0131 veya yerine getirmemesi durumunda ge\u00e7erlidir.&nbsp;&nbsp;<\/p>\n\n\n\n<h3 class=\"wp-block-heading\"><strong>\u00d6rnek senaryo:<\/strong>&nbsp;&nbsp;<\/h3>\n\n\n\n<p>Vasiyet\u00e7i, \u201cManchester'daki i\u015fimin iki yeti\u015fkin \u00e7ocu\u011fuma e\u015fit olarak gitmesi\u201d talimat\u0131n\u0131 veriyor. Ancak vasiyetnameyi haz\u0131rlayan ki\u015fi, di\u011fer i\u015f varl\u0131klar\u0131 ki\u015fisel olarak tutulurken yanl\u0131\u015fl\u0131kla sadece \u201cX Limited'deki hisselerimi\u201d b\u0131rak\u0131r. Vasiyetname, ama\u00e7lanan\u0131n bir k\u0131sm\u0131n\u0131 atlamaktad\u0131r.&nbsp;&nbsp;<\/p>\n\n\n\n<h2 class=\"wp-block-heading\"><strong>D\u00fczeltme Ba\u015fvurusu Nas\u0131l Yap\u0131l\u0131r&nbsp;<\/strong>&nbsp;<\/h2>\n\n\n\n<p>Ba\u015fvurular, 1982 tarihli Adalet Y\u00f6netimi Yasas\u0131'n\u0131n 20. maddesi uyar\u0131nca ya vasiyetnamede ad\u0131 ge\u00e7en vasiyet\u00e7i ya da iddia edilen hatadan etkilenen bir hak sahibi taraf\u0131ndan yap\u0131l\u0131r. Ba\u015fvurular genellikle Y\u00fcksek Mahkeme'de (Chancery Division) ya da veraset i\u015flerine bakan uzman \u0130l\u00e7e Mahkemesi listesinde, Medeni Usul Kurallar\u0131 (<a href=\"https:\/\/www.justice.gov.uk\/courts\/procedure-rules\/civil\/rules\/part57\" target=\"_blank\" rel=\"noreferrer noopener\">CPR B\u00f6l\u00fcm 57<\/a>).&nbsp;&nbsp;<\/p>\n\n\n\n<p>Di\u011fer hak sahipleri ve aile \u00fcyeleri de dahil olmak \u00fczere di\u011fer ilgili taraflar da taraf olarak kat\u0131lmal\u0131 veya en az\u0131ndan taleple birlikte tebli\u011f edilmelidir.&nbsp;&nbsp;<\/p>\n\n\n\n<h2 class=\"wp-block-heading\"><strong>Hangi Kan\u0131tlara \u0130htiya\u00e7 Var?&nbsp;<\/strong>&nbsp;<\/h2>\n\n\n\n<p>Talep formu, vasiyetname yazarlar\u0131n\u0131n kat\u0131l\u0131m notlar\u0131, vasiyet\u00e7inin imzal\u0131 talimat formu, \u00f6nceki vasiyetname taslaklar\u0131 vb. dahil olmak \u00fczere ayr\u0131nt\u0131l\u0131 tan\u0131k ifadeleriyle desteklenmelidir.  Vasiyetnamenin asl\u0131n\u0131 haz\u0131rlayan avukat ya da uzmandan al\u0131nacak kan\u0131tlar genellikle \u00e7ok \u00f6nemlidir. Davaya taraf olmasalar bile tan\u0131k olarak dinlenmeleri gerekebilir.&nbsp;&nbsp;<\/p>\n\n\n\n<h2 class=\"wp-block-heading\"><strong>Alt\u0131 Ayl\u0131k Zaman S\u0131n\u0131r\u0131&nbsp;<\/strong>&nbsp;<\/h2>\n\n\n\n<p>Yasa a\u00e7\u0131kt\u0131r: \u201cmahkemenin izni olmad\u0131k\u00e7a, terekeye ili\u015fkin temsilin ilk al\u0131nd\u0131\u011f\u0131 tarihten itibaren alt\u0131 ayl\u0131k s\u00fcrenin bitiminden sonra ba\u015fvuru yap\u0131lamaz.\u201d&nbsp;&nbsp;<\/p>\n\n\n\n<p>Bu, veraset karar\u0131n\u0131n verildi\u011fi tarihten itibaren alt\u0131 ay anlam\u0131na gelir; \u00f6rne\u011fin, veraset karar\u0131 Ocak 2024'te verilmi\u015fse, son tarih Temmuz 2024't\u00fcr.&nbsp;<a href=\"https:\/\/www.gov.uk\/government\/collections\/probate-forms\" target=\"_blank\" rel=\"noreferrer noopener\">gov.uk<\/a>&nbsp;y\u00f6nergeler.&nbsp;&nbsp;<\/p>\n\n\n\n<h2 class=\"wp-block-heading\"><strong>Ba\u015fvuru Alt\u0131 Ay \u0130\u00e7inde Yap\u0131lmazsa Ne Olur?&nbsp;<\/strong>&nbsp;<\/h2>\n\n\n\n<p>B\u00f6l\u00fcm 20(2) uyar\u0131nca ilk alt\u0131 ayl\u0131k s\u00fcrenin ka\u00e7\u0131r\u0131lmas\u0131 bir talebi otomatik olarak engellemez. Ancak, bu durumda mahkemenin izni gerekmektedir.&nbsp;&nbsp;<\/p>\n\n\n\n<p>Ge\u00e7 ba\u015fvuru i\u00e7in izin verilip verilmeyece\u011fine karar verirken, mahkeme a\u015fa\u011f\u0131daki hususlar\u0131 dikkate alacakt\u0131r:&nbsp;&nbsp;<\/p>\n\n\n\n<ul class=\"wp-block-list\">\n<li><strong>Gecikmenin uzunlu\u011fu<\/strong>\u00a0- Alt\u0131 ay\u0131 ne kadar ge\u00e7ti?\u00a0\u00a0<\/li>\n<\/ul>\n\n\n\n<ul class=\"wp-block-list\">\n<li><strong>Gecikmenin nedenleri<\/strong>\u00a0- Hata sonradan m\u0131 fark edildi?\u00a0\u00a0<\/li>\n<\/ul>\n\n\n\n<ul class=\"wp-block-list\">\n<li><strong>Emlak da\u011f\u0131t\u0131m\u0131<\/strong>\u00a0- T\u00fcm miras zaten da\u011f\u0131t\u0131ld\u0131 m\u0131?\u00a0\u00a0<\/li>\n<\/ul>\n\n\n\n<ul class=\"wp-block-list\">\n<li><strong>Yararlan\u0131c\u0131lara kar\u015f\u0131 \u00f6nyarg\u0131<\/strong>\u00a0- \u0130nsanlar mevcut da\u011f\u0131t\u0131ma g\u00fcvendiler mi?\u00a0\u00a0<\/li>\n<\/ul>\n\n\n\n<p>Davada&nbsp;<a href=\"https:\/\/www.lawjournals.co.uk\/wills-trusts-law-reports\/austin-v-woodward-anr-2011-ewhc-2458-ch\/\" target=\"_blank\" rel=\"noreferrer noopener\">Austin v Woodward (2011)<\/a>, D\u00fczeltme ba\u015fvurusunun alt\u0131 ayl\u0131k s\u00fcreden \u00e7ok sonra yap\u0131lm\u0131\u015f olmas\u0131, vasiyetnameyle ilgili soru i\u015faretleri do\u011furmu\u015ftur. Hata ancak emlak idaresi s\u0131ras\u0131nda ortaya \u00e7\u0131km\u0131\u015ft\u0131r.&nbsp;&nbsp;<\/p>\n\n\n\n<p>Mahkeme, ge\u00e7 d\u00fczeltme talebine izin vermi\u015f ve \u015fu hususlar\u0131 vurgulam\u0131\u015ft\u0131r&nbsp;&nbsp;<\/p>\n\n\n\n<ul class=\"wp-block-list\">\n<li>Hukuk Muhakemeleri Usul\u00fc Kurallar\u0131n\u0131n \u00f6ncelikli amac\u0131 adaletin yerine getirilmesini desteklemektedir\u00a0\u00a0<\/li>\n<\/ul>\n\n\n\n<ul class=\"wp-block-list\">\n<li>Hata ger\u00e7ekti\u00a0\u00a0<\/li>\n<\/ul>\n\n\n\n<ul class=\"wp-block-list\">\n<li>Merhumun isteklerine ili\u015fkin kan\u0131tlar g\u00fc\u00e7l\u00fcyd\u00fc\u00a0\u00a0<\/li>\n<\/ul>\n\n\n\n<ul class=\"wp-block-list\">\n<li>Talebe izin verilmesi, vasiyet\u00e7inin ger\u00e7ek niyetinin ger\u00e7ekle\u015fmesini sa\u011flayacakt\u0131r\u00a0\u00a0<\/li>\n<\/ul>\n\n\n\n<p>Ancak, bir ki\u015fi \u00f6ld\u00fckten sonra vasiyetnamenin de\u011fi\u015ftirilmesi i\u00e7in yap\u0131lan ge\u00e7 ba\u015fvurular takdire ba\u011fl\u0131 ve belirsizdir. Mahkemenin \u00f6zellikle a\u015fa\u011f\u0131daki durumlarda izin vermeme konusunda yasal yetkisi vard\u0131r:&nbsp;&nbsp;<\/p>\n\n\n\n<ul class=\"wp-block-list\">\n<li>Gecikme \u00e7ok fazla\u00a0\u00a0<\/li>\n<\/ul>\n\n\n\n<ul class=\"wp-block-list\">\n<li>M\u00fclk tamamen da\u011f\u0131t\u0131ld\u0131\u00a0\u00a0<\/li>\n<\/ul>\n\n\n\n<ul class=\"wp-block-list\">\n<li>Talebe izin verilmesi, iyi niyetle hareket eden yararlan\u0131c\u0131lara kar\u015f\u0131 \u00f6nemli bir \u00f6nyarg\u0131ya neden olacakt\u0131r\u00a0\u00a0<\/li>\n<\/ul>\n\n\n\n<h2 class=\"wp-block-heading\"><strong>\u0130nfaz Memurlar\u0131 \u0130\u00e7in Bir Uyar\u0131&nbsp;<\/strong>&nbsp;<\/h2>\n\n\n\n<p>Olas\u0131 bir ge\u00e7 d\u00fczeltme talebi \u00e7\u00f6z\u00fcme kavu\u015fturulmadan \u00f6nce t\u00fcm miras\u0131 da\u011f\u0131tan icra memurlar\u0131 ki\u015fisel risk alt\u0131na girerler. Mahkemenin daha sonra vasiyetnamenin \u015fartlar\u0131n\u0131 de\u011fi\u015ftirmesi halinde, vasiyeti yerine getirenin mal varl\u0131\u011f\u0131n\u0131 lehtarlardan geri almas\u0131 veya ki\u015fisel sorumlulukla kar\u015f\u0131 kar\u015f\u0131ya kalmas\u0131 gerekebilir.&nbsp;&nbsp;<\/p>\n\n\n\n<h2 class=\"wp-block-heading\"><strong>Mahkeme S\u00fcre\u00e7lerinden Ka\u00e7\u0131n\u0131labilir mi?&nbsp;<\/strong>&nbsp;<\/h2>\n\n\n\n<p>Vasiyetin ge\u00e7erli oldu\u011fu ancak etkisinin pop\u00fcler olmad\u0131\u011f\u0131 veya tart\u0131\u015fmal\u0131 bir \u015fekilde adil olmad\u0131\u011f\u0131 durumlarda - ve d\u00fczeltilebilir bir \u201chata\u201d g\u00f6sterilemedi\u011finde - hak sahipleri mahkemeye gitmeden sonucu de\u011fi\u015ftirmeyi se\u00e7ebilirler.&nbsp;&nbsp;<\/p>\n\n\n\n<h2 class=\"wp-block-heading\"><strong>De\u011fi\u015fiklik Senedi&nbsp;<\/strong>&nbsp;<\/h2>\n\n\n\n<p>Etkilenen t\u00fcm yararlan\u0131c\u0131lar ise:&nbsp;&nbsp;<\/p>\n\n\n\n<ul class=\"wp-block-list\">\n<li>Yeti\u015fkinler (18 ya\u015f ve \u00fczeri) ve\u00a0\u00a0<\/li>\n<\/ul>\n\n\n\n<ul class=\"wp-block-list\">\n<li>Tam zihinsel kapasiteye sahip olmak ve\u00a0\u00a0<\/li>\n<\/ul>\n\n\n\n<ul class=\"wp-block-list\">\n<li>Herkes de\u011fi\u015fikli\u011fi kabul ediyor\u00a0\u00a0<\/li>\n<\/ul>\n\n\n\n<p>...miras\u0131 vasiyetnamenin \u015fartlar\u0131ndan farkl\u0131 bir \u015fekilde yeniden da\u011f\u0131tmak i\u00e7in bir de\u011fi\u015fiklik senedi imzalayabilirler.&nbsp;&nbsp;<\/p>\n\n\n\n<h2 class=\"wp-block-heading\"><strong>De\u011fi\u015fiklik Senetlerinin S\u0131n\u0131rlamalar\u0131&nbsp;<\/strong>&nbsp;<\/h2>\n\n\n\n<p>Bir de\u011fi\u015fiklik senedi \u015fu ama\u00e7larla kullan\u0131lamaz:&nbsp;&nbsp;<\/p>\n\n\n\n<ul class=\"wp-block-list\">\n<li>\u201cB\u00f6l\u00fcm 20 uyar\u0131nca vasiyetnamenin yasal anlamda \u201dd\u00fczeltilmesi\"\u00a0\u00a0<\/li>\n<\/ul>\n\n\n\n<ul class=\"wp-block-list\">\n<li>\u0130nfaz memurlar\u0131n\u0131n kimli\u011fini de\u011fi\u015ftirme (bu \u015fekilde bir infaz memuru de\u011fi\u015fikli\u011fi ger\u00e7ekle\u015ftiremezsiniz)\u00a0\u00a0<\/li>\n<\/ul>\n\n\n\n<ul class=\"wp-block-list\">\n<li>Vasiyetnamenin ge\u00e7erlili\u011fi ile ilgili sorunlar\u0131 gidermek (\u00f6rne\u011fin vasiyetnameye do\u011fru \u015fekilde tan\u0131kl\u0131k edilmemi\u015fse)\u00a0\u00a0<\/li>\n<\/ul>\n\n\n\n<p>R\u0131za sahibi yeti\u015fkinlerin miraslar\u0131n\u0131 g\u00f6n\u00fcll\u00fc olarak yeniden da\u011f\u0131tmalar\u0131 i\u00e7in bir ara\u00e7t\u0131r - d\u00fczeltmenin yerine ge\u00e7mez.&nbsp;&nbsp;<\/p>\n\n\n\n<h2 class=\"wp-block-heading\"><strong>D\u00fczeltme ve Varyasyon: Temel Farkl\u0131l\u0131k&nbsp;<\/strong>&nbsp;<\/h2>\n\n\n\n<figure class=\"wp-block-table\"><table class=\"has-fixed-layout\"><tbody><tr><td><strong>D\u00fczeltme<\/strong>&nbsp;&nbsp;<\/td><td><strong>De\u011fi\u015fiklik Senedi<\/strong>&nbsp;&nbsp;<\/td><\/tr><tr><td>Vasiyet\u00e7inin ger\u00e7ek orijinal niyetini uygular&nbsp;&nbsp;<\/td><td>Ya\u015fayan lehtarlar\u0131n mevcut isteklerini yans\u0131t\u0131r&nbsp;&nbsp;<\/td><\/tr><tr><td>Mahkeme karar\u0131 gerektirir&nbsp;&nbsp;<\/td><td>R\u0131zaya dayal\u0131 - mahkemenin dahil olmad\u0131\u011f\u0131&nbsp;&nbsp;<\/td><\/tr><tr><td>Hatay\u0131 ve neyin ama\u00e7land\u0131\u011f\u0131n\u0131 kan\u0131tlamal\u0131d\u0131r&nbsp;&nbsp;<\/td><td>Etkilenen t\u00fcm taraflar ayn\u0131 fikirde olmal\u0131d\u0131r&nbsp;&nbsp;<\/td><\/tr><tr><td>\u00d6l\u00fcmden itibaren geriye d\u00f6n\u00fck olarak uygulan\u0131r&nbsp;&nbsp;<\/td><td>Vergi nedenlerinden dolay\u0131, iki y\u0131l i\u00e7inde yap\u0131lm\u0131\u015fsa \u00f6len ki\u015fi taraf\u0131ndan yap\u0131lm\u0131\u015f olarak kabul edilir&nbsp;&nbsp;<\/td><\/tr><\/tbody><\/table><\/figure>\n\n\n\n<p>E\u011fer sorun ger\u00e7ekten vasiyet\u00e7inin talimatlar\u0131n\u0131n kaydedilmesindeki bir hatadan kaynaklan\u0131yorsa, \u00f6ncelikle d\u00fczeltme konusunda hukuki tavsiye al\u0131n. E\u011fer herkes sadece farkl\u0131 bir sonu\u00e7 istiyorsa, anla\u015fmazl\u0131klar\u0131 dava a\u00e7madan \u00e7\u00f6zmek i\u00e7in bir de\u011fi\u015fiklik senedi daha uygun olabilir.&nbsp;&nbsp;<\/p>\n\n\n\n<h2 class=\"wp-block-heading\"><strong>Sonraki Ad\u0131mlar&nbsp;<\/strong>&nbsp;<\/h2>\n\n\n\n<p>Bir vasiyetnamenin, \u00f6len ki\u015finin niyetini tam olarak yans\u0131tmayan bir hata i\u00e7erdi\u011fini d\u00fc\u015f\u00fcn\u00fcyorsan\u0131z, zaman \u00e7ok \u00f6nemlidir. Alt\u0131 ayl\u0131k s\u00fcre, sorunu ke\u015ffetti\u011finiz tarihten itibaren de\u011fil, vasiyetnamenin verildi\u011fi tarihten itibaren ba\u015flar.&nbsp;&nbsp;<\/p>\n\n\n\n<p>\u0130ster tereke idaresinde nas\u0131l ilerleyece\u011finden emin olmayan bir icra memuru olun, ister vasiyetnamenin merhumun isteklerini yerine getirmedi\u011fini d\u00fc\u015f\u00fcnen bir lehtar olun, h\u0131zl\u0131 hareket etmek \u00e7ok \u00f6nemlidir.&nbsp;&nbsp;<\/p>\n\n\n\n<p>\u00d6zel M\u00fc\u015fteri ekibimiz ko\u015fullar\u0131n\u0131z\u0131 de\u011ferlendirmenize, kan\u0131tlar\u0131 g\u00f6zden ge\u00e7irmenize, d\u00fczeltmenin uygulanabilir olup olmad\u0131\u011f\u0131 konusunda tavsiyelerde bulunman\u0131za ve mahkeme s\u00fcrecini y\u00f6netmenize yard\u0131mc\u0131 olabilir veya bir de\u011fi\u015fiklik senedinin ihtilafl\u0131 i\u015flemler olmadan ihtiyac\u0131n\u0131z olan sonucu elde edip edemeyece\u011fini ara\u015ft\u0131rabilir. L\u00fctfen \u00d6zel M\u00fc\u015fteri departman\u0131m\u0131zla ileti\u015fime ge\u00e7mekten \u00e7ekinmeyin:&nbsp;<a href=\"mailto:privateclient@rfblegal.co.uk\" target=\"_blank\" rel=\"noreferrer noopener\">privateclient@rfblegal.co.uk<\/a>.&nbsp;<\/p>","protected":false},"author":11,"featured_media":8302,"parent":0,"menu_order":0,"template":"","format":"standard","meta":{"_acf_changed":false,"om_disable_all_campaigns":false,"_uf_show_specific_survey":0,"_uf_disable_surveys":false,"footnotes":""},"categories":[],"tags":[],"class_list":["post-6548","knowledge-base","type-knowledge-base","status-publish","format-standard","has-post-thumbnail","hentry"],"acf":[],"aioseo_notices":[],"yoast_head":"<!-- This site is optimized with the Yoast SEO plugin v27.2 - https:\/\/yoast.com\/product\/yoast-seo-wordpress\/ -->\n<title>How to Rectify Errors in a Will After Death\u00a0 - RFB Legal<\/title>\n<meta name=\"description\" content=\"Learn when and how errors in a will can be rectified after death, the six-month deadline, and alternatives such as deeds of variation.\" \/>\n<meta name=\"robots\" content=\"index, follow, max-snippet:-1, max-image-preview:large, max-video-preview:-1\" \/>\n<link rel=\"canonical\" href=\"https:\/\/rfblegal.co.uk\/tr\/bilgi-tabani\/olumden-sonra-vasiyetname-nasil-degi\u0307sti\u0307ri\u0307li\u0307r\/\" \/>\n<meta property=\"og:locale\" content=\"tr_TR\" \/>\n<meta property=\"og:type\" content=\"article\" \/>\n<meta property=\"og:title\" content=\"How to Rectify Errors in a Will After Death\u00a0 - RFB Legal\" \/>\n<meta property=\"og:description\" content=\"Learn when and how errors in a will can be rectified after death, the six-month deadline, and alternatives such as deeds of variation.\" \/>\n<meta property=\"og:url\" content=\"https:\/\/rfblegal.co.uk\/tr\/bilgi-tabani\/olumden-sonra-vasiyetname-nasil-degi\u0307sti\u0307ri\u0307li\u0307r\/\" \/>\n<meta property=\"og:site_name\" content=\"RFB Legal\" \/>\n<meta property=\"article:publisher\" content=\"https:\/\/www.facebook.com\/RFBLegal\/\" \/>\n<meta property=\"article:modified_time\" content=\"2026-04-14T09:01:34+00:00\" \/>\n<meta property=\"og:image\" content=\"https:\/\/rfblegal.co.uk\/wp-content\/uploads\/2025\/07\/How-to-Rectify-Errors-in-a-Will-After-Death-Zyginta.png\" \/>\n\t<meta property=\"og:image:width\" content=\"2120\" \/>\n\t<meta property=\"og:image:height\" content=\"1108\" \/>\n\t<meta property=\"og:image:type\" content=\"image\/png\" \/>\n<meta name=\"twitter:card\" content=\"summary_large_image\" \/>\n<meta name=\"twitter:label1\" content=\"Est. reading time\" \/>\n\t<meta name=\"twitter:data1\" content=\"7 dakika\" \/>\n<script type=\"application\/ld+json\" class=\"yoast-schema-graph\">{\"@context\":\"https:\/\/schema.org\",\"@graph\":[{\"@type\":\"WebPage\",\"@id\":\"https:\/\/rfblegal.co.uk\/knowledge-base\/how-to-change-a-will-after-death\/\",\"url\":\"https:\/\/rfblegal.co.uk\/knowledge-base\/how-to-change-a-will-after-death\/\",\"name\":\"How to Rectify Errors in a Will After Death\u00a0 - RFB Legal\",\"isPartOf\":{\"@id\":\"https:\/\/rfblegal.co.uk\/#website\"},\"primaryImageOfPage\":{\"@id\":\"https:\/\/rfblegal.co.uk\/knowledge-base\/how-to-change-a-will-after-death\/#primaryimage\"},\"image\":{\"@id\":\"https:\/\/rfblegal.co.uk\/knowledge-base\/how-to-change-a-will-after-death\/#primaryimage\"},\"thumbnailUrl\":\"https:\/\/rfblegal.co.uk\/wp-content\/uploads\/2025\/07\/How-to-Rectify-Errors-in-a-Will-After-Death-Zyginta.png\",\"datePublished\":\"2025-07-08T13:56:15+00:00\",\"dateModified\":\"2026-04-14T09:01:34+00:00\",\"description\":\"Learn when and how errors in a will can be rectified after death, the six-month deadline, and alternatives such as deeds of variation.\",\"breadcrumb\":{\"@id\":\"https:\/\/rfblegal.co.uk\/knowledge-base\/how-to-change-a-will-after-death\/#breadcrumb\"},\"inLanguage\":\"tr\",\"potentialAction\":[{\"@type\":\"ReadAction\",\"target\":[\"https:\/\/rfblegal.co.uk\/knowledge-base\/how-to-change-a-will-after-death\/\"]}]},{\"@type\":\"ImageObject\",\"inLanguage\":\"tr\",\"@id\":\"https:\/\/rfblegal.co.uk\/knowledge-base\/how-to-change-a-will-after-death\/#primaryimage\",\"url\":\"https:\/\/rfblegal.co.uk\/wp-content\/uploads\/2025\/07\/How-to-Rectify-Errors-in-a-Will-After-Death-Zyginta.png\",\"contentUrl\":\"https:\/\/rfblegal.co.uk\/wp-content\/uploads\/2025\/07\/How-to-Rectify-Errors-in-a-Will-After-Death-Zyginta.png\",\"width\":2120,\"height\":1108},{\"@type\":\"BreadcrumbList\",\"@id\":\"https:\/\/rfblegal.co.uk\/knowledge-base\/how-to-change-a-will-after-death\/#breadcrumb\",\"itemListElement\":[{\"@type\":\"ListItem\",\"position\":1,\"name\":\"Home\",\"item\":\"https:\/\/rfblegal.co.uk\/\"},{\"@type\":\"ListItem\",\"position\":2,\"name\":\"Knowledge base\",\"item\":\"https:\/\/rfblegal.co.uk\/knowledge-base\/\"},{\"@type\":\"ListItem\",\"position\":3,\"name\":\"How to Rectify Errors in a Will After Death\u00a0\"}]},{\"@type\":\"WebSite\",\"@id\":\"https:\/\/rfblegal.co.uk\/#website\",\"url\":\"https:\/\/rfblegal.co.uk\/\",\"name\":\"RFB Legal\",\"description\":\"\",\"publisher\":{\"@id\":\"https:\/\/rfblegal.co.uk\/#organization\"},\"potentialAction\":[{\"@type\":\"SearchAction\",\"target\":{\"@type\":\"EntryPoint\",\"urlTemplate\":\"https:\/\/rfblegal.co.uk\/?s={search_term_string}\"},\"query-input\":{\"@type\":\"PropertyValueSpecification\",\"valueRequired\":true,\"valueName\":\"search_term_string\"}}],\"inLanguage\":\"tr\"},{\"@type\":\"Organization\",\"@id\":\"https:\/\/rfblegal.co.uk\/#organization\",\"name\":\"RFB Legal\",\"url\":\"https:\/\/rfblegal.co.uk\/\",\"logo\":{\"@type\":\"ImageObject\",\"inLanguage\":\"tr\",\"@id\":\"https:\/\/rfblegal.co.uk\/#\/schema\/logo\/image\/\",\"url\":\"https:\/\/rfblegal.co.uk\/wp-content\/uploads\/2024\/01\/header_company_logo.svg\",\"contentUrl\":\"https:\/\/rfblegal.co.uk\/wp-content\/uploads\/2024\/01\/header_company_logo.svg\",\"caption\":\"RFB Legal\"},\"image\":{\"@id\":\"https:\/\/rfblegal.co.uk\/#\/schema\/logo\/image\/\"},\"sameAs\":[\"https:\/\/www.facebook.com\/RFBLegal\/\",\"https:\/\/www.linkedin.com\/uas\/login?session_redirect=company2012282\",\"https:\/\/www.instagram.com\/rfb_legal\/\"]}]}<\/script>\n<!-- \/ Yoast SEO plugin. -->","yoast_head_json":{"title":"\u00d6l\u00fcmden Sonra Vasiyetnamedeki Hatalar Nas\u0131l D\u00fczeltilir - RFB Legal","description":"Vasiyetnamedeki hatalar\u0131n \u00f6l\u00fcmden sonra ne zaman ve nas\u0131l d\u00fczeltilebilece\u011fini, alt\u0131 ayl\u0131k s\u00fcreyi ve de\u011fi\u015fiklik senetleri gibi alternatifleri \u00f6\u011frenin.","robots":{"index":"index","follow":"follow","max-snippet":"max-snippet:-1","max-image-preview":"max-image-preview:large","max-video-preview":"max-video-preview:-1"},"canonical":"https:\/\/rfblegal.co.uk\/tr\/bilgi-tabani\/olumden-sonra-vasiyetname-nasil-degi\u0307sti\u0307ri\u0307li\u0307r\/","og_locale":"tr_TR","og_type":"article","og_title":"How to Rectify Errors in a Will After Death\u00a0 - RFB Legal","og_description":"Learn when and how errors in a will can be rectified after death, the six-month deadline, and alternatives such as deeds of variation.","og_url":"https:\/\/rfblegal.co.uk\/tr\/bilgi-tabani\/olumden-sonra-vasiyetname-nasil-degi\u0307sti\u0307ri\u0307li\u0307r\/","og_site_name":"RFB Legal","article_publisher":"https:\/\/www.facebook.com\/RFBLegal\/","article_modified_time":"2026-04-14T09:01:34+00:00","og_image":[{"width":2120,"height":1108,"url":"https:\/\/rfblegal.co.uk\/wp-content\/uploads\/2025\/07\/How-to-Rectify-Errors-in-a-Will-After-Death-Zyginta.png","type":"image\/png"}],"twitter_card":"summary_large_image","twitter_misc":{"Est. reading time":"7 dakika"},"schema":{"@context":"https:\/\/schema.org","@graph":[{"@type":"WebPage","@id":"https:\/\/rfblegal.co.uk\/knowledge-base\/how-to-change-a-will-after-death\/","url":"https:\/\/rfblegal.co.uk\/knowledge-base\/how-to-change-a-will-after-death\/","name":"\u00d6l\u00fcmden Sonra Vasiyetnamedeki Hatalar Nas\u0131l D\u00fczeltilir - RFB Legal","isPartOf":{"@id":"https:\/\/rfblegal.co.uk\/#website"},"primaryImageOfPage":{"@id":"https:\/\/rfblegal.co.uk\/knowledge-base\/how-to-change-a-will-after-death\/#primaryimage"},"image":{"@id":"https:\/\/rfblegal.co.uk\/knowledge-base\/how-to-change-a-will-after-death\/#primaryimage"},"thumbnailUrl":"https:\/\/rfblegal.co.uk\/wp-content\/uploads\/2025\/07\/How-to-Rectify-Errors-in-a-Will-After-Death-Zyginta.png","datePublished":"2025-07-08T13:56:15+00:00","dateModified":"2026-04-14T09:01:34+00:00","description":"Vasiyetnamedeki hatalar\u0131n \u00f6l\u00fcmden sonra ne zaman ve nas\u0131l d\u00fczeltilebilece\u011fini, alt\u0131 ayl\u0131k s\u00fcreyi ve de\u011fi\u015fiklik senetleri gibi alternatifleri \u00f6\u011frenin.","breadcrumb":{"@id":"https:\/\/rfblegal.co.uk\/knowledge-base\/how-to-change-a-will-after-death\/#breadcrumb"},"inLanguage":"tr","potentialAction":[{"@type":"ReadAction","target":["https:\/\/rfblegal.co.uk\/knowledge-base\/how-to-change-a-will-after-death\/"]}]},{"@type":"ImageObject","inLanguage":"tr","@id":"https:\/\/rfblegal.co.uk\/knowledge-base\/how-to-change-a-will-after-death\/#primaryimage","url":"https:\/\/rfblegal.co.uk\/wp-content\/uploads\/2025\/07\/How-to-Rectify-Errors-in-a-Will-After-Death-Zyginta.png","contentUrl":"https:\/\/rfblegal.co.uk\/wp-content\/uploads\/2025\/07\/How-to-Rectify-Errors-in-a-Will-After-Death-Zyginta.png","width":2120,"height":1108},{"@type":"BreadcrumbList","@id":"https:\/\/rfblegal.co.uk\/knowledge-base\/how-to-change-a-will-after-death\/#breadcrumb","itemListElement":[{"@type":"ListItem","position":1,"name":"Home","item":"https:\/\/rfblegal.co.uk\/"},{"@type":"ListItem","position":2,"name":"Knowledge base","item":"https:\/\/rfblegal.co.uk\/knowledge-base\/"},{"@type":"ListItem","position":3,"name":"How to Rectify Errors in a Will After Death\u00a0"}]},{"@type":"WebSite","@id":"https:\/\/rfblegal.co.uk\/#website","url":"https:\/\/rfblegal.co.uk\/","name":"RFB Hukuk","description":"","publisher":{"@id":"https:\/\/rfblegal.co.uk\/#organization"},"potentialAction":[{"@type":"SearchAction","target":{"@type":"EntryPoint","urlTemplate":"https:\/\/rfblegal.co.uk\/?s={search_term_string}"},"query-input":{"@type":"PropertyValueSpecification","valueRequired":true,"valueName":"search_term_string"}}],"inLanguage":"tr"},{"@type":"Organization","@id":"https:\/\/rfblegal.co.uk\/#organization","name":"RFB Hukuk","url":"https:\/\/rfblegal.co.uk\/","logo":{"@type":"ImageObject","inLanguage":"tr","@id":"https:\/\/rfblegal.co.uk\/#\/schema\/logo\/image\/","url":"https:\/\/rfblegal.co.uk\/wp-content\/uploads\/2024\/01\/header_company_logo.svg","contentUrl":"https:\/\/rfblegal.co.uk\/wp-content\/uploads\/2024\/01\/header_company_logo.svg","caption":"RFB Legal"},"image":{"@id":"https:\/\/rfblegal.co.uk\/#\/schema\/logo\/image\/"},"sameAs":["https:\/\/www.facebook.com\/RFBLegal\/","https:\/\/www.linkedin.com\/uas\/login?session_redirect=company2012282","https:\/\/www.instagram.com\/rfb_legal\/"]}]}},"_links":{"self":[{"href":"https:\/\/rfblegal.co.uk\/tr\/wp-json\/wp\/v2\/knowledge-base\/6548","targetHints":{"allow":["GET"]}}],"collection":[{"href":"https:\/\/rfblegal.co.uk\/tr\/wp-json\/wp\/v2\/knowledge-base"}],"about":[{"href":"https:\/\/rfblegal.co.uk\/tr\/wp-json\/wp\/v2\/types\/knowledge-base"}],"author":[{"embeddable":true,"href":"https:\/\/rfblegal.co.uk\/tr\/wp-json\/wp\/v2\/users\/11"}],"version-history":[{"count":5,"href":"https:\/\/rfblegal.co.uk\/tr\/wp-json\/wp\/v2\/knowledge-base\/6548\/revisions"}],"predecessor-version":[{"id":9174,"href":"https:\/\/rfblegal.co.uk\/tr\/wp-json\/wp\/v2\/knowledge-base\/6548\/revisions\/9174"}],"wp:featuredmedia":[{"embeddable":true,"href":"https:\/\/rfblegal.co.uk\/tr\/wp-json\/wp\/v2\/media\/8302"}],"wp:attachment":[{"href":"https:\/\/rfblegal.co.uk\/tr\/wp-json\/wp\/v2\/media?parent=6548"}],"wp:term":[{"taxonomy":"category","embeddable":true,"href":"https:\/\/rfblegal.co.uk\/tr\/wp-json\/wp\/v2\/categories?post=6548"},{"taxonomy":"post_tag","embeddable":true,"href":"https:\/\/rfblegal.co.uk\/tr\/wp-json\/wp\/v2\/tags?post=6548"}],"curies":[{"name":"wp","href":"https:\/\/api.w.org\/{rel}","templated":true}]}}