{"id":9963,"date":"2026-07-07T15:31:15","date_gmt":"2026-07-07T15:31:15","guid":{"rendered":"https:\/\/rfblegal.co.uk\/?post_type=insight&#038;p=9963"},"modified":"2026-07-07T15:31:17","modified_gmt":"2026-07-07T15:31:17","slug":"ozel-kiralik-konut-sektorunde-yapisal-reform-2025-kiraci-haklari-kanunu-kapsaminda-kaydedilen-son-gelismeler","status":"publish","type":"insight","link":"https:\/\/rfblegal.co.uk\/tr\/icgoruler\/ozel-kiralik-konut-sektorunde-yapisal-reform-2025-kiraci-haklari-kanunu-kapsaminda-kaydedilen-son-gelismeler\/","title":{"rendered":"\u00d6zel Kiral\u0131k Konut Sekt\u00f6r\u00fcnde Yap\u0131sal Reform: 2025 Kirac\u0131 Haklar\u0131 Kanunu Kapsam\u0131nda Son Geli\u015fmeler\u00a0"},"content":{"rendered":"<p class=\"wp-block-paragraph\">Bir \u00f6nceki makalemiz, \u00f6zellikle \u015fu olay\u0131n ard\u0131ndan \u201821. maddeye dayal\u0131 tahliyelerin\u2019 kald\u0131r\u0131lmas\u0131na odaklanm\u0131\u015ft\u0131: <a href=\"https:\/\/www.legislation.gov.uk\/ukpga\/2025\/26\/contents\">2025 Kirac\u0131 Haklar\u0131 Kanunu<\/a>\u00a0(\u201c<strong>Yasa<\/strong>\u201d) ve bunun m\u00fclkiyet \u00fczerindeki etkileri. Bu makale, Kanun ile getirilen ve gelecekte uygulanmas\u0131 planlanan reformlar\u0131 ele almaktad\u0131r. Bu reformlar, ev sahipleri ve kirac\u0131lar\u0131n faaliyet g\u00f6sterdi\u011fi \u00e7er\u00e7eveyi de\u011fi\u015ftirmi\u015ftir ve de\u011fi\u015ftirmeye devam edecektir.\u00a0\u00a0<\/p>\n\n\n\n<h2 class=\"wp-block-heading\"><strong>K\u0131sa S\u00fcreli Konut Kiralamalar\u0131<\/strong>\u00a0<\/h2>\n\n\n\n<p class=\"wp-block-paragraph\">Son 30 y\u0131l boyunca, k\u0131sa vadeli konut kiralamalar\u0131n\u0131n \u00e7o\u011fu \u201cAssured Shorthold Tenancy\u201d olarak d\u00fczenlenmi\u015ftir (\u201c<strong>AST<\/strong>\u201d). Bunlar\u0131n belirli ve sabit bir s\u00fcresi vard\u0131 (yenilenmeleri olduk\u00e7a yayg\u0131nd\u0131).\u00a0\u00a0<\/p>\n\n\n\n<p class=\"wp-block-paragraph\">Yasan\u0131n h\u00fck\u00fcmleri uyar\u0131nca, AST\u2019ler 1 May\u0131s 2026 tarihinden itibaren y\u00fcr\u00fcrl\u00fckten kald\u0131r\u0131lm\u0131\u015ft\u0131r. Art\u0131k kirac\u0131lar, varsay\u0131lan olarak Garantili D\u00f6nemsel Kira S\u00f6zle\u015fmesi\u2019ne (\u201c<strong>APT<\/strong>\u201d). Bu de\u011fi\u015fiklik geriye d\u00f6n\u00fck olarak ge\u00e7erlidir. Bu, 1 May\u0131s 2026 tarihinden \u00f6nce imzalanan AST\u2019lerin otomatik olarak APT\u2019ye d\u00f6n\u00fc\u015ft\u00fcr\u00fclece\u011fi anlam\u0131na gelir. Bunun sonucu \u015fudur:&nbsp;&nbsp;<\/p>\n\n\n\n<ul class=\"wp-block-list\">\n<li>M\u00fclkiyetin devral\u0131nmas\u0131, tamamen \u20188. madde\u2019 gerek\u00e7elerine (bu Kanun ile de\u011fi\u015ftirilmi\u015f haliyle 1988 Konut Kanunu\u2019ndan) ba\u011fl\u0131d\u0131r; ve,\u00a0<\/li>\n<\/ul>\n\n\n\n<ul class=\"wp-block-list\">\n<li>Sabit bir s\u00f6zle\u015fme s\u00fcresi bulunmamakta olup, kirac\u0131lar bildirimde bulunarak (genellikle 2 ay) tek tarafl\u0131 olarak s\u00f6zle\u015fmeyi feshetme esnekli\u011fine sahiptir.\u00a0\u00a0<\/li>\n<\/ul>\n\n\n\n<h2 class=\"wp-block-heading\"><strong>Kira G\u00f6zden Ge\u00e7irme H\u00fck\u00fcmleri<\/strong>&nbsp;<\/h2>\n\n\n\n<p class=\"wp-block-paragraph\">1 May\u0131s 2026 tarihinden itibaren, \u00e7ok s\u0131n\u0131rl\u0131 istisnalar d\u0131\u015f\u0131nda, ev sahipleri otomatik kira revizyon maddelerine yer veremeyecek ve kiray\u0131 yaln\u0131zca a\u015fa\u011f\u0131daki d\u00fczenlemeye uygun olarak art\u0131rabileceklerdir: <a href=\"https:\/\/www.legislation.gov.uk\/ukpga\/1988\/50\/section\/13\">1988 tarihli Konut Kanunu\u2019nun 13. maddesi.\u00a0<\/a>\u202f\u00a0<\/p>\n\n\n\n<p class=\"wp-block-paragraph\">Rejim, \u00fc\u00e7 temel k\u0131s\u0131tlamay\u0131 uygulamaktad\u0131r:&nbsp;<\/p>\n\n\n\n<ul class=\"wp-block-list\">\n<li>13. madde uyar\u0131nca bildirimde bulunarak kira art\u0131\u015flar\u0131n\u0131n herhangi bir 12 ayl\u0131k d\u00f6nemde bir kezle s\u0131n\u0131rland\u0131r\u0131lmas\u0131;\u00a0<\/li>\n<\/ul>\n\n\n\n<ul class=\"wp-block-list\">\n<li>Herhangi bir kira art\u0131\u015f\u0131nda en az iki ayl\u0131k \u00f6nceden bildirim zorunlulu\u011fu; ve\u00a0\u00a0<\/li>\n<\/ul>\n\n\n\n<ul class=\"wp-block-list\">\n<li>Kira art\u0131\u015f\u0131n\u0131n, kira d\u00f6neminin ba\u015flang\u0131c\u0131na denk getirilmesi.\u00a0<\/li>\n<\/ul>\n\n\n\n<p class=\"wp-block-paragraph\">Yasa ayr\u0131ca kirac\u0131ya, kira art\u0131\u015f\u0131na kar\u015f\u0131 Birinci Derece Mahkemesi\u2019nde itiraz etme hakk\u0131 tan\u0131r (\u201c<strong>FTT<\/strong>\u201d) \u00e7\u00fcnk\u00fc bu tutar\u0131n a\u00e7\u0131k piyasa de\u011ferinin \u00fczerinde oldu\u011fu gerek\u00e7esiyle. \u00d6nemli bir nokta olarak, FTT art\u0131k, ev sahibinin \u00f6nerdi\u011fi kira bedeli piyasa de\u011ferinin alt\u0131nda kabul edilse bile, bu bedelden daha y\u00fcksek bir kira bedeli belirleyememektedir.&nbsp;&nbsp;<\/p>\n\n\n\n<p class=\"wp-block-paragraph\">Bu durum, FTT\u2019de g\u00f6r\u00fclen davalar\u0131n say\u0131s\u0131nda art\u0131\u015fa yol a\u00e7acakt\u0131r; zira bu de\u011fi\u015fiklik, FTT\u2019nin ev sahibi taraf\u0131ndan \u00f6nerilenden daha y\u00fcksek bir kira tutar\u0131 belirleyece\u011fi y\u00f6n\u00fcndeki \u00f6nceki cayd\u0131r\u0131c\u0131 unsuru ortadan kald\u0131rmaktad\u0131r.&nbsp;&nbsp;<\/p>\n\n\n\n<p class=\"wp-block-paragraph\">Kirac\u0131 taraf\u0131ndan itirazda bulunulmas\u0131 durumunda, revize edilen kira bedeli, 13. madde bildiriminde belirtilen tarihten ziyade, FTT'nin kira bedelini belirledi\u011fi tarihten itibaren y\u00fcr\u00fcrl\u00fc\u011fe girdi\u011finden, bu durum, kira bedelini (art\u0131\u015f \u00f6ncesi) \u00f6deme s\u00fcresini uzatmak isteyen kirac\u0131lar\u0131n itirazda bulunmas\u0131n\u0131 daha da te\u015fvik etmektedir.&nbsp;&nbsp;&nbsp;<\/p>\n\n\n\n<p class=\"wp-block-paragraph\">FTT\u2019nin, halihaz\u0131rda birikmi\u015f i\u015f y\u00fck\u00fcyle ilgili zorluklar ya\u015fad\u0131\u011f\u0131 g\u00f6z \u00f6n\u00fcne al\u0131nd\u0131\u011f\u0131nda, bu artan talebi nas\u0131l kar\u015f\u0131layaca\u011f\u0131 hen\u00fcz belli de\u011fil.&nbsp;<\/p>\n\n\n\n<h2 class=\"wp-block-heading\"><strong>Pe\u015fin Kira \u00d6demeleri<\/strong>&nbsp;<\/h2>\n\n\n\n<h3 class=\"wp-block-heading\"><strong>Kira Ba\u015flang\u0131c\u0131ndan \u00d6nce Yap\u0131lacak \u00d6demeler\u00a0<\/strong>\u00a0<\/h3>\n\n\n\n<p class=\"wp-block-paragraph\">1 May\u0131s 2026 tarihinden itibaren, ev sahipleri ve temsilcileri, kira s\u00f6zle\u015fmesi imzalanmadan \u00f6nce herhangi bir kira bedelini talep edemez, buna te\u015fvik edemez veya kabul edemez; ya da bu bedelin \u00f6denmesi teklifini kabul edemez.&nbsp;&nbsp;<\/p>\n\n\n\n<h3 class=\"wp-block-heading\"><strong>Kira S\u00f6zle\u015fmesi \u0130mzaland\u0131ktan Sonra Yap\u0131lacak Pe\u015fin \u00d6demeler<\/strong>\u00a0<\/h3>\n\n\n\n<p class=\"wp-block-paragraph\">1 May\u0131s 2026 tarihinden itibaren, kira s\u00f6zle\u015fmesi imzaland\u0131ktan sonra ev sahibi en fazla bir ayl\u0131k kira bedelini pe\u015fin olarak talep edebilir. Pe\u015fin \u00f6denecek kira bedelinin \u00fcst s\u0131n\u0131r\u0131 bir ayd\u0131r (art\u0131k 3 veya 6 ayl\u0131k kira bedelinin pe\u015fin olarak talep edilmesi m\u00fcmk\u00fcn de\u011fildir).&nbsp;&nbsp;&nbsp;<\/p>\n\n\n\n<p class=\"wp-block-paragraph\">Ev sahipleri pe\u015fin olarak bir ayl\u0131k kiradan fazlas\u0131n\u0131 talep edemez veya zorunlu tutamaz; ancak kirac\u0131lar, s\u00f6zle\u015fmenin imzalanmas\u0131ndan sonra yasal olarak kendi iradeleriyle pe\u015fin kira \u00f6demesini tercih edebilirler.&nbsp;&nbsp;<\/p>\n\n\n\n<h2 class=\"wp-block-heading\"><strong>Kiralama \u0130hale Sava\u015flar\u0131n\u0131n Yasaklanmas\u0131<\/strong>&nbsp;<\/h2>\n\n\n\n<p class=\"wp-block-paragraph\">1 May\u0131s 2026 tarihinden itibaren, ev sahipleri ve emlak\u00e7\u0131lar, APT kapsam\u0131nda kiralanmak \u00fczere pazarlanan gayrimenkullerde ilan edilen kira tutar\u0131n\u0131n belirtilmesini sa\u011flamal\u0131d\u0131r. Bu tutar belirlendikten sonra, ev sahipleri ilan edilen tutar\u0131n \u00fczerindeki teklifleri talep edemez veya kabul edemez.&nbsp;&nbsp;<\/p>\n\n\n\n<p class=\"wp-block-paragraph\">Bu nedenle, kirac\u0131lar art\u0131k bir kiral\u0131k m\u00fclk\u00fc kapmak i\u00e7in daha fazla para teklif edemezler. Daha y\u00fcksek kira \u00f6demek isteyen kirac\u0131lar\u0131n ilgisini \u00e7ekmek amac\u0131yla, m\u00fclklerin daha y\u00fcksek kira bedeliyle ilan edildi\u011fini, ancak daha d\u00fc\u015f\u00fck bir fiyata kiralanaca\u011f\u0131n\u0131 g\u00f6rebiliriz.&nbsp;<\/p>\n\n\n\n<h2 class=\"wp-block-heading\"><strong>\u00d6\u011frencilere \u00d6zel Olarak Tasarlanm\u0131\u015f Kiral\u0131k Daireler&nbsp;<\/strong>&nbsp;<\/h2>\n\n\n\n<p class=\"wp-block-paragraph\">Ev sahipleri, \u00f6zel olarak in\u015fa edilmi\u015f \u00f6\u011frenci konaklama tesisleri i\u00e7in verilen kira s\u00f6zle\u015fmelerinin (\u201c<strong>PBSA<\/strong>\u201d), 1 May\u0131s 2026 tarihinden sonra APT olarak de\u011ferlendirilmez. Bu \u00f6nemli bir istisnad\u0131r. Bunlar, bunun yerine, belirli bir s\u00fcrenin sonunda sona erebilen genel hukuk kiralama s\u00f6zle\u015fmeleridir.\u00a0Bununla birlikte, \u00f6zel bir PBSA, ancak h\u00fck\u00fcmet taraf\u0131ndan onaylanm\u0131\u015f bir konut y\u00f6netimi uygulama kurallar\u0131na tam olarak kay\u0131tl\u0131 ve bu kurallara uygun olmas\u0131 durumunda muafiyetten yararlanabilir. Buna ANUK\/Unipol Standartlar Kodu da dahildir.&nbsp;&nbsp;<\/p>\n\n\n\n<p class=\"wp-block-paragraph\">1 May\u0131s 2026 tarihinden \u00f6nce y\u00fcr\u00fcrl\u00fckte olan mevcut PBSA kira s\u00f6zle\u015fmeleri APT\u2019lere d\u00f6n\u00fc\u015ft\u00fcr\u00fclm\u00fc\u015ft\u00fcr. Bu s\u00f6zle\u015fmeleri feshetmek i\u00e7in de\u011fi\u015ftirilmi\u015f tahliye gerek\u00e7eleri (4A maddesi) bulunmaktad\u0131r.&nbsp;&nbsp;&nbsp;<\/p>\n\n\n\n<h2 class=\"wp-block-heading\"><strong>PBSA D\u0131\u015f\u0131 Kiralamalar&nbsp;<\/strong>&nbsp;<\/h2>\n\n\n\n<p class=\"wp-block-paragraph\">1 May\u0131s 2026 tarihinden \u00f6nce veya sonra kurulmu\u015f olsun, PBSA kapsam\u0131 d\u0131\u015f\u0131ndaki \u00f6\u011frenci kiralamalar\u0131, APT olarak kabul edilir ve her y\u0131l 1 Haziran ile 30 Eyl\u00fcl aras\u0131ndaki d\u00f6nemde, \u00c7oklu \u0130\u015fgal Alt\u0131ndaki Evlerin (Houses in Multiple Occupation) ev sahiplerine m\u00fclkiyet hakk\u0131n\u0131 geri kazanmalar\u0131 i\u00e7in hedefli bir yol sunan yeni M\u00fclkiyet Hakk\u0131 Geri Alma Gerek\u00e7esi 4A'ya tabidir. Bu d\u00f6nem, akademik y\u0131l\u0131n sonu\/ba\u015flang\u0131c\u0131 ile \u00e7ak\u0131\u015fmaktad\u0131r.&nbsp;&nbsp;&nbsp;<\/p>\n\n\n\n<h2 class=\"wp-block-heading\"><strong>Kirac\u0131lara Sa\u011flanan (Yaz\u0131l\u0131) Bilgilerdeki De\u011fi\u015fiklikler<\/strong>&nbsp;<\/h2>\n\n\n\n<p class=\"wp-block-paragraph\">1 May\u0131s 2026 tarihinden itibaren, bir APT s\u00f6zle\u015fmesi imzalanmadan \u00f6nce kirac\u0131lara, Kanunun temel unsurlar\u0131n\u0131 ve ev sahibinin y\u00fck\u00fcml\u00fcl\u00fcklerine ili\u015fkin a\u00e7\u0131klamalar\u0131 i\u00e7eren zorunlu bilgiler sunulmal\u0131d\u0131r.&nbsp;&nbsp;&nbsp;<\/p>\n\n\n\n<h2 class=\"wp-block-heading\"><strong>Kiralama ayr\u0131mc\u0131l\u0131\u011f\u0131n\u0131n yasaklanmas\u0131<\/strong>&nbsp;<\/h2>\n\n\n\n<p class=\"wp-block-paragraph\">1 May\u0131s 2026 tarihinden itibaren, bu Kanun, \u00e7ocu\u011fu olan veya sosyal yard\u0131m alan kirac\u0131lara y\u00f6nelik do\u011frudan veya dolayl\u0131 ayr\u0131mc\u0131l\u0131\u011f\u0131 yasaklamaktad\u0131r.&nbsp;&nbsp;<\/p>\n\n\n\n<h2 class=\"wp-block-heading\"><strong>De\u011fi\u015fikliklerin Bir Sonraki A\u015famas\u0131&nbsp;<\/strong>&nbsp;<\/h2>\n\n\n\n<h3 class=\"wp-block-heading\"><strong>Awaab Yasas\u0131&nbsp;<\/strong>&nbsp;<\/h3>\n\n\n\n<p class=\"wp-block-paragraph\">Yasa, Awaab Yasas\u0131\u2019n\u0131n \u00f6zel sekt\u00f6r kiralamalar\u0131na uygulanmas\u0131n\u0131 \u00f6ng\u00f6rmektedir.\u00a0\u00a0Awaab Yasas\u0131, ev sahiplerinin bildirilen sa\u011fl\u0131k ve g\u00fcvenlik tehlikelerini (\u00f6zellikle nem ve k\u00fcf) belirlenen s\u00fcreler i\u00e7inde gidermek i\u00e7in \u00f6nlem almas\u0131n\u0131 zorunlu k\u0131lacakt\u0131r. Bunun i\u00e7in ikincil mevzuat\u0131n \u00e7\u0131kar\u0131lmas\u0131 gerekti\u011finden, yasan\u0131n en erken 2027\/2028 y\u0131l\u0131nda y\u00fcr\u00fcrl\u00fc\u011fe girece\u011fi tahmin edilmektedir.&nbsp;&nbsp;&nbsp;<\/p>\n\n\n\n<h3 class=\"wp-block-heading\"><strong>Yeni Ev Sahibi Veritaban\u0131&nbsp;<\/strong>&nbsp;<\/h3>\n\n\n\n<p class=\"wp-block-paragraph\">2026 y\u0131l\u0131n\u0131n sonlar\u0131ndan itibaren yeni bir veritaban\u0131n\u0131n devreye al\u0131nmas\u0131 planlanmaktad\u0131r. Veritaban\u0131n\u0131n 2 a\u015famada devreye al\u0131nmas\u0131 \u00f6ng\u00f6r\u00fclmektedir. \u0130lk a\u015famada, ev sahiplerinin b\u00f6lge baz\u0131nda bilgilerini kaydetmeleri istenecek ve ard\u0131ndan kamuoyuna eri\u015fim imk\u00e2n\u0131 sa\u011flanacakt\u0131r.&nbsp;&nbsp;<\/p>\n\n\n\n<p class=\"wp-block-paragraph\">Kamuya a\u00e7\u0131k bilgilerin en az\u0131ndan ev sahibinin kimlik bilgileri, gayrimenkul t\u00fcr\u00fc, yatak odas\u0131 say\u0131s\u0131, gaz ve elektrik g\u00fcvenli\u011fi ile ilgili bilgiler ve enerji performans\u0131 bilgilerini i\u00e7ermesi \u00f6ng\u00f6r\u00fclmektedir.&nbsp;&nbsp;<\/p>\n\n\n\n<h2 class=\"wp-block-heading\"><strong>Sonu\u00e7lar<\/strong>&nbsp;<\/h2>\n\n\n\n<p class=\"wp-block-paragraph\">Sekt\u00f6r\u00fcn giderek daha \u201ckirac\u0131 dostu\u201d hale geldi\u011fi konusunda genel bir fikir birli\u011fi bulunmaktad\u0131r. \u00d6nemli bir nokta olarak, kirac\u0131lar art\u0131k kiraya itiraz etmek i\u00e7in daha fazla te\u015fvike sahiptir; zira kira art\u0131\u015f\u0131n\u0131n \u00f6denmesi gereken ilgili tarih, FTT\u2019nin karar verdi\u011fi tarihtir. FTT\u2019nin kararlar\u0131n\u0131n bazen birka\u00e7 ay s\u00fcrmesi nedeniyle, kirac\u0131 bu s\u00fcre zarf\u0131nda daha d\u00fc\u015f\u00fck kira \u00f6demenin avantaj\u0131ndan da yararlanmaktad\u0131r. Davalar\u0131n say\u0131s\u0131ndaki art\u0131\u015f, halihaz\u0131rda yo\u011fun olan FTT\u2019nin i\u015f y\u00fck\u00fcn\u00fc daha da art\u0131rabilir.&nbsp;<\/p>\n\n\n\n<p class=\"wp-block-paragraph\">Ronald Fletcher Baker olarak, bu b\u00f6lgede faaliyet g\u00f6steren ve sekt\u00f6rdeki de\u011fi\u015fikliklere uyum sa\u011flamaya \u00e7al\u0131\u015fan hem ev sahiplerine hem de kirac\u0131lara dan\u0131\u015fmanl\u0131k hizmeti sunmak i\u00e7in gerekli donan\u0131ma sahibiz. Herhangi bir sorunuz varsa veya dan\u0131\u015fmanl\u0131k ihtiyac\u0131n\u0131z varsa l\u00fctfen a\u015fa\u011f\u0131daki ileti\u015fim bilgilerini kullanarak bize ula\u015f\u0131n:&nbsp;&nbsp;<a href=\"mailto:B.Frost@rfblegal.co.uk\" target=\"_blank\" rel=\"noreferrer noopener\">B.Frost@rfblegal.co.uk<\/a>&nbsp;ve&nbsp;<a href=\"mailto:V.Goulielmos@rfblegal.co.uk\" target=\"_blank\" rel=\"noreferrer noopener\">V.Goulielmos@rfblegal.co.uk<\/a>&nbsp;.&nbsp;&nbsp;<\/p>","protected":false},"author":12,"featured_media":9964,"parent":0,"menu_order":0,"template":"","format":"standard","meta":{"_acf_changed":false,"om_disable_all_campaigns":false,"_uf_show_specific_survey":0,"_uf_disable_surveys":false,"footnotes":""},"categories":[20],"tags":[],"class_list":["post-9963","insight","type-insight","status-publish","format-standard","has-post-thumbnail","hentry","category-property-litigation"],"acf":[],"aioseo_notices":[],"aioseo_head":"\n\t\t<!-- All in One SEO 5.0.1.1 - aioseo.com -->\n\t<meta name=\"description\" content=\"Our previous article focused specifically on the abolition of \u2018section 21 evictions\u2019 following the Renters\u2019 Rights Act 2025 (the \u201cAct\u201d) and the implications on possession. This article considers further reforms introduced by the Act and those which are due to be implemented in the future. These have, and will continue to, alter the framework in which landlords and tenants operate. Short-Term Residential Tenancies Over the last 30 years, most short-term residential tenancies were structured\" \/>\n\t<meta name=\"robots\" content=\"max-image-preview:large\" \/>\n\t<meta name=\"author\" content=\"Sadie Petchey\"\/>\n\t<link rel=\"canonical\" href=\"https:\/\/rfblegal.co.uk\/tr\/icgoruler\/ozel-kiralik-konut-sektorunde-yapisal-reform-2025-kiraci-haklari-kanunu-kapsaminda-kaydedilen-son-gelismeler\/\" \/>\n\t<meta name=\"generator\" content=\"All in One SEO (AIOSEO) 5.0.1.1\" \/>\n\t\t<meta property=\"og:locale\" content=\"tr_TR\" \/>\n\t\t<meta property=\"og:site_name\" content=\"RFB Legal -\" \/>\n\t\t<meta property=\"og:type\" content=\"article\" \/>\n\t\t<meta property=\"og:title\" content=\"Structural Reform of the Private Rented Sector: Further Developments Under the Renters\u2019 Rights Act 2025 - RFB Legal\" \/>\n\t\t<meta property=\"og:description\" content=\"Our previous article focused specifically on the abolition of \u2018section 21 evictions\u2019 following the Renters\u2019 Rights Act 2025 (the \u201cAct\u201d) and the implications on possession. This article considers further reforms introduced by the Act and those which are due to be implemented in the future. These have, and will continue to, alter the framework in which landlords and tenants operate. Short-Term Residential Tenancies Over the last 30 years, most short-term residential tenancies were structured\" \/>\n\t\t<meta property=\"og:url\" content=\"https:\/\/rfblegal.co.uk\/tr\/icgoruler\/ozel-kiralik-konut-sektorunde-yapisal-reform-2025-kiraci-haklari-kanunu-kapsaminda-kaydedilen-son-gelismeler\/\" \/>\n\t\t<meta property=\"og:image\" content=\"https:\/\/rfblegal.co.uk\/wp-content\/uploads\/2024\/01\/header_company_logo.svg\" \/>\n\t\t<meta property=\"og:image:secure_url\" content=\"https:\/\/rfblegal.co.uk\/wp-content\/uploads\/2024\/01\/header_company_logo.svg\" \/>\n\t\t<meta property=\"article:published_time\" content=\"2026-07-07T15:31:15+00:00\" \/>\n\t\t<meta property=\"article:modified_time\" content=\"2026-07-07T15:31:17+00:00\" \/>\n\t\t<meta name=\"twitter:card\" content=\"summary_large_image\" \/>\n\t\t<meta name=\"twitter:title\" content=\"Structural Reform of the Private Rented Sector: Further Developments Under the Renters\u2019 Rights Act 2025 - RFB Legal\" \/>\n\t\t<meta name=\"twitter:description\" content=\"Our previous article focused specifically on the abolition of \u2018section 21 evictions\u2019 following the Renters\u2019 Rights Act 2025 (the \u201cAct\u201d) and the implications on possession. This article considers further reforms introduced by the Act and those which are due to be implemented in the future. These have, and will continue to, alter the framework in which landlords and tenants operate. Short-Term Residential Tenancies Over the last 30 years, most short-term residential tenancies were structured\" \/>\n\t\t<meta name=\"twitter:image\" content=\"https:\/\/rfblegal.co.uk\/wp-content\/uploads\/2024\/01\/header_company_logo.svg\" \/>\n\t\t<script type=\"application\/ld+json\" class=\"aioseo-schema\">\n\t\t\t{\"@context\":\"https:\\\/\\\/schema.org\",\"@graph\":[{\"@type\":\"BreadcrumbList\",\"@id\":\"https:\\\/\\\/rfblegal.co.uk\\\/tr\\\/icgoruler\\\/ozel-kiralik-konut-sektorunde-yapisal-reform-2025-kiraci-haklari-kanunu-kapsaminda-kaydedilen-son-gelismeler\\\/#breadcrumblist\",\"itemListElement\":[{\"@type\":\"ListItem\",\"@id\":\"https:\\\/\\\/rfblegal.co.uk\\\/tr#listItem\",\"position\":1,\"name\":\"Home\",\"item\":\"https:\\\/\\\/rfblegal.co.uk\\\/tr\",\"nextItem\":{\"@type\":\"ListItem\",\"@id\":\"https:\\\/\\\/rfblegal.co.uk\\\/tr\\\/icgoruler\\\/#listItem\",\"name\":\"Insights\"}},{\"@type\":\"ListItem\",\"@id\":\"https:\\\/\\\/rfblegal.co.uk\\\/tr\\\/icgoruler\\\/#listItem\",\"position\":2,\"name\":\"Insights\",\"item\":\"https:\\\/\\\/rfblegal.co.uk\\\/tr\\\/icgoruler\\\/\",\"nextItem\":{\"@type\":\"ListItem\",\"@id\":\"https:\\\/\\\/rfblegal.co.uk\\\/tr\\\/kategori\\\/mulk-davalari\\\/#listItem\",\"name\":\"Property Litigation\"},\"previousItem\":{\"@type\":\"ListItem\",\"@id\":\"https:\\\/\\\/rfblegal.co.uk\\\/tr#listItem\",\"name\":\"Home\"}},{\"@type\":\"ListItem\",\"@id\":\"https:\\\/\\\/rfblegal.co.uk\\\/tr\\\/kategori\\\/mulk-davalari\\\/#listItem\",\"position\":3,\"name\":\"Property Litigation\",\"item\":\"https:\\\/\\\/rfblegal.co.uk\\\/tr\\\/kategori\\\/mulk-davalari\\\/\",\"nextItem\":{\"@type\":\"ListItem\",\"@id\":\"https:\\\/\\\/rfblegal.co.uk\\\/tr\\\/icgoruler\\\/ozel-kiralik-konut-sektorunde-yapisal-reform-2025-kiraci-haklari-kanunu-kapsaminda-kaydedilen-son-gelismeler\\\/#listItem\",\"name\":\"Structural Reform of the Private Rented Sector: Further Developments Under the Renters\\u2019 Rights Act 2025\\u00a0\"},\"previousItem\":{\"@type\":\"ListItem\",\"@id\":\"https:\\\/\\\/rfblegal.co.uk\\\/tr\\\/icgoruler\\\/#listItem\",\"name\":\"Insights\"}},{\"@type\":\"ListItem\",\"@id\":\"https:\\\/\\\/rfblegal.co.uk\\\/tr\\\/icgoruler\\\/ozel-kiralik-konut-sektorunde-yapisal-reform-2025-kiraci-haklari-kanunu-kapsaminda-kaydedilen-son-gelismeler\\\/#listItem\",\"position\":4,\"name\":\"Structural Reform of the Private Rented Sector: Further Developments Under the Renters\\u2019 Rights Act 2025\\u00a0\",\"previousItem\":{\"@type\":\"ListItem\",\"@id\":\"https:\\\/\\\/rfblegal.co.uk\\\/tr\\\/kategori\\\/mulk-davalari\\\/#listItem\",\"name\":\"Property Litigation\"}}]},{\"@type\":\"Organization\",\"@id\":\"https:\\\/\\\/rfblegal.co.uk\\\/tr\\\/#organization\",\"name\":\"RFB Legal\",\"url\":\"https:\\\/\\\/rfblegal.co.uk\\\/tr\\\/\",\"logo\":{\"@type\":\"ImageObject\",\"url\":\"https:\\\/\\\/rfblegal.co.uk\\\/wp-content\\\/uploads\\\/2024\\\/01\\\/header_company_logo.svg\",\"@id\":\"https:\\\/\\\/rfblegal.co.uk\\\/tr\\\/icgoruler\\\/ozel-kiralik-konut-sektorunde-yapisal-reform-2025-kiraci-haklari-kanunu-kapsaminda-kaydedilen-son-gelismeler\\\/#organizationLogo\",\"caption\":\"header company logo desktop\"},\"image\":{\"@id\":\"https:\\\/\\\/rfblegal.co.uk\\\/tr\\\/icgoruler\\\/ozel-kiralik-konut-sektorunde-yapisal-reform-2025-kiraci-haklari-kanunu-kapsaminda-kaydedilen-son-gelismeler\\\/#organizationLogo\"}},{\"@type\":\"Person\",\"@id\":\"https:\\\/\\\/rfblegal.co.uk\\\/tr\\\/author\\\/sadie\\\/#author\",\"url\":\"https:\\\/\\\/rfblegal.co.uk\\\/tr\\\/author\\\/sadie\\\/\",\"name\":\"Sadie Petchey\",\"image\":{\"@type\":\"ImageObject\",\"@id\":\"https:\\\/\\\/rfblegal.co.uk\\\/tr\\\/icgoruler\\\/ozel-kiralik-konut-sektorunde-yapisal-reform-2025-kiraci-haklari-kanunu-kapsaminda-kaydedilen-son-gelismeler\\\/#authorImage\",\"url\":\"https:\\\/\\\/secure.gravatar.com\\\/avatar\\\/4b4bde29401c22a44b235034af4d81350eb92aeff571312833e6a9abef91bd4c?s=96&d=mm&r=g\",\"width\":96,\"height\":96,\"caption\":\"Sadie Petchey\"}},{\"@type\":\"WebPage\",\"@id\":\"https:\\\/\\\/rfblegal.co.uk\\\/tr\\\/icgoruler\\\/ozel-kiralik-konut-sektorunde-yapisal-reform-2025-kiraci-haklari-kanunu-kapsaminda-kaydedilen-son-gelismeler\\\/#webpage\",\"url\":\"https:\\\/\\\/rfblegal.co.uk\\\/tr\\\/icgoruler\\\/ozel-kiralik-konut-sektorunde-yapisal-reform-2025-kiraci-haklari-kanunu-kapsaminda-kaydedilen-son-gelismeler\\\/\",\"name\":\"Structural Reform of the Private Rented Sector: Further Developments Under the Renters\\u2019 Rights Act 2025 - RFB Legal\",\"description\":\"Our previous article focused specifically on the abolition of \\u2018section 21 evictions\\u2019 following the Renters\\u2019 Rights Act 2025 (the \\u201cAct\\u201d) and the implications on possession. This article considers further reforms introduced by the Act and those which are due to be implemented in the future. These have, and will continue to, alter the framework in which landlords and tenants operate. Short-Term Residential Tenancies Over the last 30 years, most short-term residential tenancies were structured\",\"inLanguage\":\"tr-TR\",\"isPartOf\":{\"@id\":\"https:\\\/\\\/rfblegal.co.uk\\\/tr\\\/#website\"},\"breadcrumb\":{\"@id\":\"https:\\\/\\\/rfblegal.co.uk\\\/tr\\\/icgoruler\\\/ozel-kiralik-konut-sektorunde-yapisal-reform-2025-kiraci-haklari-kanunu-kapsaminda-kaydedilen-son-gelismeler\\\/#breadcrumblist\"},\"author\":{\"@id\":\"https:\\\/\\\/rfblegal.co.uk\\\/tr\\\/author\\\/sadie\\\/#author\"},\"creator\":{\"@id\":\"https:\\\/\\\/rfblegal.co.uk\\\/tr\\\/author\\\/sadie\\\/#author\"},\"image\":{\"@type\":\"ImageObject\",\"url\":\"https:\\\/\\\/rfblegal.co.uk\\\/wp-content\\\/uploads\\\/2026\\\/07\\\/Structural-Reform-of-the-Private-Rented-Sector-Further-Developments-Under-the-Renters-Rights-Act-2025-bf-vg-scaled.png\",\"@id\":\"https:\\\/\\\/rfblegal.co.uk\\\/tr\\\/icgoruler\\\/ozel-kiralik-konut-sektorunde-yapisal-reform-2025-kiraci-haklari-kanunu-kapsaminda-kaydedilen-son-gelismeler\\\/#mainImage\",\"width\":2120,\"height\":1108},\"primaryImageOfPage\":{\"@id\":\"https:\\\/\\\/rfblegal.co.uk\\\/tr\\\/icgoruler\\\/ozel-kiralik-konut-sektorunde-yapisal-reform-2025-kiraci-haklari-kanunu-kapsaminda-kaydedilen-son-gelismeler\\\/#mainImage\"},\"datePublished\":\"2026-07-07T15:31:15+00:00\",\"dateModified\":\"2026-07-07T15:31:17+00:00\"},{\"@type\":\"WebSite\",\"@id\":\"https:\\\/\\\/rfblegal.co.uk\\\/tr\\\/#website\",\"url\":\"https:\\\/\\\/rfblegal.co.uk\\\/tr\\\/\",\"name\":\"RFB Legal\",\"inLanguage\":\"tr-TR\",\"publisher\":{\"@id\":\"https:\\\/\\\/rfblegal.co.uk\\\/tr\\\/#organization\"}}]}\n\t\t<\/script>\n\t\t<!-- All in One SEO -->\n\n","aioseo_head_json":{"title":"\u00d6zel Kiral\u0131k Konut Sekt\u00f6r\u00fcnde Yap\u0131sal Reform: 2025 Kirac\u0131 Haklar\u0131 Kanunu Kapsam\u0131nda Son Geli\u015fmeler - RFB Legal","description":"Bir \u00f6nceki makalemiz, 2025 Kirac\u0131 Haklar\u0131 Kanunu\u2019nun (\u2018Kanun\u2019) ard\u0131ndan \u201921. maddeye dayal\u0131 tahliyelerin\u201c kald\u0131r\u0131lmas\u0131na ve bunun m\u00fclkiyet hakk\u0131 \u00fczerindeki etkilerine odaklanm\u0131\u015ft\u0131. Bu makalede ise Kanun ile getirilen di\u011fer reformlar ve gelecekte uygulanmas\u0131 planlanan reformlar ele al\u0131nmaktad\u0131r. Bu reformlar, ev sahipleri ve kirac\u0131lar\u0131n faaliyet g\u00f6sterdi\u011fi \u00e7er\u00e7eveyi de\u011fi\u015ftirmi\u015ftir ve de\u011fi\u015ftirmeye devam edecektir. K\u0131sa S\u00fcreli Konut Kiralamalar\u0131 Son 30 y\u0131l boyunca, k\u0131sa s\u00fcreli konut kiralamalar\u0131n\u0131n \u00e7o\u011fu \u015fu \u015fekilde yap\u0131land\u0131r\u0131lm\u0131\u015ft\u0131","canonical_url":"https:\/\/rfblegal.co.uk\/tr\/icgoruler\/ozel-kiralik-konut-sektorunde-yapisal-reform-2025-kiraci-haklari-kanunu-kapsaminda-kaydedilen-son-gelismeler\/","robots":"max-image-preview:large","keywords":"","webmasterTools":{"miscellaneous":""},"schema":{"@context":"https:\/\/schema.org","@graph":[{"@type":"BreadcrumbList","@id":"https:\/\/rfblegal.co.uk\/tr\/icgoruler\/ozel-kiralik-konut-sektorunde-yapisal-reform-2025-kiraci-haklari-kanunu-kapsaminda-kaydedilen-son-gelismeler\/#breadcrumblist","itemListElement":[{"@type":"ListItem","@id":"https:\/\/rfblegal.co.uk\/tr#listItem","position":1,"name":"Home","item":"https:\/\/rfblegal.co.uk\/tr","nextItem":{"@type":"ListItem","@id":"https:\/\/rfblegal.co.uk\/tr\/icgoruler\/#listItem","name":"Insights"}},{"@type":"ListItem","@id":"https:\/\/rfblegal.co.uk\/tr\/icgoruler\/#listItem","position":2,"name":"Insights","item":"https:\/\/rfblegal.co.uk\/tr\/icgoruler\/","nextItem":{"@type":"ListItem","@id":"https:\/\/rfblegal.co.uk\/tr\/kategori\/mulk-davalari\/#listItem","name":"Property Litigation"},"previousItem":{"@type":"ListItem","@id":"https:\/\/rfblegal.co.uk\/tr#listItem","name":"Home"}},{"@type":"ListItem","@id":"https:\/\/rfblegal.co.uk\/tr\/kategori\/mulk-davalari\/#listItem","position":3,"name":"Property Litigation","item":"https:\/\/rfblegal.co.uk\/tr\/kategori\/mulk-davalari\/","nextItem":{"@type":"ListItem","@id":"https:\/\/rfblegal.co.uk\/tr\/icgoruler\/ozel-kiralik-konut-sektorunde-yapisal-reform-2025-kiraci-haklari-kanunu-kapsaminda-kaydedilen-son-gelismeler\/#listItem","name":"Structural Reform of the Private Rented Sector: Further Developments Under the Renters\u2019 Rights Act 2025\u00a0"},"previousItem":{"@type":"ListItem","@id":"https:\/\/rfblegal.co.uk\/tr\/icgoruler\/#listItem","name":"Insights"}},{"@type":"ListItem","@id":"https:\/\/rfblegal.co.uk\/tr\/icgoruler\/ozel-kiralik-konut-sektorunde-yapisal-reform-2025-kiraci-haklari-kanunu-kapsaminda-kaydedilen-son-gelismeler\/#listItem","position":4,"name":"Structural Reform of the Private Rented Sector: Further Developments Under the Renters\u2019 Rights Act 2025\u00a0","previousItem":{"@type":"ListItem","@id":"https:\/\/rfblegal.co.uk\/tr\/kategori\/mulk-davalari\/#listItem","name":"Property Litigation"}}]},{"@type":"Organization","@id":"https:\/\/rfblegal.co.uk\/tr\/#organization","name":"RFB Legal","url":"https:\/\/rfblegal.co.uk\/tr\/","logo":{"@type":"ImageObject","url":"https:\/\/rfblegal.co.uk\/wp-content\/uploads\/2024\/01\/header_company_logo.svg","@id":"https:\/\/rfblegal.co.uk\/tr\/icgoruler\/ozel-kiralik-konut-sektorunde-yapisal-reform-2025-kiraci-haklari-kanunu-kapsaminda-kaydedilen-son-gelismeler\/#organizationLogo","caption":"header company logo desktop"},"image":{"@id":"https:\/\/rfblegal.co.uk\/tr\/icgoruler\/ozel-kiralik-konut-sektorunde-yapisal-reform-2025-kiraci-haklari-kanunu-kapsaminda-kaydedilen-son-gelismeler\/#organizationLogo"}},{"@type":"Person","@id":"https:\/\/rfblegal.co.uk\/tr\/author\/sadie\/#author","url":"https:\/\/rfblegal.co.uk\/tr\/author\/sadie\/","name":"Sadie Petchey","image":{"@type":"ImageObject","@id":"https:\/\/rfblegal.co.uk\/tr\/icgoruler\/ozel-kiralik-konut-sektorunde-yapisal-reform-2025-kiraci-haklari-kanunu-kapsaminda-kaydedilen-son-gelismeler\/#authorImage","url":"https:\/\/secure.gravatar.com\/avatar\/4b4bde29401c22a44b235034af4d81350eb92aeff571312833e6a9abef91bd4c?s=96&d=mm&r=g","width":96,"height":96,"caption":"Sadie Petchey"}},{"@type":"WebPage","@id":"https:\/\/rfblegal.co.uk\/tr\/icgoruler\/ozel-kiralik-konut-sektorunde-yapisal-reform-2025-kiraci-haklari-kanunu-kapsaminda-kaydedilen-son-gelismeler\/#webpage","url":"https:\/\/rfblegal.co.uk\/tr\/icgoruler\/ozel-kiralik-konut-sektorunde-yapisal-reform-2025-kiraci-haklari-kanunu-kapsaminda-kaydedilen-son-gelismeler\/","name":"Structural Reform of the Private Rented Sector: Further Developments Under the Renters\u2019 Rights Act 2025 - RFB Legal","description":"Our previous article focused specifically on the abolition of \u2018section 21 evictions\u2019 following the Renters\u2019 Rights Act 2025 (the \u201cAct\u201d) and the implications on possession. This article considers further reforms introduced by the Act and those which are due to be implemented in the future. These have, and will continue to, alter the framework in which landlords and tenants operate. Short-Term Residential Tenancies Over the last 30 years, most short-term residential tenancies were structured","inLanguage":"tr-TR","isPartOf":{"@id":"https:\/\/rfblegal.co.uk\/tr\/#website"},"breadcrumb":{"@id":"https:\/\/rfblegal.co.uk\/tr\/icgoruler\/ozel-kiralik-konut-sektorunde-yapisal-reform-2025-kiraci-haklari-kanunu-kapsaminda-kaydedilen-son-gelismeler\/#breadcrumblist"},"author":{"@id":"https:\/\/rfblegal.co.uk\/tr\/author\/sadie\/#author"},"creator":{"@id":"https:\/\/rfblegal.co.uk\/tr\/author\/sadie\/#author"},"image":{"@type":"ImageObject","url":"https:\/\/rfblegal.co.uk\/wp-content\/uploads\/2026\/07\/Structural-Reform-of-the-Private-Rented-Sector-Further-Developments-Under-the-Renters-Rights-Act-2025-bf-vg-scaled.png","@id":"https:\/\/rfblegal.co.uk\/tr\/icgoruler\/ozel-kiralik-konut-sektorunde-yapisal-reform-2025-kiraci-haklari-kanunu-kapsaminda-kaydedilen-son-gelismeler\/#mainImage","width":2120,"height":1108},"primaryImageOfPage":{"@id":"https:\/\/rfblegal.co.uk\/tr\/icgoruler\/ozel-kiralik-konut-sektorunde-yapisal-reform-2025-kiraci-haklari-kanunu-kapsaminda-kaydedilen-son-gelismeler\/#mainImage"},"datePublished":"2026-07-07T15:31:15+00:00","dateModified":"2026-07-07T15:31:17+00:00"},{"@type":"WebSite","@id":"https:\/\/rfblegal.co.uk\/tr\/#website","url":"https:\/\/rfblegal.co.uk\/tr\/","name":"RFB Legal","inLanguage":"tr-TR","publisher":{"@id":"https:\/\/rfblegal.co.uk\/tr\/#organization"}}]},"og:locale":"tr_TR","og:site_name":"RFB Legal -","og:type":"article","og:title":"Structural Reform of the Private Rented Sector: Further Developments Under the Renters\u2019 Rights Act 2025 - RFB Legal","og:description":"Our previous article focused specifically on the abolition of \u2018section 21 evictions\u2019 following the Renters\u2019 Rights Act 2025 (the \u201cAct\u201d) and the implications on possession. This article considers further reforms introduced by the Act and those which are due to be implemented in the future. These have, and will continue to, alter the framework in which landlords and tenants operate. Short-Term Residential Tenancies Over the last 30 years, most short-term residential tenancies were structured","og:url":"https:\/\/rfblegal.co.uk\/tr\/icgoruler\/ozel-kiralik-konut-sektorunde-yapisal-reform-2025-kiraci-haklari-kanunu-kapsaminda-kaydedilen-son-gelismeler\/","og:image":"https:\/\/rfblegal.co.uk\/wp-content\/uploads\/2024\/01\/header_company_logo.svg","og:image:secure_url":"https:\/\/rfblegal.co.uk\/wp-content\/uploads\/2024\/01\/header_company_logo.svg","article:published_time":"2026-07-07T15:31:15+00:00","article:modified_time":"2026-07-07T15:31:17+00:00","twitter:card":"summary_large_image","twitter:title":"Structural Reform of the Private Rented Sector: Further Developments Under the Renters\u2019 Rights Act 2025 - RFB Legal","twitter:description":"Our previous article focused specifically on the abolition of \u2018section 21 evictions\u2019 following the Renters\u2019 Rights Act 2025 (the \u201cAct\u201d) and the implications on possession. This article considers further reforms introduced by the Act and those which are due to be implemented in the future. These have, and will continue to, alter the framework in which landlords and tenants operate. Short-Term Residential Tenancies Over the last 30 years, most short-term residential tenancies were structured","twitter:image":"https:\/\/rfblegal.co.uk\/wp-content\/uploads\/2024\/01\/header_company_logo.svg"},"aioseo_meta_data":{"post_id":"9963","title":null,"description":null,"keywords":null,"keyphrases":{"focus":{"keyphrase":"","score":0,"analysis":{"keyphraseInTitle":{"score":0,"maxScore":9,"error":1}}},"additional":[]},"primary_term":null,"canonical_url":null,"og_title":null,"og_description":null,"og_object_type":"default","og_image_type":"default","og_image_url":null,"og_image_width":null,"og_image_height":null,"og_image_custom_url":null,"og_image_custom_fields":null,"og_video":"","og_custom_url":null,"og_article_section":null,"og_article_tags":null,"twitter_use_og":false,"twitter_card":"default","twitter_image_type":"default","twitter_image_url":null,"twitter_image_custom_url":null,"twitter_image_custom_fields":null,"twitter_title":null,"twitter_description":null,"schema":{"blockGraphs":[],"customGraphs":[],"default":{"data":{"Article":[],"Course":[],"Dataset":[],"FAQPage":[],"Movie":[],"Person":[],"Product":[],"ProductReview":[],"Car":[],"Recipe":[],"Service":[],"SoftwareApplication":[],"WebPage":[]},"graphName":"WebPage","isEnabled":true},"graphs":[]},"schema_type":"default","schema_type_options":null,"pillar_content":false,"robots_default":true,"robots_noindex":false,"robots_noarchive":false,"robots_nosnippet":false,"robots_nofollow":false,"robots_noimageindex":false,"robots_noodp":false,"robots_notranslate":false,"robots_max_snippet":"-1","robots_max_videopreview":"-1","robots_max_imagepreview":"large","priority":null,"frequency":"default","local_seo":null,"breadcrumb_settings":null,"limit_modified_date":false,"ai":{"faqs":[],"keyPoints":[],"schemas":[],"titles":[],"descriptions":[],"socialPosts":{"email":{"subject":"","preview":"","content":""},"linkedin":[],"twitter":[],"facebook":[],"instagram":[]}},"created":"2026-07-07 15:31:17","updated":"2026-07-07 16:18:43","seo_analyzer_scan_date":null,"focus_keyword":null,"additional_keywords":null,"truseo_locale":null},"aioseo_breadcrumb":"<div class=\"aioseo-breadcrumbs\"><span class=\"aioseo-breadcrumb\">\n\t\t\t<a href=\"https:\/\/rfblegal.co.uk\/tr\" title=\"Home\">Home<\/a>\n\t\t<\/span><span class=\"aioseo-breadcrumb-separator\">&raquo;<\/span><span class=\"aioseo-breadcrumb\">\n\t\t\t<a href=\"https:\/\/rfblegal.co.uk\/tr\/icgoruler\/\" title=\"Insights\">Insights<\/a>\n\t\t<\/span><span class=\"aioseo-breadcrumb-separator\">&raquo;<\/span><span class=\"aioseo-breadcrumb\">\n\t\t\t<a href=\"https:\/\/rfblegal.co.uk\/tr\/kategori\/mulk-davalari\/\" title=\"Property Litigation\">Property Litigation<\/a>\n\t\t<\/span><span class=\"aioseo-breadcrumb-separator\">&raquo;<\/span><span class=\"aioseo-breadcrumb\">\n\t\t\tStructural Reform of the Private Rented Sector: Further Developments Under the Renters\u2019 Rights Act 2025 \n\t\t<\/span><\/div>","aioseo_breadcrumb_json":[{"label":"Home","link":"https:\/\/rfblegal.co.uk\/tr"},{"label":"Insights","link":"https:\/\/rfblegal.co.uk\/tr\/icgoruler\/"},{"label":"Property Litigation","link":"https:\/\/rfblegal.co.uk\/tr\/kategori\/mulk-davalari\/"},{"label":"Structural Reform of the Private Rented Sector: Further Developments Under the Renters\u2019 Rights Act 2025\u00a0","link":"https:\/\/rfblegal.co.uk\/tr\/icgoruler\/ozel-kiralik-konut-sektorunde-yapisal-reform-2025-kiraci-haklari-kanunu-kapsaminda-kaydedilen-son-gelismeler\/"}],"_links":{"self":[{"href":"https:\/\/rfblegal.co.uk\/tr\/wp-json\/wp\/v2\/insight\/9963","targetHints":{"allow":["GET"]}}],"collection":[{"href":"https:\/\/rfblegal.co.uk\/tr\/wp-json\/wp\/v2\/insight"}],"about":[{"href":"https:\/\/rfblegal.co.uk\/tr\/wp-json\/wp\/v2\/types\/insight"}],"author":[{"embeddable":true,"href":"https:\/\/rfblegal.co.uk\/tr\/wp-json\/wp\/v2\/users\/12"}],"version-history":[{"count":1,"href":"https:\/\/rfblegal.co.uk\/tr\/wp-json\/wp\/v2\/insight\/9963\/revisions"}],"predecessor-version":[{"id":9965,"href":"https:\/\/rfblegal.co.uk\/tr\/wp-json\/wp\/v2\/insight\/9963\/revisions\/9965"}],"wp:featuredmedia":[{"embeddable":true,"href":"https:\/\/rfblegal.co.uk\/tr\/wp-json\/wp\/v2\/media\/9964"}],"wp:attachment":[{"href":"https:\/\/rfblegal.co.uk\/tr\/wp-json\/wp\/v2\/media?parent=9963"}],"wp:term":[{"taxonomy":"category","embeddable":true,"href":"https:\/\/rfblegal.co.uk\/tr\/wp-json\/wp\/v2\/categories?post=9963"},{"taxonomy":"post_tag","embeddable":true,"href":"https:\/\/rfblegal.co.uk\/tr\/wp-json\/wp\/v2\/tags?post=9963"}],"curies":[{"name":"wp","href":"https:\/\/api.w.org\/{rel}","templated":true}]}}