{"id":9925,"date":"2026-07-03T13:35:58","date_gmt":"2026-07-03T13:35:58","guid":{"rendered":"https:\/\/rfblegal.co.uk\/?post_type=insight&#038;p=9925"},"modified":"2026-07-03T13:36:34","modified_gmt":"2026-07-03T13:36:34","slug":"vasiyetname-duzenlemek-icin-asgari-yasin-dusurulmesi-planlaniyor","status":"publish","type":"insight","link":"https:\/\/rfblegal.co.uk\/tr\/icgoruler\/vasiyetname-duzenlemek-icin-asgari-yasin-dusurulmesi-planlaniyor\/","title":{"rendered":"Vasiyetname D\u00fczenlemek \u0130\u00e7in Gerekli Asgari Ya\u015f\u0131n D\u00fc\u015f\u00fcr\u00fclmesi Planlan\u0131yor"},"content":{"rendered":"<p class=\"wp-block-paragraph\">Bu <a href=\"https:\/\/www.legislation.gov.uk\/ukpga\/Will4and1Vict\/7\/26\/contents\">1837 tarihli Vasiyet Kanunu<\/a> Neredeyse iki y\u00fczy\u0131l boyunca b\u00fcy\u00fck \u00f6l\u00e7\u00fcde de\u011fi\u015fmeden kalm\u0131\u015f olsa da, son y\u0131llarda dijital ileti\u015fim \u00e7a\u011f\u0131nda, daha karma\u015f\u0131k aile yap\u0131lar\u0131 ve artan ya\u015fam beklentisi g\u00f6z \u00f6n\u00fcne al\u0131nd\u0131\u011f\u0131nda, bu yasan\u0131n g\u00fcncellenmesi gerekti\u011fi ortaya \u00e7\u0131km\u0131\u015ft\u0131r.\u00a0May\u0131s 2025\u2019te, Hukuk Komisyonu, \u0130ngiltere ve Galler\u2019de yeni bir Vasiyet Kanunu i\u00e7in bir dizi \u00f6neri yay\u0131nlad\u0131. Bu \u00f6neriler aras\u0131nda, vasiyetname d\u00fczenleme i\u00e7in asgari ya\u015f\u0131n 16\u2019ya indirilmesi ve daha k\u00fc\u00e7\u00fck ya\u015ftaki bir \u00e7ocu\u011fun vasiyetname d\u00fczenleyebilmesi i\u00e7in mahkemeye ba\u015fvuruda bulunulmas\u0131na olanak tan\u0131nmas\u0131 yer almaktad\u0131r.\u00a0\u00a0<\/p>\n\n\n\n<p class=\"wp-block-paragraph\">\u0130sko\u00e7ya\u2019da ya\u015fayan 12 ya\u015f\u0131ndaki bir \u00e7ocuk ge\u00e7erli bir vasiyetname d\u00fczenleyebilse de, \u0130ngiltere s\u0131n\u0131r\u0131n\u0131n hemen \u00f6tesinde ya\u015fayan bir s\u0131n\u0131f arkada\u015f\u0131 bunu yapmak i\u00e7in alt\u0131 y\u0131l daha beklemek zorunda kal\u0131r. Bu, \u0130ngiltere ve Galler\u2019de bir re\u015fit olmayan ki\u015finin vefat\u0131 durumunda, miras\u0131n\u0131n vasiyetsiz miras kanunlar\u0131 uyar\u0131nca ebeveynlerine, ebeveynleri hayatta de\u011filse en yak\u0131n akrabalar\u0131na da\u011f\u0131t\u0131laca\u011f\u0131 anlam\u0131na gelir. Sonu\u00e7 olarak, bir \u00e7ocuk ebeveynlerinden biriyle ili\u015fkisini kesmi\u015f olsa bile, o ebeveyn yine de miras\u00e7\u0131 olur. \u00c7ocu\u011fu yeti\u015ftiren \u00fcvey ebeveyn ise miras\u00e7\u0131 olamaz.&nbsp;&nbsp;<\/p>\n\n\n\n<p class=\"wp-block-paragraph\">\u00c7ocuklar\u0131n genellikle geride b\u0131rakacak pek bir \u015feyleri olmasa da, evcil hayvanlar\u0131na kimin bakaca\u011f\u0131 ve dijital varl\u0131klar\u0131na kimin eri\u015febilece\u011fi konusunda olduk\u00e7a titiz davranabilirler. Ayr\u0131ca oyunculuk, m\u00fczik, spor ve giderek artan bir \u015fekilde \u00e7evrimi\u00e7i faaliyetlerden para kazanarak \u00f6nemli miktarda varl\u0131k biriktirmi\u015f \u00e7ocuklar da vard\u0131r; bu \u00e7ocuklar, hastalan\u0131p miraslar\u0131n\u0131n nas\u0131l da\u011f\u0131t\u0131laca\u011f\u0131na karar veremez hale gelirlerse kendilerini \u00e7ok ma\u011fdur hissedebilirler.&nbsp;<\/p>\n\n\n\n<p class=\"wp-block-paragraph\">Bu \u00f6nerilerin hayata ge\u00e7irilmesi durumunda, 16 ve 17 ya\u015f\u0131ndaki gen\u00e7lerin vasiyetname haz\u0131rlamak i\u00e7in ak\u0131n edece\u011fi ya da daha k\u00fc\u00e7\u00fck ya\u015ftaki gen\u00e7lerin de bu s\u00fcrece dahil olabilmek i\u00e7in mahkeme ba\u015fvurusu yapmay\u0131 d\u00fc\u015f\u00fcnece\u011fi pek olas\u0131 g\u00f6r\u00fcnm\u00fcyor. Ancak bu d\u00fczenleme, ya\u015fam s\u00fcresini k\u0131saltan hastal\u0131klar te\u015fhisi konmu\u015f \u00e7ocuklar\u0131n, isteklerinin yerine getirilece\u011fini bilmenin rahatl\u0131\u011f\u0131n\u0131 ya\u015famas\u0131na olanak tan\u0131yacakt\u0131r. Ayr\u0131ca, bir gencin haz\u0131rlad\u0131\u011f\u0131 vasiyetname, birka\u00e7 y\u0131l sonra uzun s\u00fcreli bir partnerle birlikte ya\u015famaya ba\u015flad\u0131\u011f\u0131nda ge\u00e7erlili\u011fini yitirebilece\u011finden, vasiyetnamelerin d\u00fczenli olarak g\u00f6zden ge\u00e7irilmesi gerekti\u011fine dair fark\u0131ndal\u0131\u011f\u0131 da art\u0131racakt\u0131r.&nbsp;&nbsp;<\/p>\n\n\n\n<p class=\"wp-block-paragraph\">May\u0131s 2026\u2019da yap\u0131lan Kraliyet Konu\u015fmas\u0131\u2019nda yeni bir vasiyetname tasar\u0131s\u0131ndan bahsedilmedi; bu nedenle, \u0130ngiltere ve Galler\u2019deki \u00e7ocuklar\u0131n vasiyetname d\u00fczenleme imk\u00e2n\u0131na kavu\u015fmas\u0131 i\u00e7in biraz zaman ge\u00e7mesi gerekebilir. O an geldi\u011finde onlara yard\u0131mc\u0131 olmay\u0131 sab\u0131rs\u0131zl\u0131kla bekliyoruz.&nbsp;&nbsp;<\/p>\n\n\n\n<p class=\"wp-block-paragraph\">Bu arada, kendini i\u015fine adam\u0131\u015f ve uzman avukat ekibimiz, ebeveynlere miraslar\u0131n\u0131 idare edecek vasi ve m\u00fctevellilerini atamak \u00fczere vasiyetname haz\u0131rlamalar\u0131 konusunda yard\u0131mc\u0131 olabilir.&nbsp;<\/p>\n\n\n\n<p class=\"wp-block-paragraph\">Miras planlamas\u0131n\u0131n herhangi bir konusunu g\u00f6r\u00fc\u015fmek ve randevu ayarlamak i\u00e7in l\u00fctfen bizimle ileti\u015fime ge\u00e7mekten \u00e7ekinmeyin.&nbsp;&nbsp;<\/p>\n\n\n\n<p class=\"wp-block-paragraph\">Tel: 020 7467 5757 veya E-posta:&nbsp;<a href=\"mailto:privateclient@rfblegal.co.uk\" target=\"_blank\" rel=\"noreferrer noopener\">privateclient@rfblegal.co.uk<\/a>&nbsp;<\/p>","protected":false},"author":12,"featured_media":9926,"parent":0,"menu_order":0,"template":"","format":"standard","meta":{"_acf_changed":false,"om_disable_all_campaigns":false,"_uf_show_specific_survey":0,"_uf_disable_surveys":false,"footnotes":""},"categories":[22],"tags":[],"class_list":["post-9925","insight","type-insight","status-publish","format-standard","has-post-thumbnail","hentry","category-wills-probate"],"acf":[],"aioseo_notices":[],"aioseo_head":"\n\t\t<!-- All in One SEO 5.0.1.1 - aioseo.com -->\n\t<meta name=\"description\" content=\"The Wills Act 1837 has been largely unchanged for almost two centuries but in recent years it has become clear that in the age of digital communication, more complex family structures and longer life expectancy, it is in need of updating. In May 2025, the Law Commission published a number of proposals for a new Wills Act in England and Wales. These include reducing the minimum age for making a will to\" \/>\n\t<meta name=\"robots\" content=\"max-image-preview:large\" \/>\n\t<meta name=\"author\" content=\"Sadie Petchey\"\/>\n\t<link rel=\"canonical\" href=\"https:\/\/rfblegal.co.uk\/tr\/icgoruler\/vasiyetname-duzenlemek-icin-asgari-yasin-dusurulmesi-planlaniyor\/\" \/>\n\t<meta name=\"generator\" content=\"All in One SEO (AIOSEO) 5.0.1.1\" \/>\n\t\t<meta property=\"og:locale\" content=\"tr_TR\" \/>\n\t\t<meta property=\"og:site_name\" content=\"RFB Legal -\" \/>\n\t\t<meta property=\"og:type\" content=\"article\" \/>\n\t\t<meta property=\"og:title\" content=\"The Minimum Age for Making A Will is Set to be Lowered - RFB Legal\" \/>\n\t\t<meta property=\"og:description\" content=\"The Wills Act 1837 has been largely unchanged for almost two centuries but in recent years it has become clear that in the age of digital communication, more complex family structures and longer life expectancy, it is in need of updating. In May 2025, the Law Commission published a number of proposals for a new Wills Act in England and Wales. These include reducing the minimum age for making a will to\" \/>\n\t\t<meta property=\"og:url\" content=\"https:\/\/rfblegal.co.uk\/tr\/icgoruler\/vasiyetname-duzenlemek-icin-asgari-yasin-dusurulmesi-planlaniyor\/\" \/>\n\t\t<meta property=\"og:image\" content=\"https:\/\/rfblegal.co.uk\/wp-content\/uploads\/2024\/01\/header_company_logo.svg\" \/>\n\t\t<meta property=\"og:image:secure_url\" content=\"https:\/\/rfblegal.co.uk\/wp-content\/uploads\/2024\/01\/header_company_logo.svg\" \/>\n\t\t<meta property=\"article:published_time\" content=\"2026-07-03T13:35:58+00:00\" \/>\n\t\t<meta property=\"article:modified_time\" content=\"2026-07-03T13:36:34+00:00\" \/>\n\t\t<meta name=\"twitter:card\" content=\"summary_large_image\" \/>\n\t\t<meta name=\"twitter:title\" content=\"The Minimum Age for Making A Will is Set to be Lowered - RFB Legal\" \/>\n\t\t<meta name=\"twitter:description\" content=\"The Wills Act 1837 has been largely unchanged for almost two centuries but in recent years it has become clear that in the age of digital communication, more complex family structures and longer life expectancy, it is in need of updating. In May 2025, the Law Commission published a number of proposals for a new Wills Act in England and Wales. These include reducing the minimum age for making a will to\" \/>\n\t\t<meta name=\"twitter:image\" content=\"https:\/\/rfblegal.co.uk\/wp-content\/uploads\/2024\/01\/header_company_logo.svg\" \/>\n\t\t<script type=\"application\/ld+json\" class=\"aioseo-schema\">\n\t\t\t{\"@context\":\"https:\\\/\\\/schema.org\",\"@graph\":[{\"@type\":\"BreadcrumbList\",\"@id\":\"https:\\\/\\\/rfblegal.co.uk\\\/tr\\\/icgoruler\\\/vasiyetname-duzenlemek-icin-asgari-yasin-dusurulmesi-planlaniyor\\\/#breadcrumblist\",\"itemListElement\":[{\"@type\":\"ListItem\",\"@id\":\"https:\\\/\\\/rfblegal.co.uk\\\/tr#listItem\",\"position\":1,\"name\":\"Home\",\"item\":\"https:\\\/\\\/rfblegal.co.uk\\\/tr\",\"nextItem\":{\"@type\":\"ListItem\",\"@id\":\"https:\\\/\\\/rfblegal.co.uk\\\/tr\\\/icgoruler\\\/#listItem\",\"name\":\"Insights\"}},{\"@type\":\"ListItem\",\"@id\":\"https:\\\/\\\/rfblegal.co.uk\\\/tr\\\/icgoruler\\\/#listItem\",\"position\":2,\"name\":\"Insights\",\"item\":\"https:\\\/\\\/rfblegal.co.uk\\\/tr\\\/icgoruler\\\/\",\"nextItem\":{\"@type\":\"ListItem\",\"@id\":\"https:\\\/\\\/rfblegal.co.uk\\\/tr\\\/kategori\\\/vasiyetnameler-veraset\\\/#listItem\",\"name\":\"Wills &amp; Probate\"},\"previousItem\":{\"@type\":\"ListItem\",\"@id\":\"https:\\\/\\\/rfblegal.co.uk\\\/tr#listItem\",\"name\":\"Home\"}},{\"@type\":\"ListItem\",\"@id\":\"https:\\\/\\\/rfblegal.co.uk\\\/tr\\\/kategori\\\/vasiyetnameler-veraset\\\/#listItem\",\"position\":3,\"name\":\"Wills &amp; Probate\",\"item\":\"https:\\\/\\\/rfblegal.co.uk\\\/tr\\\/kategori\\\/vasiyetnameler-veraset\\\/\",\"nextItem\":{\"@type\":\"ListItem\",\"@id\":\"https:\\\/\\\/rfblegal.co.uk\\\/tr\\\/icgoruler\\\/vasiyetname-duzenlemek-icin-asgari-yasin-dusurulmesi-planlaniyor\\\/#listItem\",\"name\":\"The Minimum Age for Making A Will is Set to be Lowered\"},\"previousItem\":{\"@type\":\"ListItem\",\"@id\":\"https:\\\/\\\/rfblegal.co.uk\\\/tr\\\/icgoruler\\\/#listItem\",\"name\":\"Insights\"}},{\"@type\":\"ListItem\",\"@id\":\"https:\\\/\\\/rfblegal.co.uk\\\/tr\\\/icgoruler\\\/vasiyetname-duzenlemek-icin-asgari-yasin-dusurulmesi-planlaniyor\\\/#listItem\",\"position\":4,\"name\":\"The Minimum Age for Making A Will is Set to be Lowered\",\"previousItem\":{\"@type\":\"ListItem\",\"@id\":\"https:\\\/\\\/rfblegal.co.uk\\\/tr\\\/kategori\\\/vasiyetnameler-veraset\\\/#listItem\",\"name\":\"Wills &amp; Probate\"}}]},{\"@type\":\"Organization\",\"@id\":\"https:\\\/\\\/rfblegal.co.uk\\\/tr\\\/#organization\",\"name\":\"RFB Legal\",\"url\":\"https:\\\/\\\/rfblegal.co.uk\\\/tr\\\/\",\"logo\":{\"@type\":\"ImageObject\",\"url\":\"https:\\\/\\\/rfblegal.co.uk\\\/wp-content\\\/uploads\\\/2024\\\/01\\\/header_company_logo.svg\",\"@id\":\"https:\\\/\\\/rfblegal.co.uk\\\/tr\\\/icgoruler\\\/vasiyetname-duzenlemek-icin-asgari-yasin-dusurulmesi-planlaniyor\\\/#organizationLogo\",\"caption\":\"header company logo desktop\"},\"image\":{\"@id\":\"https:\\\/\\\/rfblegal.co.uk\\\/tr\\\/icgoruler\\\/vasiyetname-duzenlemek-icin-asgari-yasin-dusurulmesi-planlaniyor\\\/#organizationLogo\"}},{\"@type\":\"Person\",\"@id\":\"https:\\\/\\\/rfblegal.co.uk\\\/tr\\\/author\\\/sadie\\\/#author\",\"url\":\"https:\\\/\\\/rfblegal.co.uk\\\/tr\\\/author\\\/sadie\\\/\",\"name\":\"Sadie Petchey\",\"image\":{\"@type\":\"ImageObject\",\"@id\":\"https:\\\/\\\/rfblegal.co.uk\\\/tr\\\/icgoruler\\\/vasiyetname-duzenlemek-icin-asgari-yasin-dusurulmesi-planlaniyor\\\/#authorImage\",\"url\":\"https:\\\/\\\/secure.gravatar.com\\\/avatar\\\/4b4bde29401c22a44b235034af4d81350eb92aeff571312833e6a9abef91bd4c?s=96&d=mm&r=g\",\"width\":96,\"height\":96,\"caption\":\"Sadie Petchey\"}},{\"@type\":\"WebPage\",\"@id\":\"https:\\\/\\\/rfblegal.co.uk\\\/tr\\\/icgoruler\\\/vasiyetname-duzenlemek-icin-asgari-yasin-dusurulmesi-planlaniyor\\\/#webpage\",\"url\":\"https:\\\/\\\/rfblegal.co.uk\\\/tr\\\/icgoruler\\\/vasiyetname-duzenlemek-icin-asgari-yasin-dusurulmesi-planlaniyor\\\/\",\"name\":\"The Minimum Age for Making A Will is Set to be Lowered - RFB Legal\",\"description\":\"The Wills Act 1837 has been largely unchanged for almost two centuries but in recent years it has become clear that in the age of digital communication, more complex family structures and longer life expectancy, it is in need of updating. In May 2025, the Law Commission published a number of proposals for a new Wills Act in England and Wales. These include reducing the minimum age for making a will to\",\"inLanguage\":\"tr-TR\",\"isPartOf\":{\"@id\":\"https:\\\/\\\/rfblegal.co.uk\\\/tr\\\/#website\"},\"breadcrumb\":{\"@id\":\"https:\\\/\\\/rfblegal.co.uk\\\/tr\\\/icgoruler\\\/vasiyetname-duzenlemek-icin-asgari-yasin-dusurulmesi-planlaniyor\\\/#breadcrumblist\"},\"author\":{\"@id\":\"https:\\\/\\\/rfblegal.co.uk\\\/tr\\\/author\\\/sadie\\\/#author\"},\"creator\":{\"@id\":\"https:\\\/\\\/rfblegal.co.uk\\\/tr\\\/author\\\/sadie\\\/#author\"},\"image\":{\"@type\":\"ImageObject\",\"url\":\"https:\\\/\\\/rfblegal.co.uk\\\/wp-content\\\/uploads\\\/2026\\\/07\\\/The-Minimum-Age-for-Making-A-Will-is-Set-to-be-Lowered-KY-DO-scaled.png\",\"@id\":\"https:\\\/\\\/rfblegal.co.uk\\\/tr\\\/icgoruler\\\/vasiyetname-duzenlemek-icin-asgari-yasin-dusurulmesi-planlaniyor\\\/#mainImage\",\"width\":2120,\"height\":1108},\"primaryImageOfPage\":{\"@id\":\"https:\\\/\\\/rfblegal.co.uk\\\/tr\\\/icgoruler\\\/vasiyetname-duzenlemek-icin-asgari-yasin-dusurulmesi-planlaniyor\\\/#mainImage\"},\"datePublished\":\"2026-07-03T13:35:58+00:00\",\"dateModified\":\"2026-07-03T13:36:34+00:00\"},{\"@type\":\"WebSite\",\"@id\":\"https:\\\/\\\/rfblegal.co.uk\\\/tr\\\/#website\",\"url\":\"https:\\\/\\\/rfblegal.co.uk\\\/tr\\\/\",\"name\":\"RFB Legal\",\"inLanguage\":\"tr-TR\",\"publisher\":{\"@id\":\"https:\\\/\\\/rfblegal.co.uk\\\/tr\\\/#organization\"}}]}\n\t\t<\/script>\n\t\t<!-- All in One SEO -->\n\n","aioseo_head_json":{"title":"Vasiyetname D\u00fczenlemek \u0130\u00e7in Asgari Ya\u015f\u0131n D\u00fc\u015f\u00fcr\u00fclmesi Planlan\u0131yor - RFB Legal","description":"1837 tarihli Vasiyet Kanunu, neredeyse iki y\u00fczy\u0131l boyunca b\u00fcy\u00fck \u00f6l\u00e7\u00fcde de\u011fi\u015fmeden kalm\u0131\u015ft\u0131r; ancak son y\u0131llarda, dijital ileti\u015fim \u00e7a\u011f\u0131nda, daha karma\u015f\u0131k aile yap\u0131lar\u0131 ve artan ya\u015fam beklentisi g\u00f6z \u00f6n\u00fcne al\u0131nd\u0131\u011f\u0131nda, bu kanunun g\u00fcncellenmesi gerekti\u011fi ortaya \u00e7\u0131km\u0131\u015ft\u0131r. May\u0131s 2025\u2019te Hukuk Komisyonu, \u0130ngiltere ve Galler\u2019de yeni bir Vasiyet Kanunu i\u00e7in bir dizi \u00f6neri yay\u0131nlad\u0131. Bunlar aras\u0131nda vasiyetname d\u00fczenlemek i\u00e7in asgari ya\u015f\u0131n","canonical_url":"https:\/\/rfblegal.co.uk\/tr\/icgoruler\/vasiyetname-duzenlemek-icin-asgari-yasin-dusurulmesi-planlaniyor\/","robots":"max-image-preview:large","keywords":"","webmasterTools":{"miscellaneous":""},"schema":{"@context":"https:\/\/schema.org","@graph":[{"@type":"BreadcrumbList","@id":"https:\/\/rfblegal.co.uk\/tr\/icgoruler\/vasiyetname-duzenlemek-icin-asgari-yasin-dusurulmesi-planlaniyor\/#breadcrumblist","itemListElement":[{"@type":"ListItem","@id":"https:\/\/rfblegal.co.uk\/tr#listItem","position":1,"name":"Home","item":"https:\/\/rfblegal.co.uk\/tr","nextItem":{"@type":"ListItem","@id":"https:\/\/rfblegal.co.uk\/tr\/icgoruler\/#listItem","name":"Insights"}},{"@type":"ListItem","@id":"https:\/\/rfblegal.co.uk\/tr\/icgoruler\/#listItem","position":2,"name":"Insights","item":"https:\/\/rfblegal.co.uk\/tr\/icgoruler\/","nextItem":{"@type":"ListItem","@id":"https:\/\/rfblegal.co.uk\/tr\/kategori\/vasiyetnameler-veraset\/#listItem","name":"Wills &amp; Probate"},"previousItem":{"@type":"ListItem","@id":"https:\/\/rfblegal.co.uk\/tr#listItem","name":"Home"}},{"@type":"ListItem","@id":"https:\/\/rfblegal.co.uk\/tr\/kategori\/vasiyetnameler-veraset\/#listItem","position":3,"name":"Wills &amp; Probate","item":"https:\/\/rfblegal.co.uk\/tr\/kategori\/vasiyetnameler-veraset\/","nextItem":{"@type":"ListItem","@id":"https:\/\/rfblegal.co.uk\/tr\/icgoruler\/vasiyetname-duzenlemek-icin-asgari-yasin-dusurulmesi-planlaniyor\/#listItem","name":"The Minimum Age for Making A Will is Set to be Lowered"},"previousItem":{"@type":"ListItem","@id":"https:\/\/rfblegal.co.uk\/tr\/icgoruler\/#listItem","name":"Insights"}},{"@type":"ListItem","@id":"https:\/\/rfblegal.co.uk\/tr\/icgoruler\/vasiyetname-duzenlemek-icin-asgari-yasin-dusurulmesi-planlaniyor\/#listItem","position":4,"name":"The Minimum Age for Making A Will is Set to be Lowered","previousItem":{"@type":"ListItem","@id":"https:\/\/rfblegal.co.uk\/tr\/kategori\/vasiyetnameler-veraset\/#listItem","name":"Wills &amp; Probate"}}]},{"@type":"Organization","@id":"https:\/\/rfblegal.co.uk\/tr\/#organization","name":"RFB Legal","url":"https:\/\/rfblegal.co.uk\/tr\/","logo":{"@type":"ImageObject","url":"https:\/\/rfblegal.co.uk\/wp-content\/uploads\/2024\/01\/header_company_logo.svg","@id":"https:\/\/rfblegal.co.uk\/tr\/icgoruler\/vasiyetname-duzenlemek-icin-asgari-yasin-dusurulmesi-planlaniyor\/#organizationLogo","caption":"header company logo desktop"},"image":{"@id":"https:\/\/rfblegal.co.uk\/tr\/icgoruler\/vasiyetname-duzenlemek-icin-asgari-yasin-dusurulmesi-planlaniyor\/#organizationLogo"}},{"@type":"Person","@id":"https:\/\/rfblegal.co.uk\/tr\/author\/sadie\/#author","url":"https:\/\/rfblegal.co.uk\/tr\/author\/sadie\/","name":"Sadie Petchey","image":{"@type":"ImageObject","@id":"https:\/\/rfblegal.co.uk\/tr\/icgoruler\/vasiyetname-duzenlemek-icin-asgari-yasin-dusurulmesi-planlaniyor\/#authorImage","url":"https:\/\/secure.gravatar.com\/avatar\/4b4bde29401c22a44b235034af4d81350eb92aeff571312833e6a9abef91bd4c?s=96&d=mm&r=g","width":96,"height":96,"caption":"Sadie Petchey"}},{"@type":"WebPage","@id":"https:\/\/rfblegal.co.uk\/tr\/icgoruler\/vasiyetname-duzenlemek-icin-asgari-yasin-dusurulmesi-planlaniyor\/#webpage","url":"https:\/\/rfblegal.co.uk\/tr\/icgoruler\/vasiyetname-duzenlemek-icin-asgari-yasin-dusurulmesi-planlaniyor\/","name":"The Minimum Age for Making A Will is Set to be Lowered - RFB Legal","description":"The Wills Act 1837 has been largely unchanged for almost two centuries but in recent years it has become clear that in the age of digital communication, more complex family structures and longer life expectancy, it is in need of updating. In May 2025, the Law Commission published a number of proposals for a new Wills Act in England and Wales. These include reducing the minimum age for making a will to","inLanguage":"tr-TR","isPartOf":{"@id":"https:\/\/rfblegal.co.uk\/tr\/#website"},"breadcrumb":{"@id":"https:\/\/rfblegal.co.uk\/tr\/icgoruler\/vasiyetname-duzenlemek-icin-asgari-yasin-dusurulmesi-planlaniyor\/#breadcrumblist"},"author":{"@id":"https:\/\/rfblegal.co.uk\/tr\/author\/sadie\/#author"},"creator":{"@id":"https:\/\/rfblegal.co.uk\/tr\/author\/sadie\/#author"},"image":{"@type":"ImageObject","url":"https:\/\/rfblegal.co.uk\/wp-content\/uploads\/2026\/07\/The-Minimum-Age-for-Making-A-Will-is-Set-to-be-Lowered-KY-DO-scaled.png","@id":"https:\/\/rfblegal.co.uk\/tr\/icgoruler\/vasiyetname-duzenlemek-icin-asgari-yasin-dusurulmesi-planlaniyor\/#mainImage","width":2120,"height":1108},"primaryImageOfPage":{"@id":"https:\/\/rfblegal.co.uk\/tr\/icgoruler\/vasiyetname-duzenlemek-icin-asgari-yasin-dusurulmesi-planlaniyor\/#mainImage"},"datePublished":"2026-07-03T13:35:58+00:00","dateModified":"2026-07-03T13:36:34+00:00"},{"@type":"WebSite","@id":"https:\/\/rfblegal.co.uk\/tr\/#website","url":"https:\/\/rfblegal.co.uk\/tr\/","name":"RFB Legal","inLanguage":"tr-TR","publisher":{"@id":"https:\/\/rfblegal.co.uk\/tr\/#organization"}}]},"og:locale":"tr_TR","og:site_name":"RFB Legal -","og:type":"article","og:title":"The Minimum Age for Making A Will is Set to be Lowered - RFB Legal","og:description":"The Wills Act 1837 has been largely unchanged for almost two centuries but in recent years it has become clear that in the age of digital communication, more complex family structures and longer life expectancy, it is in need of updating. In May 2025, the Law Commission published a number of proposals for a new Wills Act in England and Wales. These include reducing the minimum age for making a will to","og:url":"https:\/\/rfblegal.co.uk\/tr\/icgoruler\/vasiyetname-duzenlemek-icin-asgari-yasin-dusurulmesi-planlaniyor\/","og:image":"https:\/\/rfblegal.co.uk\/wp-content\/uploads\/2024\/01\/header_company_logo.svg","og:image:secure_url":"https:\/\/rfblegal.co.uk\/wp-content\/uploads\/2024\/01\/header_company_logo.svg","article:published_time":"2026-07-03T13:35:58+00:00","article:modified_time":"2026-07-03T13:36:34+00:00","twitter:card":"summary_large_image","twitter:title":"The Minimum Age for Making A Will is Set to be Lowered - RFB Legal","twitter:description":"The Wills Act 1837 has been largely unchanged for almost two centuries but in recent years it has become clear that in the age of digital communication, more complex family structures and longer life expectancy, it is in need of updating. In May 2025, the Law Commission published a number of proposals for a new Wills Act in England and Wales. These include reducing the minimum age for making a will to","twitter:image":"https:\/\/rfblegal.co.uk\/wp-content\/uploads\/2024\/01\/header_company_logo.svg"},"aioseo_meta_data":{"post_id":"9925","title":null,"description":null,"keywords":null,"keyphrases":{"focus":{"keyphrase":"","score":0,"analysis":{"keyphraseInTitle":{"score":0,"maxScore":9,"error":1}}},"additional":[]},"primary_term":null,"canonical_url":null,"og_title":null,"og_description":null,"og_object_type":"default","og_image_type":"default","og_image_url":null,"og_image_width":null,"og_image_height":null,"og_image_custom_url":null,"og_image_custom_fields":null,"og_video":"","og_custom_url":null,"og_article_section":null,"og_article_tags":null,"twitter_use_og":false,"twitter_card":"default","twitter_image_type":"default","twitter_image_url":null,"twitter_image_custom_url":null,"twitter_image_custom_fields":null,"twitter_title":null,"twitter_description":null,"schema":{"blockGraphs":[],"customGraphs":[],"default":{"data":{"Article":[],"Course":[],"Dataset":[],"FAQPage":[],"Movie":[],"Person":[],"Product":[],"ProductReview":[],"Car":[],"Recipe":[],"Service":[],"SoftwareApplication":[],"WebPage":[]},"graphName":"WebPage","isEnabled":true},"graphs":[]},"schema_type":"default","schema_type_options":null,"pillar_content":false,"robots_default":true,"robots_noindex":false,"robots_noarchive":false,"robots_nosnippet":false,"robots_nofollow":false,"robots_noimageindex":false,"robots_noodp":false,"robots_notranslate":false,"robots_max_snippet":"-1","robots_max_videopreview":"-1","robots_max_imagepreview":"large","priority":null,"frequency":"default","local_seo":null,"breadcrumb_settings":null,"limit_modified_date":false,"ai":{"faqs":[],"keyPoints":[],"schemas":[],"titles":[],"descriptions":[],"socialPosts":{"email":{"subject":"","preview":"","content":""},"linkedin":[],"twitter":[],"facebook":[],"instagram":[]}},"created":"2026-07-03 13:36:04","updated":"2026-07-03 14:00:43","seo_analyzer_scan_date":null,"focus_keyword":null,"additional_keywords":null,"truseo_locale":null},"aioseo_breadcrumb":"<div class=\"aioseo-breadcrumbs\"><span class=\"aioseo-breadcrumb\">\n\t\t\t<a href=\"https:\/\/rfblegal.co.uk\/tr\" title=\"Home\">Home<\/a>\n\t\t<\/span><span class=\"aioseo-breadcrumb-separator\">&raquo;<\/span><span class=\"aioseo-breadcrumb\">\n\t\t\t<a href=\"https:\/\/rfblegal.co.uk\/tr\/icgoruler\/\" title=\"Insights\">Insights<\/a>\n\t\t<\/span><span class=\"aioseo-breadcrumb-separator\">&raquo;<\/span><span class=\"aioseo-breadcrumb\">\n\t\t\t<a href=\"https:\/\/rfblegal.co.uk\/tr\/kategori\/vasiyetnameler-veraset\/\" title=\"Wills &amp; Probate\">Wills &amp; Probate<\/a>\n\t\t<\/span><span class=\"aioseo-breadcrumb-separator\">&raquo;<\/span><span class=\"aioseo-breadcrumb\">\n\t\t\tThe Minimum Age for Making A Will is Set to be Lowered\n\t\t<\/span><\/div>","aioseo_breadcrumb_json":[{"label":"Home","link":"https:\/\/rfblegal.co.uk\/tr"},{"label":"Insights","link":"https:\/\/rfblegal.co.uk\/tr\/icgoruler\/"},{"label":"Wills &amp; Probate","link":"https:\/\/rfblegal.co.uk\/tr\/kategori\/vasiyetnameler-veraset\/"},{"label":"The Minimum Age for Making A Will is Set to be Lowered","link":"https:\/\/rfblegal.co.uk\/tr\/icgoruler\/vasiyetname-duzenlemek-icin-asgari-yasin-dusurulmesi-planlaniyor\/"}],"_links":{"self":[{"href":"https:\/\/rfblegal.co.uk\/tr\/wp-json\/wp\/v2\/insight\/9925","targetHints":{"allow":["GET"]}}],"collection":[{"href":"https:\/\/rfblegal.co.uk\/tr\/wp-json\/wp\/v2\/insight"}],"about":[{"href":"https:\/\/rfblegal.co.uk\/tr\/wp-json\/wp\/v2\/types\/insight"}],"author":[{"embeddable":true,"href":"https:\/\/rfblegal.co.uk\/tr\/wp-json\/wp\/v2\/users\/12"}],"version-history":[{"count":1,"href":"https:\/\/rfblegal.co.uk\/tr\/wp-json\/wp\/v2\/insight\/9925\/revisions"}],"predecessor-version":[{"id":9927,"href":"https:\/\/rfblegal.co.uk\/tr\/wp-json\/wp\/v2\/insight\/9925\/revisions\/9927"}],"wp:featuredmedia":[{"embeddable":true,"href":"https:\/\/rfblegal.co.uk\/tr\/wp-json\/wp\/v2\/media\/9926"}],"wp:attachment":[{"href":"https:\/\/rfblegal.co.uk\/tr\/wp-json\/wp\/v2\/media?parent=9925"}],"wp:term":[{"taxonomy":"category","embeddable":true,"href":"https:\/\/rfblegal.co.uk\/tr\/wp-json\/wp\/v2\/categories?post=9925"},{"taxonomy":"post_tag","embeddable":true,"href":"https:\/\/rfblegal.co.uk\/tr\/wp-json\/wp\/v2\/tags?post=9925"}],"curies":[{"name":"wp","href":"https:\/\/api.w.org\/{rel}","templated":true}]}}