{"id":8853,"date":"2026-03-09T15:23:49","date_gmt":"2026-03-09T15:23:49","guid":{"rendered":"https:\/\/rfblegal.co.uk\/?post_type=insight&#038;p=8853"},"modified":"2026-03-09T15:26:41","modified_gmt":"2026-03-09T15:26:41","slug":"uluslararasi-kadinlar-gunu-2026","status":"publish","type":"insight","link":"https:\/\/rfblegal.co.uk\/tr\/icgoruler\/uluslararasi-kadinlar-gunu-2026\/","title":{"rendered":"D\u00fcnya Kad\u0131nlar G\u00fcn\u00fc 2026"},"content":{"rendered":"<p>Pazar, 8<sup>inci<\/sup>&nbsp;Mart ay\u0131, 2026 D\u00fcnya Kad\u0131nlar G\u00fcn\u00fc'ne i\u015faret ediyor. Bu y\u0131lki tema, kad\u0131nlar ve k\u0131z \u00e7ocuklar\u0131 i\u00e7in kar\u015f\u0131l\u0131kl\u0131 deste\u011fin g\u00fcc\u00fcn\u00fc vurgulayan \u2018Kazanmak i\u00e7in Ver\u2019. \u0130nsanlar verdik\u00e7e, kad\u0131nlar i\u00e7in f\u0131rsatlar ve destek artar. Bilgi, kaynak, e\u011fitim ve \u00f6\u011fretimden zaman ve deste\u011fe kadar, kad\u0131nlar geli\u015fir.&nbsp;&nbsp;<\/p>\n\n\n\n<p>RFB'de kad\u0131nlar\u0131 i\u015fimizin merkezine yerle\u015ftiriyoruz. \u015eu anda uygulama alanlar\u0131m\u0131zda RFB'yi m\u00fckemmelle\u015ftirmede hayati bir rol oynayan 10 kad\u0131n orta\u011f\u0131m\u0131z var. Ayr\u0131ca firma olarak erkeklerden daha fazla kad\u0131n \u00e7al\u0131\u015fan\u0131m\u0131z var ve bu da kad\u0131nlar\u0131n y\u00fckselmesine ve ba\u015far\u0131l\u0131 olmas\u0131na izin verme konusundaki kararl\u0131l\u0131\u011f\u0131m\u0131z\u0131 g\u00f6steriyor.&nbsp;<\/p>\n\n\n\n<p>Bu y\u0131l\u0131n kutlamalar\u0131n\u0131 ve temas\u0131n\u0131 anmak i\u00e7in baz\u0131 \u00e7al\u0131\u015fanlar\u0131m\u0131zla konu\u015ftuk.&nbsp;<\/p>\n\n\n\n<p>\u0130lk olarak Y\u00f6netici orta\u011f\u0131m\u0131z Afsheen Nasr ile konu\u015ftuk.<\/p>\n\n\n\n<h2 class=\"wp-block-heading\">Afsheen Nasr&nbsp;<\/h2>\n\n\n\n<h3 class=\"wp-block-heading\">S: Ad\u0131n\u0131z, i\u015f rol\u00fcn\u00fcz nedir ve ne kadar s\u00fcredir RFB'de \u00e7al\u0131\u015f\u0131yorsunuz?\u00a0<\/h3>\n\n\n\n<ol start=\"1\" class=\"wp-block-list\"><\/ol>\n\n\n\n<p>Afsheen Nasr, Y\u00f6netici Ortak, 11 y\u0131l. RFB'ye \u015eubat 2015'te M\u00fclkiyet alan\u0131nda 1 y\u0131ll\u0131k PQE avukat\u0131 olarak ba\u015flad\u0131m.  Haziran 2016'da, y\u00f6netti\u011fim ve yakla\u015f\u0131k 20 ki\u015filik bir ekibe ula\u015ft\u0131\u011f\u0131m Manchester ofisini a\u00e7t\u0131k. 2018'de Ortak oldum ve Nisan 2025'te Y\u00f6netici Ortak oldum.\u00a0<\/p>\n\n\n\n<h3 class=\"wp-block-heading\">S: Hukuk alan\u0131nda kariyer yapmak istemenize ne sebep oldu?\u00a0<\/h3>\n\n\n\n<p>\u00a0\u00c7ok k\u00fc\u00e7\u00fck ya\u015flardan beri Avukat olmak istedi\u011fimi biliyordum. Aile avukat\u0131 olmak istedi\u011fimi d\u00fc\u015f\u00fcn\u00fcyordum ve mezun olduktan k\u0131sa bir s\u00fcre sonra bu alanda bir stajyerlik pozisyonu bulacak kadar \u015fansl\u0131yd\u0131m ve ard\u0131ndan 1 y\u0131l boyunca e\u011fitim ald\u0131m. E\u011fitim s\u00f6zle\u015fmemin ikinci koltu\u011fu M\u00fclkiyet alan\u0131ndayd\u0131 ve M\u00fclkiyet'in asl\u0131nda bana g\u00f6re oldu\u011funu hemen anlad\u0131m!\u00a0<\/p>\n\n\n\n<ol start=\"2\" class=\"wp-block-list\"><\/ol>\n\n\n\n<p>Hi\u00e7bir zaman \u00f6zellikle bir Ortak olmay\u0131 hedeflemedim, ancak zaman ge\u00e7tik\u00e7e becerilerim ve kendime olan g\u00fcvenim artt\u0131 ve i\u015fin liderlik y\u00f6nlerinden ger\u00e7ekten keyif almaya ba\u015flad\u0131m.&nbsp;<\/p>\n\n\n\n<h3 class=\"wp-block-heading\">S: Hukuk alan\u0131nda kariyer yapmak isteyen gen\u00e7 kad\u0131nlara ne tavsiye edersiniz?\u00a0<\/h3>\n\n\n\n<ol start=\"3\" class=\"wp-block-list\"><\/ol>\n\n\n\n<p>E\u011fer isterseniz, sahip olabilirsiniz diyebilirim. \u00c7ok \u00e7al\u0131\u015fmak gerekiyor ama kararl\u0131l\u0131k ve diren\u00e7le \u00e7ok \u015fey ba\u015farabilirsiniz.\u00a0\u00a0<\/p>\n\n\n\n<h3 class=\"wp-block-heading\">S: D\u00fcnya Kad\u0131nlar G\u00fcn\u00fc'n\u00fcn neden \u00f6nemli oldu\u011funu d\u00fc\u015f\u00fcn\u00fcyorsunuz?\u00a0<\/h3>\n\n\n\n<ol start=\"4\" class=\"wp-block-list\"><\/ol>\n\n\n\n<p>Bazen g\u00f6z ard\u0131 edilebilen kad\u0131nlar\u0131n d\u00fcnyadaki de\u011ferini kabul ediyor. Hepimizin farkl\u0131 kaderleri, farkl\u0131 f\u0131rsatlar\u0131, farkl\u0131 ko\u015fullar\u0131 var, ancak hepimizin sunacak \u00e7ok \u015feyi var ve toplum i\u00e7in \u00e7ok \u00f6nemliyiz; bunun kutlanmas\u0131n\u0131 seviyorum.\u00a0<\/p>\n\n\n\n<h3 class=\"wp-block-heading\">S: Kad\u0131n olman\u0131z nedeniyle kariyerinizde herhangi bir engelle kar\u015f\u0131la\u015ft\u0131n\u0131z m\u0131? E\u011fer kar\u015f\u0131la\u015ft\u0131ysan\u0131z, bunlar\u0131n \u00fcstesinden nas\u0131l geldiniz?\u00a0<\/h3>\n\n\n\n<ol start=\"5\" class=\"wp-block-list\"><\/ol>\n\n\n\n<p>Liderlik pozisyonundaki bir kad\u0131n olarak, zaman zaman de\u011ferinizi kan\u0131tlamak zorunda oldu\u011funuzu hissediyorsunuz, belki de bir erkekten daha fazla. Ama asl\u0131nda fark etti\u011fimden daha fazla kontrole sahip oldu\u011fumu ve bu engelleri y\u0131kmak istersem y\u0131kabilece\u011fimi fark ettim. Kendinize g\u00fcvenmek ve kendi yeteneklerinize inanmak uzun bir yol kat etmenizi sa\u011flayacakt\u0131r. Hi\u00e7 kimsenin size bir \u015feyi ba\u015faramayaca\u011f\u0131n\u0131z\u0131 s\u00f6ylemesine ve g\u00fcc\u00fcn\u00fcz\u00fc elinizden almas\u0131na izin vermeyin.\u00a0<\/p>\n\n\n\n<h3 class=\"wp-block-heading\">S: Sizce daha fazla gen\u00e7 kad\u0131n\u0131 kariyerlerinde \u00fcst d\u00fczey liderlik rollerini \u00fcstlenmeleri i\u00e7in nas\u0131l te\u015fvik edebiliriz?\u00a0<\/h3>\n\n\n\n<p>F\u0131rsatlar i\u00e7in kendilerini \u00f6ne s\u00fcrmekten korkmamak. Kad\u0131nlar\u0131n, \u00f6zellikle de k\u00fc\u00e7\u00fck \u00e7ocuklara bak\u0131yor ve bir evle ilgileniyorlarsa, hokkabazl\u0131k yapmalar\u0131 gereken \u00e7ok \u015fey var, ancak bu sadece organize olman\u0131z ve destek a\u011f\u0131n\u0131za yaslanman\u0131z gerekti\u011fi anlam\u0131na geliyor. Liderlik rollerinde daha fazla kad\u0131na ihtiyac\u0131m\u0131z var; sunabilece\u011fimiz \u00e7ok \u015fey var ve birbirimize yard\u0131mc\u0131 olabilmemizin tek yolu, di\u011fer kad\u0131nlar\u0131n \u00f6n\u00fcn\u00fc a\u00e7mak i\u00e7in bu rolleri \u00fcstlenmektir.\u00a0<\/p>\n\n\n\n<ol start=\"6\" class=\"wp-block-list\"><\/ol>\n\n\n\n<h3 class=\"wp-block-heading\">S: Kariyeriniz \u00fczerinde en b\u00fcy\u00fck etkiyi hangi kad\u0131n yapt\u0131?\u00a0<\/h3>\n\n\n\n<ol start=\"7\" class=\"wp-block-list\"><\/ol>\n\n\n\n<p>Annem. K\u0131z karde\u015fime ve bana her zaman son derece ba\u011f\u0131ms\u0131z olmay\u0131 ve hayatta kalmak i\u00e7in asla kimseye muhta\u00e7 olmamay\u0131 \u00f6\u011fretti. E\u011fitimimiz boyunca bizi sessizce destekledi ve g\u00fc\u00e7l\u00fc i\u015f ahlak\u0131m\u0131n ondan geldi\u011fine inan\u0131yorum.\u00a0<\/p>\n\n\n\n<h2 class=\"wp-block-heading\">Amila Blentic<\/h2>\n\n\n\n<h3 class=\"wp-block-heading\">S: Ad\u0131n\u0131z, i\u015f rol\u00fcn\u00fcz nedir ve ne kadar s\u00fcredir RFB'de \u00e7al\u0131\u015f\u0131yorsunuz?&nbsp;<\/h3>\n\n\n\n<p>Benim ad\u0131m Amila ve RFB'de Finans Departman\u0131 Ba\u015fkan\u0131y\u0131m. Firmada 20 y\u0131l\u0131 a\u015fk\u0131n s\u00fcredir \u00e7al\u0131\u015f\u0131yorum ve i\u015fletmenin nas\u0131l b\u00fcy\u00fcd\u00fc\u011f\u00fcn\u00fc g\u00f6rmek ve bu yolculu\u011fun bir par\u00e7as\u0131 olmak harikayd\u0131.\u00a0<\/p>\n\n\n\n<h3 class=\"wp-block-heading\">S: Finans alan\u0131nda kariyer yapmak istemenize ne sebep oldu?\u00a0<\/h3>\n\n\n\n<p>Matematikten ve say\u0131larla \u00e7al\u0131\u015fmaktan her zaman keyif alm\u0131\u015f\u0131md\u0131r, bu nedenle finans benim i\u00e7in do\u011fal bir kariyer se\u00e7imi gibi geldi. Annem de Finans M\u00fcd\u00fcr\u00fcyd\u00fc ve yapt\u0131\u011f\u0131 i\u015ften ne kadar keyif ald\u0131\u011f\u0131n\u0131 g\u00f6rmek benzer bir yol izlemem i\u00e7in bana ger\u00e7ekten ilham verdi.\u00a0\u00a0<\/p>\n\n\n\n<h3 class=\"wp-block-heading\">S: Finans alan\u0131nda kariyer yapmak isteyen gen\u00e7 kad\u0131nlara ne tavsiye edersiniz?\u00a0<\/h3>\n\n\n\n<p>Kendinize inan\u0131n ve f\u0131rsatlar\u0131 de\u011ferlendirmekten korkmay\u0131n. Finans bir\u00e7ok farkl\u0131 kariyer yolu sunar ve \u00e7al\u0131\u015fkan ve \u00f6\u011frenmeye istekli olmak ilerlemenize ger\u00e7ekten yard\u0131mc\u0131 olacakt\u0131r.\u00a0<\/p>\n\n\n\n<h3 class=\"wp-block-heading\">S: D\u00fcnya Kad\u0131nlar G\u00fcn\u00fc'n\u00fcn neden \u00f6nemli oldu\u011funu d\u00fc\u015f\u00fcn\u00fcyorsunuz?&nbsp;<\/h3>\n\n\n\n<p>Bug\u00fcn, t\u00fcm ge\u00e7mi\u015flerden ve deneyimlerden gelen kad\u0131nlar\u0131n ba\u015far\u0131lar\u0131n\u0131 kutlamak i\u00e7in bir g\u00fcnd\u00fcr. Ayn\u0131 zamanda, daha fazla kad\u0131n\u0131n hedeflerinin pe\u015finden giderken kendine g\u00fcven duymas\u0131 i\u00e7in birbirimizi desteklemenin ve cesaretlendirmenin ne kadar \u00f6nemli oldu\u011funu hat\u0131rlat\u0131r.\u00a0 \u00a0<\/p>\n\n\n\n<h3 class=\"wp-block-heading\">S: Sizce daha fazla gen\u00e7 kad\u0131n\u0131 kariyerlerinde \u00fcst d\u00fczey liderlik rollerini \u00fcstlenmeleri i\u00e7in nas\u0131l te\u015fvik edebiliriz?&nbsp;<\/h3>\n\n\n\n<p>Gen\u00e7 kad\u0131nlar\u0131 yeteneklerine inanmaya ve y\u00fcksekleri hedeflemekten korkmamaya te\u015fvik etmenin \u00f6nemli oldu\u011funu d\u00fc\u015f\u00fcn\u00fcyorum. Kararl\u0131l\u0131k ve \u00f6zg\u00fcven size uzun bir yol kat ettirebilir ve liderlik rollerinin ula\u015f\u0131labilir oldu\u011funu unutmamal\u0131s\u0131n\u0131z.\u00a0\u00a0<\/p>\n\n\n\n<h3 class=\"wp-block-heading\">S: Kariyeriniz \u00fczerinde en b\u00fcy\u00fck etkiyi hangi kad\u0131n yapt\u0131?\u00a0<\/h3>\n\n\n\n<p>Kariyerim \u00fczerindeki en b\u00fcy\u00fck etki annemden geldi. Onun Finans M\u00fcd\u00fcr\u00fc olarak ba\u015far\u0131s\u0131n\u0131 izlemek bana neyin m\u00fcmk\u00fcn oldu\u011funu g\u00f6sterdi ve kariyer bazen zorlay\u0131c\u0131 olsa da ayn\u0131 zamanda \u00e7ok \u00f6d\u00fcllendirici ve keyifli.\u00a0<\/p>\n\n\n\n<h2 class=\"wp-block-heading\">Berivan Erdo\u011fan&nbsp;<\/h2>\n\n\n\n<h3 class=\"wp-block-heading\">S: Ad\u0131n\u0131z, i\u015f rol\u00fcn\u00fcz nedir ve ne kadar s\u00fcredir RFB'de \u00e7al\u0131\u015f\u0131yorsunuz?\u00a0<\/h3>\n\n\n\n<p>Berivan Erdo\u011fan, Emlak Ekibi Orta\u011f\u0131, 8 y\u0131l.<\/p>\n\n\n\n<h3 class=\"wp-block-heading\">S: Hukuk alan\u0131nda kariyer yapmak istemenize ne sebep oldu?\u00a0<\/h3>\n\n\n\n<ol start=\"2\" class=\"wp-block-list\"><\/ol>\n\n\n\n<p>Hukuka y\u00f6neldim \u00e7\u00fcnk\u00fc insanlar\u0131n sorunlar\u0131n\u0131 \u00e7\u00f6zmelerine yard\u0131mc\u0131 olmay\u0131 her zaman sevmi\u015fimdir. B\u00fcy\u00fcrken bile, bir sorunu \u00e7\u00f6zmek veya bir karar vermek i\u00e7in yard\u0131ma ihtiya\u00e7 duyduklar\u0131nda kendimi s\u0131k s\u0131k arkada\u015flar\u0131m\u0131n ve ailemin ba\u015fvurdu\u011fu ki\u015fi olarak buldum. Ba\u015fvurulacak ki\u015fi olmak ve ileriye d\u00f6n\u00fck net bir yol bulmaya yard\u0131mc\u0131 olmak ho\u015fuma gidiyordu. Hukuk alan\u0131nda kariyer yapmak, bu i\u00e7g\u00fcd\u00fclerimi profesyonel bir \u015fekilde kullanmama ve karma\u015f\u0131k durumlarda m\u00fc\u015fterilerime rehberlik etmeme olanak tan\u0131yan do\u011fal bir uzant\u0131 gibi geldi.\u00a0<\/p>\n\n\n\n<h3 class=\"wp-block-heading\">S: Hukuk alan\u0131nda kariyer yapmak isteyen gen\u00e7 kad\u0131nlara ne tavsiye edersiniz?\u00a0<\/h3>\n\n\n\n<ol start=\"3\" class=\"wp-block-list\"><\/ol>\n\n\n\n<p>Yeteneklerinize inan\u0131n ve odada yer kaplamaktan korkmay\u0131n. Hukuk zorlay\u0131c\u0131 olabilir ve zaman zaman meslekte bir kad\u0131n olmak da kendi zorluklar\u0131n\u0131 beraberinde getirebilir, ancak bu deneyimler sizi daha diren\u00e7li hale getirebilir. Merakl\u0131 olun, sorular sorun. En \u00f6nemlisi, kendinize sad\u0131k kal\u0131n ve bak\u0131\u015f a\u00e7\u0131n\u0131z\u0131n ve sesinizin de\u011ferli oldu\u011funu unutmay\u0131n.\u00a0<\/p>\n\n\n\n<h3 class=\"wp-block-heading\">S: D\u00fcnya Kad\u0131nlar G\u00fcn\u00fc'n\u00fcn neden \u00f6nemli oldu\u011funu d\u00fc\u015f\u00fcn\u00fcyorsunuz?\u00a0<\/h3>\n\n\n\n<ol start=\"4\" class=\"wp-block-list\"><\/ol>\n\n\n\n<p>D\u00fcnya Kad\u0131nlar G\u00fcn\u00fc \u00f6nemlidir \u00e7\u00fcnk\u00fc hem kad\u0131nlar\u0131n ba\u015far\u0131lar\u0131n\u0131 hem de bir\u00e7o\u011fumuzun hala her g\u00fcn kar\u015f\u0131la\u015ft\u0131\u011f\u0131 zorluklar\u0131 tan\u0131maktad\u0131r. Bu gibi g\u00fcnler, kad\u0131nlar\u0131n ak\u0131llar\u0131na koyduklar\u0131 her \u015feyi ba\u015farabileceklerini ve hem profesyonel hem de ki\u015fisel ya\u015famlar\u0131m\u0131zda birbirimizi desteklemeye ve cesaretlendirmeye devam etmemizin \u00f6nemli oldu\u011funu hat\u0131rlat\u0131r.\u00a0<\/p>\n\n\n\n<h3 class=\"wp-block-heading\">S: Kad\u0131n olman\u0131z nedeniyle kariyerinizde herhangi bir engelle kar\u015f\u0131la\u015ft\u0131n\u0131z m\u0131? E\u011fer kar\u015f\u0131la\u015ft\u0131ysan\u0131z, bunlar\u0131n \u00fcstesinden nas\u0131l geldiniz?\u00a0<\/h3>\n\n\n\n<ol start=\"5\" class=\"wp-block-list\"><\/ol>\n\n\n\n<p>Kar\u015f\u0131la\u015ft\u0131\u011f\u0131m zorluklardan biri de kariyerimle bir aile kurmak aras\u0131nda denge kurmakt\u0131. Bir\u00e7ok kad\u0131n gibi ben de do\u011fum iznine ayr\u0131lman\u0131n in\u015fa etti\u011fim ivmeyi yava\u015flatabilece\u011finden endi\u015fe ediyordum. Kad\u0131nlardan genellikle zorlu bir kariyerin yan\u0131 s\u0131ra evdeki bir\u00e7ok sorumlulu\u011fu da y\u00f6netmelerinin beklendi\u011fi \u00f6zel hayat\u0131n\u0131zda da bask\u0131lar olabilir.\u00a0<\/p>\n\n\n\n<p>Ancak bu korku ger\u00e7e\u011fe d\u00f6n\u00fc\u015fmedi. Etraf\u0131mda hem ki\u015fisel hem de profesyonel olarak do\u011fru destek a\u011f\u0131na sahip olmak b\u00fcy\u00fck bir fark yaratt\u0131. Ger\u00e7ekten destekleyici ve kapsay\u0131c\u0131 bir firman\u0131n par\u00e7as\u0131 olmak, bir yandan anneli\u011fi kucaklarken bir yandan da kariyerimde ilerlemeye ve y\u00fckselmeye devam etmem i\u00e7in bana g\u00fcven ve f\u0131rsat verdi.&nbsp;<\/p>\n\n\n\n<h3 class=\"wp-block-heading\">S: Sizce daha fazla gen\u00e7 kad\u0131n\u0131 kariyerlerinde \u00fcst d\u00fczey liderlik rollerini \u00fcstlenmeleri i\u00e7in nas\u0131l te\u015fvik edebiliriz?\u00a0<\/h3>\n\n\n\n<ol start=\"6\" class=\"wp-block-list\"><\/ol>\n\n\n\n<p>Daha fazla gen\u00e7 kad\u0131n\u0131 \u00fcst d\u00fczey liderlik rollerini \u00fcstlenmeye te\u015fvik etmek g\u00f6r\u00fcn\u00fcrl\u00fck ve destekle ba\u015flar. Gen\u00e7 kad\u0131nlar\u0131n \u00fcst d\u00fczey pozisyonlardaki kad\u0131n liderleri g\u00f6rebilmeleri \u00f6nemlidir, \u00e7\u00fcnk\u00fc bu onlar\u0131n bu rollerin kendileri i\u00e7in de ula\u015f\u0131labilir oldu\u011funa inanmalar\u0131na yard\u0131mc\u0131 olur. Mentorluk, rehberlik ve destekleyici i\u015fyeri k\u00fclt\u00fcrlerinin olu\u015fturulmas\u0131 da g\u00fcven ve h\u0131rs olu\u015fturmada kilit rol oynamaktad\u0131r. Kad\u0131nlar desteklendiklerini ve kendilerine de\u011fer verildi\u011fini hissettiklerinde, \u00f6ne \u00e7\u0131kma ve liderlik f\u0131rsatlar\u0131n\u0131 kovalama olas\u0131l\u0131klar\u0131 \u00e7ok daha y\u00fcksektir.\u00a0<\/p>\n\n\n\n<h3 class=\"wp-block-heading\">S: Kariyeriniz \u00fczerinde en b\u00fcy\u00fck etkiyi hangi kad\u0131n yapt\u0131?\u00a0<\/h3>\n\n\n\n<p>Annem. Kariyer geli\u015fimim boyunca her zaman en b\u00fcy\u00fck destek\u00e7im oldu. Bir liderlik rol\u00fcne ad\u0131m at\u0131p atamayaca\u011f\u0131mdan ve \u00f6zel hayat\u0131m\u0131 dengelemede kar\u015f\u0131la\u015fabilece\u011fim zorluklardan \u015f\u00fcphe duydu\u011fum zamanlarda, beni bunun i\u00e7in cesaretlendiren ki\u015fi oydu.\u00a0<\/p>\n\n\n\n<p>\u00d6zellikle \u00e7ocuk bak\u0131m\u0131 konusunda verdi\u011fi destek, kariyerimin ve anneli\u011fimin gerekliliklerini dengelememe yard\u0131mc\u0131 olarak pratikte de \u00e7ok de\u011ferliydi. Size ko\u015fulsuz inanan ve yan\u0131n\u0131zda duran birinin olmas\u0131 \u00e7ok b\u00fcy\u00fck bir fark yarat\u0131yor.&nbsp;<\/p>\n\n\n\n<h2 class=\"wp-block-heading\">Kate Farkins<\/h2>\n\n\n\n<h3 class=\"wp-block-heading\">S: Ad\u0131n\u0131z, i\u015f rol\u00fcn\u00fcz nedir ve ne kadar s\u00fcredir RFB'de \u00e7al\u0131\u015f\u0131yorsunuz?\u00a0<\/h3>\n\n\n\n<ol start=\"1\" class=\"wp-block-list\"><\/ol>\n\n\n\n<p>Kate Farkins, Ortak, 6 y\u0131l (\u015eubat 2020)\u00a0<\/p>\n\n\n\n<h3 class=\"wp-block-heading\">S: Hukuk alan\u0131nda kariyer yapmak istemenize ne sebep oldu?\u00a0<\/h3>\n\n\n\n<p>\u00dcniversitede Hukuk okuduktan sonra, \u00e7eki\u015fmeli bir avukat\u0131n aksine i\u015flemsel bir avukat oldu\u011fumu \u00e7abucak ke\u015ffettim. Daha geni\u015f kapsaml\u0131 i\u015flemlerde \u00f6nemli bir rol oynamaktan ve ortak bir hedefe ula\u015fmak i\u00e7in m\u00fcvekkiller, acenteler ve di\u011fer avukatlarla birlikte \u00e7al\u0131\u015fmaktan keyif al\u0131yorum.\u00a0\u00a0<\/p>\n\n\n\n<ol start=\"2\" class=\"wp-block-list\"><\/ol>\n\n\n\n<h3 class=\"wp-block-heading\">S: Hukuk alan\u0131nda kariyer yapmak isteyen gen\u00e7 kad\u0131nlara ne tavsiye edersiniz?\u00a0<\/h3>\n\n\n\n<ol start=\"3\" class=\"wp-block-list\"><\/ol>\n\n\n\n<p>Her \u015feyi yapabilirsiniz ama her \u015feyi yapamazs\u0131n\u0131z. M\u00fclkiyet hukuku, b\u00fcy\u00fck dava y\u00fckleri olan \u00e7ok yo\u011fun bir hukuk alan\u0131d\u0131r, ancak iyi bir zaman y\u00f6netimi ve yeteneklerinize g\u00fc\u00e7l\u00fc bir inan\u00e7la son derece \u00f6d\u00fcllendirici bir kariyer olabilir. Kendi yeteneklerinizden \u015f\u00fcphe etmeyin.\u00a0\u00a0<\/p>\n\n\n\n<h3 class=\"wp-block-heading\">S: D\u00fcnya Kad\u0131nlar G\u00fcn\u00fc'n\u00fcn neden \u00f6nemli oldu\u011funu d\u00fc\u015f\u00fcn\u00fcyorsunuz?\u00a0<\/h3>\n\n\n\n<ol start=\"4\" class=\"wp-block-list\"><\/ol>\n\n\n\n<p>\u00c7\u00fcnk\u00fc her y\u0131l kad\u0131n haklar\u0131n\u0131n \u00f6nemini vurgulayarak konuyu tekrar \u00f6n plana \u00e7\u0131kar\u0131yor ve \u00f6nemli konu\u015fmalar\u0131n devam etmesini sa\u011fl\u0131yor. Kad\u0131nlar\u0131n art\u0131k e\u015fit oldu\u011funa dair yayg\u0131n bir yanl\u0131\u015f kan\u0131 var ve son zamanlarda \u00e7ok yol kat etmi\u015f olsak da, sosyal, ekonomik ve politik olarak hala kat etmemiz gereken uzun bir yol var.\u00a0<\/p>\n\n\n\n<h3 class=\"wp-block-heading\">S: Sizce daha fazla gen\u00e7 kad\u0131n\u0131 kariyerlerinde \u00fcst d\u00fczey liderlik rollerini \u00fcstlenmeleri i\u00e7in nas\u0131l te\u015fvik edebiliriz?\u00a0<\/h3>\n\n\n\n<ol start=\"5\" class=\"wp-block-list\"><\/ol>\n\n\n\n<p>Daha ucuz \u00e7ocuk bak\u0131m\u0131. Pek \u00e7ok kad\u0131n\u0131n kariyerlerinde kar\u015f\u0131la\u015ft\u0131\u011f\u0131n\u0131 d\u00fc\u015f\u00fcnd\u00fc\u011f\u00fcm bir engel de \u2018hokkabazl\u0131k m\u00fccadelesi\u2019. \u00c7al\u0131\u015fan bir anne olmak \u00f6d\u00fcllendirici ama lojistik olarak pahal\u0131. Devlet taraf\u0131ndan finanse edilen yard\u0131mlarla bile \u00e7ocuk bak\u0131m\u0131 son derece pahal\u0131d\u0131r ve ne yaz\u0131k ki pek \u00e7ok kad\u0131n\u0131 hen\u00fcz kariyerlerine ba\u015flamadan kariyerlerinden ayr\u0131lmaya zorlamaktad\u0131r; bu da \u00fcst d\u00fczey liderlik pozisyonlar\u0131ndaki orant\u0131s\u0131z kad\u0131n say\u0131s\u0131na katk\u0131da bulunmaktad\u0131r.\u00a0<\/p>\n\n\n\n<h2 class=\"wp-block-heading\">Ginnie Maitland<\/h2>\n\n\n\n<h3 class=\"wp-block-heading\"><strong>S: Ad\u0131n\u0131z, i\u015f rol\u00fcn\u00fcz nedir ve ne kadar s\u00fcredir RFB'de \u00e7al\u0131\u015f\u0131yorsunuz?<\/strong>&nbsp;<\/h3>\n\n\n\n<p>Ginnie, \u0130K M\u00fcd\u00fcr\u00fc ve ben 1 y\u0131l 5 ayd\u0131r RFB'deyiz\u00a0<\/p>\n\n\n\n<h3 class=\"wp-block-heading\"><strong>S: D\u00fcnya Kad\u0131nlar G\u00fcn\u00fc'n\u00fcn neden \u00f6nemli oldu\u011funu d\u00fc\u015f\u00fcn\u00fcyorsunuz?<\/strong>&nbsp;<\/h3>\n\n\n\n<p>T\u00fcm ortamlar\u0131n kad\u0131nlar\u0131 RFB'nin destekledi\u011fi \u015fekilde desteklemedi\u011fini vurguluyor. Di\u011fer kad\u0131nlara yard\u0131m etmeye odaklanmam\u0131za yard\u0131mc\u0131 oluyor, kad\u0131nlar\u0131n ba\u015fard\u0131klar\u0131n\u0131 kutluyor.\u00a0\u00a0<\/p>\n\n\n\n<h3 class=\"wp-block-heading\"><strong>S: Sizce daha fazla gen\u00e7 kad\u0131n\u0131 kariyerlerinde \u00fcst d\u00fczey liderlik rollerini \u00fcstlenmeleri i\u00e7in nas\u0131l te\u015fvik edebiliriz?<\/strong>&nbsp;<\/h3>\n\n\n\n<p>Bizi zorlayan roller veya projeler i\u00e7in kendimizi \u00f6ne s\u00fcrme konusunda daha iyi olmal\u0131y\u0131z, kendi kendimizin savunucusu olmal\u0131y\u0131z. Belki kad\u0131nlara daha fazla mentorluk hizmeti sunabiliriz.\u00a0<\/p>\n\n\n\n<h3 class=\"wp-block-heading\">Q: <strong>Kariyeriniz \u00fczerinde en b\u00fcy\u00fck etkiyi hangi kad\u0131n yapt\u0131?<\/strong>\u00a0<\/h3>\n\n\n\n<p>Kelly Halsall'\u0131n kariyerim \u00fczerinde b\u00fcy\u00fck bir etkisi oldu. Bir y\u00f6netici ve arkada\u015f olarak Kelly a\u00e7\u0131k s\u00f6zl\u00fcd\u00fcr ve bana ne istedi\u011fimi bilmenin ve bunu istemenin de\u011ferini \u00f6\u011fretti.\u00a0<\/p>\n\n\n\n<h2 class=\"wp-block-heading\">Vanessa Frankson<\/h2>\n\n\n\n<h3 class=\"wp-block-heading\">S: Ad\u0131n\u0131z, i\u015f rol\u00fcn\u00fcz nedir ve ne kadar s\u00fcredir RFB'de \u00e7al\u0131\u015f\u0131yorsunuz?&nbsp;<\/h3>\n\n\n\n<p>Vanessa, Ofis M\u00fcd\u00fcr\u00fc\/Resepsiyonist 25+ y\u0131l\u00a0\u00a0<\/p>\n\n\n\n<h3 class=\"wp-block-heading\">S: Hukuk alan\u0131nda kariyer yapmak isteyen gen\u00e7 kad\u0131nlara ne tavsiye edersiniz?\u00a0<\/h3>\n\n\n\n<p>Bir resepsiyonist, potansiyel yeni bir m\u00fc\u015fterinin normalde etkile\u015fime girdi\u011fi ilk izlenimdir. Dolay\u0131s\u0131yla, b\u00fcy\u00fck bir havuzda k\u00fc\u00e7\u00fck bir rol olsa bile bu rol \u00e7ok \u00f6nemlidir. Baz\u0131 insanlar bunu firma i\u00e7in hayati bir rol olarak g\u00f6rmez, ancak bir m\u00fc\u015fterinin potansiyel olarak talimat vermeye devam etmesini sa\u011flayabilir veya bozabilir. Bu pozisyondan devam edip \u015firket i\u00e7i rollere ba\u015fvurma veya firman\u0131n di\u011fer alanlar\u0131na ge\u00e7mek i\u00e7in \u00e7al\u0131\u015fma f\u0131rsatlar\u0131 da vard\u0131r\u00a0\u00a0<\/p>\n\n\n\n<h3 class=\"wp-block-heading\">S: D\u00fcnya Kad\u0131nlar G\u00fcn\u00fc'n\u00fcn neden \u00f6nemli oldu\u011funu d\u00fc\u015f\u00fcn\u00fcyorsunuz?&nbsp;<\/h3>\n\n\n\n<p>E\u011fer cinsiyetler aras\u0131nda ger\u00e7ek bir e\u015fitlik olsayd\u0131, uluslararas\u0131 kad\u0131nlar g\u00fcn\u00fcne ya da siyah tarih ay\u0131 gibi etkinliklere ihtiyac\u0131m\u0131z olmazd\u0131. Ancak e\u015fitlik hala sa\u011flanamad\u0131\u011f\u0131 i\u00e7in bu etkinlikler \u00f6nemini korumaktad\u0131r. Bize kad\u0131nlar\u0131n tan\u0131nmaya, sayg\u0131 g\u00f6rmeye ve e\u015fit olmaya haklar\u0131 oldu\u011funu hat\u0131rlat\u0131yorlar. Bazen en k\u00f6t\u00fc su\u00e7lular kad\u0131nlar\u0131n kendileridir.\u00a0\u00a0<\/p>\n\n\n\n<h3 class=\"wp-block-heading\">S: Sizce daha fazla gen\u00e7 kad\u0131n\u0131 kariyerlerinde \u00fcst d\u00fczey liderlik rollerini \u00fcstlenmeleri i\u00e7in nas\u0131l te\u015fvik edebiliriz?&nbsp;<\/h3>\n\n\n\n<p>Sadece g\u00fc\u00e7l\u00fc rol modelleri sa\u011flamak i\u00e7in.\u00a0\u00a0<\/p>\n\n\n\n<h2 class=\"wp-block-heading\">Deema Chudasama<\/h2>\n\n\n\n<h3 class=\"wp-block-heading\">S: Ad\u0131n\u0131z, i\u015f rol\u00fcn\u00fcz nedir ve ne kadar s\u00fcredir RFB'de \u00e7al\u0131\u015f\u0131yorsunuz?\u00a0<\/h3>\n\n\n\n<ol start=\"1\" class=\"wp-block-list\"><\/ol>\n\n\n\n<p>Deema Chudasama, K\u0131demli M\u00fclkiyet Orta\u011f\u0131, RFB- 1 y\u0131l 3 ay\u00a0<\/p>\n\n\n\n<h3 class=\"wp-block-heading\">S: M\u00fclkiyet hukuku alan\u0131nda kariyer yapmak istemenize ne sebep oldu?\u00a0<\/h3>\n\n\n\n<p>Gen\u00e7ken hep bir avukat olmak istemi\u015ftim, e\u011fitimimden sonra bir \u015fehir firmas\u0131nda emlak departman\u0131nda i\u015fe girdim, bu bana i\u015fin t\u00fcr\u00fcn\u00fc tatt\u0131rd\u0131 ve o zamandan beri bu alanda kald\u0131m.\u00a0<\/p>\n\n\n\n<h3 class=\"wp-block-heading\">S: M\u00fclkiyet hukuku alan\u0131nda kariyer yapmak isteyen gen\u00e7 kad\u0131nlara ne tavsiye edersiniz?\u00a0<\/h3>\n\n\n\n<p>Hayallerinizin pe\u015finden gidin, hedefinize ula\u015f\u0131n ve devam edin!\u00a0<\/p>\n\n\n\n<h3 class=\"wp-block-heading\">S: D\u00fcnya Kad\u0131nlar G\u00fcn\u00fc'n\u00fcn neden \u00f6nemli oldu\u011funu d\u00fc\u015f\u00fcn\u00fcyorsunuz?\u00a0<\/h3>\n\n\n\n<p>\u00d6zellikle bu y\u0131lki tema Kazanmak i\u00e7in Vermek oldu\u011fu i\u00e7in benim i\u00e7in \u00f6nemliydi - bu, kar\u015f\u0131l\u0131kl\u0131l\u0131k ve deste\u011fin g\u00fcc\u00fcn\u00fc vurgulad\u0131. \u0130nsanlar, kurulu\u015flar ve topluluklar c\u00f6mert\u00e7e verdiklerinde, kad\u0131n i\u00e7in f\u0131rsatlar ve destek artar. Vermek bir eksiltme de\u011fil, kas\u0131tl\u0131 bir \u00e7o\u011faltmad\u0131r. Kad\u0131nlar geli\u015fti\u011finde hepimiz y\u00fckseliriz.\u00a0<\/p>\n\n\n\n<h3 class=\"wp-block-heading\">S: Kad\u0131n olman\u0131z nedeniyle kariyerinizde herhangi bir engelle kar\u015f\u0131la\u015ft\u0131n\u0131z m\u0131? E\u011fer kar\u015f\u0131la\u015ft\u0131ysan\u0131z, bunlar\u0131n \u00fcstesinden nas\u0131l geldiniz?\u00a0<\/h3>\n\n\n\n<p>Evet, gen\u00e7li\u011fimde erkek egemen departmanlarda \u00e7al\u0131\u015f\u0131yordum ama sebat ettim, kalbimin sesini dinledim, \u00e7ok \u00e7al\u0131\u015ft\u0131m ve kendimi kan\u0131tlad\u0131m.\u00a0<\/p>\n\n\n\n<h3 class=\"wp-block-heading\">S: Sizce daha fazla gen\u00e7 kad\u0131n\u0131 kariyerlerinde \u00fcst d\u00fczey liderlik rollerini \u00fcstlenmeleri i\u00e7in nas\u0131l te\u015fvik edebiliriz?\u00a0<\/h3>\n\n\n\n<p>Hedef mentorluk, yap\u0131sal esneklik ve kariyer geli\u015fimini birle\u015ftiren sistematik bir yakla\u015f\u0131m uygulamak. \u00c7al\u0131\u015fma d\u00fczenlemelerinde esneklik, dengeli bak\u0131m verme ve y\u00fcksek potansiyelli kad\u0131n \u00e7al\u0131\u015fanlar\u0131 aktif olarak tan\u0131yan ve te\u015fvik eden bir k\u00fclt\u00fcr sunmak.\u00a0<\/p>\n\n\n\n<p>Temel \u00f6zellikler - vizyon, \u00f6zg\u00fcven, konfor alan\u0131n\u0131zdan \u00e7\u0131k\u0131n, y\u00fckseklere ula\u015f\u0131n, cesur olun, uyum sa\u011flay\u0131n ve yarat\u0131n.&nbsp;<\/p>\n\n\n\n<h2 class=\"wp-block-heading\">Lucy Pillinger<\/h2>\n\n\n\n<h3 class=\"wp-block-heading\">S: Ad\u0131n\u0131z, i\u015f rol\u00fcn\u00fcz nedir ve ne kadar s\u00fcredir RFB'de \u00e7al\u0131\u015f\u0131yorsunuz?<\/h3>\n\n\n\n<p>Lucy Pillinger, K\u0131demli Avukat Yard\u0131mc\u0131s\u0131. 2025'ten beri.<\/p>\n\n\n\n<h3 class=\"wp-block-heading\">S: Hukuk alan\u0131nda kariyer yapmak istemenize ne sebep oldu?<\/h3>\n\n\n\n<p>As\u0131l plan\u0131m Hukuk Derecemden sonra Avukat olmak oldu\u011fu i\u00e7in Dava Takibine ba\u015flad\u0131m, HMCTS'de mini pupillage ve staj yapt\u0131m.\u00a0<br>\u00a0<br>Ulusal bir firmada Performans Y\u00f6neticili\u011fine kadar y\u00fckselen Dava Takibi alan\u0131ndaki sonraki i\u015fimde Avukatlara talimat vermekten b\u00fcy\u00fck keyif ald\u0131m ancak CPR de\u011fi\u015fti ve M\u00fclkiyet i\u015fine y\u00f6neldim. M\u00fclkiyet i\u015fine ge\u00e7i\u015f ayn\u0131 zamanda evlilik ve \u00e7ocuklarla ayn\u0131 zamana denk geldi.<\/p>\n\n\n\n<h3 class=\"wp-block-heading\">S: Hukuk alan\u0131nda kariyer yapmak isteyen gen\u00e7 kad\u0131nlara ne tavsiye edersiniz?<\/h3>\n\n\n\n<p>Yerel\/b\u00f6lgesel Hukuk Derne\u011finize kat\u0131l\u0131n ve olabildi\u011fince \u00e7ok profesyonel ba\u011flant\u0131 kurmaya \u00e7al\u0131\u015f\u0131n ve a\u011f kurun, a\u011f kurun, a\u011f kurun. Unutmay\u0131n, siz kendi markan\u0131zs\u0131n\u0131z.\u00a0<br>\u00a0<br>Hepimiz birbirimizden bir \u015feyler \u00f6\u011frenirken Meslekteki di\u011fer ki\u015filerle sohbet edin. Hukuk s\u00fcrekli geli\u015fiyor - bilgiyi payla\u015ft\u0131\u011f\u0131m\u0131zda ve i\u015fbirli\u011fi yapt\u0131\u011f\u0131m\u0131zda hepimiz birbirimizden bir \u015feyler \u00f6\u011freniyoruz.<\/p>\n\n\n\n<h3 class=\"wp-block-heading\">S: D\u00fcnya Kad\u0131nlar G\u00fcn\u00fc'n\u00fcn neden \u00f6nemli oldu\u011funu d\u00fc\u015f\u00fcn\u00fcyorsunuz?<\/h3>\n\n\n\n<p>Ba\u015far\u0131lar\u0131m\u0131z\u0131 kutlamak \u00f6nemlidir; ancak toplumda hala a\u015f\u0131lmas\u0131 gereken engeller oldu\u011funu da unutmamak gerekir.<\/p>\n\n\n\n<h3 class=\"wp-block-heading\">S: Kad\u0131n olman\u0131z nedeniyle kariyerinizde herhangi bir engelle kar\u015f\u0131la\u015ft\u0131n\u0131z m\u0131? E\u011fer kar\u015f\u0131la\u015ft\u0131ysan\u0131z, bunlar\u0131n \u00fcstesinden nas\u0131l geldiniz?<\/h3>\n\n\n\n<p>\u00c7ocuklar\u0131m\u0131n \u00e7ok k\u00fc\u00e7\u00fck oldu\u011fu zamanlar\u0131 hat\u0131rl\u0131yorum, bekar bir anneydim, ev kredimi \u00f6demek ve ailemin ge\u00e7imini sa\u011flamak i\u00e7in tam zamanl\u0131 \u00e7al\u0131\u015f\u0131yordum. Toplumun beklentileri, \u00e7ocuklar\u0131m k\u00fc\u00e7\u00fckken profesyonel hedeflerimi s\u00fcrd\u00fcrmemem y\u00f6n\u00fcndeydi.\u00a0<br>\u00a0<br>Cesaret, kararl\u0131l\u0131k, azim, en k\u00fc\u00e7\u00fck anlarda \u00e7al\u0131\u015fmak i\u00e7in zaman bulmak - ve bir\u00e7ok gece ge\u00e7 saatlerde ve sabah\u0131n erken saatlerinde. Ailem i\u00e7in ki\u015fisel ve profesyonel olarak en iyisi olmay\u0131 ve bunu ba\u015farmay\u0131 istemek. 2002\u2018den beri mesle\u011fin i\u00e7inde oldu\u011fum i\u00e7in, sebat etmemem ve sadece \u2019yerle\u015fmem' y\u00f6n\u00fcnde bir beklenti vard\u0131 ve ben bunu yapmamay\u0131 se\u00e7tim.<\/p>\n\n\n\n<h3 class=\"wp-block-heading\">S: Sizce daha fazla gen\u00e7 kad\u0131n\u0131 kariyerlerinde \u00fcst d\u00fczey Liderlik rollerini \u00fcstlenmeleri i\u00e7in nas\u0131l te\u015fvik edebiliriz?<\/h3>\n\n\n\n<p>Firmalarda\/meslekte ya\u015f aral\u0131klar\u0131n\u0131n \u00e7e\u015fitlili\u011finin ve hepsinin masaya getirebileceklerinin tan\u0131nmas\u0131 ve \u00f6d\u00fcllendirilmesi. Olgun profesyoneller gen\u00e7 profesyonellerden \u00f6\u011frenir ve bunun tersi de ge\u00e7erlidir.<\/p>\n\n\n\n<h3 class=\"wp-block-heading\">S: Kariyeriniz \u00fczerinde en b\u00fcy\u00fck etkiyi hangi kad\u0131n yapt\u0131?<\/h3>\n\n\n\n<p>Millicent Grant FILEx ve KC (Hon) ile tan\u0131\u015ft\u0131m. Yollar\u0131m\u0131z birka\u00e7 kez kesi\u015fti ve onun ki\u015fisel ve profesyonel hukuk yolculu\u011funu ilham verici buldum - ve ayr\u0131ca ger\u00e7ekten \u00e7ok sevimliydi!<\/p>\n\n\n\n<h2 class=\"wp-block-heading\">Brandy Chu\u00a0<\/h2>\n\n\n\n<h3 class=\"wp-block-heading\">S: Ad\u0131n\u0131z, i\u015f rol\u00fcn\u00fcz nedir ve ne kadar s\u00fcredir RFB'de \u00e7al\u0131\u015f\u0131yorsunuz?\u00a0<\/h3>\n\n\n\n<ol start=\"1\" class=\"wp-block-list\"><\/ol>\n\n\n\n<p>Brandy Chu, Emlak Departman\u0131nda Yard\u0131mc\u0131 Avukat, 1 y\u0131l!\u00a0<\/p>\n\n\n\n<h3 class=\"wp-block-heading\">S: Hukuk alan\u0131nda kariyer yapmak istemenize ne sebep oldu?\u00a0<\/h3>\n\n\n\n<ol start=\"2\" class=\"wp-block-list\"><\/ol>\n\n\n\n<p>Nakil i\u015flemlerinin h\u0131zl\u0131 do\u011fas\u0131 ve getirdi\u011fi \u00e7e\u015fitlilik beni cezbetti.  Her i\u015flem net bir yap\u0131 izlese de, hi\u00e7bir konu birbirinin ayn\u0131s\u0131 de\u011fil, bu da i\u015fi hem zorlu hem de \u00f6d\u00fcllendirici k\u0131l\u0131yor. \u0130lk kez ev sat\u0131n alan bir al\u0131c\u0131 i\u00e7in tamamlad\u0131\u011f\u0131m ilk i\u015flemi hala hat\u0131rl\u0131yorum. Daha sonra bana yeni evinin anahtarlar\u0131n\u0131n bir foto\u011fraf\u0131n\u0131 g\u00f6nderdi ve bu ger\u00e7ekten akl\u0131mda kald\u0131. Birinin hayat\u0131nda b\u00f6ylesine \u00f6nemli bir d\u00f6n\u00fcm noktas\u0131nda rol oynad\u0131\u011f\u0131m\u0131 bilmek, bu i\u015fin ne kadar anlaml\u0131 olabilece\u011fini fark etmemi sa\u011flad\u0131 ve uzun vadede s\u00fcrd\u00fcrmek istedi\u011fim kariyerin bu oldu\u011funu do\u011frulad\u0131. Ayr\u0131ca g\u00fczel evlere bakmay\u0131 sevmem de yard\u0131mc\u0131 oluyor!\u00a0\u00a0<\/p>\n\n\n\n<h3 class=\"wp-block-heading\">S: Hukuk alan\u0131nda kariyer yapmak isteyen gen\u00e7 kad\u0131nlara ne tavsiye edersiniz?\u00a0<\/h3>\n\n\n\n<p>Herhangi bir kariyere ba\u015flayan gen\u00e7 bir kad\u0131n olarak, insanlar\u0131n deneyiminizi veya yeteneklerinizi sorgulad\u0131\u011f\u0131 anlar olabilir. Bulundu\u011funuz yere gelmek i\u00e7in \u00e7ok \u00e7al\u0131\u015ft\u0131\u011f\u0131n\u0131z\u0131 ve orada olmay\u0131 hak etti\u011finizi unutmay\u0131n. Kendinizden emin olun, bilginize g\u00fcvenin ve neler yapabilece\u011finizi g\u00f6stermekten korkmay\u0131n.\u00a0\u00a0<\/p>\n\n\n\n<h3 class=\"wp-block-heading\">S: D\u00fcnya Kad\u0131nlar G\u00fcn\u00fc'n\u00fcn neden \u00f6nemli oldu\u011funu d\u00fc\u015f\u00fcn\u00fcyorsunuz?\u00a0<\/h3>\n\n\n\n<p>Hukuk mesle\u011fi tarihsel olarak erkek egemen bir sekt\u00f6r olmu\u015ftur, ancak art\u0131k sekt\u00f6r\u00fcn yar\u0131s\u0131ndan fazlas\u0131n\u0131 kad\u0131nlar olu\u015fturmaktad\u0131r. Kad\u0131nlar\u0131n ba\u015far\u0131lar\u0131n\u0131 kutlamak ve bunlar\u0131 m\u00fcmk\u00fcn k\u0131lan s\u0131k\u0131 \u00e7al\u0131\u015fma ve kararl\u0131l\u0131\u011f\u0131 takdir etmek \u00f6nemlidir.\u00a0\u00a0<\/p>\n\n\n\n<p>Her ne kadar daha fazla kad\u0131n\u0131n liderlik rollerine ad\u0131m atmas\u0131 cesaret ve ilham verici olsa da, k\u0131dem fark\u0131 devam etmektedir. Bu fark genellikle kad\u0131nlar\u0131n kar\u015f\u0131la\u015ft\u0131\u011f\u0131, zorlu kariyerleri aile hayat\u0131yla dengelemek zorunda kalmak gibi, ilerlemeyi daha da zorla\u015ft\u0131rabilen ek zorluklar\u0131 yans\u0131tmaktad\u0131r.&nbsp;&nbsp;<\/p>\n\n\n\n<p>Bu y\u0131l\u0131n temas\u0131 \u201cKazanmak i\u00e7in Ver\u201d oldu\u011fundan, bu u\u00e7urumu daraltmaya devam etmek i\u00e7in daha fazla neler yap\u0131labilece\u011fini d\u00fc\u015f\u00fcnmek i\u00e7in de bir f\u0131rsatt\u0131r.&nbsp;&nbsp;<\/p>\n\n\n\n<h3 class=\"wp-block-heading\">S: Kariyeriniz \u00fczerinde en b\u00fcy\u00fck etkiyi hangi kad\u0131n yapt\u0131?\u00a0<\/h3>\n\n\n\n<p>Hi\u00e7 \u015f\u00fcphesiz annem. Memlekette moda sekt\u00f6r\u00fcnde k\u00fc\u00e7\u00fck bir i\u015fletme i\u015fletiyordu ve ben b\u00fcy\u00fcrken d\u00fckk\u00e2nda onu sessizce g\u00f6zlemleyerek \u00e7ok zaman ge\u00e7irdim. Ellerinin ne kadar h\u0131zl\u0131 oldu\u011funu, s\u00f6zlerinin ne kadar d\u00fc\u015f\u00fcnceli oldu\u011funu ve karde\u015fimle beni okutmak i\u00e7in nas\u0131l yorulmadan \u00e7al\u0131\u015ft\u0131\u011f\u0131n\u0131 hat\u0131rl\u0131yorum. O kadar me\u015fgul olmas\u0131na ra\u011fmen, tek bir okul performans\u0131n\u0131 bile ka\u00e7\u0131rmazd\u0131. Onun adanm\u0131\u015fl\u0131\u011f\u0131n\u0131, direncini ve bu kadar gen\u00e7 ya\u015fta i\u015f ve aile aras\u0131nda denge kurma becerisini g\u00f6rmek \u00fczerimde kal\u0131c\u0131 bir etki b\u0131rakt\u0131. Tamamen farkl\u0131 bir kariyer yolu se\u00e7mi\u015f olsam da, bug\u00fcn bu niteliklerin \u00e7o\u011funu yan\u0131mda ta\u015f\u0131d\u0131\u011f\u0131m\u0131 ve i\u015f ahlak\u0131m\u0131n \u00e7o\u011funun ondan geldi\u011fini d\u00fc\u015f\u00fcnmek ho\u015fuma gidiyor.\u00a0<\/p>\n\n\n\n<h2 class=\"wp-block-heading\">Emily Maskrey&nbsp;<\/h2>\n\n\n\n<h3 class=\"wp-block-heading\">S: Ad\u0131n\u0131z, i\u015f rol\u00fcn\u00fcz nedir ve ne kadar s\u00fcredir RFB'de \u00e7al\u0131\u015f\u0131yorsunuz?&nbsp;<\/h3>\n\n\n\n<p>Emily Maskrey, Avukat Yard\u0131mc\u0131s\u0131. RFB'ye 25 ya\u015f\u0131nda kat\u0131ld\u0131m.<sup>inci<\/sup>\u00a0Temmuz 2022.\u00a0\u00a0<\/p>\n\n\n\n<h3 class=\"wp-block-heading\">S: Hukuk alan\u0131nda kariyer yapmak istemenize ne sebep oldu?\u00a0<\/h3>\n\n\n\n<p>A-Level'de rastgele hukuk okumay\u0131 se\u00e7tim ve hemen ard\u0131ndan y\u00fcksek \u00f6\u011frenim g\u00f6rmek ve hukuk alan\u0131nda kariyer yapmak istedi\u011fimi fark ettim. Lisans\u00fcst\u00fc e\u011fitimim s\u0131ras\u0131nda \u00f6zellikle emlak i\u015flerinden keyif ald\u0131m - ta\u015f\u0131nma i\u015flemlerinin s\u00fcre\u00e7 odakl\u0131 do\u011fas\u0131 benim A Tipi d\u00fc\u015f\u00fcnce tarz\u0131ma \u00e7ok uygun!\u00a0\u00a0<\/p>\n\n\n\n<h3 class=\"wp-block-heading\">S: Hukuk alan\u0131nda kariyer yapmak isteyen gen\u00e7 kad\u0131nlara ne tavsiye edersiniz?\u00a0<\/h3>\n\n\n\n<p>\u0130\u015f zaman zaman zorlay\u0131c\u0131 olabilir, ancak inan\u0131lmaz derecede \u00f6d\u00fcllendiricidir. Konveyans, son derece m\u00fc\u015fteriye d\u00f6n\u00fck olma avantaj\u0131na sahipken, ayn\u0131 zamanda tapu kusurlar\u0131n\u0131 tan\u0131mlamak ve \u00e7\u00f6zmek i\u00e7in \u00e7ok fazla zihinsel jimnastik gerektirir. Zorlu, h\u0131zl\u0131 tempolu ve dikkate al\u0131nmas\u0131 gereken \u00e7ok say\u0131da hareketli par\u00e7as\u0131 olan bir i\u015f istiyorsan\u0131z, konveyans sizin i\u00e7in uygun olabilir!\u00a0\u00a0<\/p>\n\n\n\n<h3 class=\"wp-block-heading\">S: D\u00fcnya Kad\u0131nlar G\u00fcn\u00fc'n\u00fcn neden \u00f6nemli oldu\u011funu d\u00fc\u015f\u00fcn\u00fcyorsunuz?\u00a0<\/h3>\n\n\n\n<p>Kad\u0131nlar olarak son y\u00fczy\u0131lda g\u00f6rd\u00fc\u011f\u00fcm\u00fcz toplumsal de\u011fi\u015fimleri tan\u0131mak ve kutlamak \u00e7ok \u00f6nemli. 90'lar\u0131n sonunda do\u011fmu\u015f biri olarak, kad\u0131nlar\u0131n daha \u00f6nce kar\u015f\u0131la\u015ft\u0131\u011f\u0131 engellerin \u00e7o\u011fu benim neslimden insanlar i\u00e7in \u00e7oktan azalt\u0131ld\u0131 ve bir cinsiyet olarak ger\u00e7ekten ne kadar ilerledi\u011fimizi unutmak kolay. Bununla birlikte, hala yap\u0131lmas\u0131 gereken i\u015fler var ve meslekta\u015flar\u0131m\u0131n ve arkada\u015flar\u0131m\u0131n sosyal normlara meydan okumaya ve d\u00fcnyaya neler yapabilece\u011fimizi g\u00f6stermeye devam etmelerini izlemekten gurur duyuyorum.\u00a0\u00a0<\/p>\n\n\n\n<h3 class=\"wp-block-heading\">S: Sizce daha fazla gen\u00e7 kad\u0131n\u0131 kariyerlerinde \u00fcst d\u00fczey liderlik rollerini \u00fcstlenmeleri i\u00e7in nas\u0131l te\u015fvik edebiliriz?&nbsp;<\/h3>\n\n\n\n<p>Gen\u00e7 kad\u0131nlar\u0131n kariyerlerinde ilerleme ve ailelerini b\u00fcy\u00fctme aras\u0131nda se\u00e7im yapmak zorunda kalmamalar\u0131 ger\u00e7ekten \u00f6nemlidir. \u0130lerleme, yani ortakl\u0131k ve terfi f\u0131rsatlar\u0131, bir kad\u0131n \u00e7ocuk sahibi olmay\u0131 da se\u00e7ti\u011fi i\u00e7in s\u0131n\u0131rland\u0131r\u0131lmamal\u0131d\u0131r. Bence pek \u00e7ok yetenekli gen\u00e7 kad\u0131n \u00fcst d\u00fczey liderlik rollerine talip olmamay\u0131 tercih ediyor \u00e7\u00fcnk\u00fc ikisini bir arada y\u00fcr\u00fctemeyece\u011fimize dair i\u00e7selle\u015ftirilmi\u015f bir d\u00fc\u015f\u00fcnce var. Hukuk firmalar\u0131 gen\u00e7 kad\u0131nlar\u0131 proaktif bir \u015fekilde te\u015fvik etmeli ve onlara birini ya da di\u011ferini se\u00e7mek zorunda olmad\u0131\u011f\u0131m\u0131z\u0131 g\u00f6stermelidir!\u00a0\u00a0<\/p>\n\n\n\n<h3 class=\"wp-block-heading\">S: Kariyeriniz \u00fczerinde en b\u00fcy\u00fck etkiyi hangi kad\u0131n yapt\u0131?\u00a0<\/h3>\n\n\n\n<p>Kendisi hukuk alan\u0131nda \u00e7al\u0131\u015fm\u0131yor olsa da annem benim en b\u00fcy\u00fck ilham kayna\u011f\u0131m olmu\u015ftur. Her zaman yan\u0131mda oldu ve beni destekledi. Annemin y\u0131llar boyunca bana verdi\u011fi destek olmasayd\u0131 bug\u00fcn burada olaca\u011f\u0131ma inanm\u0131yorum ve kariyer ba\u015far\u0131m\u0131 onunla payla\u015ft\u0131\u011f\u0131m\u0131 d\u00fc\u015f\u00fcn\u00fcyorum.\u00a0<\/p>\n\n\n\n<h2 class=\"wp-block-heading\">Liz Evripidou&nbsp;<\/h2>\n\n\n\n<h3 class=\"wp-block-heading\">S: Ad\u0131n\u0131z, i\u015f rol\u00fcn\u00fcz nedir ve ne kadar s\u00fcredir RFB'de \u00e7al\u0131\u015f\u0131yorsunuz?\u00a0<\/h3>\n\n\n\n<p>Liz - Finans ve \u0130K Sorumlusu. RFB'de 8 ay \u00e7al\u0131\u015ft\u0131\u00a0\u00a0<\/p>\n\n\n\n<h3 class=\"wp-block-heading\">S: Finans\/\u0130K alan\u0131nda kariyer yapmak istemenize ne sebep oldu?\u00a0<\/h3>\n\n\n\n<p>Bankac\u0131l\u0131kta 30 y\u0131l \u00e7al\u0131\u015ft\u0131ktan sonra i\u015ften \u00e7\u0131kar\u0131ld\u0131ktan ve hi\u00e7bir \u015fey ba\u015faramayaca\u011f\u0131m\u0131 hissettirildikten sonra, hukuk d\u00fcnyas\u0131nda \u00f6\u011frendi\u011fim baz\u0131 becerileri kullanma ve do\u011fru zihniyetle her \u015feyin m\u00fcmk\u00fcn oldu\u011funu kendime kan\u0131tlama f\u0131rsat\u0131 verildi.\u00a0<\/p>\n\n\n\n<h3 class=\"wp-block-heading\">S: Finans\/\u0130K alan\u0131nda kariyer yapmak isteyen gen\u00e7 kad\u0131nlara ne tavsiye edersiniz?\u00a0<\/h3>\n\n\n\n<p>Kendinizi asla k\u00fc\u00e7\u00fcmsemeyin, her engel a\u015f\u0131labilir ve her zorluk \u00f6\u011frenmek ve b\u00fcy\u00fcmek i\u00e7in bir f\u0131rsatt\u0131r.\u00a0\u00a0<\/p>\n\n\n\n<h3 class=\"wp-block-heading\">S: D\u00fcnya Kad\u0131nlar G\u00fcn\u00fc'n\u00fcn neden \u00f6nemli oldu\u011funu d\u00fc\u015f\u00fcn\u00fcyorsunuz?\u00a0<\/h3>\n\n\n\n<p>Kad\u0131nlar\u0131n asla bir se\u00e7enek olamayacak rulolarda kaydetti\u011fi ilerlemeyi ve kad\u0131n haklar\u0131n\u0131 destekleme \u015fans\u0131n\u0131 g\u00f6steriyor\u00a0<\/p>\n\n\n\n<h3 class=\"wp-block-heading\">S: Kad\u0131n olman\u0131z nedeniyle kariyerinizde herhangi bir engelle kar\u015f\u0131la\u015ft\u0131n\u0131z m\u0131? E\u011fer kar\u015f\u0131la\u015ft\u0131ysan\u0131z, bunlar\u0131n \u00fcstesinden nas\u0131l geldiniz?\u00a0<\/h3>\n\n\n\n<p>Bir \u015fubeyi y\u00f6netirken \u00e7o\u011fu zaman m\u00fc\u015fterilerin \u00e7o\u011fu erkek y\u00f6neticilerle muhatap olmak isterdi.  \u00c7ok s\u0131k\u0131 \u00e7al\u0131\u015fma, \u00f6zveri, sadakat ve sayg\u0131\u00a0 \u00a0<\/p>\n\n\n\n<h3 class=\"wp-block-heading\">S: Kariyeriniz \u00fczerinde en b\u00fcy\u00fck etkiyi hangi kad\u0131n yapt\u0131?\u00a0<\/h3>\n\n\n\n<p>Annem Birle\u015fik Krall\u0131k'a \u0130ngilizce konu\u015famadan, i\u015fsiz ve \u00e7ok az parayla geldi. Kendi ba\u015f\u0131n\u0131n \u00e7aresine bakmak, ileti\u015fim kurmay\u0131 \u00f6\u011frenmek ve bilmedi\u011fi bir k\u00fclt\u00fcre kar\u0131\u015fmak zorunda kald\u0131. Bana \u00e7ok \u00e7al\u0131\u015fman\u0131n, d\u00fcr\u00fcstl\u00fc\u011f\u00fcn, sevginin ve kararl\u0131l\u0131\u011f\u0131n ba\u015far\u0131l\u0131 olmak i\u00e7in gereken tek \u015fey oldu\u011funu g\u00f6sterdi.\u00a0<\/p>","protected":false},"author":12,"featured_media":8857,"parent":0,"menu_order":0,"template":"","format":"standard","meta":{"_acf_changed":false,"om_disable_all_campaigns":false,"_uf_show_specific_survey":0,"_uf_disable_surveys":false,"footnotes":""},"categories":[],"tags":[],"class_list":["post-8853","insight","type-insight","status-publish","format-standard","has-post-thumbnail","hentry"],"acf":[],"aioseo_notices":[],"yoast_head":"<!-- This site is optimized with the Yoast SEO plugin v27.2 - https:\/\/yoast.com\/product\/yoast-seo-wordpress\/ -->\n<title>International Women&#039;s Day 2026 - RFB Legal<\/title>\n<meta name=\"description\" content=\"Sunday, 8th&nbsp;March, marks International Women\u2019s Day&nbsp;2026.&nbsp;This year, the theme is \u2018Give to Gain\u2019,&nbsp;which emphasises the&nbsp;power of\" \/>\n<meta name=\"robots\" content=\"index, follow, max-snippet:-1, max-image-preview:large, max-video-preview:-1\" \/>\n<link rel=\"canonical\" href=\"https:\/\/rfblegal.co.uk\/tr\/icgoruler\/uluslararasi-kadinlar-gunu-2026\/\" \/>\n<meta property=\"og:locale\" content=\"tr_TR\" \/>\n<meta property=\"og:type\" content=\"article\" \/>\n<meta property=\"og:title\" content=\"International Women&#039;s Day 2026 - RFB Legal\" \/>\n<meta property=\"og:description\" content=\"Sunday, 8th&nbsp;March, marks International Women\u2019s Day&nbsp;2026.&nbsp;This year, the theme is \u2018Give to Gain\u2019,&nbsp;which emphasises the&nbsp;power of\" \/>\n<meta property=\"og:url\" content=\"https:\/\/rfblegal.co.uk\/tr\/icgoruler\/uluslararasi-kadinlar-gunu-2026\/\" \/>\n<meta property=\"og:site_name\" content=\"RFB Legal\" \/>\n<meta property=\"article:publisher\" content=\"https:\/\/www.facebook.com\/RFBLegal\/\" \/>\n<meta property=\"article:modified_time\" content=\"2026-03-09T15:26:41+00:00\" \/>\n<meta property=\"og:image\" content=\"https:\/\/rfblegal.co.uk\/wp-content\/uploads\/2026\/03\/IWD-2026-2-scaled.png\" \/>\n\t<meta property=\"og:image:width\" content=\"2120\" \/>\n\t<meta property=\"og:image:height\" content=\"1108\" \/>\n\t<meta property=\"og:image:type\" content=\"image\/png\" \/>\n<meta name=\"twitter:card\" content=\"summary_large_image\" \/>\n<meta name=\"twitter:label1\" content=\"Est. reading time\" \/>\n\t<meta name=\"twitter:data1\" content=\"19 dakika\" \/>\n<script type=\"application\/ld+json\" class=\"yoast-schema-graph\">{\"@context\":\"https:\/\/schema.org\",\"@graph\":[{\"@type\":\"WebPage\",\"@id\":\"https:\/\/rfblegal.co.uk\/insights\/international-womens-day-2026\/\",\"url\":\"https:\/\/rfblegal.co.uk\/insights\/international-womens-day-2026\/\",\"name\":\"International Women's Day 2026 - RFB Legal\",\"isPartOf\":{\"@id\":\"https:\/\/rfblegal.co.uk\/#website\"},\"primaryImageOfPage\":{\"@id\":\"https:\/\/rfblegal.co.uk\/insights\/international-womens-day-2026\/#primaryimage\"},\"image\":{\"@id\":\"https:\/\/rfblegal.co.uk\/insights\/international-womens-day-2026\/#primaryimage\"},\"thumbnailUrl\":\"https:\/\/rfblegal.co.uk\/wp-content\/uploads\/2026\/03\/IWD-2026-2-scaled.png\",\"datePublished\":\"2026-03-09T15:23:49+00:00\",\"dateModified\":\"2026-03-09T15:26:41+00:00\",\"description\":\"Sunday, 8th&nbsp;March, marks International Women\u2019s Day&nbsp;2026.&nbsp;This year, the theme is \u2018Give to Gain\u2019,&nbsp;which emphasises the&nbsp;power of\",\"breadcrumb\":{\"@id\":\"https:\/\/rfblegal.co.uk\/insights\/international-womens-day-2026\/#breadcrumb\"},\"inLanguage\":\"tr\",\"potentialAction\":[{\"@type\":\"ReadAction\",\"target\":[\"https:\/\/rfblegal.co.uk\/insights\/international-womens-day-2026\/\"]}]},{\"@type\":\"ImageObject\",\"inLanguage\":\"tr\",\"@id\":\"https:\/\/rfblegal.co.uk\/insights\/international-womens-day-2026\/#primaryimage\",\"url\":\"https:\/\/rfblegal.co.uk\/wp-content\/uploads\/2026\/03\/IWD-2026-2-scaled.png\",\"contentUrl\":\"https:\/\/rfblegal.co.uk\/wp-content\/uploads\/2026\/03\/IWD-2026-2-scaled.png\",\"width\":2120,\"height\":1108},{\"@type\":\"BreadcrumbList\",\"@id\":\"https:\/\/rfblegal.co.uk\/insights\/international-womens-day-2026\/#breadcrumb\",\"itemListElement\":[{\"@type\":\"ListItem\",\"position\":1,\"name\":\"Home\",\"item\":\"https:\/\/rfblegal.co.uk\/\"},{\"@type\":\"ListItem\",\"position\":2,\"name\":\"Insights\",\"item\":\"https:\/\/rfblegal.co.uk\/insights\/\"},{\"@type\":\"ListItem\",\"position\":3,\"name\":\"International Women&#8217;s Day 2026\"}]},{\"@type\":\"WebSite\",\"@id\":\"https:\/\/rfblegal.co.uk\/#website\",\"url\":\"https:\/\/rfblegal.co.uk\/\",\"name\":\"RFB Legal\",\"description\":\"\",\"publisher\":{\"@id\":\"https:\/\/rfblegal.co.uk\/#organization\"},\"potentialAction\":[{\"@type\":\"SearchAction\",\"target\":{\"@type\":\"EntryPoint\",\"urlTemplate\":\"https:\/\/rfblegal.co.uk\/?s={search_term_string}\"},\"query-input\":{\"@type\":\"PropertyValueSpecification\",\"valueRequired\":true,\"valueName\":\"search_term_string\"}}],\"inLanguage\":\"tr\"},{\"@type\":\"Organization\",\"@id\":\"https:\/\/rfblegal.co.uk\/#organization\",\"name\":\"RFB Legal\",\"url\":\"https:\/\/rfblegal.co.uk\/\",\"logo\":{\"@type\":\"ImageObject\",\"inLanguage\":\"tr\",\"@id\":\"https:\/\/rfblegal.co.uk\/#\/schema\/logo\/image\/\",\"url\":\"https:\/\/rfblegal.co.uk\/wp-content\/uploads\/2024\/01\/header_company_logo.svg\",\"contentUrl\":\"https:\/\/rfblegal.co.uk\/wp-content\/uploads\/2024\/01\/header_company_logo.svg\",\"caption\":\"RFB Legal\"},\"image\":{\"@id\":\"https:\/\/rfblegal.co.uk\/#\/schema\/logo\/image\/\"},\"sameAs\":[\"https:\/\/www.facebook.com\/RFBLegal\/\",\"https:\/\/www.linkedin.com\/uas\/login?session_redirect=company2012282\",\"https:\/\/www.instagram.com\/rfb_legal\/\"]}]}<\/script>\n<!-- \/ Yoast SEO plugin. -->","yoast_head_json":{"title":"D\u00fcnya Kad\u0131nlar G\u00fcn\u00fc 2026 - RFB Legal","description":"8 Mart Pazar g\u00fcn\u00fc 2026 D\u00fcnya Kad\u0131nlar G\u00fcn\u00fc. Bu y\u0131lki tema \u2018Kazanmak i\u00e7in Ver\u2019 olarak belirlenmi\u015f olup, kad\u0131nlar\u0131n","robots":{"index":"index","follow":"follow","max-snippet":"max-snippet:-1","max-image-preview":"max-image-preview:large","max-video-preview":"max-video-preview:-1"},"canonical":"https:\/\/rfblegal.co.uk\/tr\/icgoruler\/uluslararasi-kadinlar-gunu-2026\/","og_locale":"tr_TR","og_type":"article","og_title":"International Women's Day 2026 - RFB Legal","og_description":"Sunday, 8th&nbsp;March, marks International Women\u2019s Day&nbsp;2026.&nbsp;This year, the theme is \u2018Give to Gain\u2019,&nbsp;which emphasises the&nbsp;power of","og_url":"https:\/\/rfblegal.co.uk\/tr\/icgoruler\/uluslararasi-kadinlar-gunu-2026\/","og_site_name":"RFB Legal","article_publisher":"https:\/\/www.facebook.com\/RFBLegal\/","article_modified_time":"2026-03-09T15:26:41+00:00","og_image":[{"width":2120,"height":1108,"url":"https:\/\/rfblegal.co.uk\/wp-content\/uploads\/2026\/03\/IWD-2026-2-scaled.png","type":"image\/png"}],"twitter_card":"summary_large_image","twitter_misc":{"Est. reading time":"19 dakika"},"schema":{"@context":"https:\/\/schema.org","@graph":[{"@type":"WebPage","@id":"https:\/\/rfblegal.co.uk\/insights\/international-womens-day-2026\/","url":"https:\/\/rfblegal.co.uk\/insights\/international-womens-day-2026\/","name":"D\u00fcnya Kad\u0131nlar G\u00fcn\u00fc 2026 - RFB Legal","isPartOf":{"@id":"https:\/\/rfblegal.co.uk\/#website"},"primaryImageOfPage":{"@id":"https:\/\/rfblegal.co.uk\/insights\/international-womens-day-2026\/#primaryimage"},"image":{"@id":"https:\/\/rfblegal.co.uk\/insights\/international-womens-day-2026\/#primaryimage"},"thumbnailUrl":"https:\/\/rfblegal.co.uk\/wp-content\/uploads\/2026\/03\/IWD-2026-2-scaled.png","datePublished":"2026-03-09T15:23:49+00:00","dateModified":"2026-03-09T15:26:41+00:00","description":"8 Mart Pazar g\u00fcn\u00fc 2026 D\u00fcnya Kad\u0131nlar G\u00fcn\u00fc. Bu y\u0131lki tema \u2018Kazanmak i\u00e7in Ver\u2019 olarak belirlenmi\u015f olup, kad\u0131nlar\u0131n","breadcrumb":{"@id":"https:\/\/rfblegal.co.uk\/insights\/international-womens-day-2026\/#breadcrumb"},"inLanguage":"tr","potentialAction":[{"@type":"ReadAction","target":["https:\/\/rfblegal.co.uk\/insights\/international-womens-day-2026\/"]}]},{"@type":"ImageObject","inLanguage":"tr","@id":"https:\/\/rfblegal.co.uk\/insights\/international-womens-day-2026\/#primaryimage","url":"https:\/\/rfblegal.co.uk\/wp-content\/uploads\/2026\/03\/IWD-2026-2-scaled.png","contentUrl":"https:\/\/rfblegal.co.uk\/wp-content\/uploads\/2026\/03\/IWD-2026-2-scaled.png","width":2120,"height":1108},{"@type":"BreadcrumbList","@id":"https:\/\/rfblegal.co.uk\/insights\/international-womens-day-2026\/#breadcrumb","itemListElement":[{"@type":"ListItem","position":1,"name":"Home","item":"https:\/\/rfblegal.co.uk\/"},{"@type":"ListItem","position":2,"name":"Insights","item":"https:\/\/rfblegal.co.uk\/insights\/"},{"@type":"ListItem","position":3,"name":"International Women&#8217;s Day 2026"}]},{"@type":"WebSite","@id":"https:\/\/rfblegal.co.uk\/#website","url":"https:\/\/rfblegal.co.uk\/","name":"RFB Hukuk","description":"","publisher":{"@id":"https:\/\/rfblegal.co.uk\/#organization"},"potentialAction":[{"@type":"SearchAction","target":{"@type":"EntryPoint","urlTemplate":"https:\/\/rfblegal.co.uk\/?s={search_term_string}"},"query-input":{"@type":"PropertyValueSpecification","valueRequired":true,"valueName":"search_term_string"}}],"inLanguage":"tr"},{"@type":"Organization","@id":"https:\/\/rfblegal.co.uk\/#organization","name":"RFB Hukuk","url":"https:\/\/rfblegal.co.uk\/","logo":{"@type":"ImageObject","inLanguage":"tr","@id":"https:\/\/rfblegal.co.uk\/#\/schema\/logo\/image\/","url":"https:\/\/rfblegal.co.uk\/wp-content\/uploads\/2024\/01\/header_company_logo.svg","contentUrl":"https:\/\/rfblegal.co.uk\/wp-content\/uploads\/2024\/01\/header_company_logo.svg","caption":"RFB Legal"},"image":{"@id":"https:\/\/rfblegal.co.uk\/#\/schema\/logo\/image\/"},"sameAs":["https:\/\/www.facebook.com\/RFBLegal\/","https:\/\/www.linkedin.com\/uas\/login?session_redirect=company2012282","https:\/\/www.instagram.com\/rfb_legal\/"]}]}},"_links":{"self":[{"href":"https:\/\/rfblegal.co.uk\/tr\/wp-json\/wp\/v2\/insight\/8853","targetHints":{"allow":["GET"]}}],"collection":[{"href":"https:\/\/rfblegal.co.uk\/tr\/wp-json\/wp\/v2\/insight"}],"about":[{"href":"https:\/\/rfblegal.co.uk\/tr\/wp-json\/wp\/v2\/types\/insight"}],"author":[{"embeddable":true,"href":"https:\/\/rfblegal.co.uk\/tr\/wp-json\/wp\/v2\/users\/12"}],"version-history":[{"count":3,"href":"https:\/\/rfblegal.co.uk\/tr\/wp-json\/wp\/v2\/insight\/8853\/revisions"}],"predecessor-version":[{"id":8860,"href":"https:\/\/rfblegal.co.uk\/tr\/wp-json\/wp\/v2\/insight\/8853\/revisions\/8860"}],"wp:featuredmedia":[{"embeddable":true,"href":"https:\/\/rfblegal.co.uk\/tr\/wp-json\/wp\/v2\/media\/8857"}],"wp:attachment":[{"href":"https:\/\/rfblegal.co.uk\/tr\/wp-json\/wp\/v2\/media?parent=8853"}],"wp:term":[{"taxonomy":"category","embeddable":true,"href":"https:\/\/rfblegal.co.uk\/tr\/wp-json\/wp\/v2\/categories?post=8853"},{"taxonomy":"post_tag","embeddable":true,"href":"https:\/\/rfblegal.co.uk\/tr\/wp-json\/wp\/v2\/tags?post=8853"}],"curies":[{"name":"wp","href":"https:\/\/api.w.org\/{rel}","templated":true}]}}