{"id":7808,"date":"2025-11-28T17:03:46","date_gmt":"2025-11-28T17:03:46","guid":{"rendered":"https:\/\/rfblegal.co.uk\/?post_type=insight&#038;p=7808"},"modified":"2025-11-28T17:06:21","modified_gmt":"2025-11-28T17:06:21","slug":"sonbahar-2025-butcesi%cc%87-ozel-musteri%cc%87ler-i%cc%87ci%cc%87n-ne-anlama-geli%cc%87yor","status":"publish","type":"insight","link":"https:\/\/rfblegal.co.uk\/tr\/icgoruler\/autumn-2025-budget-what-it-means-for-private-clients\/","title":{"rendered":"Sonbahar 2025 B\u00fct\u00e7esi: \u00d6zel M\u00fc\u015fteriler \u0130\u00e7in Ne Anlama Geliyor?"},"content":{"rendered":"<p>Ka\u00e7\u0131n\u0131lmaz olarak, her sonbahar b\u00fct\u00e7esi \u00f6ncesinde, nelerin a\u00e7\u0131klanabilece\u011fi, belirli de\u011fi\u015fikliklerin duyurulma olas\u0131l\u0131\u011f\u0131 ve bunun m\u00fc\u015fterilerimizin ilerlemesine nas\u0131l yard\u0131mc\u0131 olaca\u011f\u0131 veya engelleyece\u011fi konusunda bir spek\u00fclasyon ve tedirginlik havas\u0131 vard\u0131r.&nbsp;<\/p>\n\n\n\n<p>B\u00fct\u00e7e sonras\u0131nda m\u00fc\u015fterilerimize verdi\u011fimiz tavsiyeleri yeniden g\u00f6zden ge\u00e7irirken \u00d6zel M\u00fc\u015fteri departman\u0131m\u0131z\u0131n odak noktas\u0131, bunun emlak ve vergi planlamas\u0131, y\u00f6netimi ve idaresi a\u00e7\u0131s\u0131ndan ne anlama geldi\u011fidir.&nbsp;<\/p>\n\n\n\n<p>Bu sonbaharda a\u00e7\u0131klanan b\u00fct\u00e7enin ard\u0131ndan, uygulamam\u0131zla ilgili de\u011fi\u015fikliklerin bir \u00f6zetini bir araya getirdik.&nbsp;<\/p>\n\n\n\n<h2 class=\"wp-block-heading\"><strong>Gelir Vergisi<\/strong><\/h2>\n\n\n\n<p>Ge\u00e7ti\u011fimiz sonbaharda a\u00e7\u0131klanan b\u00fct\u00e7e, gelir vergisi oranlar\u0131n\u0131n dondurulmas\u0131n\u0131 2028 y\u0131l\u0131na kadar uzatt\u0131. Bu s\u00fcre \u015fimdi 2030\/31 vergi y\u0131l\u0131na kadar \u00fc\u00e7 y\u0131l daha uzat\u0131lacak.&nbsp;<\/p>\n\n\n\n<p>Bir\u00e7ok ki\u015fi 12.570 sterlinlik ki\u015fisel \u00f6dene\u011fin g\u00fcncelli\u011fini yitirdi\u011fini d\u00fc\u015f\u00fcnmektedir (Nisan 2026'dan itibaren asgari \u00fccrette bir art\u0131\u015f g\u00f6rece\u011fimiz i\u00e7in belki de daha fazla), ancak \u00f6ng\u00f6r\u00fclebilir gelecekte bu miktar art\u0131r\u0131lmayacakt\u0131r.&nbsp;<\/p>\n\n\n\n<p>Y\u00fcksek ve ek oranl\u0131 vergi m\u00fckellefleri i\u00e7in, daha fazla e\u015f ve medeni partnerin gelir getiren varl\u0131klar\u0131 d\u00fc\u015f\u00fck oranl\u0131 vergi \u00f6deyen e\u015flerine veya medeni partnerlerine hediye etmeyi d\u00fc\u015f\u00fcnmesi muhtemeldir.&nbsp;<\/p>\n\n\n\n<p>Bunun nedeni b\u00fcy\u00fck \u00f6l\u00e7\u00fcde 6 Nisan 2027'den itibaren emlak, tasarruf ve temett\u00fc gelirlerine yap\u0131lan 2%'lik art\u0131\u015ftan kaynaklanmaktad\u0131r; bu tarihten sonra, \u00f6rne\u011fin, temel oranl\u0131 vergi m\u00fckellefleri temett\u00fc geliri i\u00e7in 10.75% (\u015fu anda 8.75%) \u00f6demeyi bekleyebilir ve emlak ve tasarruf geliri i\u00e7in ek oranl\u0131 vergi m\u00fckellefleri 47%'lik bir orana maruz kalacakt\u0131r (\u015fu anda 45%). \u0130lgin\u00e7 bir \u015fekilde, temett\u00fc geliri i\u00e7in ek oranda (39.35%) herhangi bir art\u0131\u015f yoktur.&nbsp;<\/p>\n\n\n\n<p>Di\u011fer t\u00fcm gelir t\u00fcrleri i\u00e7in oranlar, temel oranl\u0131 vergi m\u00fckellefleri i\u00e7in 20%, y\u00fcksek oranl\u0131 vergi m\u00fckellefleri i\u00e7in 40% ve ek oranl\u0131 vergi m\u00fckellefleri i\u00e7in 45% olarak kalmaktad\u0131r.&nbsp;<\/p>\n\n\n\n<h2 class=\"wp-block-heading\"><strong>Veraset Vergisi (\u2018IHT\u2019)<\/strong>&nbsp;<\/h2>\n\n\n\n<p>Bir de\u011fi\u015fiklikten ziyade bir a\u00e7\u0131klama olsa da, bu sonbahar\u0131n b\u00fct\u00e7esinde, 1 milyon \u00a3 e\u015fi\u011fine kadar olan kullan\u0131lmayan tar\u0131msal veya ticari yard\u0131mlar\u0131n, 6 Nisan 2026'da y\u00fcr\u00fcrl\u00fc\u011fe girdi\u011finde e\u015fler ve medeni partnerler aras\u0131nda transfer edilebilece\u011fi teyit edildi. Ge\u00e7en y\u0131lki raporda bu konu \u00e7ok net olmad\u0131\u011f\u0131ndan, aileler ve i\u015fletme sahipleri art\u0131k bunu emlak planlamalar\u0131na dahil edebilirler.&nbsp;<\/p>\n\n\n\n<p>Kullan\u0131lmayan emeklilik fonlar\u0131n\u0131n ve emekli maa\u015flar\u0131ndan elde edilen \u00f6l\u00fcm yard\u0131mlar\u0131n\u0131n 6 Nisan 2027 tarihinden itibaren veraset vergisine tabi olaca\u011f\u0131 2024 B\u00fct\u00e7esi'nde a\u00e7\u0131klanm\u0131\u015ft\u0131r. Ki\u015fisel temsilcilerin emekli maa\u015flar\u0131ndan veraset vergisinin \u00f6denmesini nas\u0131l ayarlayabilecekleri konusunda baz\u0131 endi\u015feler vard\u0131. \u015eimdi, emeklilik fonu y\u00f6neticilerini 50%'yi 15 aya kadar kesmeye ve \u00f6denmesi gereken veraset vergisini \u00f6demeye y\u00f6nlendirebilecekleri teyit edilmi\u015ftir. Ayr\u0131ca, bir tasfiye belgesi d\u00fczenlendikten sonra ortaya \u00e7\u0131kan bir emekli maa\u015f\u0131 \u00fczerindeki veraset vergisinin \u00f6denmesini d\u00fczenlemek i\u00e7in herhangi bir sorumluluklar\u0131 olmayacakt\u0131r.&nbsp;<\/p>\n\n\n\n<p>Enfekte kan skandal\u0131ndan etkilenenlerin aileleri ve temsilcileri taraf\u0131ndan y\u00fcr\u00fct\u00fclen yo\u011fun kampanyalar\u0131n ard\u0131ndan, bu t\u00fcr \u00f6demelerin, uygun bir ki\u015finin \u00f6l\u00fcm\u00fcnden sonra terekesine \u00f6denmesi halinde veraset vergisinden muaf tutulaca\u011f\u0131 a\u00e7\u0131kland\u0131. Ya\u015fayan bir al\u0131c\u0131n\u0131n, yedi y\u0131l boyunca hayatta kalamamas\u0131 halinde, \u00f6demenin tamam\u0131n\u0131 ya da bir k\u0131sm\u0131n\u0131 veraset vergisi a\u00e7\u0131s\u0131ndan terekesinin bir par\u00e7as\u0131 olarak de\u011ferlendirilmeksizin hediye etmesi de m\u00fcmk\u00fcn olacak. Enfekte Kan Soru\u015fturmas\u0131, 30.000'den fazla ki\u015finin enfekte oldu\u011funu tahmin etmektedir ve tazminat program\u0131n\u0131n ancak ge\u00e7en y\u0131l ilkbaharda duyuruldu\u011fu g\u00f6z \u00f6n\u00fcne al\u0131nd\u0131\u011f\u0131nda, pratisyenler ve meslekten olmayan ki\u015filer, etkilenen ailelerin miraslar\u0131n\u0131 giderek daha fazla y\u00f6neteceklerdir.&nbsp;<\/p>\n\n\n\n<p>IHT i\u00e7in standart \u00f6l\u00fcm oran\u0131 40%'de kalmaktad\u0131r; bu oran, vefat eden bir ki\u015finin mevcut IHT \u00f6deneklerini a\u015fan ve herhangi bir yard\u0131ma hak kazanmayan terekesinin vergilendirilebilir de\u011feri i\u00e7in ge\u00e7erlidir.&nbsp;<\/p>\n\n\n\n<p>Mevcut IHT \u00f6denekleri (325.000 Sterlinlik S\u0131f\u0131r Oran Band\u0131 ve 175.000 Sterlinlik ek Konut S\u0131f\u0131r Oran Band\u0131) art\u0131k Nisan 2031'e kadar bir y\u0131l daha dondurulacakt\u0131r. Nisan 2026'dan itibaren y\u00fcr\u00fcrl\u00fc\u011fe girdi\u011finde 1 milyon sterlin olarak belirlenen ticari ve tar\u0131msal m\u00fclk yard\u0131m\u0131 s\u0131n\u0131r\u0131 da en az Nisan 2031'e kadar bu seviyede kalacakt\u0131r.&nbsp;<\/p>\n\n\n\n<p>Ka\u00e7\u0131nmay\u0131 \u00f6nleyici ilave tedbirler de getirilmektedir.&nbsp;<\/p>\n\n\n\n<p><em>Bu \u00f6deneklere ili\u015fkin daha fazla a\u00e7\u0131klama ve rehberlik i\u00e7in baz\u0131 faydal\u0131 ba\u011flant\u0131lar:<\/em><br><a href=\"https:\/\/www.gov.uk\/inheritance-tax\">Gov.uk - \u2018Miras Vergisi\u2019<\/a><br><a href=\"https:\/\/www.gov.uk\/guidance\/check-if-you-can-get-an-additional-inheritance-tax-threshold\">Gov.uk - \u2018Ek Miras Vergisi E\u015fi\u011fi Al\u0131p Alamayaca\u011f\u0131n\u0131z\u0131 Kontrol Edin\u2019<\/a><\/p>\n\n\n\n<h2 class=\"wp-block-heading\"><strong>Sermaye Kazan\u00e7lar\u0131 Vergisi (\u2018CGT\u2019)<\/strong><\/h2>\n\n\n\n<p>Bu hafta CGT oranlar\u0131nda veya \u00f6deneklerinde herhangi bir de\u011fi\u015fiklik yap\u0131lmad\u0131\u011f\u0131 a\u00e7\u0131kland\u0131. Bu, 2024 b\u00fct\u00e7esinde oranlarda \u00f6nemli bir art\u0131\u015f oldu\u011fu ve \u00f6nceki y\u0131llar\u0131n b\u00fct\u00e7elerinin CGT \u00f6dene\u011fini 2020 ve 2023 y\u0131llar\u0131 aras\u0131nda 12.300 \u00a3\u2019dan Nisan 2024'ten itibaren 3.000 \u00a3'a \u00f6nemli \u00f6l\u00e7\u00fcde d\u00fc\u015f\u00fcrd\u00fc\u011f\u00fc g\u00f6z \u00f6n\u00fcne al\u0131nd\u0131\u011f\u0131nda b\u00fcy\u00fck bir s\u00fcrpriz de\u011fil.&nbsp;<\/p>\n\n\n\n<p>Hat\u0131rlatmak gerekirse, temel oran 18% ve daha y\u00fcksek oran (sadece konut m\u00fclklerinin de\u011fil, t\u00fcm varl\u0131klar\u0131n elden \u00e7\u0131kar\u0131lmas\u0131 i\u00e7in) 24%'dir.&nbsp;<\/p>\n\n\n\n<p>Hediyeler i\u00e7in y\u0131ll\u0131k muafiyetin (her vergi y\u0131l\u0131 i\u00e7in 3.000 Sterlin) aksine, kullan\u0131lmayan CGT \u00f6dene\u011finin bir sonraki vergi y\u0131l\u0131na devredilemeyece\u011fini unutmamak \u00f6nemlidir. Bu durumda, yayg\u0131n olarak kullan\u0131lan \u2018kullan ya da kaybet\u2019 ifadesi uygun d\u00fc\u015fmektedir.&nbsp;<\/p>\n\n\n\n<h2 class=\"wp-block-heading\"><strong>Biliyor muydunuz?<\/strong>&nbsp;<\/h2>\n\n\n\n<p>\u0130lgin\u00e7tir ki, ge\u00e7en y\u0131l Ekim ay\u0131nda yay\u0131nlanan bir h\u00fck\u00fcmet politika belgesinde, t\u0131bbi geli\u015fmelere ra\u011fmen, erkek e\u015flerin genellikle \u00f6nce \u00f6lmesi nedeniyle vergilendirilebilir m\u00fclklerin daha y\u00fcksek bir oran\u0131n\u0131n hala \u00f6len kad\u0131nlara ait oldu\u011fu bildirilmi\u015ftir. Bunun nedeni, genellikle ilk e\u015fin \u00f6l\u00fcm\u00fc \u00fczerine miras\u0131n tamam\u0131n\u0131n ya da b\u00fcy\u00fck bir k\u0131sm\u0131n\u0131n sa\u011f kalan e\u015fe ge\u00e7mesidir.&nbsp;<\/p>\n\n\n\n<h2 class=\"wp-block-heading\"><strong>Nas\u0131l Yard\u0131mc\u0131 Olabiliriz?<\/strong>&nbsp;<\/h2>\n\n\n\n<p>\u00d6zel M\u00fc\u015fteri departman\u0131m\u0131z (<a href=\"mailto:privateclient@rfblegal.co.uk\" target=\"_blank\" rel=\"noreferrer noopener\">privateclient@rfblegal.co.uk<\/a>) rutin olarak m\u00fc\u015fterilerine emlak planlamas\u0131, \u00f6zel vergi ve g\u00fcven tavsiyesi ve emlak y\u00f6netimi konular\u0131nda destek vermektedir. B\u00fct\u00e7e sonras\u0131 vergi de\u011fi\u015fikliklerinin sizi veya ailenizi nas\u0131l etkileyebilece\u011fi konusunda emin de\u011filseniz veya endi\u015feleriniz varsa, l\u00fctfen ileti\u015fime ge\u00e7in.&nbsp;<\/p>","protected":false},"author":5,"featured_media":7809,"parent":0,"menu_order":0,"template":"","format":"standard","meta":{"_acf_changed":false,"om_disable_all_campaigns":false,"_uf_show_specific_survey":0,"_uf_disable_surveys":false,"footnotes":""},"categories":[69,22],"tags":[],"class_list":["post-7808","insight","type-insight","status-publish","format-standard","has-post-thumbnail","hentry","category-trust-services","category-wills-probate"],"acf":[],"aioseo_notices":[],"yoast_head":"<!-- This site is optimized with the Yoast SEO plugin v27.2 - https:\/\/yoast.com\/product\/yoast-seo-wordpress\/ -->\n<title>Autumn 2025 Budget: What It Means for Private Clients - RFB Legal<\/title>\n<meta name=\"description\" content=\"Inevitably, in the run-up to each autumn budget,&nbsp;there\u2019s&nbsp;an air of speculation and unease because of what may be announced, the likelihood of\" \/>\n<meta name=\"robots\" content=\"index, follow, max-snippet:-1, max-image-preview:large, max-video-preview:-1\" \/>\n<link rel=\"canonical\" href=\"https:\/\/rfblegal.co.uk\/tr\/icgoruler\/autumn-2025-budget-what-it-means-for-private-clients\/\" \/>\n<meta property=\"og:locale\" content=\"tr_TR\" \/>\n<meta property=\"og:type\" content=\"article\" \/>\n<meta property=\"og:title\" content=\"Autumn 2025 Budget: What It Means for Private Clients - RFB Legal\" \/>\n<meta property=\"og:description\" content=\"Inevitably, in the run-up to each autumn budget,&nbsp;there\u2019s&nbsp;an air of speculation and unease because of what may be announced, the likelihood of\" \/>\n<meta property=\"og:url\" content=\"https:\/\/rfblegal.co.uk\/tr\/icgoruler\/autumn-2025-budget-what-it-means-for-private-clients\/\" \/>\n<meta property=\"og:site_name\" content=\"RFB Legal\" \/>\n<meta property=\"article:publisher\" content=\"https:\/\/www.facebook.com\/RFBLegal\/\" \/>\n<meta property=\"article:modified_time\" content=\"2025-11-28T17:06:21+00:00\" \/>\n<meta property=\"og:image\" content=\"https:\/\/rfblegal.co.uk\/wp-content\/uploads\/2025\/11\/Autumn-2025-Budget.png\" \/>\n\t<meta property=\"og:image:width\" content=\"2120\" \/>\n\t<meta property=\"og:image:height\" content=\"1108\" \/>\n\t<meta property=\"og:image:type\" content=\"image\/png\" \/>\n<meta name=\"twitter:card\" content=\"summary_large_image\" \/>\n<meta name=\"twitter:label1\" content=\"Est. reading time\" \/>\n\t<meta name=\"twitter:data1\" content=\"5 dakika\" \/>\n<script type=\"application\/ld+json\" class=\"yoast-schema-graph\">{\"@context\":\"https:\/\/schema.org\",\"@graph\":[{\"@type\":\"WebPage\",\"@id\":\"https:\/\/rfblegal.co.uk\/insights\/autumn-2025-budget-what-it-means-for-private-clients\/\",\"url\":\"https:\/\/rfblegal.co.uk\/insights\/autumn-2025-budget-what-it-means-for-private-clients\/\",\"name\":\"Autumn 2025 Budget: What It Means for Private Clients - RFB Legal\",\"isPartOf\":{\"@id\":\"https:\/\/rfblegal.co.uk\/#website\"},\"primaryImageOfPage\":{\"@id\":\"https:\/\/rfblegal.co.uk\/insights\/autumn-2025-budget-what-it-means-for-private-clients\/#primaryimage\"},\"image\":{\"@id\":\"https:\/\/rfblegal.co.uk\/insights\/autumn-2025-budget-what-it-means-for-private-clients\/#primaryimage\"},\"thumbnailUrl\":\"https:\/\/rfblegal.co.uk\/wp-content\/uploads\/2025\/11\/Autumn-2025-Budget.png\",\"datePublished\":\"2025-11-28T17:03:46+00:00\",\"dateModified\":\"2025-11-28T17:06:21+00:00\",\"description\":\"Inevitably, in the run-up to each autumn budget,&nbsp;there\u2019s&nbsp;an air of speculation and unease because of what may be announced, the likelihood of\",\"breadcrumb\":{\"@id\":\"https:\/\/rfblegal.co.uk\/insights\/autumn-2025-budget-what-it-means-for-private-clients\/#breadcrumb\"},\"inLanguage\":\"tr\",\"potentialAction\":[{\"@type\":\"ReadAction\",\"target\":[\"https:\/\/rfblegal.co.uk\/insights\/autumn-2025-budget-what-it-means-for-private-clients\/\"]}]},{\"@type\":\"ImageObject\",\"inLanguage\":\"tr\",\"@id\":\"https:\/\/rfblegal.co.uk\/insights\/autumn-2025-budget-what-it-means-for-private-clients\/#primaryimage\",\"url\":\"https:\/\/rfblegal.co.uk\/wp-content\/uploads\/2025\/11\/Autumn-2025-Budget.png\",\"contentUrl\":\"https:\/\/rfblegal.co.uk\/wp-content\/uploads\/2025\/11\/Autumn-2025-Budget.png\",\"width\":2120,\"height\":1108},{\"@type\":\"BreadcrumbList\",\"@id\":\"https:\/\/rfblegal.co.uk\/insights\/autumn-2025-budget-what-it-means-for-private-clients\/#breadcrumb\",\"itemListElement\":[{\"@type\":\"ListItem\",\"position\":1,\"name\":\"Home\",\"item\":\"https:\/\/rfblegal.co.uk\/\"},{\"@type\":\"ListItem\",\"position\":2,\"name\":\"Insights\",\"item\":\"https:\/\/rfblegal.co.uk\/insights\/\"},{\"@type\":\"ListItem\",\"position\":3,\"name\":\"Autumn 2025 Budget: What It Means for Private Clients\"}]},{\"@type\":\"WebSite\",\"@id\":\"https:\/\/rfblegal.co.uk\/#website\",\"url\":\"https:\/\/rfblegal.co.uk\/\",\"name\":\"RFB Legal\",\"description\":\"\",\"publisher\":{\"@id\":\"https:\/\/rfblegal.co.uk\/#organization\"},\"potentialAction\":[{\"@type\":\"SearchAction\",\"target\":{\"@type\":\"EntryPoint\",\"urlTemplate\":\"https:\/\/rfblegal.co.uk\/?s={search_term_string}\"},\"query-input\":{\"@type\":\"PropertyValueSpecification\",\"valueRequired\":true,\"valueName\":\"search_term_string\"}}],\"inLanguage\":\"tr\"},{\"@type\":\"Organization\",\"@id\":\"https:\/\/rfblegal.co.uk\/#organization\",\"name\":\"RFB Legal\",\"url\":\"https:\/\/rfblegal.co.uk\/\",\"logo\":{\"@type\":\"ImageObject\",\"inLanguage\":\"tr\",\"@id\":\"https:\/\/rfblegal.co.uk\/#\/schema\/logo\/image\/\",\"url\":\"https:\/\/rfblegal.co.uk\/wp-content\/uploads\/2024\/01\/header_company_logo.svg\",\"contentUrl\":\"https:\/\/rfblegal.co.uk\/wp-content\/uploads\/2024\/01\/header_company_logo.svg\",\"caption\":\"RFB Legal\"},\"image\":{\"@id\":\"https:\/\/rfblegal.co.uk\/#\/schema\/logo\/image\/\"},\"sameAs\":[\"https:\/\/www.facebook.com\/RFBLegal\/\",\"https:\/\/www.linkedin.com\/uas\/login?session_redirect=company2012282\",\"https:\/\/www.instagram.com\/rfb_legal\/\"]}]}<\/script>\n<!-- \/ Yoast SEO plugin. -->","yoast_head_json":{"title":"Sonbahar 2025 B\u00fct\u00e7esi: \u00d6zel M\u00fcvekkiller \u0130\u00e7in Ne Anlama Geliyor - RFB Legal","description":"Ka\u00e7\u0131n\u0131lmaz olarak, her sonbahar b\u00fct\u00e7esi \u00f6ncesinde, ne a\u00e7\u0131klanabilece\u011fi ve b\u00fct\u00e7enin ne kadar\u0131n\u0131n kabul edilebilece\u011fi konusunda bir spek\u00fclasyon ve tedirginlik havas\u0131 olu\u015fur.","robots":{"index":"index","follow":"follow","max-snippet":"max-snippet:-1","max-image-preview":"max-image-preview:large","max-video-preview":"max-video-preview:-1"},"canonical":"https:\/\/rfblegal.co.uk\/tr\/icgoruler\/autumn-2025-budget-what-it-means-for-private-clients\/","og_locale":"tr_TR","og_type":"article","og_title":"Autumn 2025 Budget: What It Means for Private Clients - RFB Legal","og_description":"Inevitably, in the run-up to each autumn budget,&nbsp;there\u2019s&nbsp;an air of speculation and unease because of what may be announced, the likelihood of","og_url":"https:\/\/rfblegal.co.uk\/tr\/icgoruler\/autumn-2025-budget-what-it-means-for-private-clients\/","og_site_name":"RFB Legal","article_publisher":"https:\/\/www.facebook.com\/RFBLegal\/","article_modified_time":"2025-11-28T17:06:21+00:00","og_image":[{"width":2120,"height":1108,"url":"https:\/\/rfblegal.co.uk\/wp-content\/uploads\/2025\/11\/Autumn-2025-Budget.png","type":"image\/png"}],"twitter_card":"summary_large_image","twitter_misc":{"Est. reading time":"5 dakika"},"schema":{"@context":"https:\/\/schema.org","@graph":[{"@type":"WebPage","@id":"https:\/\/rfblegal.co.uk\/insights\/autumn-2025-budget-what-it-means-for-private-clients\/","url":"https:\/\/rfblegal.co.uk\/insights\/autumn-2025-budget-what-it-means-for-private-clients\/","name":"Sonbahar 2025 B\u00fct\u00e7esi: \u00d6zel M\u00fcvekkiller \u0130\u00e7in Ne Anlama Geliyor - RFB Legal","isPartOf":{"@id":"https:\/\/rfblegal.co.uk\/#website"},"primaryImageOfPage":{"@id":"https:\/\/rfblegal.co.uk\/insights\/autumn-2025-budget-what-it-means-for-private-clients\/#primaryimage"},"image":{"@id":"https:\/\/rfblegal.co.uk\/insights\/autumn-2025-budget-what-it-means-for-private-clients\/#primaryimage"},"thumbnailUrl":"https:\/\/rfblegal.co.uk\/wp-content\/uploads\/2025\/11\/Autumn-2025-Budget.png","datePublished":"2025-11-28T17:03:46+00:00","dateModified":"2025-11-28T17:06:21+00:00","description":"Ka\u00e7\u0131n\u0131lmaz olarak, her sonbahar b\u00fct\u00e7esi \u00f6ncesinde, ne a\u00e7\u0131klanabilece\u011fi ve b\u00fct\u00e7enin ne kadar\u0131n\u0131n kabul edilebilece\u011fi konusunda bir spek\u00fclasyon ve tedirginlik havas\u0131 olu\u015fur.","breadcrumb":{"@id":"https:\/\/rfblegal.co.uk\/insights\/autumn-2025-budget-what-it-means-for-private-clients\/#breadcrumb"},"inLanguage":"tr","potentialAction":[{"@type":"ReadAction","target":["https:\/\/rfblegal.co.uk\/insights\/autumn-2025-budget-what-it-means-for-private-clients\/"]}]},{"@type":"ImageObject","inLanguage":"tr","@id":"https:\/\/rfblegal.co.uk\/insights\/autumn-2025-budget-what-it-means-for-private-clients\/#primaryimage","url":"https:\/\/rfblegal.co.uk\/wp-content\/uploads\/2025\/11\/Autumn-2025-Budget.png","contentUrl":"https:\/\/rfblegal.co.uk\/wp-content\/uploads\/2025\/11\/Autumn-2025-Budget.png","width":2120,"height":1108},{"@type":"BreadcrumbList","@id":"https:\/\/rfblegal.co.uk\/insights\/autumn-2025-budget-what-it-means-for-private-clients\/#breadcrumb","itemListElement":[{"@type":"ListItem","position":1,"name":"Home","item":"https:\/\/rfblegal.co.uk\/"},{"@type":"ListItem","position":2,"name":"Insights","item":"https:\/\/rfblegal.co.uk\/insights\/"},{"@type":"ListItem","position":3,"name":"Autumn 2025 Budget: What It Means for Private Clients"}]},{"@type":"WebSite","@id":"https:\/\/rfblegal.co.uk\/#website","url":"https:\/\/rfblegal.co.uk\/","name":"RFB Hukuk","description":"","publisher":{"@id":"https:\/\/rfblegal.co.uk\/#organization"},"potentialAction":[{"@type":"SearchAction","target":{"@type":"EntryPoint","urlTemplate":"https:\/\/rfblegal.co.uk\/?s={search_term_string}"},"query-input":{"@type":"PropertyValueSpecification","valueRequired":true,"valueName":"search_term_string"}}],"inLanguage":"tr"},{"@type":"Organization","@id":"https:\/\/rfblegal.co.uk\/#organization","name":"RFB Hukuk","url":"https:\/\/rfblegal.co.uk\/","logo":{"@type":"ImageObject","inLanguage":"tr","@id":"https:\/\/rfblegal.co.uk\/#\/schema\/logo\/image\/","url":"https:\/\/rfblegal.co.uk\/wp-content\/uploads\/2024\/01\/header_company_logo.svg","contentUrl":"https:\/\/rfblegal.co.uk\/wp-content\/uploads\/2024\/01\/header_company_logo.svg","caption":"RFB Legal"},"image":{"@id":"https:\/\/rfblegal.co.uk\/#\/schema\/logo\/image\/"},"sameAs":["https:\/\/www.facebook.com\/RFBLegal\/","https:\/\/www.linkedin.com\/uas\/login?session_redirect=company2012282","https:\/\/www.instagram.com\/rfb_legal\/"]}]}},"_links":{"self":[{"href":"https:\/\/rfblegal.co.uk\/tr\/wp-json\/wp\/v2\/insight\/7808","targetHints":{"allow":["GET"]}}],"collection":[{"href":"https:\/\/rfblegal.co.uk\/tr\/wp-json\/wp\/v2\/insight"}],"about":[{"href":"https:\/\/rfblegal.co.uk\/tr\/wp-json\/wp\/v2\/types\/insight"}],"author":[{"embeddable":true,"href":"https:\/\/rfblegal.co.uk\/tr\/wp-json\/wp\/v2\/users\/5"}],"version-history":[{"count":2,"href":"https:\/\/rfblegal.co.uk\/tr\/wp-json\/wp\/v2\/insight\/7808\/revisions"}],"predecessor-version":[{"id":7811,"href":"https:\/\/rfblegal.co.uk\/tr\/wp-json\/wp\/v2\/insight\/7808\/revisions\/7811"}],"wp:featuredmedia":[{"embeddable":true,"href":"https:\/\/rfblegal.co.uk\/tr\/wp-json\/wp\/v2\/media\/7809"}],"wp:attachment":[{"href":"https:\/\/rfblegal.co.uk\/tr\/wp-json\/wp\/v2\/media?parent=7808"}],"wp:term":[{"taxonomy":"category","embeddable":true,"href":"https:\/\/rfblegal.co.uk\/tr\/wp-json\/wp\/v2\/categories?post=7808"},{"taxonomy":"post_tag","embeddable":true,"href":"https:\/\/rfblegal.co.uk\/tr\/wp-json\/wp\/v2\/tags?post=7808"}],"curies":[{"name":"wp","href":"https:\/\/api.w.org\/{rel}","templated":true}]}}