{"id":6222,"date":"2025-05-02T15:28:54","date_gmt":"2025-05-02T15:28:54","guid":{"rendered":"https:\/\/rfblegal.co.uk\/?post_type=insight&#038;p=6222"},"modified":"2025-05-02T15:29:51","modified_gmt":"2025-05-02T15:29:51","slug":"deni%cc%87z-oguzkanli-rfbde-kidemli%cc%87-ortak-olarak-gorevi%cc%87-devraldi","status":"publish","type":"insight","link":"https:\/\/rfblegal.co.uk\/tr\/icgoruler\/deni%cc%87z-oguzkanli-rfbde-kidemli%cc%87-ortak-olarak-gorevi%cc%87-devraldi\/","title":{"rendered":"Deniz O\u011fuzkanl\u0131 RFB'de K\u0131demli Ortak Olarak G\u00f6reve Ba\u015flad\u0131"},"content":{"rendered":"<h3 class=\"wp-block-heading\"><strong>Deniz O\u011fuzkanl\u0131 RFB'nin K\u0131demli Orta\u011f\u0131 olarak g\u00f6revi devral\u0131yor ve adalet, entelekt\u00fcel titizlik ve sosyal sorumluluk gibi temel de\u011ferlerini ortaya koyuyor.&nbsp;<\/strong><\/h3>\n\n\n\n<p><em>\u201cAdalet benim i\u00e7in her zaman bu i\u015fin merkezinde olmu\u015ftur\u201d<\/em> diyor ulusal hukuk firmas\u0131 Ronald Fletcher Baker'da Ticari Gayrimenkul ve Finans Orta\u011f\u0131 olan Deniz O\u011fuzkanl\u0131.<\/p>\n\n\n\n<p>Her \u015fey bir hukuk \u00f6\u011frencisi olarak Vatanda\u015f Dan\u0131\u015fma B\u00fcrosu'nun hareketli koridorlar\u0131nda y\u00fcr\u00fcrken ba\u015flad\u0131 ve burada bireysel m\u00fccadelelerin keskin ger\u00e7eklerine ilk kez tan\u0131k oldu; yirmi y\u0131l sonra Deniz, Ticari Gayrimenkul ve Finans anla\u015fmalar\u0131n\u0131n karma\u015f\u0131k karma\u015f\u0131kl\u0131klar\u0131yla u\u011fra\u015f\u0131yor.&nbsp;<\/p>\n\n\n\n<p>Onun yolculu\u011fu adalet, i\u015f d\u00fcnyas\u0131 ve sosyal sorumluluk konular\u0131n\u0131 bir araya getiren bir yolculuk olmu\u015ftur.\u00a0 <em>\u201cBireylerin kar\u015f\u0131la\u015ft\u0131klar\u0131 sorunlar, insanlar\u0131 verdikleri s\u00f6zlere ba\u011fl\u0131 tutma m\u00fccadeleleri, bunlar\u0131n hepsi kurumsal d\u00fcnyaya yans\u0131yor\u201d<\/em> a\u00e7\u0131kl\u0131yor. <em>\u201cS\u00f6zle\u015fmeden do\u011fan y\u00fck\u00fcml\u00fcl\u00fckler s\u00f6z konusu oldu\u011funda, a\u00e7\u0131k ileti\u015fim son derece \u00f6nemlidir; ister bireysel ister uluslararas\u0131 kurumsal m\u00fcvekkillerimden biri olsun, hukuk ve avukatlar olarak rollerimiz, bunun birbirine ba\u011fl\u0131 bir a\u011f oldu\u011funu kabul etmekle ba\u015flar.\u201d<\/em> Ger\u00e7ek hayattaki zorluklar\u0131n potas\u0131nda \u015fekillenen bu erken fark\u0131ndal\u0131k, o zamandan beri hukuka yakla\u015f\u0131m\u0131n\u0131 \u015fekillendirdi.<\/p>\n\n\n\n<p>Kariyeri onu ceza davalar\u0131 ve d\u00fczenleyici hukuk d\u00fcnyas\u0131ndan y\u00fcksek de\u011ferli gayrimenkul ve finans i\u015flemlerine g\u00f6t\u00fcrd\u00fc ve k\u0131sa s\u00fcre \u00f6nce \u00f6nemli bir uluslararas\u0131 m\u00fc\u015fteri taban\u0131na sahip bir firma olan RFB'nin K\u0131demli Orta\u011f\u0131 olarak onaylanmas\u0131 yeni bir b\u00f6l\u00fcme i\u015faret ediyor. <em>\u201cUluslararas\u0131 m\u00fc\u015fterilerle \u00e7al\u0131\u015fmak,\u201d<\/em> not ediyor, <em>\u201cBu hassas bir dans. Farkl\u0131 g\u00f6r\u00fc\u015fler, bak\u0131\u015f a\u00e7\u0131lar\u0131, gelenekler... Bunlar\u0131n hepsinin \u00fcstesinden hassasiyetle gelmeniz gerekiyor.\u201d<\/em><\/p>\n\n\n\n<p>Ancak bu sadece k\u00fclt\u00fcrel n\u00fcanslar\u0131 anlamakla ilgili de\u011fil. Bu, kurumsal sosyal sorumlulu\u011fa y\u00f6nelik artan talebin fark\u0131na varmakla da ilgili. <em>\u201c\u0130\u015fletmeler geri verme sorumluluklar\u0131n\u0131n fark\u0131na var\u0131yor.\u201d<\/em> g\u00f6zlemliyor, <em>\u201cve avukatlar taraf\u0131ndan g\u00f6sterildi\u011finde de ayn\u0131 de\u011feri verirler.\u201d<\/em><\/p>\n\n\n\n<p>RFB'de bu ahlak sadece bir konu\u015fma konusu de\u011fildir. Firman\u0131n dokusuna i\u015flemi\u015f durumda. \u0130stanbul'da a\u00e7\u0131lan ilk uydu ofis, yerel hukuk dernekleri toplant\u0131lar\u0131na aktif kat\u0131l\u0131m, Singapur, Asya, Suudi Arabistan, Dubai ve ABD'ye seyahat eden avukatlar, k\u00fcresel kat\u0131l\u0131m konusundaki kararl\u0131l\u0131klar\u0131n\u0131n bir kan\u0131t\u0131.<\/p>\n\n\n\n<p>\u00c7e\u015fitli uluslararas\u0131 hassasiyetler aras\u0131nda gezinmek hassas bir denge gerektirir. <em>\u201cBunu farkl\u0131 g\u00f6r\u00fc\u015flere sayg\u0131 duyarak yap\u0131yoruz.\u201d<\/em> vurguluyor, <em>\u201cde\u011ferlerimizden ve standartlar\u0131m\u0131zdan asla \u00f6d\u00fcn vermeden.\u201d<\/em><\/p>\n\n\n\n<p>Firman\u0131n taahh\u00fcd\u00fc eve daha yak\u0131n bir yere de yans\u0131yor. Deniz, 2006 y\u0131l\u0131ndan bu yana yerel il\u00e7esi Hackney'de meclis \u00fcyesi olarak g\u00f6rev yapmaktad\u0131r. <em>\u201cHer d\u00fczeydeki avukatlar\u0131m\u0131z\u0131, toplumlar\u0131na do\u011frudan fayda sa\u011flayan projelerde yer almalar\u0131 i\u00e7in te\u015fvik ediyoruz.\u201d<\/em> diye a\u00e7\u0131kl\u0131yor. Hay\u0131r kurumlar\u0131, okullar ve e\u011fitim kurumlar\u0131nda yer alan ortaklarla birlikte 19 y\u0131l boyunca meclis \u00fcyesi olarak g\u00f6rev yapmas\u0131 da bu taahh\u00fcd\u00fcn alt\u0131n\u0131 \u00e7iziyor.<\/p>\n\n\n\n<p>\u201cT\u00fcm avukatlar\u0131m\u0131z\u0131 topluma geri vermeye te\u015fvik ediyoruz. B\u00f6ylece daha donan\u0131ml\u0131 avukatlar ortaya \u00e7\u0131k\u0131yor\u201d diyor.\u00a0<\/p>\n\n\n\n<p>Ve t\u00fcm bunlar\u0131n temelinde adalet aray\u0131\u015f\u0131 yatmaktad\u0131r. <em>\u201cHukuk mesle\u011fi, \u00f6z\u00fcnde bu adalet duygusuyla hareket eder,\u201d diye d\u00fc\u015f\u00fcn\u00fcyor. \u201cBir\u00e7o\u011fumuz bu alana bu y\u00fczden girdik. Bir alanda uzmanla\u015fman\u0131n ve karma\u015f\u0131k i\u015flemlerde yer alman\u0131n getirdi\u011fi entelekt\u00fcel zorluklar \u00f6nemli bir \u00e7ekiciliktir, ancak ger\u00e7ekten yank\u0131 uyand\u0131ran olumlu bir etki yaratma becerisidir.\u201d.<\/em><\/p>\n\n\n\n<blockquote class=\"wp-block-quote is-layout-flow wp-block-quote-is-layout-flow\">\n<p>\u201cYol boyunca bazen karma\u015f\u0131k ve imkans\u0131z gibi g\u00f6r\u00fcnen sorunlar\u0131 \u00e7\u00f6zmek zorunda kalarak ticari bir i\u015flemi tamamlamaya y\u00f6nlendirmekten b\u00fcy\u00fck keyif al\u0131yorum. RFB'de bu entelekt\u00fcel d\u00fcrt\u00fcm\u00fc tatmin ederken ayn\u0131 zamanda hay\u0131rseverlik \u00e7abalar\u0131mla topluma olumlu katk\u0131da bulunabiliyorum. M\u00fc\u015fterilerimin bunu takdir etti\u011fini ve bunun onlar\u0131n ki\u015fisel ve kurumsal de\u011ferleriyle giderek daha fazla \u00f6rt\u00fc\u015ft\u00fc\u011f\u00fcn\u00fc biliyorum.\u201d<\/p>\n<\/blockquote>\n\n\n\n<p>Yeni nesil avukatlar\u0131n RFB'nin yakla\u015f\u0131m\u0131nda cesaret bulaca\u011f\u0131n\u0131 umuyor. <em>\u201cHem entelekt\u00fcel titizli\u011fe hem de sosyal sorumlulu\u011fa de\u011fer veren bir firma.\u201d<\/em> sonuca var\u0131yor, <em>\u201cen iyi yetenekleri \u00e7ekmek ve elde tutmak i\u00e7in en iyi konuma sahiptir.\u201d<\/em> Ve kendi yolculu\u011funda, bu iki idealin birbirini d\u0131\u015flamad\u0131\u011f\u0131n\u0131, aksine ayr\u0131lmaz bir \u015fekilde i\u00e7 i\u00e7e ge\u00e7ti\u011fini kan\u0131tlad\u0131.<\/p>","protected":false},"author":5,"featured_media":6232,"parent":0,"menu_order":0,"template":"","format":"standard","meta":{"_acf_changed":false,"om_disable_all_campaigns":false,"_uf_show_specific_survey":0,"_uf_disable_surveys":false,"footnotes":""},"categories":[],"tags":[],"class_list":["post-6222","insight","type-insight","status-publish","format-standard","has-post-thumbnail","hentry"],"acf":[],"aioseo_notices":[],"yoast_head":"<!-- This site is optimized with the Yoast SEO plugin v27.2 - https:\/\/yoast.com\/product\/yoast-seo-wordpress\/ -->\n<title>Deniz Oguzkanli Takes Over as Senior Partner at RFB - RFB Legal<\/title>\n<meta name=\"description\" content=\"Deniz Oguzkanli takes over as Senior Partner at RFB and sets out his core values of justice, intellectual rigour and social responsibility.&nbsp; &quot;Justice\" \/>\n<meta name=\"robots\" content=\"index, follow, max-snippet:-1, max-image-preview:large, max-video-preview:-1\" \/>\n<link rel=\"canonical\" href=\"https:\/\/rfblegal.co.uk\/tr\/icgoruler\/deni\u0307z-oguzkanli-rfbde-kidemli\u0307-ortak-olarak-gorevi\u0307-devraldi\/\" \/>\n<meta property=\"og:locale\" content=\"tr_TR\" \/>\n<meta property=\"og:type\" content=\"article\" \/>\n<meta property=\"og:title\" content=\"Deniz Oguzkanli Takes Over as Senior Partner at RFB - RFB Legal\" \/>\n<meta property=\"og:description\" content=\"Deniz Oguzkanli takes over as Senior Partner at RFB and sets out his core values of justice, intellectual rigour and social responsibility.&nbsp; &quot;Justice\" \/>\n<meta property=\"og:url\" content=\"https:\/\/rfblegal.co.uk\/tr\/icgoruler\/deni\u0307z-oguzkanli-rfbde-kidemli\u0307-ortak-olarak-gorevi\u0307-devraldi\/\" \/>\n<meta property=\"og:site_name\" content=\"RFB Legal\" \/>\n<meta property=\"article:publisher\" content=\"https:\/\/www.facebook.com\/RFBLegal\/\" \/>\n<meta property=\"article:modified_time\" content=\"2025-05-02T15:29:51+00:00\" \/>\n<meta property=\"og:image\" content=\"https:\/\/rfblegal.co.uk\/wp-content\/uploads\/2025\/05\/DenizRFBbanner.png\" \/>\n\t<meta property=\"og:image:width\" content=\"2120\" \/>\n\t<meta property=\"og:image:height\" content=\"1108\" \/>\n\t<meta property=\"og:image:type\" content=\"image\/png\" \/>\n<meta name=\"twitter:card\" content=\"summary_large_image\" \/>\n<meta name=\"twitter:label1\" content=\"Est. reading time\" \/>\n\t<meta name=\"twitter:data1\" content=\"3 dakika\" \/>\n<script type=\"application\/ld+json\" class=\"yoast-schema-graph\">{\"@context\":\"https:\/\/schema.org\",\"@graph\":[{\"@type\":\"WebPage\",\"@id\":\"https:\/\/rfblegal.co.uk\/insights\/deniz-oguzkanli-takes-over-as-senior-partner-at-rfb\/\",\"url\":\"https:\/\/rfblegal.co.uk\/insights\/deniz-oguzkanli-takes-over-as-senior-partner-at-rfb\/\",\"name\":\"Deniz Oguzkanli Takes Over as Senior Partner at RFB - RFB Legal\",\"isPartOf\":{\"@id\":\"https:\/\/rfblegal.co.uk\/#website\"},\"primaryImageOfPage\":{\"@id\":\"https:\/\/rfblegal.co.uk\/insights\/deniz-oguzkanli-takes-over-as-senior-partner-at-rfb\/#primaryimage\"},\"image\":{\"@id\":\"https:\/\/rfblegal.co.uk\/insights\/deniz-oguzkanli-takes-over-as-senior-partner-at-rfb\/#primaryimage\"},\"thumbnailUrl\":\"https:\/\/rfblegal.co.uk\/wp-content\/uploads\/2025\/05\/DenizRFBbanner.png\",\"datePublished\":\"2025-05-02T15:28:54+00:00\",\"dateModified\":\"2025-05-02T15:29:51+00:00\",\"description\":\"Deniz Oguzkanli takes over as Senior Partner at RFB and sets out his core values of justice, intellectual rigour and social responsibility.&nbsp; \\\"Justice\",\"breadcrumb\":{\"@id\":\"https:\/\/rfblegal.co.uk\/insights\/deniz-oguzkanli-takes-over-as-senior-partner-at-rfb\/#breadcrumb\"},\"inLanguage\":\"tr\",\"potentialAction\":[{\"@type\":\"ReadAction\",\"target\":[\"https:\/\/rfblegal.co.uk\/insights\/deniz-oguzkanli-takes-over-as-senior-partner-at-rfb\/\"]}]},{\"@type\":\"ImageObject\",\"inLanguage\":\"tr\",\"@id\":\"https:\/\/rfblegal.co.uk\/insights\/deniz-oguzkanli-takes-over-as-senior-partner-at-rfb\/#primaryimage\",\"url\":\"https:\/\/rfblegal.co.uk\/wp-content\/uploads\/2025\/05\/DenizRFBbanner.png\",\"contentUrl\":\"https:\/\/rfblegal.co.uk\/wp-content\/uploads\/2025\/05\/DenizRFBbanner.png\",\"width\":2120,\"height\":1108},{\"@type\":\"BreadcrumbList\",\"@id\":\"https:\/\/rfblegal.co.uk\/insights\/deniz-oguzkanli-takes-over-as-senior-partner-at-rfb\/#breadcrumb\",\"itemListElement\":[{\"@type\":\"ListItem\",\"position\":1,\"name\":\"Home\",\"item\":\"https:\/\/rfblegal.co.uk\/\"},{\"@type\":\"ListItem\",\"position\":2,\"name\":\"Insights\",\"item\":\"https:\/\/rfblegal.co.uk\/insights\/\"},{\"@type\":\"ListItem\",\"position\":3,\"name\":\"Deniz Oguzkanli Takes Over as Senior Partner at RFB\"}]},{\"@type\":\"WebSite\",\"@id\":\"https:\/\/rfblegal.co.uk\/#website\",\"url\":\"https:\/\/rfblegal.co.uk\/\",\"name\":\"RFB Legal\",\"description\":\"\",\"publisher\":{\"@id\":\"https:\/\/rfblegal.co.uk\/#organization\"},\"potentialAction\":[{\"@type\":\"SearchAction\",\"target\":{\"@type\":\"EntryPoint\",\"urlTemplate\":\"https:\/\/rfblegal.co.uk\/?s={search_term_string}\"},\"query-input\":{\"@type\":\"PropertyValueSpecification\",\"valueRequired\":true,\"valueName\":\"search_term_string\"}}],\"inLanguage\":\"tr\"},{\"@type\":\"Organization\",\"@id\":\"https:\/\/rfblegal.co.uk\/#organization\",\"name\":\"RFB Legal\",\"url\":\"https:\/\/rfblegal.co.uk\/\",\"logo\":{\"@type\":\"ImageObject\",\"inLanguage\":\"tr\",\"@id\":\"https:\/\/rfblegal.co.uk\/#\/schema\/logo\/image\/\",\"url\":\"https:\/\/rfblegal.co.uk\/wp-content\/uploads\/2024\/01\/header_company_logo.svg\",\"contentUrl\":\"https:\/\/rfblegal.co.uk\/wp-content\/uploads\/2024\/01\/header_company_logo.svg\",\"caption\":\"RFB Legal\"},\"image\":{\"@id\":\"https:\/\/rfblegal.co.uk\/#\/schema\/logo\/image\/\"},\"sameAs\":[\"https:\/\/www.facebook.com\/RFBLegal\/\",\"https:\/\/www.linkedin.com\/uas\/login?session_redirect=company2012282\",\"https:\/\/www.instagram.com\/rfb_legal\/\"]}]}<\/script>\n<!-- \/ Yoast SEO plugin. -->","yoast_head_json":{"title":"Deniz O\u011fuzkanl\u0131 RFB'de K\u0131demli Ortak Olarak G\u00f6reve Ba\u015flad\u0131 - RFB Legal","description":"Deniz O\u011fuzkanl\u0131 RFB'nin K\u0131demli Orta\u011f\u0131 olarak g\u00f6revi devral\u0131yor ve temel de\u011ferleri olan adalet, entelekt\u00fcel titizlik ve sosyal sorumlulu\u011fu ortaya koyuyor.  \"Adalet","robots":{"index":"index","follow":"follow","max-snippet":"max-snippet:-1","max-image-preview":"max-image-preview:large","max-video-preview":"max-video-preview:-1"},"canonical":"https:\/\/rfblegal.co.uk\/tr\/icgoruler\/deni\u0307z-oguzkanli-rfbde-kidemli\u0307-ortak-olarak-gorevi\u0307-devraldi\/","og_locale":"tr_TR","og_type":"article","og_title":"Deniz Oguzkanli Takes Over as Senior Partner at RFB - RFB Legal","og_description":"Deniz Oguzkanli takes over as Senior Partner at RFB and sets out his core values of justice, intellectual rigour and social responsibility.&nbsp; \"Justice","og_url":"https:\/\/rfblegal.co.uk\/tr\/icgoruler\/deni\u0307z-oguzkanli-rfbde-kidemli\u0307-ortak-olarak-gorevi\u0307-devraldi\/","og_site_name":"RFB Legal","article_publisher":"https:\/\/www.facebook.com\/RFBLegal\/","article_modified_time":"2025-05-02T15:29:51+00:00","og_image":[{"width":2120,"height":1108,"url":"https:\/\/rfblegal.co.uk\/wp-content\/uploads\/2025\/05\/DenizRFBbanner.png","type":"image\/png"}],"twitter_card":"summary_large_image","twitter_misc":{"Est. reading time":"3 dakika"},"schema":{"@context":"https:\/\/schema.org","@graph":[{"@type":"WebPage","@id":"https:\/\/rfblegal.co.uk\/insights\/deniz-oguzkanli-takes-over-as-senior-partner-at-rfb\/","url":"https:\/\/rfblegal.co.uk\/insights\/deniz-oguzkanli-takes-over-as-senior-partner-at-rfb\/","name":"Deniz O\u011fuzkanl\u0131 RFB'de K\u0131demli Ortak Olarak G\u00f6reve Ba\u015flad\u0131 - RFB Legal","isPartOf":{"@id":"https:\/\/rfblegal.co.uk\/#website"},"primaryImageOfPage":{"@id":"https:\/\/rfblegal.co.uk\/insights\/deniz-oguzkanli-takes-over-as-senior-partner-at-rfb\/#primaryimage"},"image":{"@id":"https:\/\/rfblegal.co.uk\/insights\/deniz-oguzkanli-takes-over-as-senior-partner-at-rfb\/#primaryimage"},"thumbnailUrl":"https:\/\/rfblegal.co.uk\/wp-content\/uploads\/2025\/05\/DenizRFBbanner.png","datePublished":"2025-05-02T15:28:54+00:00","dateModified":"2025-05-02T15:29:51+00:00","description":"Deniz O\u011fuzkanl\u0131 RFB'nin K\u0131demli Orta\u011f\u0131 olarak g\u00f6revi devral\u0131yor ve temel de\u011ferleri olan adalet, entelekt\u00fcel titizlik ve sosyal sorumlulu\u011fu ortaya koyuyor.  \"Adalet","breadcrumb":{"@id":"https:\/\/rfblegal.co.uk\/insights\/deniz-oguzkanli-takes-over-as-senior-partner-at-rfb\/#breadcrumb"},"inLanguage":"tr","potentialAction":[{"@type":"ReadAction","target":["https:\/\/rfblegal.co.uk\/insights\/deniz-oguzkanli-takes-over-as-senior-partner-at-rfb\/"]}]},{"@type":"ImageObject","inLanguage":"tr","@id":"https:\/\/rfblegal.co.uk\/insights\/deniz-oguzkanli-takes-over-as-senior-partner-at-rfb\/#primaryimage","url":"https:\/\/rfblegal.co.uk\/wp-content\/uploads\/2025\/05\/DenizRFBbanner.png","contentUrl":"https:\/\/rfblegal.co.uk\/wp-content\/uploads\/2025\/05\/DenizRFBbanner.png","width":2120,"height":1108},{"@type":"BreadcrumbList","@id":"https:\/\/rfblegal.co.uk\/insights\/deniz-oguzkanli-takes-over-as-senior-partner-at-rfb\/#breadcrumb","itemListElement":[{"@type":"ListItem","position":1,"name":"Home","item":"https:\/\/rfblegal.co.uk\/"},{"@type":"ListItem","position":2,"name":"Insights","item":"https:\/\/rfblegal.co.uk\/insights\/"},{"@type":"ListItem","position":3,"name":"Deniz Oguzkanli Takes Over as Senior Partner at RFB"}]},{"@type":"WebSite","@id":"https:\/\/rfblegal.co.uk\/#website","url":"https:\/\/rfblegal.co.uk\/","name":"RFB Hukuk","description":"","publisher":{"@id":"https:\/\/rfblegal.co.uk\/#organization"},"potentialAction":[{"@type":"SearchAction","target":{"@type":"EntryPoint","urlTemplate":"https:\/\/rfblegal.co.uk\/?s={search_term_string}"},"query-input":{"@type":"PropertyValueSpecification","valueRequired":true,"valueName":"search_term_string"}}],"inLanguage":"tr"},{"@type":"Organization","@id":"https:\/\/rfblegal.co.uk\/#organization","name":"RFB Hukuk","url":"https:\/\/rfblegal.co.uk\/","logo":{"@type":"ImageObject","inLanguage":"tr","@id":"https:\/\/rfblegal.co.uk\/#\/schema\/logo\/image\/","url":"https:\/\/rfblegal.co.uk\/wp-content\/uploads\/2024\/01\/header_company_logo.svg","contentUrl":"https:\/\/rfblegal.co.uk\/wp-content\/uploads\/2024\/01\/header_company_logo.svg","caption":"RFB Legal"},"image":{"@id":"https:\/\/rfblegal.co.uk\/#\/schema\/logo\/image\/"},"sameAs":["https:\/\/www.facebook.com\/RFBLegal\/","https:\/\/www.linkedin.com\/uas\/login?session_redirect=company2012282","https:\/\/www.instagram.com\/rfb_legal\/"]}]}},"_links":{"self":[{"href":"https:\/\/rfblegal.co.uk\/tr\/wp-json\/wp\/v2\/insight\/6222","targetHints":{"allow":["GET"]}}],"collection":[{"href":"https:\/\/rfblegal.co.uk\/tr\/wp-json\/wp\/v2\/insight"}],"about":[{"href":"https:\/\/rfblegal.co.uk\/tr\/wp-json\/wp\/v2\/types\/insight"}],"author":[{"embeddable":true,"href":"https:\/\/rfblegal.co.uk\/tr\/wp-json\/wp\/v2\/users\/5"}],"version-history":[{"count":0,"href":"https:\/\/rfblegal.co.uk\/tr\/wp-json\/wp\/v2\/insight\/6222\/revisions"}],"wp:featuredmedia":[{"embeddable":true,"href":"https:\/\/rfblegal.co.uk\/tr\/wp-json\/wp\/v2\/media\/6232"}],"wp:attachment":[{"href":"https:\/\/rfblegal.co.uk\/tr\/wp-json\/wp\/v2\/media?parent=6222"}],"wp:term":[{"taxonomy":"category","embeddable":true,"href":"https:\/\/rfblegal.co.uk\/tr\/wp-json\/wp\/v2\/categories?post=6222"},{"taxonomy":"post_tag","embeddable":true,"href":"https:\/\/rfblegal.co.uk\/tr\/wp-json\/wp\/v2\/tags?post=6222"}],"curies":[{"name":"wp","href":"https:\/\/api.w.org\/{rel}","templated":true}]}}