{"id":3397,"date":"2022-10-19T10:55:05","date_gmt":"2022-10-19T10:55:05","guid":{"rendered":"https:\/\/rfblegal.co.uk\/?post_type=insight&#038;p=3397"},"modified":"2025-04-29T13:28:49","modified_gmt":"2025-04-29T13:28:49","slug":"seccao-28-a-utilizacao-crescente-de-provas-pre-gravadas-nos-julgamentos-penais","status":"publish","type":"insight","link":"https:\/\/rfblegal.co.uk\/pt\/percepcoes\/seccao-28-a-utilizacao-crescente-de-provas-pre-gravadas-nos-julgamentos-penais\/","title":{"rendered":"Sec\u00e7\u00e3o 28: a utiliza\u00e7\u00e3o crescente de provas pr\u00e9-gravadas em julgamentos penais"},"content":{"rendered":"<p style=\"padding-top:var(--wp--preset--spacing--20);padding-bottom:var(--wp--preset--spacing--20)\"><strong>No primeiro de dois artigos, Piers Desser, s\u00f3cio da Ronald Fletcher Baker respons\u00e1vel pelo contencioso penal, explica as origens da prova de v\u00eddeo pr\u00e9-gravada utilizada nos tribunais e descreve como funciona na pr\u00e1tica.<\/strong><\/p>\n\n\n\n<p style=\"padding-top:var(--wp--preset--spacing--20);padding-bottom:var(--wp--preset--spacing--20)\">O conceito de testemunho oral pr\u00e9-gravado nos tribunais penais n\u00e3o \u00e9 novo. Apesar do facto de as provas gravadas em v\u00eddeo reproduzidas em julgamento parecerem um desenvolvimento recente, foram concebidas h\u00e1 d\u00e9cadas e destinavam-se originalmente a obter melhores provas para crian\u00e7as e testemunhas vulner\u00e1veis.<\/p>\n\n\n\n<p style=\"padding-top:var(--wp--preset--spacing--20);padding-bottom:var(--wp--preset--spacing--20)\">As virtudes de apresentar provas a um j\u00fari desta forma foram debatidas na C\u00e2mara dos Comuns em numerosas ocasi\u00f5es e a recente expans\u00e3o do sistema para incluir mais Tribunais da Coroa significar\u00e1 que mais advogados ter\u00e3o de se envolver com este formato de julgamento. V\u00e1rios aspectos deste procedimento merecem agora uma nova reflex\u00e3o.<\/p>\n\n\n\n<p style=\"padding-top:var(--wp--preset--spacing--20);padding-bottom:var(--wp--preset--spacing--20)\">Foi a Lei da Justi\u00e7a Penal de 1988 que tornou poss\u00edvel, pela primeira vez, que uma testemunha prestasse depoimento fora da sala de audi\u00eancias atrav\u00e9s de uma liga\u00e7\u00e3o em direto. Apercebendo-se do seu potencial, Douglas Hurd, o ent\u00e3o Ministro do Interior, encomendou um inqu\u00e9rito para estudar outras iniciativas.<\/p>\n\n\n\n<p style=\"padding-top:var(--wp--preset--spacing--20);padding-bottom:var(--wp--preset--spacing--20)\">O Comit\u00e9 Pigot da\u00ed resultante baseou-se numa grande variedade de provas para apresentar propostas que, na altura, eram radicais. Estas propostas inclu\u00edam a produ\u00e7\u00e3o de provas totalmente pr\u00e9-gravadas para algumas testemunhas, em especial nos casos que envolviam alega\u00e7\u00f5es de car\u00e1cter sexual.<\/p>\n\n\n\n<p style=\"padding-top:var(--wp--preset--spacing--20);padding-bottom:var(--wp--preset--spacing--20)\">De certa forma, estava \u00e0 frente do seu tempo e foram necess\u00e1rios anos para que algumas dessas propostas entrassem em pr\u00e1tica - o que foi poss\u00edvel, em parte, gra\u00e7as \u00e0 Sec\u00e7\u00e3o 28 da Lei sobre Justi\u00e7a Juvenil e Prova Criminal de 1999, que trata diretamente das provas pr\u00e9-gravadas.<\/p>\n\n\n\n<p><\/p>\n\n\n\n<p class=\"has-text-align-center\" style=\"padding-top:var(--wp--preset--spacing--20);padding-bottom:var(--wp--preset--spacing--20)\"><strong>\u2018Potencial de risco para um julgamento justo\u2019<\/strong><\/p>\n\n\n\n<p><\/p>\n\n\n\n<p style=\"padding-top:var(--wp--preset--spacing--20);padding-bottom:var(--wp--preset--spacing--20)\">Os benef\u00edcios para a justi\u00e7a s\u00e3o claros. A idade e a maturidade devem ser apoiadas por um quadro legislativo que permita que as provas sejam ampliadas com clareza atrav\u00e9s de um procedimento que proporcione prote\u00e7\u00e3o contra as press\u00f5es potencialmente injustas do sistema contradit\u00f3rio e um exame s\u00f3lido.<\/p>\n\n\n\n<p style=\"padding-top:var(--wp--preset--spacing--20);padding-bottom:var(--wp--preset--spacing--20)\">Permitir que as testemunhas prestem contas num ambiente mais confort\u00e1vel, n\u00e3o no banco das testemunhas, e a um ritmo adequado conduziria a provas mais fi\u00e1veis, argumentou a comiss\u00e3o.<\/p>\n\n\n\n<p style=\"padding-top:var(--wp--preset--spacing--20);padding-bottom:var(--wp--preset--spacing--20)\">Os inconvenientes do regime eram os riscos potenciais para um julgamento justo. O registo do depoimento de uma testemunha meses antes do pr\u00f3prio julgamento cria o risco de a testemunha ter de ser chamada a depor. O processo de julgamento \u00e9 notoriamente din\u00e2mico e o registo pr\u00e9vio do depoimento de um queixoso era sempre suscet\u00edvel de criar obst\u00e1culos pr\u00e1ticos caso surgissem novas informa\u00e7\u00f5es.<\/p>\n\n\n\n<p style=\"padding-top:var(--wp--preset--spacing--20);padding-bottom:var(--wp--preset--spacing--20)\">Al\u00e9m disso, previa-se que o contrainterrogat\u00f3rio seria restringido a um ponto que tornaria dif\u00edcil para um defensor contestar adequadamente o depoimento da testemunha, enfraquecendo as t\u00e9cnicas h\u00e1 muito estabelecidas para minar a credibilidade.<\/p>\n\n\n\n<p style=\"padding-top:var(--wp--preset--spacing--20);padding-bottom:var(--wp--preset--spacing--20)\">No entanto, a Sec\u00e7\u00e3o 28 foi alargada a uma s\u00e9rie de tribunais-piloto e o procedimento rapidamente desenvolveu as suas pr\u00f3prias conven\u00e7\u00f5es ap\u00f3s a sua implementa\u00e7\u00e3o.<\/p>\n\n\n\n<p style=\"padding-top:var(--wp--preset--spacing--20);padding-bottom:var(--wp--preset--spacing--20)\">Na pr\u00e1tica, o procedimento come\u00e7a com a decis\u00e3o da pol\u00edcia de que o caso \u00e9 adequado para que a testemunha, frequentemente o queixoso, d\u00ea o seu testemunho sob a forma de uma grava\u00e7\u00e3o v\u00eddeo, conhecida como \"Achieving Best Evidence\" (ABE). Isto significa que a g\u00e9nese do procedimento depende da decis\u00e3o de um agente.<\/p>\n\n\n\n<p style=\"padding-top:var(--wp--preset--spacing--20);padding-bottom:var(--wp--preset--spacing--20)\">Esta grava\u00e7\u00e3o torna-se ent\u00e3o o depoimento principal da testemunha - que ser\u00e1 apresentado ao j\u00fari no julgamento. As filmagens podem ser editadas por acordo, mas uma falha potencial deste m\u00e9todo \u00e9 o facto de o advogado de acusa\u00e7\u00e3o j\u00e1 estar vinculado ao interrogat\u00f3rio narrativo estabelecido pelo agente que conduz a ABE.<\/p>\n\n\n\n<p><\/p>\n\n\n\n<p class=\"has-text-align-center\" style=\"padding-top:var(--wp--preset--spacing--20);padding-bottom:var(--wp--preset--spacing--20)\"><strong>\u2018Vulner\u00e1vel \u00e0 qualidade do interrogat\u00f3rio policial\u2019<\/strong><\/p>\n\n\n\n<p><\/p>\n\n\n\n<p style=\"padding-top:var(--wp--preset--spacing--20);padding-bottom:var(--wp--preset--spacing--20)\">Isto pode ter um efeito discordante na forma como o caso da acusa\u00e7\u00e3o \u00e9 apresentado ao j\u00fari, especialmente em casos factualmente complexos. \u00c9 igualmente vulner\u00e1vel \u00e0 qualidade do interrogat\u00f3rio policial, que pode ser habitualmente adequado para uma entrevista cautelar com um suspeito, mas n\u00e3o necessariamente para apresentar uma vers\u00e3o dos factos favor\u00e1vel ao j\u00fari.<\/p>\n\n\n\n<p style=\"padding-top:var(--wp--preset--spacing--20);padding-bottom:var(--wp--preset--spacing--20)\">Com a ABE gravada, um processo a caminho do julgamento \u00e9 ent\u00e3o listado para uma Audi\u00eancia de Regras B\u00e1sicas para estabelecer um calend\u00e1rio para a grava\u00e7\u00e3o da Sec\u00e7\u00e3o 28 do contrainterrogat\u00f3rio. Nesta fase, \u00e9 de salientar o facto de as orienta\u00e7\u00f5es indicarem que cada interveniente - tanto o advogado como o juiz - deve estar dispon\u00edvel para cada fase do processo, independentemente de outros compromissos.<\/p>\n\n\n\n<p style=\"padding-top:var(--wp--preset--spacing--20);padding-bottom:var(--wp--preset--spacing--20)\">Isto cria problemas na fixa\u00e7\u00e3o de prazos adequados e exige um n\u00edvel de obriga\u00e7\u00e3o mais elevado do que nos casos n\u00e3o abrangidos pelo regime, o que pode colocar problemas \u00e9ticos, em especial para os advogados de defesa.<\/p>\n\n\n\n<p style=\"padding-top:var(--wp--preset--spacing--20);padding-bottom:var(--wp--preset--spacing--20)\">Al\u00e9m disso, alguns tribunais ordenaram que os advogados de defesa apresentassem uma lista de perguntas antes da data da audi\u00eancia, para aprova\u00e7\u00e3o judicial pr\u00e9via. Embora a discuss\u00e3o pr\u00e9via dos temas do contrainterrogat\u00f3rio seja sem d\u00favida um exerc\u00edcio sensato, as perguntas pr\u00e9-aprovadas constituem claramente um risco para a integridade do processo.<\/p>\n\n\n\n<p style=\"padding-top:var(--wp--preset--spacing--20);padding-bottom:var(--wp--preset--spacing--20)\">Durante a audi\u00eancia da Sec\u00e7\u00e3o 28, o advogado estar\u00e1 dentro da sala de audi\u00eancias e a testemunha numa sala noutra parte do tribunal. S\u00e3o fixados per\u00edodos de tempo adequados para o interrogat\u00f3rio e cabe ao defensor pedir autoriza\u00e7\u00e3o ao juiz para fazer uma pergunta derivada, caso a resposta da testemunha d\u00ea oportunidade de desenvolver o assunto.<\/p>\n\n\n\n<p style=\"padding-top:var(--wp--preset--spacing--20);padding-bottom:var(--wp--preset--spacing--20)\">Os ju\u00edzes t\u00eam o dever de intervir no caso de serem colocadas perguntas inadequadas ou de o estilo de interrogat\u00f3rio n\u00e3o ser apropriado para a testemunha. As perguntas curtas e em ingl\u00eas simples est\u00e3o na ordem do dia. A inten\u00e7\u00e3o do sistema \u00e9 que tanto a ABE como o produto gravado do interrogat\u00f3rio da Sec\u00e7\u00e3o 28 sejam reproduzidos para o j\u00fari no julgamento, com a testemunha ausente.<\/p>\n\n\n\n<p><\/p>\n\n\n\n<p style=\"padding-top:var(--wp--preset--spacing--20);padding-bottom:var(--wp--preset--spacing--20)\"><em>Fica para a pr\u00f3xima: No segundo artigo, a publicar brevemente, Piers d\u00e1 uma vis\u00e3o mais aprofundada da Sec\u00e7\u00e3o 28 atrav\u00e9s da sua experi\u00eancia pessoal e conclui a sua explica\u00e7\u00e3o do regime com uma reflex\u00e3o sobre o seu futuro.<\/em><\/p>\n\n\n\n<p><\/p>\n\n\n\n<p><\/p>\n\n\n\n<p style=\"padding-top:var(--wp--preset--spacing--20);padding-bottom:var(--wp--preset--spacing--20)\"><strong>Para mais informa\u00e7\u00f5es, contactar diretamente Piers Desser em <\/strong><em><strong>020 7613 7138 ou correio eletr\u00f3nico\u00a0<a href=\"mailto:p.desser@rfblegal.co.uk\">p.desser@rfblegal.co.uk<\/a><\/strong><\/em><\/p>\n\n\n\n<p><a href=\"https:\/\/rfblegal.co.uk\/pt\/media\/k2\/items\/cache\/83a9554230ed6e6cccfe522a2a4bd53e_XL.jpg\/?t=20221124_140543\"><\/a><\/p>","protected":false},"author":1,"featured_media":0,"parent":0,"menu_order":0,"template":"","format":"standard","meta":{"_acf_changed":false,"om_disable_all_campaigns":false,"_uf_show_specific_survey":0,"_uf_disable_surveys":false,"footnotes":""},"categories":[],"tags":[],"class_list":["post-3397","insight","type-insight","status-publish","format-standard","hentry"],"acf":[],"aioseo_notices":[],"yoast_head":"<!-- This site is optimized with the Yoast SEO plugin v27.2 - https:\/\/yoast.com\/product\/yoast-seo-wordpress\/ -->\n<title>the increasing use of pre-recorded evidence in criminal trials<\/title>\n<meta name=\"description\" content=\"In the first of two articles, Piers Desser, Criminal Litigation Partner at Ronald Fletcher Baker, explains the origins of pre-recorded video evidence used\" \/>\n<meta name=\"robots\" content=\"index, follow, max-snippet:-1, max-image-preview:large, max-video-preview:-1\" \/>\n<link rel=\"canonical\" href=\"https:\/\/rfblegal.co.uk\/pt\/percepcoes\/seccao-28-a-utilizacao-crescente-de-provas-pre-gravadas-nos-julgamentos-penais\/\" \/>\n<meta property=\"og:locale\" content=\"pt_PT\" \/>\n<meta property=\"og:type\" content=\"article\" \/>\n<meta property=\"og:title\" content=\"the increasing use of pre-recorded evidence in criminal trials\" \/>\n<meta property=\"og:description\" content=\"In the first of two articles, Piers Desser, Criminal Litigation Partner at Ronald Fletcher Baker, explains the origins of pre-recorded video evidence used\" \/>\n<meta property=\"og:url\" content=\"https:\/\/rfblegal.co.uk\/pt\/percepcoes\/seccao-28-a-utilizacao-crescente-de-provas-pre-gravadas-nos-julgamentos-penais\/\" \/>\n<meta property=\"og:site_name\" content=\"RFB Legal\" \/>\n<meta property=\"article:publisher\" content=\"https:\/\/www.facebook.com\/RFBLegal\/\" \/>\n<meta property=\"article:modified_time\" content=\"2025-04-29T13:28:49+00:00\" \/>\n<meta name=\"twitter:card\" content=\"summary_large_image\" \/>\n<meta name=\"twitter:label1\" content=\"Est. reading time\" \/>\n\t<meta name=\"twitter:data1\" content=\"5 minutos\" \/>\n<script type=\"application\/ld+json\" class=\"yoast-schema-graph\">{\"@context\":\"https:\/\/schema.org\",\"@graph\":[{\"@type\":\"WebPage\",\"@id\":\"https:\/\/rfblegal.co.uk\/insights\/section-28-the-increasing-use-of-pre-recorded-evidence-in-criminal-trials\/\",\"url\":\"https:\/\/rfblegal.co.uk\/insights\/section-28-the-increasing-use-of-pre-recorded-evidence-in-criminal-trials\/\",\"name\":\"the increasing use of pre-recorded evidence in criminal trials\",\"isPartOf\":{\"@id\":\"https:\/\/rfblegal.co.uk\/#website\"},\"datePublished\":\"2022-10-19T10:55:05+00:00\",\"dateModified\":\"2025-04-29T13:28:49+00:00\",\"description\":\"In the first of two articles, Piers Desser, Criminal Litigation Partner at Ronald Fletcher Baker, explains the origins of pre-recorded video evidence used\",\"breadcrumb\":{\"@id\":\"https:\/\/rfblegal.co.uk\/insights\/section-28-the-increasing-use-of-pre-recorded-evidence-in-criminal-trials\/#breadcrumb\"},\"inLanguage\":\"pt-PT\",\"potentialAction\":[{\"@type\":\"ReadAction\",\"target\":[\"https:\/\/rfblegal.co.uk\/insights\/section-28-the-increasing-use-of-pre-recorded-evidence-in-criminal-trials\/\"]}]},{\"@type\":\"BreadcrumbList\",\"@id\":\"https:\/\/rfblegal.co.uk\/insights\/section-28-the-increasing-use-of-pre-recorded-evidence-in-criminal-trials\/#breadcrumb\",\"itemListElement\":[{\"@type\":\"ListItem\",\"position\":1,\"name\":\"Home\",\"item\":\"https:\/\/rfblegal.co.uk\/\"},{\"@type\":\"ListItem\",\"position\":2,\"name\":\"Insights\",\"item\":\"https:\/\/rfblegal.co.uk\/insights\/\"},{\"@type\":\"ListItem\",\"position\":3,\"name\":\"Section 28: the increasing use of pre-recorded evidence in criminal trials\"}]},{\"@type\":\"WebSite\",\"@id\":\"https:\/\/rfblegal.co.uk\/#website\",\"url\":\"https:\/\/rfblegal.co.uk\/\",\"name\":\"RFB Legal\",\"description\":\"\",\"publisher\":{\"@id\":\"https:\/\/rfblegal.co.uk\/#organization\"},\"potentialAction\":[{\"@type\":\"SearchAction\",\"target\":{\"@type\":\"EntryPoint\",\"urlTemplate\":\"https:\/\/rfblegal.co.uk\/?s={search_term_string}\"},\"query-input\":{\"@type\":\"PropertyValueSpecification\",\"valueRequired\":true,\"valueName\":\"search_term_string\"}}],\"inLanguage\":\"pt-PT\"},{\"@type\":\"Organization\",\"@id\":\"https:\/\/rfblegal.co.uk\/#organization\",\"name\":\"RFB Legal\",\"url\":\"https:\/\/rfblegal.co.uk\/\",\"logo\":{\"@type\":\"ImageObject\",\"inLanguage\":\"pt-PT\",\"@id\":\"https:\/\/rfblegal.co.uk\/#\/schema\/logo\/image\/\",\"url\":\"https:\/\/rfblegal.co.uk\/wp-content\/uploads\/2024\/01\/header_company_logo.svg\",\"contentUrl\":\"https:\/\/rfblegal.co.uk\/wp-content\/uploads\/2024\/01\/header_company_logo.svg\",\"caption\":\"RFB Legal\"},\"image\":{\"@id\":\"https:\/\/rfblegal.co.uk\/#\/schema\/logo\/image\/\"},\"sameAs\":[\"https:\/\/www.facebook.com\/RFBLegal\/\",\"https:\/\/www.linkedin.com\/uas\/login?session_redirect=company2012282\",\"https:\/\/www.instagram.com\/rfb_legal\/\"]}]}<\/script>\n<!-- \/ Yoast SEO plugin. -->","yoast_head_json":{"title":"a utiliza\u00e7\u00e3o crescente de provas pr\u00e9-gravadas nos julgamentos penais","description":"No primeiro de dois artigos, Piers Desser, s\u00f3cio da Ronald Fletcher Baker respons\u00e1vel pelo contencioso penal, explica as origens das provas de v\u00eddeo pr\u00e9-gravadas utilizadas","robots":{"index":"index","follow":"follow","max-snippet":"max-snippet:-1","max-image-preview":"max-image-preview:large","max-video-preview":"max-video-preview:-1"},"canonical":"https:\/\/rfblegal.co.uk\/pt\/percepcoes\/seccao-28-a-utilizacao-crescente-de-provas-pre-gravadas-nos-julgamentos-penais\/","og_locale":"pt_PT","og_type":"article","og_title":"the increasing use of pre-recorded evidence in criminal trials","og_description":"In the first of two articles, Piers Desser, Criminal Litigation Partner at Ronald Fletcher Baker, explains the origins of pre-recorded video evidence used","og_url":"https:\/\/rfblegal.co.uk\/pt\/percepcoes\/seccao-28-a-utilizacao-crescente-de-provas-pre-gravadas-nos-julgamentos-penais\/","og_site_name":"RFB Legal","article_publisher":"https:\/\/www.facebook.com\/RFBLegal\/","article_modified_time":"2025-04-29T13:28:49+00:00","twitter_card":"summary_large_image","twitter_misc":{"Est. reading time":"5 minutos"},"schema":{"@context":"https:\/\/schema.org","@graph":[{"@type":"WebPage","@id":"https:\/\/rfblegal.co.uk\/insights\/section-28-the-increasing-use-of-pre-recorded-evidence-in-criminal-trials\/","url":"https:\/\/rfblegal.co.uk\/insights\/section-28-the-increasing-use-of-pre-recorded-evidence-in-criminal-trials\/","name":"a utiliza\u00e7\u00e3o crescente de provas pr\u00e9-gravadas nos julgamentos penais","isPartOf":{"@id":"https:\/\/rfblegal.co.uk\/#website"},"datePublished":"2022-10-19T10:55:05+00:00","dateModified":"2025-04-29T13:28:49+00:00","description":"No primeiro de dois artigos, Piers Desser, s\u00f3cio da Ronald Fletcher Baker respons\u00e1vel pelo contencioso penal, explica as origens das provas de v\u00eddeo pr\u00e9-gravadas utilizadas","breadcrumb":{"@id":"https:\/\/rfblegal.co.uk\/insights\/section-28-the-increasing-use-of-pre-recorded-evidence-in-criminal-trials\/#breadcrumb"},"inLanguage":"pt-PT","potentialAction":[{"@type":"ReadAction","target":["https:\/\/rfblegal.co.uk\/insights\/section-28-the-increasing-use-of-pre-recorded-evidence-in-criminal-trials\/"]}]},{"@type":"BreadcrumbList","@id":"https:\/\/rfblegal.co.uk\/insights\/section-28-the-increasing-use-of-pre-recorded-evidence-in-criminal-trials\/#breadcrumb","itemListElement":[{"@type":"ListItem","position":1,"name":"Home","item":"https:\/\/rfblegal.co.uk\/"},{"@type":"ListItem","position":2,"name":"Insights","item":"https:\/\/rfblegal.co.uk\/insights\/"},{"@type":"ListItem","position":3,"name":"Section 28: the increasing use of pre-recorded evidence in criminal trials"}]},{"@type":"WebSite","@id":"https:\/\/rfblegal.co.uk\/#website","url":"https:\/\/rfblegal.co.uk\/","name":"Jur\u00eddico da RFB","description":"","publisher":{"@id":"https:\/\/rfblegal.co.uk\/#organization"},"potentialAction":[{"@type":"SearchAction","target":{"@type":"EntryPoint","urlTemplate":"https:\/\/rfblegal.co.uk\/?s={search_term_string}"},"query-input":{"@type":"PropertyValueSpecification","valueRequired":true,"valueName":"search_term_string"}}],"inLanguage":"pt-PT"},{"@type":"Organization","@id":"https:\/\/rfblegal.co.uk\/#organization","name":"Jur\u00eddico da RFB","url":"https:\/\/rfblegal.co.uk\/","logo":{"@type":"ImageObject","inLanguage":"pt-PT","@id":"https:\/\/rfblegal.co.uk\/#\/schema\/logo\/image\/","url":"https:\/\/rfblegal.co.uk\/wp-content\/uploads\/2024\/01\/header_company_logo.svg","contentUrl":"https:\/\/rfblegal.co.uk\/wp-content\/uploads\/2024\/01\/header_company_logo.svg","caption":"RFB Legal"},"image":{"@id":"https:\/\/rfblegal.co.uk\/#\/schema\/logo\/image\/"},"sameAs":["https:\/\/www.facebook.com\/RFBLegal\/","https:\/\/www.linkedin.com\/uas\/login?session_redirect=company2012282","https:\/\/www.instagram.com\/rfb_legal\/"]}]}},"_links":{"self":[{"href":"https:\/\/rfblegal.co.uk\/pt\/wp-json\/wp\/v2\/insight\/3397","targetHints":{"allow":["GET"]}}],"collection":[{"href":"https:\/\/rfblegal.co.uk\/pt\/wp-json\/wp\/v2\/insight"}],"about":[{"href":"https:\/\/rfblegal.co.uk\/pt\/wp-json\/wp\/v2\/types\/insight"}],"author":[{"embeddable":true,"href":"https:\/\/rfblegal.co.uk\/pt\/wp-json\/wp\/v2\/users\/1"}],"version-history":[{"count":0,"href":"https:\/\/rfblegal.co.uk\/pt\/wp-json\/wp\/v2\/insight\/3397\/revisions"}],"wp:attachment":[{"href":"https:\/\/rfblegal.co.uk\/pt\/wp-json\/wp\/v2\/media?parent=3397"}],"wp:term":[{"taxonomy":"category","embeddable":true,"href":"https:\/\/rfblegal.co.uk\/pt\/wp-json\/wp\/v2\/categories?post=3397"},{"taxonomy":"post_tag","embeddable":true,"href":"https:\/\/rfblegal.co.uk\/pt\/wp-json\/wp\/v2\/tags?post=3397"}],"curies":[{"name":"wp","href":"https:\/\/api.w.org\/{rel}","templated":true}]}}