{"id":9239,"date":"2026-04-17T14:50:23","date_gmt":"2026-04-17T14:50:23","guid":{"rendered":"https:\/\/rfblegal.co.uk\/?post_type=knowledge-base&#038;p=9239"},"modified":"2026-04-20T09:58:50","modified_gmt":"2026-04-20T09:58:50","slug":"un-guide-sur-le-statut-de-lemploi-et-lir35-dans-le-secteur-prive","status":"publish","type":"knowledge-base","link":"https:\/\/rfblegal.co.uk\/fr\/base-de-connaissances\/un-guide-sur-le-statut-de-lemploi-et-lir35-dans-le-secteur-prive\/","title":{"rendered":"Guide sur le statut professionnel et l'IR35 dans le secteur priv\u00e9"},"content":{"rendered":"<p>L'IR35 est une l\u00e9gislation qui concerne sp\u00e9cifiquement le statut d'emploi des entrepreneurs, leur relation avec les clients et la fiscalit\u00e9. A partir de 6<sup>th<\/sup>&nbsp;En avril 2020, les moyennes et grandes entreprises seront tenues de d\u00e9terminer le statut de tous les contractants avec lesquels elles s'engagent, ce guide a pour but d'aider \u00e0 distiller les points essentiels de la l\u00e9gislation.<\/p>\n\n\n\n<p><strong><u>Quel est le contexte de l'IR35 ?<\/u><\/strong><\/p>\n\n\n\n<p>Dans un certain nombre d'industries du secteur priv\u00e9, il est courant qu'une personne cr\u00e9e une soci\u00e9t\u00e9 \u00e0 responsabilit\u00e9 limit\u00e9e par l'interm\u00e9diaire de laquelle elle fournit ses services, plut\u00f4t que d'\u00eatre un employ\u00e9 direct ou un travailleur de l'entreprise \u00e0 laquelle elle fournit du travail.&nbsp;<\/p>\n\n\n\n<p>Ces soci\u00e9t\u00e9s \u00e0 responsabilit\u00e9 limit\u00e9e sont commun\u00e9ment appel\u00e9es \u2018soci\u00e9t\u00e9s de services personnels\u2019 (SSP). Le particulier est g\u00e9n\u00e9ralement l'actionnaire unique ou majoritaire et il est la seule personne \u00e0 fournir des services au nom de sa soci\u00e9t\u00e9 \u00e0 responsabilit\u00e9 limit\u00e9e.&nbsp;<\/p>\n\n\n\n<p>En g\u00e9n\u00e9ral, le CSP facture l'entreprise \u00e0 laquelle il a fourni du travail, et une fois que l'entreprise a pay\u00e9 le CSP, l'individu se paie lui-m\u00eame. Actuellement, la pratique courante veut que la majeure partie du paiement soit effectu\u00e9e sous forme de dividendes et qu'un salaire moins \u00e9lev\u00e9 soit vers\u00e9, ce qui se traduit par un taux d'imposition sur le revenu plus faible.&nbsp;<\/p>\n\n\n\n<p>L'IR35 est une l\u00e9gislation fiscale mise en place pour emp\u00eacher le paiement de l'imp\u00f4t de cette mani\u00e8re. Souvent, la r\u00e9alit\u00e9 de la situation est que la personne ayant un CSP et l'entreprise qui l'embauche auraient une relation de travail si le CSP \u00e9tait retir\u00e9 de la situation.&nbsp;<\/p>\n\n\n\n<p>L'effet de cette mesure aurait \u00e9galement un impact significatif sur le statut d'un individu au regard du droit du travail.&nbsp;<\/p>\n\n\n\n<p>L'entreprise qui fait appel \u00e0 la CFP b\u00e9n\u00e9ficie du fait que la personne n'est pas employ\u00e9e directement et qu'elle n'a pas de droits en mati\u00e8re de droit du travail (tels que le droit de ne pas \u00eatre licenci\u00e9 abusivement, le droit \u00e0 une indemnit\u00e9 de licenciement et le droit aux cong\u00e9s pay\u00e9s, pour n'en citer que quelques-uns). Il n'aura pas non plus \u00e0 payer les cotisations de retraite et les cotisations patronales \u00e0 l'assurance nationale, ce qui peut repr\u00e9senter une \u00e9conomie importante.<\/p>\n\n\n\n<p><strong><u>Quel est l'effet de l'IR35 ?<\/u><\/strong><\/p>\n\n\n\n<p>Si une relation contractuelle est couverte par l'IR35, la personne ayant un contrat de travail temporaire sera consid\u00e9r\u00e9e comme un employ\u00e9 \u00e0 des fins fiscales. En cons\u00e9quence, cette personne devra \u00eatre r\u00e9mun\u00e9r\u00e9e de la m\u00eame mani\u00e8re qu'un salari\u00e9, avec d\u00e9duction de l'imp\u00f4t sur le revenu et des cotisations \u00e0 l'assurance nationale. Cela signifie probablement que l'imp\u00f4t \u00e0 payer est plus \u00e9lev\u00e9 que celui que le PSC paie actuellement.&nbsp;<\/p>\n\n\n\n<p>Si une personne paie des imp\u00f4ts alors qu'elle n'est pas couverte par l'IR35 (c'est-\u00e0-dire par des dividendes et un faible salaire), et qu'elle devrait en fait payer l'imp\u00f4t sur le revenu sur l'ensemble de ses revenus, le HMRC peut r\u00e9cup\u00e9rer les imp\u00f4ts et les cotisations d'assurance nationale manquants sur une p\u00e9riode de six ans. Des int\u00e9r\u00eats et des p\u00e9nalit\u00e9s peuvent \u00e9galement \u00eatre dus. Le fait de travailler par l'interm\u00e9diaire d'une soci\u00e9t\u00e9 de prestation de services peut donc entra\u00eener une responsabilit\u00e9 financi\u00e8re importante, alors qu'en r\u00e9alit\u00e9, il y aurait une relation d'emploi directe sans la soci\u00e9t\u00e9 de prestation de services. Il y aura \u00e9galement des implications sur le statut de l'individu au regard du droit du travail, ce qui est abord\u00e9 plus loin. Toutefois, si un contrat se situe en dehors de l'IR35, la personne sera consid\u00e9r\u00e9e comme un v\u00e9ritable travailleur ind\u00e9pendant et pourra payer l'imp\u00f4t sous forme de dividendes et de paiements de salaires moins \u00e9lev\u00e9s. Il est \u00e9galement probable qu'il ne b\u00e9n\u00e9ficiera d'aucun droit en mati\u00e8re de droit du travail, puisqu'il s'agirait essentiellement d'un contrat entre deux entreprises.<\/p>\n\n\n\n<p><strong><u>Qui \u00e9value le statut IR35 et quelles sont les obligations qui en d\u00e9coulent ?<\/u><\/strong>&nbsp;<\/p>\n\n\n\n<p>Moyennes et grandes entreprises&nbsp;<\/p>\n\n\n\n<p>A partir de 6<sup>th<\/sup>&nbsp;En avril 2020, les moyennes et grandes entreprises du secteur priv\u00e9 seront charg\u00e9es de confirmer le statut IR35 des personnes qu'elles engagent pour travailler par l'interm\u00e9diaire de soci\u00e9t\u00e9s de services publics. Pour \u00eatre une moyenne ou une grande entreprise, l'entreprise qui embauche doit r\u00e9pondre \u00e0 au moins deux des crit\u00e8res suivants :<\/p>\n\n\n\n<ul class=\"wp-block-list\">\n<li>Ils emploient plus de 50 personnes ;<\/li>\n\n\n\n<li>Ils ont un bilan de plus de 5,1 millions de livres sterling ;<\/li>\n\n\n\n<li>Leur chiffre d'affaires annuel est sup\u00e9rieur \u00e0 10,2 millions de livres sterling.<\/li>\n<\/ul>\n\n\n\n<p>Avant le d\u00e9but d'un contrat, ou \u00e0 la date \u00e0 laquelle il commence, les moyennes ou grandes entreprises doivent remettre \u00e0 l'individu\/PSC une d\u00e9claration de d\u00e9termination du statut qui explique la raison pour laquelle une personne est ou n'est pas couverte par l'IR35. Si elles ne le font pas, ou si elles ne font pas preuve d'une diligence raisonnable lors de la d\u00e9termination du statut, la moyenne\/grande entreprise sera responsable de l'imp\u00f4t et de l'assurance nationale jusqu'\u00e0 ce que le travailleur re\u00e7oive la d\u00e9claration. Si l'individu\/la CSP n'est pas d'accord avec la d\u00e9termination du statut, il\/elle peut la contester. La moyenne ou grande entreprise dispose de 45 jours pour revoir sa d\u00e9cision et confirmer si elle maintient sa d\u00e9claration ou si elle retire sa d\u00e9claration et \u00e9met une d\u00e9termination diff\u00e9rente. Si elle ne le fait pas, l'entreprise sera responsable de l'imp\u00f4t et de l'assurance nationale jusqu'\u00e0 ce que le travailleur re\u00e7oive sa d\u00e9claration.<\/p>\n\n\n\n<p>Ces entreprises seront \u00e9galement responsables des d\u00e9ductions fiscales et d'assurance nationale correctes lorsqu'elles effectueront des paiements \u00e0 la personne travaillant pour elles. Il est donc primordial que les moyennes et grandes entreprises \u00e9valuent raisonnablement le statut fiscal des personnes travaillant pour elles, afin d'\u00e9viter de s'exposer \u00e0 des demandes de la part du HMRC. Si elles ne le font pas, elles risquent de devoir payer des imp\u00f4ts et des cotisations d'assurance nationale insuffisants, sans compter les int\u00e9r\u00eats et les p\u00e9nalit\u00e9s potentielles qui accompagnent le non-respect de leurs nouvelles obligations.<\/p>\n\n\n\n<p>Petites entreprises<\/p>\n\n\n\n<p>Si l'entreprise qui embauche est une petite entreprise du secteur priv\u00e9, il n'y a pas de changement. Il incombera \u00e0 la personne qui a un CSP de confirmer son statut au regard de l'IR35. Cela signifie qu'il reste responsable du paiement correct de l'imp\u00f4t sur le revenu et de l'assurance nationale et que, s'il se consid\u00e8re \u00e0 tort comme n'entrant pas dans le champ d'application de l'IR35, il reste redevable des int\u00e9r\u00eats et des p\u00e9nalit\u00e9s qui d\u00e9coulent de cette \u00e9valuation erron\u00e9e.<\/p>\n\n\n\n<p><strong><u>Comment d\u00e9terminer si votre relation contractuelle entre ou non dans le champ d'application de l'IR35 ?<\/u><\/strong><\/p>\n\n\n\n<p>Un certain nombre de facteurs doivent \u00eatre pris en compte pour d\u00e9terminer si une personne entre ou non dans le champ d'application de l'IR35.<\/p>\n\n\n\n<ol class=\"wp-block-list\">\n<li><strong>Contr\u00f4le et direction<\/strong><\/li>\n<\/ol>\n\n\n\n<p>L'un des principaux facteurs d\u00e9terminant le statut IR35 est la mesure dans laquelle un client contr\u00f4le le lieu, le moment et la mani\u00e8re dont une personne effectue son travail. Dans la plupart des cas o\u00f9 des services professionnels sont fournis, il est important qu'un entrepreneur puisse faire preuve d'une certaine autonomie dans la mani\u00e8re dont il entreprend un projet. Les employ\u00e9s sont g\u00e9n\u00e9ralement sous la supervision et le contr\u00f4le directs de leur employeur, mais les v\u00e9ritables ind\u00e9pendants auront plus d'influence sur la mani\u00e8re dont ils r\u00e9alisent le travail pour lequel ils ont \u00e9t\u00e9 engag\u00e9s.<\/p>\n\n\n\n<ol start=\"2\" class=\"wp-block-list\">\n<li><strong>Service personnel \/ Substitution<\/strong><\/li>\n<\/ol>\n\n\n\n<p>Le droit de fournir un rempla\u00e7ant dans le cadre d'un accord contractuel est depuis longtemps consid\u00e9r\u00e9 comme un facteur important pour d\u00e9montrer qu'une mission contractuelle n'entre pas dans le champ d'application de l'IR35. Un employ\u00e9 fournit ses services personnels \u00e0 un employeur, tandis qu'une entreprise fournit ses services \u00e0 un client, plut\u00f4t que les services exclusifs d'un individu. Par cons\u00e9quent, tous les contrats professionnels \u2018compatibles avec l'IR35\u2019 comprennent une clause de substitution.<\/p>\n\n\n\n<ol start=\"3\" class=\"wp-block-list\">\n<li><strong>Mutualit\u00e9 des obligations<\/strong><\/li>\n<\/ol>\n\n\n\n<p>Il y a mutualit\u00e9 d'obligations lorsqu'un employeur attend d'un travailleur qu'il effectue un travail lorsqu'on le lui demande, et que le travailleur s'attend \u00e0 ce qu'on lui donne du travail de mani\u00e8re constante. Les travailleurs ind\u00e9pendants, quant \u00e0 eux, s'attendent \u00e0 ce qu'un client les engage pour effectuer une t\u00e2che sp\u00e9cifique, sans s'attendre \u00e0 ce qu'un autre travail leur soit fourni apr\u00e8s l'expiration de la t\u00e2che initiale.<\/p>\n\n\n\n<p><strong><u>Qu'est-ce que cela signifie pour le statut d'un individu dans le droit du travail ?<\/u><\/strong><\/p>\n\n\n\n<p>Le fait qu'une personne soit couverte par l'IR35 ne signifie pas n\u00e9cessairement qu'elle est un employ\u00e9 au sens des r\u00e8gles du droit du travail. Une personne ayant un CSP peut \u00eatre :<\/p>\n\n\n\n<ul class=\"wp-block-list\">\n<li>Un employ\u00e9 ;<\/li>\n\n\n\n<li>Un travailleur ; ou<\/li>\n\n\n\n<li>Travailleur ind\u00e9pendant.<\/li>\n<\/ul>\n\n\n\n<p>Les droits li\u00e9s \u00e0 la situation de l'emploi diff\u00e8rent.<\/p>\n\n\n\n<p><strong><u>Qui sera consid\u00e9r\u00e9 comme un employ\u00e9 ?<\/u><\/strong><\/p>\n\n\n\n<p>Un salari\u00e9 est une personne qui travaille dans le cadre d'un contrat de travail. Il s'agit d'un contrat de service ou d'apprentissage. Il peut s'agir d'un accord \u00e9crit ou verbal, mais il peut aussi \u00eatre implicite du fait de la nature de la relation. Une jurisprudence abondante a \u00e9tabli que pour qu'il y ait contrat de travail, il faut qu'il y ait quatre \u00e9l\u00e9ments minimums :<\/p>\n\n\n\n<ul class=\"wp-block-list\">\n<li>Un contrat verbal ou \u00e9crit (entre le travailleur et l'employeur) ;<\/li>\n\n\n\n<li>L'obligation pour l'employeur de donner du travail et pour l'individu d'accepter du travail ;<\/li>\n\n\n\n<li>l'obligation pour l'individu de fournir un travail personnellement et de ne pas pouvoir envoyer un rempla\u00e7ant ; et<\/li>\n\n\n\n<li>Contr\u00f4le par l'employeur de la mani\u00e8re dont le travail est effectu\u00e9.&nbsp;<\/li>\n<\/ul>\n\n\n\n<p>D'autres facteurs sont \u00e9galement pris en compte, tels que la fourniture des outils et de l'\u00e9quipement, le mode de paiement (sur facture ou par le biais des salaires), le statut fiscal et d'assurance nationale de la relation et la question de savoir qui serait b\u00e9n\u00e9ficiaire ou risquerait de subir des pertes.&nbsp;<\/p>\n\n\n\n<p><strong><u>Quels sont les droits des salari\u00e9s en mati\u00e8re de droit du travail ?<\/u><\/strong>&nbsp;<\/p>\n\n\n\n<p>Un salari\u00e9 a droit \u00e0 un \u00e9ventail complet de r\u00e9clamations en mati\u00e8re de droit du travail, y compris la possibilit\u00e9 de r\u00e9clamer un licenciement abusif et une indemnit\u00e9 de licenciement apr\u00e8s avoir accumul\u00e9 deux ann\u00e9es de service ininterrompu. Il peut \u00e9galement r\u00e9clamer des d\u00e9ductions ill\u00e9gales sur son salaire, des cong\u00e9s pay\u00e9s, une discrimination, un travail flexible et des droits couverts par le r\u00e8glement TUPE.&nbsp;<\/p>\n\n\n\n<p><strong><u>Qui serait consid\u00e9r\u00e9 comme un travailleur ?<\/u><\/strong><\/p>\n\n\n\n<p>Une personne est susceptible d'\u00eatre class\u00e9e comme travailleur si elle a un contrat (verbal ou \u00e9crit) pour effectuer un travail personnel et que l'autre partie (l'employeur potentiel) n'est pas un client de la soci\u00e9t\u00e9 ou de l'entreprise de la personne.&nbsp;<\/p>\n\n\n\n<p>La principale diff\u00e9rence entre un travailleur et un employ\u00e9 est qu'un travailleur peut refuser de travailler, alors qu'un employ\u00e9 ne peut pas refuser de travailler. Si un employ\u00e9 refuse de travailler, il est passible de sanctions disciplinaires, alors qu'un travailleur n'est pas sanctionn\u00e9 s'il refuse de travailler.&nbsp;<\/p>\n\n\n\n<p>Il est important de noter qu'un travailleur ne peut pas envoyer un rempla\u00e7ant pour effectuer son travail. Dans les cas de faux travail ind\u00e9pendant, les contrats indiquent souvent qu'un rempla\u00e7ant peut \u00eatre envoy\u00e9 au travail \u00e0 la place de l'individu, alors que ce n'est pas le cas.&nbsp;<\/p>\n\n\n\n<p><strong><u>Quels sont les droits des travailleurs en mati\u00e8re de droit du travail ?<\/u><\/strong>&nbsp;<\/p>\n\n\n\n<p>Les travailleurs n'ont pas le droit de r\u00e9clamer un licenciement abusif ou une indemnit\u00e9 de licenciement. Ils ne peuvent pas demander \u00e0 b\u00e9n\u00e9ficier d'un horaire flexible et ont g\u00e9n\u00e9ralement des droits plus limit\u00e9s que les salari\u00e9s.&nbsp;<\/p>\n\n\n\n<p>Ils ont toutefois le droit de r\u00e9clamer des d\u00e9ductions ill\u00e9gales de leur salaire, le paiement du salaire minimum national et des cong\u00e9s pay\u00e9s. Ils peuvent \u00e9galement se plaindre de discrimination et b\u00e9n\u00e9ficient d'une protection contre les d\u00e9nonciations.&nbsp;<\/p>\n\n\n\n<p>Si une personne est consid\u00e9r\u00e9e comme un travailleur par un tribunal et qu'elle n'a pas pris ou pay\u00e9 ses vacances parce qu'elle n'a pas \u00e9t\u00e9 autoris\u00e9e \u00e0 le faire, le travailleur a le droit de demander \u00e0 son employeur de prendre toutes les vacances qui lui sont dues. Le travailleur aurait accumul\u00e9 un droit \u00e0 4 semaines de vacances par an au prorata et les vacances qui lui sont dues remonteraient au d\u00e9but de la relation de travail.&nbsp;<\/p>\n\n\n\n<p>Un travailleur n'a droit au paiement des cong\u00e9s non pris que si la relation de travail prend fin, mais si un travailleur a travaill\u00e9 pour une entreprise pendant plusieurs ann\u00e9es, il pourrait \u00eatre redevable d'une somme importante. Par exemple, si un travailleur a \u00e9t\u00e9 engag\u00e9 pendant 7 ans mais n'a jamais pris de cong\u00e9s pay\u00e9s, il pourrait avoir droit \u00e0 120 jours de cong\u00e9s s'il travaille 5 jours par semaine.<\/p>\n\n\n\n<p><strong><u>Qui sera ind\u00e9pendant ?<\/u><\/strong>&nbsp;<\/p>\n\n\n\n<p>Lorsque les parties consid\u00e8rent leur relation comme celle d'un client et que l'individu exerce son activit\u00e9 de son propre chef, il n'est pas susceptible d'\u00eatre consid\u00e9r\u00e9 comme un employ\u00e9 ou un travailleur.&nbsp;<\/p>\n\n\n\n<p>Si une personne est en mesure d'envoyer un rempla\u00e7ant pour effectuer le travail qu'elle est cens\u00e9e effectuer en vertu du contrat, cela sugg\u00e8re qu'elle exerce son activit\u00e9 de son propre chef. Il serait inhabituel qu'un client d\u00e9clare qu'une personne n'est pas autoris\u00e9e \u00e0 envoyer quelqu'un d'autre pour effectuer un travail.&nbsp;<\/p>\n\n\n\n<p>Un travailleur ind\u00e9pendant est responsable du succ\u00e8s ou de l'\u00e9chec de son entreprise, ce qui n'est pas le cas lorsqu'il travaille pour une autre soci\u00e9t\u00e9. Il lui incombe \u00e9galement de fournir ses propres outils et \u00e9quipements pour mener \u00e0 bien un travail.<\/p>\n\n\n\n<p><strong><u>Quels sont les droits des travailleurs ind\u00e9pendants en mati\u00e8re de droit du travail ?<\/u><\/strong>&nbsp;<\/p>\n\n\n\n<p>Si un individu est ind\u00e9pendant, il n'aura pas droit aux protections du droit du travail et ne pourra pas faire valoir ses droits devant le tribunal du travail. Tout litige entre les parties au contrat est donc susceptible d'\u00eatre une rupture de contrat relevant de la comp\u00e9tence des tribunaux civils.<\/p>\n\n\n\n<p><strong><u>Conclusion<\/u><\/strong>&nbsp;<\/p>\n\n\n\n<p>En r\u00e9sum\u00e9, une personne ayant un CSP et qui est v\u00e9ritablement ind\u00e9pendante a toutes les chances de ne pas tomber dans le champ d'application de l'IR35 et il est peu probable qu'elle ait des droits en vertu du droit du travail.&nbsp;<\/p>\n\n\n\n<p>Toutefois, si une personne ayant un CSP tombe dans le champ d'application de l'IR35, elle sera probablement consid\u00e9r\u00e9e comme un travailleur ou un employ\u00e9 au sens du droit du travail et, pour tous les types d'entreprises, il y aura une responsabilit\u00e9 potentielle pour les cong\u00e9s qui n'ont pas \u00e9t\u00e9 autoris\u00e9s \u00e0 \u00eatre pris.&nbsp;<\/p>\n\n\n\n<p>Les moyennes et grandes entreprises risquent \u00e9galement d'\u00eatre tenues responsables du paiement d'imp\u00f4ts et de cotisations d'assurance nationale insuffisants, ainsi que d'int\u00e9r\u00eats et de p\u00e9nalit\u00e9s si elles ne font pas preuve d'une prudence raisonnable lorsqu'elles \u00e9valuent le statut IR35 des personnes qui travaillent pour elles \u00e0 partir du 1er janvier 2010, et ce jusqu'\u00e0 la fin de l'ann\u00e9e.<sup>th<\/sup>&nbsp;Avril 2020.&nbsp;<\/p>\n\n\n\n<p><strong>Si vous avez besoin de conseils concernant le statut d'emploi d'une personne ou d'une CFP, veuillez contacter nos avocats sp\u00e9cialis\u00e9s en droit du travail \u00e0 l'adresse suivante\u00a0<a href=\"mailto:employmentteam@rfblegal.co.uk\">employmentteam@rfblegal.co.uk<\/a>.<\/strong><\/p>\n\n\n\n<p><\/p>\n\n\n\n<p><em><strong>(A noter :<\/strong> Cet article a \u00e9t\u00e9 publi\u00e9 \u00e0 l'origine sur notre ancien site web et n'est fourni qu'\u00e0 titre d'information g\u00e9n\u00e9rale. Bien qu'il refl\u00e8te la situation juridique au moment de sa r\u00e9daction, la loi peut avoir chang\u00e9 depuis sa publication. Pour obtenir des conseils actualis\u00e9s et adapt\u00e9s \u00e0 votre situation, veuillez contacter notre \u00e9quipe).<\/em><\/p>\n\n\n\n<p><\/p>","protected":false},"author":11,"featured_media":0,"parent":0,"menu_order":0,"template":"","format":"standard","meta":{"_acf_changed":false,"om_disable_all_campaigns":false,"_uf_show_specific_survey":0,"_uf_disable_surveys":false,"footnotes":""},"categories":[],"tags":[],"class_list":["post-9239","knowledge-base","type-knowledge-base","status-publish","format-standard","hentry"],"acf":[],"aioseo_notices":[],"yoast_head":"<!-- This site is optimized with the Yoast SEO plugin v27.2 - https:\/\/yoast.com\/product\/yoast-seo-wordpress\/ -->\n<title>A guide to Employment status and IR35 in the private sector - RFB Legal<\/title>\n<meta name=\"robots\" content=\"index, follow, max-snippet:-1, max-image-preview:large, max-video-preview:-1\" \/>\n<link rel=\"canonical\" href=\"https:\/\/rfblegal.co.uk\/fr\/base-de-connaissances\/un-guide-sur-le-statut-de-lemploi-et-lir35-dans-le-secteur-prive\/\" \/>\n<meta property=\"og:locale\" content=\"fr_FR\" \/>\n<meta property=\"og:type\" content=\"article\" \/>\n<meta property=\"og:title\" content=\"A guide to Employment status and IR35 in the private sector - RFB Legal\" \/>\n<meta property=\"og:description\" content=\"IR35 is legislation that specifically relates to the employment status of contractors, their relationship to clients, and taxation. From 6th&nbsp;April 2020, medium and large companies will be liable for determining the status of any contractors they engage with, this guide is intended to help distil the essential points of the legislation. What is the background &hellip; Continued\" \/>\n<meta property=\"og:url\" content=\"https:\/\/rfblegal.co.uk\/fr\/base-de-connaissances\/un-guide-sur-le-statut-de-lemploi-et-lir35-dans-le-secteur-prive\/\" \/>\n<meta property=\"og:site_name\" content=\"RFB Legal\" \/>\n<meta property=\"article:publisher\" content=\"https:\/\/www.facebook.com\/RFBLegal\/\" \/>\n<meta property=\"article:modified_time\" content=\"2026-04-20T09:58:50+00:00\" \/>\n<meta name=\"twitter:card\" content=\"summary_large_image\" \/>\n<meta name=\"twitter:label1\" content=\"Est. reading time\" \/>\n\t<meta name=\"twitter:data1\" content=\"10 minutes\" \/>\n<script type=\"application\/ld+json\" class=\"yoast-schema-graph\">{\"@context\":\"https:\/\/schema.org\",\"@graph\":[{\"@type\":\"WebPage\",\"@id\":\"https:\/\/rfblegal.co.uk\/knowledge-base\/a-guide-to-employment-status-and-ir35-in-the-private-sector\/\",\"url\":\"https:\/\/rfblegal.co.uk\/knowledge-base\/a-guide-to-employment-status-and-ir35-in-the-private-sector\/\",\"name\":\"A guide to Employment status and IR35 in the private sector - RFB Legal\",\"isPartOf\":{\"@id\":\"https:\/\/rfblegal.co.uk\/#website\"},\"datePublished\":\"2026-04-17T14:50:23+00:00\",\"dateModified\":\"2026-04-20T09:58:50+00:00\",\"breadcrumb\":{\"@id\":\"https:\/\/rfblegal.co.uk\/knowledge-base\/a-guide-to-employment-status-and-ir35-in-the-private-sector\/#breadcrumb\"},\"inLanguage\":\"fr-FR\",\"potentialAction\":[{\"@type\":\"ReadAction\",\"target\":[\"https:\/\/rfblegal.co.uk\/knowledge-base\/a-guide-to-employment-status-and-ir35-in-the-private-sector\/\"]}]},{\"@type\":\"BreadcrumbList\",\"@id\":\"https:\/\/rfblegal.co.uk\/knowledge-base\/a-guide-to-employment-status-and-ir35-in-the-private-sector\/#breadcrumb\",\"itemListElement\":[{\"@type\":\"ListItem\",\"position\":1,\"name\":\"Home\",\"item\":\"https:\/\/rfblegal.co.uk\/\"},{\"@type\":\"ListItem\",\"position\":2,\"name\":\"Knowledge base\",\"item\":\"https:\/\/rfblegal.co.uk\/knowledge-base\/\"},{\"@type\":\"ListItem\",\"position\":3,\"name\":\"A guide to Employment status and IR35 in the private sector\"}]},{\"@type\":\"WebSite\",\"@id\":\"https:\/\/rfblegal.co.uk\/#website\",\"url\":\"https:\/\/rfblegal.co.uk\/\",\"name\":\"RFB Legal\",\"description\":\"\",\"publisher\":{\"@id\":\"https:\/\/rfblegal.co.uk\/#organization\"},\"potentialAction\":[{\"@type\":\"SearchAction\",\"target\":{\"@type\":\"EntryPoint\",\"urlTemplate\":\"https:\/\/rfblegal.co.uk\/?s={search_term_string}\"},\"query-input\":{\"@type\":\"PropertyValueSpecification\",\"valueRequired\":true,\"valueName\":\"search_term_string\"}}],\"inLanguage\":\"fr-FR\"},{\"@type\":\"Organization\",\"@id\":\"https:\/\/rfblegal.co.uk\/#organization\",\"name\":\"RFB Legal\",\"url\":\"https:\/\/rfblegal.co.uk\/\",\"logo\":{\"@type\":\"ImageObject\",\"inLanguage\":\"fr-FR\",\"@id\":\"https:\/\/rfblegal.co.uk\/#\/schema\/logo\/image\/\",\"url\":\"https:\/\/rfblegal.co.uk\/wp-content\/uploads\/2024\/01\/header_company_logo.svg\",\"contentUrl\":\"https:\/\/rfblegal.co.uk\/wp-content\/uploads\/2024\/01\/header_company_logo.svg\",\"caption\":\"RFB Legal\"},\"image\":{\"@id\":\"https:\/\/rfblegal.co.uk\/#\/schema\/logo\/image\/\"},\"sameAs\":[\"https:\/\/www.facebook.com\/RFBLegal\/\",\"https:\/\/www.linkedin.com\/uas\/login?session_redirect=company2012282\",\"https:\/\/www.instagram.com\/rfb_legal\/\"]}]}<\/script>\n<!-- \/ Yoast SEO plugin. -->","yoast_head_json":{"title":"Guide sur le statut professionnel et l'IR35 dans le secteur priv\u00e9 - RFB Legal","robots":{"index":"index","follow":"follow","max-snippet":"max-snippet:-1","max-image-preview":"max-image-preview:large","max-video-preview":"max-video-preview:-1"},"canonical":"https:\/\/rfblegal.co.uk\/fr\/base-de-connaissances\/un-guide-sur-le-statut-de-lemploi-et-lir35-dans-le-secteur-prive\/","og_locale":"fr_FR","og_type":"article","og_title":"A guide to Employment status and IR35 in the private sector - RFB Legal","og_description":"IR35 is legislation that specifically relates to the employment status of contractors, their relationship to clients, and taxation. From 6th&nbsp;April 2020, medium and large companies will be liable for determining the status of any contractors they engage with, this guide is intended to help distil the essential points of the legislation. What is the background &hellip; Continued","og_url":"https:\/\/rfblegal.co.uk\/fr\/base-de-connaissances\/un-guide-sur-le-statut-de-lemploi-et-lir35-dans-le-secteur-prive\/","og_site_name":"RFB Legal","article_publisher":"https:\/\/www.facebook.com\/RFBLegal\/","article_modified_time":"2026-04-20T09:58:50+00:00","twitter_card":"summary_large_image","twitter_misc":{"Est. reading time":"10 minutes"},"schema":{"@context":"https:\/\/schema.org","@graph":[{"@type":"WebPage","@id":"https:\/\/rfblegal.co.uk\/knowledge-base\/a-guide-to-employment-status-and-ir35-in-the-private-sector\/","url":"https:\/\/rfblegal.co.uk\/knowledge-base\/a-guide-to-employment-status-and-ir35-in-the-private-sector\/","name":"Guide sur le statut professionnel et l'IR35 dans le secteur priv\u00e9 - RFB Legal","isPartOf":{"@id":"https:\/\/rfblegal.co.uk\/#website"},"datePublished":"2026-04-17T14:50:23+00:00","dateModified":"2026-04-20T09:58:50+00:00","breadcrumb":{"@id":"https:\/\/rfblegal.co.uk\/knowledge-base\/a-guide-to-employment-status-and-ir35-in-the-private-sector\/#breadcrumb"},"inLanguage":"fr-FR","potentialAction":[{"@type":"ReadAction","target":["https:\/\/rfblegal.co.uk\/knowledge-base\/a-guide-to-employment-status-and-ir35-in-the-private-sector\/"]}]},{"@type":"BreadcrumbList","@id":"https:\/\/rfblegal.co.uk\/knowledge-base\/a-guide-to-employment-status-and-ir35-in-the-private-sector\/#breadcrumb","itemListElement":[{"@type":"ListItem","position":1,"name":"Home","item":"https:\/\/rfblegal.co.uk\/"},{"@type":"ListItem","position":2,"name":"Knowledge base","item":"https:\/\/rfblegal.co.uk\/knowledge-base\/"},{"@type":"ListItem","position":3,"name":"A guide to Employment status and IR35 in the private sector"}]},{"@type":"WebSite","@id":"https:\/\/rfblegal.co.uk\/#website","url":"https:\/\/rfblegal.co.uk\/","name":"Appel d'offres juridique","description":"","publisher":{"@id":"https:\/\/rfblegal.co.uk\/#organization"},"potentialAction":[{"@type":"SearchAction","target":{"@type":"EntryPoint","urlTemplate":"https:\/\/rfblegal.co.uk\/?s={search_term_string}"},"query-input":{"@type":"PropertyValueSpecification","valueRequired":true,"valueName":"search_term_string"}}],"inLanguage":"fr-FR"},{"@type":"Organization","@id":"https:\/\/rfblegal.co.uk\/#organization","name":"Appel d'offres juridique","url":"https:\/\/rfblegal.co.uk\/","logo":{"@type":"ImageObject","inLanguage":"fr-FR","@id":"https:\/\/rfblegal.co.uk\/#\/schema\/logo\/image\/","url":"https:\/\/rfblegal.co.uk\/wp-content\/uploads\/2024\/01\/header_company_logo.svg","contentUrl":"https:\/\/rfblegal.co.uk\/wp-content\/uploads\/2024\/01\/header_company_logo.svg","caption":"RFB Legal"},"image":{"@id":"https:\/\/rfblegal.co.uk\/#\/schema\/logo\/image\/"},"sameAs":["https:\/\/www.facebook.com\/RFBLegal\/","https:\/\/www.linkedin.com\/uas\/login?session_redirect=company2012282","https:\/\/www.instagram.com\/rfb_legal\/"]}]}},"_links":{"self":[{"href":"https:\/\/rfblegal.co.uk\/fr\/wp-json\/wp\/v2\/knowledge-base\/9239","targetHints":{"allow":["GET"]}}],"collection":[{"href":"https:\/\/rfblegal.co.uk\/fr\/wp-json\/wp\/v2\/knowledge-base"}],"about":[{"href":"https:\/\/rfblegal.co.uk\/fr\/wp-json\/wp\/v2\/types\/knowledge-base"}],"author":[{"embeddable":true,"href":"https:\/\/rfblegal.co.uk\/fr\/wp-json\/wp\/v2\/users\/11"}],"version-history":[{"count":3,"href":"https:\/\/rfblegal.co.uk\/fr\/wp-json\/wp\/v2\/knowledge-base\/9239\/revisions"}],"predecessor-version":[{"id":9262,"href":"https:\/\/rfblegal.co.uk\/fr\/wp-json\/wp\/v2\/knowledge-base\/9239\/revisions\/9262"}],"wp:attachment":[{"href":"https:\/\/rfblegal.co.uk\/fr\/wp-json\/wp\/v2\/media?parent=9239"}],"wp:term":[{"taxonomy":"category","embeddable":true,"href":"https:\/\/rfblegal.co.uk\/fr\/wp-json\/wp\/v2\/categories?post=9239"},{"taxonomy":"post_tag","embeddable":true,"href":"https:\/\/rfblegal.co.uk\/fr\/wp-json\/wp\/v2\/tags?post=9239"}],"curies":[{"name":"wp","href":"https:\/\/api.w.org\/{rel}","templated":true}]}}