{"id":5860,"date":"2025-04-01T06:10:10","date_gmt":"2025-04-01T06:10:10","guid":{"rendered":"https:\/\/rfblegal.co.uk\/?post_type=insight&#038;p=5860"},"modified":"2025-04-01T10:56:18","modified_gmt":"2025-04-01T10:56:18","slug":"afsheen-nasr-assume-le-role-dassociee-directrice","status":"publish","type":"insight","link":"https:\/\/rfblegal.co.uk\/fr\/perspectives\/afsheen-nasr-assume-le-role-dassociee-directrice\/","title":{"rendered":"Afsheen Nasr devient associ\u00e9e g\u00e9rante"},"content":{"rendered":"<h1 class=\"wp-block-heading\">\u201cNous nous trouvons \u00e0 un moment de grande opportunit\u00e9\u201d, d\u00e9clare Afsheen Nasr, la nouvelle associ\u00e9e directrice du cabinet.\u00a0<\/h1>\n\n\n\n<p>M. Nasr assume le r\u00f4le d'associ\u00e9 directeur, apr\u00e8s une p\u00e9riode de 11 ans sous la direction pr\u00e9c\u00e9dente, qui a couronn\u00e9 une carri\u00e8re de 35 ans au sein de l'entreprise. \u201cC'est passionnant !  Nous avons des bases tr\u00e8s solides, mais il s'agit vraiment d'un rafra\u00eechissement, d'un nouveau d\u00e9part. Un nouveau d\u00e9part.\u201d<\/p>\n\n\n\n<p>La nomination de M. Nasr intervient \u00e0 un moment charni\u00e8re, apr\u00e8s une d\u00e9cennie d'expansion qui a vu RFB s'implanter \u00e0 Manchester et \u00e0 Exeter.<\/p>\n\n\n\n<p>\u201cNous nous appuyons sur un h\u00e9ritage solide et nous sommes d\u00e9sormais pr\u00eats \u00e0 acc\u00e9l\u00e9rer notre croissance et notre innovation. Il s'agit d'exploiter nos 78 ann\u00e9es d'expertise et de propulser RFB vers un avenir dynamique. Nous avons pos\u00e9 des fondations solides, et il est maintenant temps de les d\u00e9velopper avec une attention renouvel\u00e9e et une vision strat\u00e9gique.\u201d&nbsp;<\/p>\n\n\n\n<p>\u201cNous nous appuyons sur quelque chose de d\u00e9j\u00e0 solide, mais avec une perspective nouvelle. J'ai beaucoup d'id\u00e9es nouvelles. Et je me sens vraiment soutenu par cet incroyable partenariat.\u201d<\/p>\n\n\n\n<p>Mme Nasr a d'abord travaill\u00e9 pour RFB \u00e0 Londres, avant que des obligations familiales ne l'am\u00e8nent \u00e0 retourner dans le Nord. Ayant \u00e9voqu\u00e9 l'id\u00e9e d'un bureau \u00e0 Manchester, elle a \u00e9t\u00e9 ravie de diriger la nouvelle offre lors de son ouverture en 2016.<\/p>\n\n\n\n<p>Mme Nasr reste bas\u00e9e \u00e0 Manchester, mais se rend fr\u00e9quemment \u00e0 Londres. Sa nomination refl\u00e8te la philosophie de RFB, qui consiste \u00e0 reconna\u00eetre les talents plut\u00f4t que les limites. Elle renforce \u00e9galement l'id\u00e9e d'un cabinet unique, plut\u00f4t que d'une \u00e9quipe londonienne avec des bureaux satellites.<\/p>\n\n\n\n<p>\u201cLorsque nous avons pris la d\u00e9cision de choisir le successeur, il s'agissait de savoir qui \u00e9tait la meilleure personne pour le poste et de ne pas laisser le lieu de r\u00e9sidence l'entraver.\u201d&nbsp;<\/p>\n\n\n\n<p>La nomination de M. Nasr refl\u00e8te \u00e9galement l'engagement de RFB \u00e0 cultiver le plus large \u00e9ventail de talents et \u00e0 refl\u00e9ter la diversit\u00e9 de sa client\u00e8le.<\/p>\n\n\n\n<p>\u201cJe suis tout \u00e0 fait consciente que je repr\u00e9sente une minorit\u00e9. Lorsque l'annonce a \u00e9t\u00e9 faite au cabinet, j'ai re\u00e7u des courriels tr\u00e8s gentils de coll\u00e8gues me disant qu'ils \u00e9taient tr\u00e8s heureux que je continue \u00e0 refl\u00e9ter l'approche avant-gardiste du cabinet. Je suis incroyablement fi\u00e8re de faire partie d'une entreprise aussi diversifi\u00e9e.\u201d<\/p>\n\n\n\n<p>Apr\u00e8s avoir pris des locaux plus vastes pour accueillir l'\u00e9quipe grandissante de Manchester, Mme Nasr envisage de regrouper les bureaux de Londres. Elle souhaite \u00e9galement s'appuyer sur la force \u00e9tablie de RFB dans le domaine de l'immobilier en \u00e9largissant son offre au financement de l'immobilier et \u00e0 la construction, tout en augmentant le nombre d'activit\u00e9s non immobili\u00e8res.<\/p>\n\n\n\n<blockquote class=\"wp-block-quote is-layout-flow wp-block-quote-is-layout-flow\">\n<p>\u201cNous avons toujours \u00e9t\u00e9 dynamiques. Nous n'avons jamais consid\u00e9r\u00e9 comme acquises les relations que nous avons \u00e9tablies avec notre personnel ou nos clients. Nous avons toujours compris la n\u00e9cessit\u00e9 de continuer \u00e0 nous adapter \u00e0 l'\u00e9volution des besoins de nos clients.\u00a0<\/p>\n\n\n\n<p>Ma vision est de stimuler la croissance de RFB par le biais de l'innovation strat\u00e9gique, en veillant \u00e0 ce que nous apportions une valeur exceptionnelle \u00e0 nos clients. Il ne s'agit pas seulement d'\u00e9tendre notre port\u00e9e, mais aussi d'approfondir notre expertise et d'am\u00e9liorer l'exp\u00e9rience de nos clients. Il s'agit d'apporter une valeur ajout\u00e9e. Nous attirerons et responsabiliserons des personnes \u00e0 l'esprit d'entreprise qui partagent notre engagement en faveur de l'excellence et qui sont d\u00e9sireuses de contribuer \u00e0 la prochaine phase de succ\u00e8s de RFB.  En encourageant une culture de l'innovation et un engagement profond envers nos clients, nous allons non seulement \u00e9lever notre entreprise, mais aussi permettre \u00e0 nos clients de r\u00e9aliser leurs ambitions\u201d.\u201d\u00a0<\/p>\n<\/blockquote>\n\n\n\n<p>La nomination d'Afsheen Nasr est plus qu'un changement de direction ; c'est un reflet puissant de l'engagement de RFB en faveur de la diversit\u00e9 et de ses principes avant-gardistes. Comme elle l'a expliqu\u00e9, il s'agit de reconna\u00eetre les talents et de favoriser une culture o\u00f9 chacun peut s'\u00e9panouir. Sa vision de l'avenir du cabinet est aussi inclusive que son leadership, ce qui permet \u00e0 RFB de rester une force dynamique et pertinente dans le paysage juridique.<\/p>","protected":false},"author":5,"featured_media":5868,"parent":0,"menu_order":0,"template":"","format":"standard","meta":{"_acf_changed":false,"om_disable_all_campaigns":false,"_uf_show_specific_survey":0,"_uf_disable_surveys":false,"footnotes":""},"categories":[1],"tags":[],"class_list":["post-5860","insight","type-insight","status-publish","format-standard","has-post-thumbnail","hentry","category-uncategorized"],"acf":[],"aioseo_notices":[],"yoast_head":"<!-- This site is optimized with the Yoast SEO plugin v27.2 - https:\/\/yoast.com\/product\/yoast-seo-wordpress\/ -->\n<title>Afsheen Nasr Assumes the Managing Partner Role - RFB Legal<\/title>\n<meta name=\"description\" content=\"&quot;We stand at a moment of significant opportunity,&quot; states Afsheen Nasr, the firm&#039;s new Managing Partner.\u00a0 Nasr assumes the Managing Partner role,\" \/>\n<meta name=\"robots\" content=\"index, follow, max-snippet:-1, max-image-preview:large, max-video-preview:-1\" \/>\n<link rel=\"canonical\" href=\"https:\/\/rfblegal.co.uk\/fr\/perspectives\/afsheen-nasr-assume-le-role-dassociee-directrice\/\" \/>\n<meta property=\"og:locale\" content=\"fr_FR\" \/>\n<meta property=\"og:type\" content=\"article\" \/>\n<meta property=\"og:title\" content=\"Afsheen Nasr Assumes the Managing Partner Role - RFB Legal\" \/>\n<meta property=\"og:description\" content=\"&quot;We stand at a moment of significant opportunity,&quot; states Afsheen Nasr, the firm&#039;s new Managing Partner.\u00a0 Nasr assumes the Managing Partner role,\" \/>\n<meta property=\"og:url\" content=\"https:\/\/rfblegal.co.uk\/fr\/perspectives\/afsheen-nasr-assume-le-role-dassociee-directrice\/\" \/>\n<meta property=\"og:site_name\" content=\"RFB Legal\" \/>\n<meta property=\"article:publisher\" content=\"https:\/\/www.facebook.com\/RFBLegal\/\" \/>\n<meta property=\"article:modified_time\" content=\"2025-04-01T10:56:18+00:00\" \/>\n<meta property=\"og:image\" content=\"https:\/\/rfblegal.co.uk\/wp-content\/uploads\/2025\/03\/Afsheen-Website-Image-2540-x-1328-px-scaled.jpg\" \/>\n\t<meta property=\"og:image:width\" content=\"2120\" \/>\n\t<meta property=\"og:image:height\" content=\"1108\" \/>\n\t<meta property=\"og:image:type\" content=\"image\/jpeg\" \/>\n<meta name=\"twitter:card\" content=\"summary_large_image\" \/>\n<meta name=\"twitter:label1\" content=\"Est. reading time\" \/>\n\t<meta name=\"twitter:data1\" content=\"3 minutes\" \/>\n<script type=\"application\/ld+json\" class=\"yoast-schema-graph\">{\"@context\":\"https:\/\/schema.org\",\"@graph\":[{\"@type\":\"WebPage\",\"@id\":\"https:\/\/rfblegal.co.uk\/insights\/afsheen-nasr-assumes-the-managing-partner-role\/\",\"url\":\"https:\/\/rfblegal.co.uk\/insights\/afsheen-nasr-assumes-the-managing-partner-role\/\",\"name\":\"Afsheen Nasr Assumes the Managing Partner Role - RFB Legal\",\"isPartOf\":{\"@id\":\"https:\/\/rfblegal.co.uk\/#website\"},\"primaryImageOfPage\":{\"@id\":\"https:\/\/rfblegal.co.uk\/insights\/afsheen-nasr-assumes-the-managing-partner-role\/#primaryimage\"},\"image\":{\"@id\":\"https:\/\/rfblegal.co.uk\/insights\/afsheen-nasr-assumes-the-managing-partner-role\/#primaryimage\"},\"thumbnailUrl\":\"https:\/\/rfblegal.co.uk\/wp-content\/uploads\/2025\/03\/Afsheen-Website-Image-2540-x-1328-px-scaled.jpg\",\"datePublished\":\"2025-04-01T06:10:10+00:00\",\"dateModified\":\"2025-04-01T10:56:18+00:00\",\"description\":\"\\\"We stand at a moment of significant opportunity,\\\" states Afsheen Nasr, the firm's new Managing Partner.\u00a0 Nasr assumes the Managing Partner role,\",\"breadcrumb\":{\"@id\":\"https:\/\/rfblegal.co.uk\/insights\/afsheen-nasr-assumes-the-managing-partner-role\/#breadcrumb\"},\"inLanguage\":\"fr-FR\",\"potentialAction\":[{\"@type\":\"ReadAction\",\"target\":[\"https:\/\/rfblegal.co.uk\/insights\/afsheen-nasr-assumes-the-managing-partner-role\/\"]}]},{\"@type\":\"ImageObject\",\"inLanguage\":\"fr-FR\",\"@id\":\"https:\/\/rfblegal.co.uk\/insights\/afsheen-nasr-assumes-the-managing-partner-role\/#primaryimage\",\"url\":\"https:\/\/rfblegal.co.uk\/wp-content\/uploads\/2025\/03\/Afsheen-Website-Image-2540-x-1328-px-scaled.jpg\",\"contentUrl\":\"https:\/\/rfblegal.co.uk\/wp-content\/uploads\/2025\/03\/Afsheen-Website-Image-2540-x-1328-px-scaled.jpg\",\"width\":2120,\"height\":1108},{\"@type\":\"BreadcrumbList\",\"@id\":\"https:\/\/rfblegal.co.uk\/insights\/afsheen-nasr-assumes-the-managing-partner-role\/#breadcrumb\",\"itemListElement\":[{\"@type\":\"ListItem\",\"position\":1,\"name\":\"Home\",\"item\":\"https:\/\/rfblegal.co.uk\/\"},{\"@type\":\"ListItem\",\"position\":2,\"name\":\"Insights\",\"item\":\"https:\/\/rfblegal.co.uk\/insights\/\"},{\"@type\":\"ListItem\",\"position\":3,\"name\":\"Afsheen Nasr Assumes the Managing Partner Role\"}]},{\"@type\":\"WebSite\",\"@id\":\"https:\/\/rfblegal.co.uk\/#website\",\"url\":\"https:\/\/rfblegal.co.uk\/\",\"name\":\"RFB Legal\",\"description\":\"\",\"publisher\":{\"@id\":\"https:\/\/rfblegal.co.uk\/#organization\"},\"potentialAction\":[{\"@type\":\"SearchAction\",\"target\":{\"@type\":\"EntryPoint\",\"urlTemplate\":\"https:\/\/rfblegal.co.uk\/?s={search_term_string}\"},\"query-input\":{\"@type\":\"PropertyValueSpecification\",\"valueRequired\":true,\"valueName\":\"search_term_string\"}}],\"inLanguage\":\"fr-FR\"},{\"@type\":\"Organization\",\"@id\":\"https:\/\/rfblegal.co.uk\/#organization\",\"name\":\"RFB Legal\",\"url\":\"https:\/\/rfblegal.co.uk\/\",\"logo\":{\"@type\":\"ImageObject\",\"inLanguage\":\"fr-FR\",\"@id\":\"https:\/\/rfblegal.co.uk\/#\/schema\/logo\/image\/\",\"url\":\"https:\/\/rfblegal.co.uk\/wp-content\/uploads\/2024\/01\/header_company_logo.svg\",\"contentUrl\":\"https:\/\/rfblegal.co.uk\/wp-content\/uploads\/2024\/01\/header_company_logo.svg\",\"caption\":\"RFB Legal\"},\"image\":{\"@id\":\"https:\/\/rfblegal.co.uk\/#\/schema\/logo\/image\/\"},\"sameAs\":[\"https:\/\/www.facebook.com\/RFBLegal\/\",\"https:\/\/www.linkedin.com\/uas\/login?session_redirect=company2012282\",\"https:\/\/www.instagram.com\/rfb_legal\/\"]}]}<\/script>\n<!-- \/ Yoast SEO plugin. -->","yoast_head_json":{"title":"Afsheen Nasr devient associ\u00e9e g\u00e9rante - RFB Legal","description":"\"Nous nous trouvons \u00e0 un moment de grande opportunit\u00e9\", d\u00e9clare Afsheen Nasr, la nouvelle associ\u00e9e directrice du cabinet.  Afsheen Nasr assume le r\u00f4le d'associ\u00e9e directrice,","robots":{"index":"index","follow":"follow","max-snippet":"max-snippet:-1","max-image-preview":"max-image-preview:large","max-video-preview":"max-video-preview:-1"},"canonical":"https:\/\/rfblegal.co.uk\/fr\/perspectives\/afsheen-nasr-assume-le-role-dassociee-directrice\/","og_locale":"fr_FR","og_type":"article","og_title":"Afsheen Nasr Assumes the Managing Partner Role - RFB Legal","og_description":"\"We stand at a moment of significant opportunity,\" states Afsheen Nasr, the firm's new Managing Partner.\u00a0 Nasr assumes the Managing Partner role,","og_url":"https:\/\/rfblegal.co.uk\/fr\/perspectives\/afsheen-nasr-assume-le-role-dassociee-directrice\/","og_site_name":"RFB Legal","article_publisher":"https:\/\/www.facebook.com\/RFBLegal\/","article_modified_time":"2025-04-01T10:56:18+00:00","og_image":[{"width":2120,"height":1108,"url":"https:\/\/rfblegal.co.uk\/wp-content\/uploads\/2025\/03\/Afsheen-Website-Image-2540-x-1328-px-scaled.jpg","type":"image\/jpeg"}],"twitter_card":"summary_large_image","twitter_misc":{"Est. reading time":"3 minutes"},"schema":{"@context":"https:\/\/schema.org","@graph":[{"@type":"WebPage","@id":"https:\/\/rfblegal.co.uk\/insights\/afsheen-nasr-assumes-the-managing-partner-role\/","url":"https:\/\/rfblegal.co.uk\/insights\/afsheen-nasr-assumes-the-managing-partner-role\/","name":"Afsheen Nasr devient associ\u00e9e g\u00e9rante - RFB Legal","isPartOf":{"@id":"https:\/\/rfblegal.co.uk\/#website"},"primaryImageOfPage":{"@id":"https:\/\/rfblegal.co.uk\/insights\/afsheen-nasr-assumes-the-managing-partner-role\/#primaryimage"},"image":{"@id":"https:\/\/rfblegal.co.uk\/insights\/afsheen-nasr-assumes-the-managing-partner-role\/#primaryimage"},"thumbnailUrl":"https:\/\/rfblegal.co.uk\/wp-content\/uploads\/2025\/03\/Afsheen-Website-Image-2540-x-1328-px-scaled.jpg","datePublished":"2025-04-01T06:10:10+00:00","dateModified":"2025-04-01T10:56:18+00:00","description":"\"Nous nous trouvons \u00e0 un moment de grande opportunit\u00e9\", d\u00e9clare Afsheen Nasr, la nouvelle associ\u00e9e directrice du cabinet.  Afsheen Nasr assume le r\u00f4le d'associ\u00e9e directrice,","breadcrumb":{"@id":"https:\/\/rfblegal.co.uk\/insights\/afsheen-nasr-assumes-the-managing-partner-role\/#breadcrumb"},"inLanguage":"fr-FR","potentialAction":[{"@type":"ReadAction","target":["https:\/\/rfblegal.co.uk\/insights\/afsheen-nasr-assumes-the-managing-partner-role\/"]}]},{"@type":"ImageObject","inLanguage":"fr-FR","@id":"https:\/\/rfblegal.co.uk\/insights\/afsheen-nasr-assumes-the-managing-partner-role\/#primaryimage","url":"https:\/\/rfblegal.co.uk\/wp-content\/uploads\/2025\/03\/Afsheen-Website-Image-2540-x-1328-px-scaled.jpg","contentUrl":"https:\/\/rfblegal.co.uk\/wp-content\/uploads\/2025\/03\/Afsheen-Website-Image-2540-x-1328-px-scaled.jpg","width":2120,"height":1108},{"@type":"BreadcrumbList","@id":"https:\/\/rfblegal.co.uk\/insights\/afsheen-nasr-assumes-the-managing-partner-role\/#breadcrumb","itemListElement":[{"@type":"ListItem","position":1,"name":"Home","item":"https:\/\/rfblegal.co.uk\/"},{"@type":"ListItem","position":2,"name":"Insights","item":"https:\/\/rfblegal.co.uk\/insights\/"},{"@type":"ListItem","position":3,"name":"Afsheen Nasr Assumes the Managing Partner Role"}]},{"@type":"WebSite","@id":"https:\/\/rfblegal.co.uk\/#website","url":"https:\/\/rfblegal.co.uk\/","name":"Appel d'offres juridique","description":"","publisher":{"@id":"https:\/\/rfblegal.co.uk\/#organization"},"potentialAction":[{"@type":"SearchAction","target":{"@type":"EntryPoint","urlTemplate":"https:\/\/rfblegal.co.uk\/?s={search_term_string}"},"query-input":{"@type":"PropertyValueSpecification","valueRequired":true,"valueName":"search_term_string"}}],"inLanguage":"fr-FR"},{"@type":"Organization","@id":"https:\/\/rfblegal.co.uk\/#organization","name":"Appel d'offres juridique","url":"https:\/\/rfblegal.co.uk\/","logo":{"@type":"ImageObject","inLanguage":"fr-FR","@id":"https:\/\/rfblegal.co.uk\/#\/schema\/logo\/image\/","url":"https:\/\/rfblegal.co.uk\/wp-content\/uploads\/2024\/01\/header_company_logo.svg","contentUrl":"https:\/\/rfblegal.co.uk\/wp-content\/uploads\/2024\/01\/header_company_logo.svg","caption":"RFB Legal"},"image":{"@id":"https:\/\/rfblegal.co.uk\/#\/schema\/logo\/image\/"},"sameAs":["https:\/\/www.facebook.com\/RFBLegal\/","https:\/\/www.linkedin.com\/uas\/login?session_redirect=company2012282","https:\/\/www.instagram.com\/rfb_legal\/"]}]}},"_links":{"self":[{"href":"https:\/\/rfblegal.co.uk\/fr\/wp-json\/wp\/v2\/insight\/5860","targetHints":{"allow":["GET"]}}],"collection":[{"href":"https:\/\/rfblegal.co.uk\/fr\/wp-json\/wp\/v2\/insight"}],"about":[{"href":"https:\/\/rfblegal.co.uk\/fr\/wp-json\/wp\/v2\/types\/insight"}],"author":[{"embeddable":true,"href":"https:\/\/rfblegal.co.uk\/fr\/wp-json\/wp\/v2\/users\/5"}],"version-history":[{"count":0,"href":"https:\/\/rfblegal.co.uk\/fr\/wp-json\/wp\/v2\/insight\/5860\/revisions"}],"wp:featuredmedia":[{"embeddable":true,"href":"https:\/\/rfblegal.co.uk\/fr\/wp-json\/wp\/v2\/media\/5868"}],"wp:attachment":[{"href":"https:\/\/rfblegal.co.uk\/fr\/wp-json\/wp\/v2\/media?parent=5860"}],"wp:term":[{"taxonomy":"category","embeddable":true,"href":"https:\/\/rfblegal.co.uk\/fr\/wp-json\/wp\/v2\/categories?post=5860"},{"taxonomy":"post_tag","embeddable":true,"href":"https:\/\/rfblegal.co.uk\/fr\/wp-json\/wp\/v2\/tags?post=5860"}],"curies":[{"name":"wp","href":"https:\/\/api.w.org\/{rel}","templated":true}]}}