{"id":8853,"date":"2026-03-09T15:23:49","date_gmt":"2026-03-09T15:23:49","guid":{"rendered":"https:\/\/rfblegal.co.uk\/?post_type=insight&#038;p=8853"},"modified":"2026-03-09T15:26:41","modified_gmt":"2026-03-09T15:26:41","slug":"dia-internacional-de-la-mujer-2026","status":"publish","type":"insight","link":"https:\/\/rfblegal.co.uk\/es\/perspectivas\/dia-internacional-de-la-mujer-2026\/","title":{"rendered":"D\u00eda Internacional de la Mujer 2026"},"content":{"rendered":"<p>Domingo, 8<sup>th<\/sup>&nbsp;En marzo se celebra el D\u00eda Internacional de la Mujer 2026. Este a\u00f1o, el tema es \u2018Dar para ganar\u2019, que subraya el poder del apoyo rec\u00edproco a las mujeres y las ni\u00f1as. Cuando la gente da, aumentan las oportunidades y el apoyo a las mujeres. Desde conocimientos, recursos, educaci\u00f3n y formaci\u00f3n hasta tiempo y apoyo, las mujeres prosperan.&nbsp;&nbsp;<\/p>\n\n\n\n<p>En RFB, situamos a las mujeres en el coraz\u00f3n de nuestro negocio. En la actualidad contamos con 10 socias en todas nuestras \u00e1reas de pr\u00e1ctica, que desempe\u00f1an un papel vital para hacer grande a RFB. Tambi\u00e9n tenemos m\u00e1s empleadas que empleados como empresa, lo que demuestra nuestro compromiso de permitir a las mujeres ascender y tener \u00e9xito.&nbsp;<\/p>\n\n\n\n<p>Para conmemorar las celebraciones y el tema de este a\u00f1o, hablamos con algunos de nuestros empleados.&nbsp;<\/p>\n\n\n\n<p>En primer lugar, hablamos con Afsheen Nasr, nuestra socia directora.<\/p>\n\n\n\n<h2 class=\"wp-block-heading\">Afsheen Nasr&nbsp;<\/h2>\n\n\n\n<h3 class=\"wp-block-heading\">P: \u00bfC\u00f3mo se llama, qu\u00e9 funci\u00f3n desempe\u00f1a y cu\u00e1nto tiempo lleva en RFB?\u00a0<\/h3>\n\n\n\n<ol start=\"1\" class=\"wp-block-list\"><\/ol>\n\n\n\n<p>Afsheen Nasr, socia directora, 11 a\u00f1os. Empec\u00e9 a trabajar en RFB en febrero de 2015 como abogada con un a\u00f1o de experiencia en el sector inmobiliario.  En junio de 2016, abrimos la oficina de Manchester, que dirig\u00ed y creci\u00f3 a un equipo de aproximadamente 20 personas. En 2018, me convert\u00ed en socio y, en abril de 2025, en socio director.\u00a0<\/p>\n\n\n\n<h3 class=\"wp-block-heading\">P: \u00bfQu\u00e9 le impuls\u00f3 a seguir la carrera de Derecho?\u00a0<\/h3>\n\n\n\n<p>\u00a0Desde muy joven supe que quer\u00eda ser abogada. Pens\u00e9 que quer\u00eda ser abogado de familia y tuve la suerte de conseguir un puesto de asistente jur\u00eddico en esta \u00e1rea poco despu\u00e9s de graduarme, y luego me form\u00e9 durante 1 a\u00f1o. La segunda plaza de mi contrato de formaci\u00f3n era en el \u00e1rea de la propiedad, y supe inmediatamente que la propiedad era realmente lo m\u00edo.\u00a0<\/p>\n\n\n\n<ol start=\"2\" class=\"wp-block-list\"><\/ol>\n\n\n\n<p>Nunca aspir\u00e9 especialmente a convertirme en socio, pero con el paso del tiempo, mis competencias y mi confianza aumentaron y empec\u00e9 a disfrutar de verdad de los aspectos de liderazgo del trabajo.&nbsp;<\/p>\n\n\n\n<h3 class=\"wp-block-heading\">P: \u00bfQu\u00e9 consejo dar\u00eda a las j\u00f3venes interesadas en la carrera de Derecho?\u00a0<\/h3>\n\n\n\n<ol start=\"3\" class=\"wp-block-list\"><\/ol>\n\n\n\n<p>Yo dir\u00eda que si lo quieres, lo puedes conseguir. Hay que trabajar mucho, pero con determinaci\u00f3n y resistencia se pueden conseguir muchas cosas.\u00a0\u00a0<\/p>\n\n\n\n<h3 class=\"wp-block-heading\">P: \u00bfPor qu\u00e9 cree que es importante el D\u00eda Internacional de la Mujer?\u00a0<\/h3>\n\n\n\n<ol start=\"4\" class=\"wp-block-list\"><\/ol>\n\n\n\n<p>Reconoce el valor de la mujer en el mundo, que a veces se pasa por alto. Todos tenemos diferentes destinos, diferentes oportunidades, diferentes circunstancias, pero todos tenemos mucho que ofrecer y somos fundamentales para la sociedad; me encanta que esto se celebre.\u00a0<\/p>\n\n\n\n<h3 class=\"wp-block-heading\">P: \u00bfSe ha enfrentado a alg\u00fan obst\u00e1culo en su carrera por el hecho de ser mujer? En caso afirmativo, \u00bfc\u00f3mo las super\u00f3?\u00a0<\/h3>\n\n\n\n<ol start=\"5\" class=\"wp-block-list\"><\/ol>\n\n\n\n<p>Como mujer en una posici\u00f3n de liderazgo, a veces parece que tienes que demostrar tu val\u00eda, quiz\u00e1 m\u00e1s de lo que lo har\u00eda un hombre. Pero me di cuenta de que en realidad tengo m\u00e1s control del que creo, y si quiero romper esas barreras, puedo hacerlo. Tener confianza en ti misma y creer en tus capacidades te llevar\u00e1 muy lejos. No dejes nunca que nadie te diga que no puedes conseguir algo y te quite tu poder.\u00a0<\/p>\n\n\n\n<h3 class=\"wp-block-heading\">P: \u00bfC\u00f3mo cree que podemos animar a m\u00e1s mujeres j\u00f3venes a desempe\u00f1ar puestos directivos en sus carreras?\u00a0<\/h3>\n\n\n\n<p>No tener miedo de presentarse a las oportunidades. Las mujeres tienen que hacer muchos malabarismos, sobre todo si cuidan de ni\u00f1os peque\u00f1os y se ocupan de la casa, pero eso s\u00f3lo significa que hay que organizarse y apoyarse en la red de apoyo. Necesitamos m\u00e1s mujeres en puestos de liderazgo; tenemos mucho que ofrecer, y la \u00fanica forma de ayudarnos mutuamente es asumiendo estas funciones para allanar el camino a otras mujeres.\u00a0<\/p>\n\n\n\n<ol start=\"6\" class=\"wp-block-list\"><\/ol>\n\n\n\n<h3 class=\"wp-block-heading\">P: \u00bfQu\u00e9 mujer ha influido m\u00e1s en su carrera?\u00a0<\/h3>\n\n\n\n<ol start=\"7\" class=\"wp-block-list\"><\/ol>\n\n\n\n<p>Mi madre. Siempre nos ense\u00f1\u00f3 a mi hermana y a m\u00ed a ser muy independientes y a no depender nunca de nadie para sobrevivir. Nos apoy\u00f3 silenciosamente en nuestra educaci\u00f3n y creo que mi fuerte \u00e9tica de trabajo viene de ella.\u00a0<\/p>\n\n\n\n<h2 class=\"wp-block-heading\">Amila Blentic<\/h2>\n\n\n\n<h3 class=\"wp-block-heading\">P: \u00bfC\u00f3mo se llama, qu\u00e9 funci\u00f3n desempe\u00f1a y cu\u00e1nto tiempo lleva en RFB?&nbsp;<\/h3>\n\n\n\n<p>Me llamo Amila y soy la Directora del Departamento Financiero de RFB. Llevo en la empresa m\u00e1s de 20 a\u00f1os, y ha sido estupendo ver c\u00f3mo ha crecido el negocio y formar parte de ese viaje.\u00a0<\/p>\n\n\n\n<h3 class=\"wp-block-heading\">P: \u00bfQu\u00e9 le llev\u00f3 a dedicarse a las finanzas?\u00a0<\/h3>\n\n\n\n<p>Siempre me han gustado las matem\u00e1ticas y trabajar con n\u00fameros, as\u00ed que las finanzas me parecieron una opci\u00f3n profesional natural. Mi madre tambi\u00e9n fue Jefa de Finanzas y ver lo mucho que disfrutaba con su trabajo me inspir\u00f3 para seguir un camino similar.\u00a0\u00a0<\/p>\n\n\n\n<h3 class=\"wp-block-heading\">P: \u00bfQu\u00e9 consejo dar\u00eda a las j\u00f3venes interesadas en una carrera financiera?\u00a0<\/h3>\n\n\n\n<p>Cree en ti mismo y no tengas miedo de buscar oportunidades. Las finanzas ofrecen muchas salidas profesionales diferentes, y ser trabajador y estar dispuesto a aprender te ayudar\u00e1 mucho a progresar.\u00a0<\/p>\n\n\n\n<h3 class=\"wp-block-heading\">P: \u00bfPor qu\u00e9 cree que es importante el D\u00eda Internacional de la Mujer?&nbsp;<\/h3>\n\n\n\n<p>Es un d\u00eda para celebrar los logros de las mujeres de todo el mundo, de todos los or\u00edgenes y experiencias. Tambi\u00e9n es un recordatorio de lo importante que es apoyarse y animarse mutuamente para que m\u00e1s mujeres se sientan seguras de s\u00ed mismas y persigan sus ambiciones.\u00a0 \u00a0<\/p>\n\n\n\n<h3 class=\"wp-block-heading\">P: \u00bfC\u00f3mo cree que podemos animar a m\u00e1s mujeres j\u00f3venes a desempe\u00f1ar puestos directivos en sus carreras?&nbsp;<\/h3>\n\n\n\n<p>Creo que es importante animar a las j\u00f3venes a creer en sus capacidades y a no tener miedo de apuntar alto. La determinaci\u00f3n y la confianza pueden llevarlas muy lejos y recordar que los puestos de liderazgo son alcanzables.\u00a0\u00a0<\/p>\n\n\n\n<h3 class=\"wp-block-heading\">P: \u00bfQu\u00e9 mujer ha influido m\u00e1s en su carrera?\u00a0<\/h3>\n\n\n\n<p>Mi madre fue quien m\u00e1s influy\u00f3 en mi carrera. Verla triunfar como Jefa de Finanzas me ense\u00f1\u00f3 lo que era posible y, aunque la carrera puede ser a veces dif\u00edcil, tambi\u00e9n es muy gratificante y agradable.\u00a0<\/p>\n\n\n\n<h2 class=\"wp-block-heading\">Berivan Erdogan&nbsp;<\/h2>\n\n\n\n<h3 class=\"wp-block-heading\">P: \u00bfC\u00f3mo se llama, qu\u00e9 funci\u00f3n desempe\u00f1a y cu\u00e1nto tiempo lleva en RFB?\u00a0<\/h3>\n\n\n\n<p>Berivan Erdogan, Socio del equipo inmobiliario, 8 a\u00f1os.<\/p>\n\n\n\n<h3 class=\"wp-block-heading\">P: \u00bfQu\u00e9 le impuls\u00f3 a seguir la carrera de Derecho?\u00a0<\/h3>\n\n\n\n<ol start=\"2\" class=\"wp-block-list\"><\/ol>\n\n\n\n<p>Me atrajo el Derecho porque siempre me ha gustado ayudar a la gente a resolver sus problemas. Incluso cuando era ni\u00f1a, a menudo era la persona a la que acud\u00edan amigos y familiares cuando necesitaban ayuda para resolver un problema o tomar una decisi\u00f3n. Me gustaba ser esa persona a la que acudir y ayudar a encontrar un camino claro. La abogac\u00eda se me antoj\u00f3 una prolongaci\u00f3n natural de ese instinto, ya que me permit\u00eda utilizarlo de forma profesional y guiar a los clientes en situaciones complejas.\u00a0<\/p>\n\n\n\n<h3 class=\"wp-block-heading\">P: \u00bfQu\u00e9 consejo dar\u00eda a las j\u00f3venes interesadas en la carrera de Derecho?\u00a0<\/h3>\n\n\n\n<ol start=\"3\" class=\"wp-block-list\"><\/ol>\n\n\n\n<p>Cree en tus capacidades y no tengas miedo de ocupar espacio en la sala. La abogac\u00eda puede ser un reto, y a veces ser mujer en la profesi\u00f3n tambi\u00e9n puede traer sus propios retos, pero esas experiencias tambi\u00e9n pueden hacerte m\u00e1s resistente. S\u00e9 curiosa, haz preguntas. Y lo que es m\u00e1s importante, mantente fiel a ti misma y recuerda que tu punto de vista y tu voz son valiosos.\u00a0<\/p>\n\n\n\n<h3 class=\"wp-block-heading\">P: \u00bfPor qu\u00e9 cree que es importante el D\u00eda Internacional de la Mujer?\u00a0<\/h3>\n\n\n\n<ol start=\"4\" class=\"wp-block-list\"><\/ol>\n\n\n\n<p>El D\u00eda Internacional de la Mujer es importante porque reconoce tanto los logros de las mujeres como los retos que muchas de nosotras seguimos afrontando cada d\u00eda. D\u00edas como este nos recuerdan que las mujeres somos capaces de conseguir cualquier cosa que nos propongamos, y que es importante seguir apoy\u00e1ndonos y anim\u00e1ndonos unas a otras tanto en nuestra vida profesional como personal.\u00a0<\/p>\n\n\n\n<h3 class=\"wp-block-heading\">P: \u00bfSe ha enfrentado a alg\u00fan obst\u00e1culo en su carrera por el hecho de ser mujer? En caso afirmativo, \u00bfc\u00f3mo las super\u00f3?\u00a0<\/h3>\n\n\n\n<ol start=\"5\" class=\"wp-block-list\"><\/ol>\n\n\n\n<p>Uno de los retos a los que me enfrent\u00e9 fue compaginar mi carrera profesional con el nacimiento de una familia. Como a muchas mujeres, me preocupaba que la baja por maternidad frenara el impulso que hab\u00eda adquirido. Tambi\u00e9n puede haber presiones en la vida personal, pues a menudo se espera que las mujeres asuman muchas responsabilidades en casa adem\u00e1s de una carrera exigente.\u00a0<\/p>\n\n\n\n<p>Sin embargo, ese miedo no result\u00f3 ser la realidad. Contar con la red de apoyo adecuada a mi alrededor, tanto personal como profesionalmente, marc\u00f3 una gran diferencia. Formar parte de una empresa realmente solidaria e integradora me dio la confianza y la oportunidad de seguir progresando y dar un paso adelante en mi carrera, al tiempo que disfrutaba de la maternidad.&nbsp;<\/p>\n\n\n\n<h3 class=\"wp-block-heading\">P: \u00bfC\u00f3mo cree que podemos animar a m\u00e1s mujeres j\u00f3venes a desempe\u00f1ar funciones directivas en sus carreras?\u00a0<\/h3>\n\n\n\n<ol start=\"6\" class=\"wp-block-list\"><\/ol>\n\n\n\n<p>Para animar a m\u00e1s mujeres j\u00f3venes a ocupar puestos directivos hay que empezar por darles visibilidad y apoyo. Es importante que las j\u00f3venes puedan ver a mujeres l\u00edderes en puestos de responsabilidad, ya que les ayuda a creer que ellas tambi\u00e9n pueden alcanzar esos puestos. La tutor\u00eda, la orientaci\u00f3n y la creaci\u00f3n de culturas de apoyo en el lugar de trabajo tambi\u00e9n desempe\u00f1an un papel clave en el fomento de la confianza y la ambici\u00f3n. Cuando las mujeres se sienten apoyadas y valoradas, es mucho m\u00e1s probable que den un paso adelante y busquen oportunidades de liderazgo.\u00a0<\/p>\n\n\n\n<h3 class=\"wp-block-heading\">P: \u00bfQu\u00e9 mujer ha influido m\u00e1s en su carrera?\u00a0<\/h3>\n\n\n\n<p>Mi madre. Siempre ha sido mi mayor apoyo a lo largo de mi carrera profesional. En los momentos en que dudaba de si era capaz de asumir un papel de liderazgo y de los retos que pod\u00eda plantearme para conciliar mi vida personal, ella fue quien me anim\u00f3 a ir a por ello.\u00a0<\/p>\n\n\n\n<p>Su apoyo tambi\u00e9n ha sido inestimable en la pr\u00e1ctica, sobre todo con el cuidado de los ni\u00f1os, lo que me ha ayudado a equilibrar las exigencias de mi carrera y la maternidad. Tener a alguien que cree en ti incondicionalmente y te apoya marca una gran diferencia.&nbsp;<\/p>\n\n\n\n<h2 class=\"wp-block-heading\">Kate Farkins<\/h2>\n\n\n\n<h3 class=\"wp-block-heading\">P: \u00bfC\u00f3mo se llama, qu\u00e9 funci\u00f3n desempe\u00f1a y cu\u00e1nto tiempo lleva en RFB?\u00a0<\/h3>\n\n\n\n<ol start=\"1\" class=\"wp-block-list\"><\/ol>\n\n\n\n<p>Kate Farkins, Socia, 6 a\u00f1os (febrero de 2020)\u00a0<\/p>\n\n\n\n<h3 class=\"wp-block-heading\">P: \u00bfQu\u00e9 le impuls\u00f3 a seguir la carrera de Derecho?\u00a0<\/h3>\n\n\n\n<p>Despu\u00e9s de estudiar Derecho en la universidad, descubr\u00ed r\u00e1pidamente que soy un abogado transaccional en contraposici\u00f3n a un abogado contencioso. Me gusta desempe\u00f1ar un papel importante en la transacci\u00f3n y trabajar con clientes, agentes y otros abogados para lograr un objetivo com\u00fan.\u00a0\u00a0<\/p>\n\n\n\n<ol start=\"2\" class=\"wp-block-list\"><\/ol>\n\n\n\n<h3 class=\"wp-block-heading\">P: \u00bfQu\u00e9 consejo dar\u00eda a las j\u00f3venes interesadas en la carrera de Derecho?\u00a0<\/h3>\n\n\n\n<ol start=\"3\" class=\"wp-block-list\"><\/ol>\n\n\n\n<p>Se puede hacer cualquier cosa, pero no todo. El Derecho inmobiliario es una rama del Derecho muy ajetreada y con una gran carga de trabajo, pero si se gestiona bien el tiempo y se cree firmemente en las propias capacidades, la carrera puede ser muy gratificante. No dude de sus propias capacidades.\u00a0\u00a0<\/p>\n\n\n\n<h3 class=\"wp-block-heading\">P: \u00bfPor qu\u00e9 cree que es importante el D\u00eda Internacional de la Mujer?\u00a0<\/h3>\n\n\n\n<ol start=\"4\" class=\"wp-block-list\"><\/ol>\n\n\n\n<p>Porque todos los a\u00f1os pone de relieve la importancia de los derechos de la mujer, vuelve a ponerlos en primer plano y mantiene conversaciones importantes. Existe la idea err\u00f3nea de que las mujeres ya son iguales y, aunque hemos avanzado mucho en los \u00faltimos tiempos, a\u00fan nos queda mucho camino por recorrer en los \u00e1mbitos social, econ\u00f3mico y pol\u00edtico.\u00a0<\/p>\n\n\n\n<h3 class=\"wp-block-heading\">P: \u00bfC\u00f3mo cree que podemos animar a m\u00e1s mujeres j\u00f3venes a desempe\u00f1ar funciones directivas en sus carreras?\u00a0<\/h3>\n\n\n\n<ol start=\"5\" class=\"wp-block-list\"><\/ol>\n\n\n\n<p>Guarder\u00edas m\u00e1s baratas. Creo que un obst\u00e1culo al que se enfrentan muchas mujeres en sus carreras es la \u2018lucha de malabares\u2019. Ser madre trabajadora es gratificante, pero log\u00edsticamente es caro. Incluso con ayudas p\u00fablicas, el cuidado de los ni\u00f1os es tremendamente caro y, por desgracia, obliga a muchas mujeres a abandonar su carrera antes de haber empezado, lo que contribuye a que el n\u00famero de mujeres en puestos directivos sea desproporcionado.\u00a0<\/p>\n\n\n\n<h2 class=\"wp-block-heading\">Ginnie Maitland<\/h2>\n\n\n\n<h3 class=\"wp-block-heading\"><strong>P: \u00bfC\u00f3mo se llama, qu\u00e9 funci\u00f3n desempe\u00f1a y cu\u00e1nto tiempo lleva en RFB?<\/strong>&nbsp;<\/h3>\n\n\n\n<p>Ginnie, Jefa de RRHH y yo llevamos en RFB 1 a\u00f1o y 5 meses\u00a0<\/p>\n\n\n\n<h3 class=\"wp-block-heading\"><strong>P: \u00bfPor qu\u00e9 cree que es importante el D\u00eda Internacional de la Mujer?<\/strong>&nbsp;<\/h3>\n\n\n\n<p>Pone de relieve que no todos los entornos apoyan a las mujeres de la misma manera que lo hace RFB. Nos ayuda a centrarnos en ayudar a otras mujeres, celebra lo que las mujeres han conseguido.\u00a0\u00a0<\/p>\n\n\n\n<h3 class=\"wp-block-heading\"><strong>P: \u00bfC\u00f3mo cree que podemos animar a m\u00e1s mujeres j\u00f3venes a desempe\u00f1ar puestos directivos en sus carreras?<\/strong>&nbsp;<\/h3>\n\n\n\n<p>Tenemos que mejorar a la hora de presentarnos a puestos o proyectos que nos pongan a prueba, convertirnos en nuestras propias defensoras. Quiz\u00e1 ofrecer m\u00e1s servicios de tutor\u00eda a las mujeres.\u00a0<\/p>\n\n\n\n<h3 class=\"wp-block-heading\">Q: <strong>\u00bfQu\u00e9 mujer ha influido m\u00e1s en su carrera?<\/strong>\u00a0<\/h3>\n\n\n\n<p>Kelly Halsall ha tenido una enorme influencia en mi carrera. Como jefa y amiga, Kelly habla claro y me ense\u00f1\u00f3 el valor de saber lo que quiero y pedirlo.\u00a0<\/p>\n\n\n\n<h2 class=\"wp-block-heading\">Vanessa Frankson<\/h2>\n\n\n\n<h3 class=\"wp-block-heading\">P: \u00bfC\u00f3mo se llama, qu\u00e9 funci\u00f3n desempe\u00f1a y cu\u00e1nto tiempo lleva en RFB?&nbsp;<\/h3>\n\n\n\n<p>Vanessa, Jefa de Oficina\/Recepcionista 25 + a\u00f1os\u00a0\u00a0<\/p>\n\n\n\n<h3 class=\"wp-block-heading\">P: \u00bfQu\u00e9 consejo dar\u00eda a las j\u00f3venes interesadas en la carrera de Derecho?\u00a0<\/h3>\n\n\n\n<p>Un recepcionista es la primera impresi\u00f3n con la que normalmente interact\u00faa un nuevo cliente potencial. Por lo tanto, esta funci\u00f3n es muy importante, aunque sea una funci\u00f3n peque\u00f1a en un gran bufete. Algunas personas no lo ven como una funci\u00f3n vital para el bufete, pero puede ser decisivo para que un cliente se convierta en cliente potencial. Desde esta posici\u00f3n tambi\u00e9n hay oportunidades de seguir adelante y solicitar puestos internos o estudiar para pasar a otras \u00e1reas de la empresa.\u00a0\u00a0<\/p>\n\n\n\n<h3 class=\"wp-block-heading\">P: \u00bfPor qu\u00e9 cree que es importante el D\u00eda Internacional de la Mujer?&nbsp;<\/h3>\n\n\n\n<p>Si hubiera verdadera igualdad entre los sexos, no necesitar\u00edamos un d\u00eda internacional de la mujer ni actos como el mes de la historia negra. Pero como la igualdad a\u00fan no se ha alcanzado, estos eventos siguen siendo cruciales. Nos recuerdan que las mujeres tienen derecho a ser reconocidas, respetadas e iguales. A veces las peores infractoras son las propias mujeres.\u00a0\u00a0<\/p>\n\n\n\n<h3 class=\"wp-block-heading\">P: \u00bfC\u00f3mo cree que podemos animar a m\u00e1s mujeres j\u00f3venes a desempe\u00f1ar puestos directivos en sus carreras?&nbsp;<\/h3>\n\n\n\n<p>S\u00f3lo para proporcionar modelos de conducta s\u00f3lidos.\u00a0\u00a0<\/p>\n\n\n\n<h2 class=\"wp-block-heading\">Deema Chudasama<\/h2>\n\n\n\n<h3 class=\"wp-block-heading\">P: \u00bfC\u00f3mo se llama, qu\u00e9 funci\u00f3n desempe\u00f1a y cu\u00e1nto tiempo lleva en RFB?\u00a0<\/h3>\n\n\n\n<ol start=\"1\" class=\"wp-block-list\"><\/ol>\n\n\n\n<p>Deema Chudasama, Asociada Senior de Propiedad, RFB- 1 a\u00f1o 3 meses\u00a0<\/p>\n\n\n\n<h3 class=\"wp-block-heading\">P: \u00bfQu\u00e9 le llev\u00f3 a dedicarse al Derecho inmobiliario?\u00a0<\/h3>\n\n\n\n<p>Cuando era joven siempre quise ser abogado, despu\u00e9s de mis estudios consegu\u00ed un trabajo en un bufete de la ciudad en el departamento inmobiliario, esto me dio una idea del tipo de trabajo que implicaba y he permanecido en esa \u00e1rea desde entonces.\u00a0<\/p>\n\n\n\n<h3 class=\"wp-block-heading\">P: \u00bfQu\u00e9 consejo dar\u00eda a las j\u00f3venes interesadas en una carrera en Derecho inmobiliario?\u00a0<\/h3>\n\n\n\n<p>Sigue tu sue\u00f1o, alcanza tu meta y \u00a1adelante!\u00a0<\/p>\n\n\n\n<h3 class=\"wp-block-heading\">P: \u00bfPor qu\u00e9 cree que es importante el D\u00eda Internacional de la Mujer?\u00a0<\/h3>\n\n\n\n<p>Es importante, sobre todo para m\u00ed este a\u00f1o, ya que el tema es \"Dar para ganar\", lo que pone de relieve el poder de la reciprocidad y el apoyo. Cuando las personas, las organizaciones y las comunidades dan generosamente, aumentan las oportunidades y el apoyo a las mujeres. Dar no es restar, es multiplicar intencionadamente. Cuando las mujeres prosperan, todos crecemos.\u00a0<\/p>\n\n\n\n<h3 class=\"wp-block-heading\">P: \u00bfSe ha enfrentado a alg\u00fan obst\u00e1culo en su carrera por el hecho de ser mujer? En caso afirmativo, \u00bfc\u00f3mo las super\u00f3?\u00a0<\/h3>\n\n\n\n<p>S\u00ed, cuando era m\u00e1s joven, trabajaba en departamentos dominados por hombres, pero persever\u00e9 y segu\u00ed mi coraz\u00f3n, trabaj\u00e9 duro y demostr\u00e9 mi val\u00eda.\u00a0<\/p>\n\n\n\n<h3 class=\"wp-block-heading\">P: \u00bfC\u00f3mo cree que podemos animar a m\u00e1s mujeres j\u00f3venes a desempe\u00f1ar funciones directivas en sus carreras?\u00a0<\/h3>\n\n\n\n<p>Aplicar un enfoque sistem\u00e1tico que combine la tutor\u00eda de objetivos, la flexibilidad estructural y el desarrollo profesional. Ofrecer flexibilidad en las modalidades de trabajo, equilibrar la prestaci\u00f3n de cuidados y una cultura que reconozca y promueva activamente a las empleadas con alto potencial.\u00a0<\/p>\n\n\n\n<p>Rasgos clave: visi\u00f3n, confianza, salir de la zona de confort, llegar alto, ser valiente, adaptarse y crear.&nbsp;<\/p>\n\n\n\n<h2 class=\"wp-block-heading\">Lucy Pillinger<\/h2>\n\n\n\n<h3 class=\"wp-block-heading\">P: \u00bfC\u00f3mo se llama, qu\u00e9 funci\u00f3n desempe\u00f1a y cu\u00e1nto tiempo lleva en RFB?<\/h3>\n\n\n\n<p>Lucy Pillinger, Abogada Asociada Senior. Desde 2025.<\/p>\n\n\n\n<h3 class=\"wp-block-heading\">P: \u00bfQu\u00e9 le impuls\u00f3 a seguir la carrera de Derecho?<\/h3>\n\n\n\n<p>Empec\u00e9 en Litigios, ya que mi plan original era ser abogada despu\u00e9s de licenciarme en Derecho, realizando un mini pupilaje y pr\u00e1cticas en el HMCTS.\u00a0<br>\u00a0<br>Disfrut\u00e9 mucho instruyendo a abogados en mi posterior empleo en Litigios, ascendiendo a Gesti\u00f3n de Rendimiento para una Firma Nacional, pero la RCP cambi\u00f3 y me diversifiqu\u00e9 hacia el trabajo Inmobiliario. El cambio de ritmo al trabajo inmobiliario tambi\u00e9n coincidi\u00f3 con el matrimonio y los hijos en ese momento.<\/p>\n\n\n\n<h3 class=\"wp-block-heading\">P: \u00bfQu\u00e9 consejo dar\u00eda a las j\u00f3venes interesadas en la carrera de Derecho?<\/h3>\n\n\n\n<p>Af\u00edliese a su colegio de abogados local o regional e intente establecer el mayor n\u00famero posible de contactos profesionales. Recuerda que t\u00fa eres tu propia marca.\u00a0<br>\u00a0<br>Mantenga conversaciones con personas de toda la profesi\u00f3n, ya que todos aprendemos de todos. El Derecho evoluciona constantemente: todos aprendemos de todos cuando compartimos conocimientos y colaboramos.<\/p>\n\n\n\n<h3 class=\"wp-block-heading\">P: \u00bfPor qu\u00e9 cree que es importante el D\u00eda Internacional de la Mujer?<\/h3>\n\n\n\n<p>Es importante celebrar nuestros logros, pero no hay que olvidar que a\u00fan quedan barreras que superar en la sociedad.<\/p>\n\n\n\n<h3 class=\"wp-block-heading\">P: \u00bfSe ha enfrentado a alg\u00fan obst\u00e1culo en su carrera por el hecho de ser mujer? En caso afirmativo, \u00bfc\u00f3mo las super\u00f3?<\/h3>\n\n\n\n<p>Recuerdo que cuando mis hijos eran muy peque\u00f1os, yo era madre soltera y trabajaba a jornada completa para pagar la hipoteca y mantener a mi familia. La sociedad segu\u00eda esperando que no perseverara en mis aspiraciones profesionales mientras mis hijos eran peque\u00f1os.\u00a0<br>\u00a0<br>Valor, determinaci\u00f3n, perseverancia, encontrar tiempo para estudiar en los momentos m\u00e1s peque\u00f1os, y muchas noches y madrugadas. Querer ser y conseguir lo mejor para mi familia, personal y profesionalmente. Como llevaba en la profesi\u00f3n desde 2002, exist\u00eda la expectativa de que no deb\u00eda perseverar y simplemente \u2018conformarme\u2019, y decid\u00ed no hacerlo.<\/p>\n\n\n\n<h3 class=\"wp-block-heading\">P: \u00bfC\u00f3mo cree que podemos animar a m\u00e1s mujeres j\u00f3venes a desempe\u00f1ar funciones directivas en sus carreras?<\/h3>\n\n\n\n<p>Reconocer y recompensar la diversidad de edades en las empresas y la profesi\u00f3n y lo que cada uno puede aportar. Los profesionales maduros aprenden de los m\u00e1s j\u00f3venes y viceversa.<\/p>\n\n\n\n<h3 class=\"wp-block-heading\">P: \u00bfQu\u00e9 mujer ha influido m\u00e1s en su carrera?<\/h3>\n\n\n\n<p>Conoc\u00ed a Millicent Grant FILEx y KC (Hon). Nuestros caminos se cruzaron varias veces, y su trayectoria jur\u00eddica personal y profesional me pareci\u00f3 inspiradora, \u00a1adem\u00e1s de encantadora!<\/p>\n\n\n\n<h2 class=\"wp-block-heading\">Brandy Chu\u00a0<\/h2>\n\n\n\n<h3 class=\"wp-block-heading\">P: \u00bfC\u00f3mo se llama, qu\u00e9 funci\u00f3n desempe\u00f1a y cu\u00e1nto tiempo lleva en RFB?\u00a0<\/h3>\n\n\n\n<ol start=\"1\" class=\"wp-block-list\"><\/ol>\n\n\n\n<p>Brandy Chu, abogada asociada del departamento inmobiliario, \u00a1un a\u00f1o!\u00a0<\/p>\n\n\n\n<h3 class=\"wp-block-heading\">P: \u00bfQu\u00e9 le impuls\u00f3 a seguir la carrera de Derecho?\u00a0<\/h3>\n\n\n\n<ol start=\"2\" class=\"wp-block-list\"><\/ol>\n\n\n\n<p>Me atrajo el ritmo trepidante de las transacciones inmobiliarias y la variedad que conllevan.  Aunque cada transacci\u00f3n sigue una estructura clara, nunca hay dos asuntos iguales, lo que hace que el trabajo sea a la vez estimulante y gratificante. A\u00fan recuerdo mi primera transacci\u00f3n en la compra de una vivienda para una compradora primeriza. M\u00e1s tarde me envi\u00f3 una foto de las llaves de su nueva casa, y se me qued\u00f3 grabada. Saber que hab\u00eda participado en un hito tan importante en la vida de alguien me hizo darme cuenta de lo significativo que puede ser este trabajo y me confirm\u00f3 que esta era la carrera que quer\u00eda seguir a largo plazo. Adem\u00e1s, me encanta ver casas bonitas.\u00a0\u00a0<\/p>\n\n\n\n<h3 class=\"wp-block-heading\">P: \u00bfQu\u00e9 consejo dar\u00eda a las j\u00f3venes interesadas en la carrera de Derecho?\u00a0<\/h3>\n\n\n\n<p>Como mujer joven que empieza en cualquier carrera, puede haber momentos en los que la gente cuestione tu experiencia o tus capacidades. Recuerda que has trabajado duro para llegar a donde est\u00e1s y que te mereces estar ah\u00ed. Ten confianza en ti misma, conf\u00eda en tus conocimientos y no temas demostrar de lo que eres capaz.\u00a0\u00a0<\/p>\n\n\n\n<h3 class=\"wp-block-heading\">P: \u00bfPor qu\u00e9 cree que es importante el D\u00eda Internacional de la Mujer?\u00a0<\/h3>\n\n\n\n<p>La abogac\u00eda ha sido hist\u00f3ricamente un sector dominado por los hombres, pero ahora las mujeres representan m\u00e1s de la mitad del sector. Es importante celebrar los logros de las mujeres y reconocer el duro trabajo y la determinaci\u00f3n que los han hecho posibles.\u00a0\u00a0<\/p>\n\n\n\n<p>Aunque es alentador e inspirador que cada vez m\u00e1s mujeres ocupen puestos directivos, la brecha de antig\u00fcedad sigue existiendo. Esta brecha refleja a menudo los retos adicionales a los que se enfrentan las mujeres, como tener que compaginar carreras exigentes con la vida familiar, lo que puede dificultar su progresi\u00f3n.&nbsp;&nbsp;<\/p>\n\n\n\n<p>Con el lema de este a\u00f1o \u201cDar para ganar\u201d, es tambi\u00e9n una oportunidad para reflexionar sobre qu\u00e9 m\u00e1s se puede hacer para seguir reduciendo esta brecha.&nbsp;&nbsp;<\/p>\n\n\n\n<h3 class=\"wp-block-heading\">P: \u00bfQu\u00e9 mujer ha influido m\u00e1s en su carrera?\u00a0<\/h3>\n\n\n\n<p>Sin duda, mi madre. Dirige un peque\u00f1o negocio en el sector de la moda en mi pa\u00eds, y mientras crec\u00eda pas\u00e9 mucho tiempo observ\u00e1ndola en silencio en la tienda. Recuerdo lo r\u00e1pida que era con las manos, lo atenta que era con las palabras y lo incansable que trabajaba para que mi hermano y yo pudi\u00e9ramos ir a la escuela. A pesar de lo ocupada que estaba, nunca falt\u00f3 a clase. Su dedicaci\u00f3n, su resistencia y su capacidad para conciliar el trabajo y la familia desde una edad tan temprana me dejaron una huella imborrable. Aunque he elegido una carrera completamente distinta, me gusta pensar que llevo conmigo muchas de esas cualidades y que gran parte de mi \u00e9tica de trabajo procede de ella.\u00a0<\/p>\n\n\n\n<h2 class=\"wp-block-heading\">Emily Maskrey&nbsp;<\/h2>\n\n\n\n<h3 class=\"wp-block-heading\">P: \u00bfC\u00f3mo se llama, qu\u00e9 funci\u00f3n desempe\u00f1a y cu\u00e1nto tiempo lleva en RFB?&nbsp;<\/h3>\n\n\n\n<p>Emily Maskrey, abogada asociada. Me incorpor\u00e9 a RFB el 25<sup>th<\/sup>\u00a0Julio de 2022.\u00a0\u00a0<\/p>\n\n\n\n<h3 class=\"wp-block-heading\">P: \u00bfQu\u00e9 le impuls\u00f3 a seguir la carrera de Derecho?\u00a0<\/h3>\n\n\n\n<p>Decid\u00ed estudiar Derecho en el bachillerato y, casi de inmediato, me di cuenta de que quer\u00eda cursar estudios superiores y desarrollar una carrera en el \u00e1mbito jur\u00eddico. Durante mis estudios de posgrado, me gust\u00f3 especialmente el sector inmobiliario, ya que la naturaleza procesal de las transacciones inmobiliarias encaja con mi forma de pensar de tipo A.\u00a0\u00a0<\/p>\n\n\n\n<h3 class=\"wp-block-heading\">P: \u00bfQu\u00e9 consejo dar\u00eda a las j\u00f3venes interesadas en la carrera de Derecho?\u00a0<\/h3>\n\n\n\n<p>El trabajo puede ser exigente a veces, pero es incre\u00edblemente gratificante. Las transacciones inmobiliarias tienen la ventaja de estar muy orientadas al cliente y, al mismo tiempo, requieren mucha gimnasia mental para identificar y resolver los defectos de titularidad. Si le gusta un trabajo exigente, r\u00e1pido y con muchos elementos en movimiento, la gesti\u00f3n inmobiliaria puede ser lo que busca.\u00a0\u00a0<\/p>\n\n\n\n<h3 class=\"wp-block-heading\">P: \u00bfPor qu\u00e9 cree que es importante el D\u00eda Internacional de la Mujer?\u00a0<\/h3>\n\n\n\n<p>Es muy importante reconocer y celebrar los cambios sociales que hemos experimentado las mujeres en el \u00faltimo siglo. Como nacida a finales de los 90, muchas de las barreras a las que antes se enfrentaban las mujeres ya se han reducido para la gente de mi generaci\u00f3n, y es f\u00e1cil olvidar lo lejos que hemos llegado realmente como g\u00e9nero. Dicho esto, a\u00fan queda trabajo por hacer y estoy muy orgullosa de ver c\u00f3mo mis colegas y amigas siguen desafiando las normas sociales y mostrando al mundo de lo que somos capaces.\u00a0\u00a0<\/p>\n\n\n\n<h3 class=\"wp-block-heading\">P: \u00bfC\u00f3mo cree que podemos animar a m\u00e1s mujeres j\u00f3venes a desempe\u00f1ar puestos directivos en sus carreras?&nbsp;<\/h3>\n\n\n\n<p>Es muy importante que las mujeres j\u00f3venes no tengan que elegir entre progresar en su carrera o ampliar su familia. Las oportunidades de progresar, es decir, de asociarse y ascender, no deber\u00edan verse limitadas porque una mujer haya decidido tener hijos. Creo que muchas mujeres j\u00f3venes y capaces deciden no optar a puestos directivos porque tienen interiorizada la idea de que no pueden compaginar ambas cosas. Los bufetes de abogados deber\u00edan animar a las j\u00f3venes mostr\u00e1ndoles que no tenemos que elegir entre una cosa y la otra.\u00a0\u00a0<\/p>\n\n\n\n<h3 class=\"wp-block-heading\">P: \u00bfQu\u00e9 mujer ha influido m\u00e1s en su carrera?\u00a0<\/h3>\n\n\n\n<p>Aunque no trabaja en la abogac\u00eda, mi madre ha sido mi mayor influencia. Siempre ha estado a mi lado, anim\u00e1ndome. No creo que hoy estuviera aqu\u00ed sin el apoyo que mi madre me ha dado a lo largo de los a\u00f1os, y considero que mi \u00e9xito profesional es compartido con ella.\u00a0<\/p>\n\n\n\n<h2 class=\"wp-block-heading\">Liz Evripidou&nbsp;<\/h2>\n\n\n\n<h3 class=\"wp-block-heading\">P: \u00bfC\u00f3mo se llama, qu\u00e9 funci\u00f3n desempe\u00f1a y cu\u00e1nto tiempo lleva en RFB?\u00a0<\/h3>\n\n\n\n<p>Liz - Responsable de Finanzas y RRHH. Trabaj\u00f3 en RFB durante 8 meses\u00a0\u00a0<\/p>\n\n\n\n<h3 class=\"wp-block-heading\">P: \u00bfQu\u00e9 le impuls\u00f3 a seguir una carrera en Finanzas\/RRHH?\u00a0<\/h3>\n\n\n\n<p>Despu\u00e9s de que me despidieran tras 30 a\u00f1os en el sector bancario y me hicieran sentir que no pod\u00eda conseguir nada, tuve la oportunidad de utilizar algunas de las habilidades que hab\u00eda aprendido en el mundo jur\u00eddico y demostrarme a m\u00ed mismo que todo es posible con la mentalidad adecuada.\u00a0<\/p>\n\n\n\n<h3 class=\"wp-block-heading\">P: \u00bfQu\u00e9 consejo dar\u00eda a las j\u00f3venes interesadas en una carrera en Finanzas\/RRHH?\u00a0<\/h3>\n\n\n\n<p>Nunca te subestimes, todo obst\u00e1culo puede superarse y todo reto es una oportunidad para aprender y crecer.\u00a0\u00a0<\/p>\n\n\n\n<h3 class=\"wp-block-heading\">P: \u00bfPor qu\u00e9 cree que es importante el D\u00eda Internacional de la Mujer?\u00a0<\/h3>\n\n\n\n<p>Muestra los progresos realizados por las mujeres en rodillos que nunca habr\u00edan sido una opci\u00f3n, y una oportunidad para apoyar los derechos de la mujer.\u00a0<\/p>\n\n\n\n<h3 class=\"wp-block-heading\">P: \u00bfSe ha enfrentado a alg\u00fan obst\u00e1culo en su carrera por el hecho de ser mujer? En caso afirmativo, \u00bfc\u00f3mo las super\u00f3?\u00a0<\/h3>\n\n\n\n<p>Muchas veces, al dirigir una sucursal, ya que la mayor\u00eda de los clientes quer\u00edan tratar con directores hombres.  Mucho trabajo, dedicaci\u00f3n, lealtad y respeto.\u00a0 \u00a0<\/p>\n\n\n\n<h3 class=\"wp-block-heading\">P: \u00bfQu\u00e9 mujer ha influido m\u00e1s en su carrera?\u00a0<\/h3>\n\n\n\n<p>Mi madre lleg\u00f3 al Reino Unido sin saber ingl\u00e9s, sin trabajo y con muy poco dinero. Tuvo que valerse por s\u00ed misma, aprender a comunicarse e integrarse en una cultura que le era desconocida. Me ense\u00f1\u00f3 que el trabajo duro, la honradez, el amor y la determinaci\u00f3n son todo lo que se necesita para triunfar.\u00a0<\/p>","protected":false},"author":12,"featured_media":8857,"parent":0,"menu_order":0,"template":"","format":"standard","meta":{"_acf_changed":false,"om_disable_all_campaigns":false,"_uf_show_specific_survey":0,"_uf_disable_surveys":false,"footnotes":""},"categories":[],"tags":[],"class_list":["post-8853","insight","type-insight","status-publish","format-standard","has-post-thumbnail","hentry"],"acf":[],"aioseo_notices":[],"yoast_head":"<!-- This site is optimized with the Yoast SEO plugin v27.2 - https:\/\/yoast.com\/product\/yoast-seo-wordpress\/ -->\n<title>International Women&#039;s Day 2026 - RFB Legal<\/title>\n<meta name=\"description\" content=\"Sunday, 8th&nbsp;March, marks International Women\u2019s Day&nbsp;2026.&nbsp;This year, the theme is \u2018Give to Gain\u2019,&nbsp;which emphasises the&nbsp;power of\" \/>\n<meta name=\"robots\" content=\"index, follow, max-snippet:-1, max-image-preview:large, max-video-preview:-1\" \/>\n<link rel=\"canonical\" href=\"https:\/\/rfblegal.co.uk\/es\/perspectivas\/dia-internacional-de-la-mujer-2026\/\" \/>\n<meta property=\"og:locale\" content=\"es_ES\" \/>\n<meta property=\"og:type\" content=\"article\" \/>\n<meta property=\"og:title\" content=\"International Women&#039;s Day 2026 - RFB Legal\" \/>\n<meta property=\"og:description\" content=\"Sunday, 8th&nbsp;March, marks International Women\u2019s Day&nbsp;2026.&nbsp;This year, the theme is \u2018Give to Gain\u2019,&nbsp;which emphasises the&nbsp;power of\" \/>\n<meta property=\"og:url\" content=\"https:\/\/rfblegal.co.uk\/es\/perspectivas\/dia-internacional-de-la-mujer-2026\/\" \/>\n<meta property=\"og:site_name\" content=\"RFB Legal\" \/>\n<meta property=\"article:publisher\" content=\"https:\/\/www.facebook.com\/RFBLegal\/\" \/>\n<meta property=\"article:modified_time\" content=\"2026-03-09T15:26:41+00:00\" \/>\n<meta property=\"og:image\" content=\"https:\/\/rfblegal.co.uk\/wp-content\/uploads\/2026\/03\/IWD-2026-2-scaled.png\" \/>\n\t<meta property=\"og:image:width\" content=\"2120\" \/>\n\t<meta property=\"og:image:height\" content=\"1108\" \/>\n\t<meta property=\"og:image:type\" content=\"image\/png\" \/>\n<meta name=\"twitter:card\" content=\"summary_large_image\" \/>\n<meta name=\"twitter:label1\" content=\"Est. reading time\" \/>\n\t<meta name=\"twitter:data1\" content=\"19 minutos\" \/>\n<script type=\"application\/ld+json\" class=\"yoast-schema-graph\">{\"@context\":\"https:\/\/schema.org\",\"@graph\":[{\"@type\":\"WebPage\",\"@id\":\"https:\/\/rfblegal.co.uk\/insights\/international-womens-day-2026\/\",\"url\":\"https:\/\/rfblegal.co.uk\/insights\/international-womens-day-2026\/\",\"name\":\"International Women's Day 2026 - RFB Legal\",\"isPartOf\":{\"@id\":\"https:\/\/rfblegal.co.uk\/#website\"},\"primaryImageOfPage\":{\"@id\":\"https:\/\/rfblegal.co.uk\/insights\/international-womens-day-2026\/#primaryimage\"},\"image\":{\"@id\":\"https:\/\/rfblegal.co.uk\/insights\/international-womens-day-2026\/#primaryimage\"},\"thumbnailUrl\":\"https:\/\/rfblegal.co.uk\/wp-content\/uploads\/2026\/03\/IWD-2026-2-scaled.png\",\"datePublished\":\"2026-03-09T15:23:49+00:00\",\"dateModified\":\"2026-03-09T15:26:41+00:00\",\"description\":\"Sunday, 8th&nbsp;March, marks International Women\u2019s Day&nbsp;2026.&nbsp;This year, the theme is \u2018Give to Gain\u2019,&nbsp;which emphasises the&nbsp;power of\",\"breadcrumb\":{\"@id\":\"https:\/\/rfblegal.co.uk\/insights\/international-womens-day-2026\/#breadcrumb\"},\"inLanguage\":\"es\",\"potentialAction\":[{\"@type\":\"ReadAction\",\"target\":[\"https:\/\/rfblegal.co.uk\/insights\/international-womens-day-2026\/\"]}]},{\"@type\":\"ImageObject\",\"inLanguage\":\"es\",\"@id\":\"https:\/\/rfblegal.co.uk\/insights\/international-womens-day-2026\/#primaryimage\",\"url\":\"https:\/\/rfblegal.co.uk\/wp-content\/uploads\/2026\/03\/IWD-2026-2-scaled.png\",\"contentUrl\":\"https:\/\/rfblegal.co.uk\/wp-content\/uploads\/2026\/03\/IWD-2026-2-scaled.png\",\"width\":2120,\"height\":1108},{\"@type\":\"BreadcrumbList\",\"@id\":\"https:\/\/rfblegal.co.uk\/insights\/international-womens-day-2026\/#breadcrumb\",\"itemListElement\":[{\"@type\":\"ListItem\",\"position\":1,\"name\":\"Home\",\"item\":\"https:\/\/rfblegal.co.uk\/\"},{\"@type\":\"ListItem\",\"position\":2,\"name\":\"Insights\",\"item\":\"https:\/\/rfblegal.co.uk\/insights\/\"},{\"@type\":\"ListItem\",\"position\":3,\"name\":\"International Women&#8217;s Day 2026\"}]},{\"@type\":\"WebSite\",\"@id\":\"https:\/\/rfblegal.co.uk\/#website\",\"url\":\"https:\/\/rfblegal.co.uk\/\",\"name\":\"RFB Legal\",\"description\":\"\",\"publisher\":{\"@id\":\"https:\/\/rfblegal.co.uk\/#organization\"},\"potentialAction\":[{\"@type\":\"SearchAction\",\"target\":{\"@type\":\"EntryPoint\",\"urlTemplate\":\"https:\/\/rfblegal.co.uk\/?s={search_term_string}\"},\"query-input\":{\"@type\":\"PropertyValueSpecification\",\"valueRequired\":true,\"valueName\":\"search_term_string\"}}],\"inLanguage\":\"es\"},{\"@type\":\"Organization\",\"@id\":\"https:\/\/rfblegal.co.uk\/#organization\",\"name\":\"RFB Legal\",\"url\":\"https:\/\/rfblegal.co.uk\/\",\"logo\":{\"@type\":\"ImageObject\",\"inLanguage\":\"es\",\"@id\":\"https:\/\/rfblegal.co.uk\/#\/schema\/logo\/image\/\",\"url\":\"https:\/\/rfblegal.co.uk\/wp-content\/uploads\/2024\/01\/header_company_logo.svg\",\"contentUrl\":\"https:\/\/rfblegal.co.uk\/wp-content\/uploads\/2024\/01\/header_company_logo.svg\",\"caption\":\"RFB Legal\"},\"image\":{\"@id\":\"https:\/\/rfblegal.co.uk\/#\/schema\/logo\/image\/\"},\"sameAs\":[\"https:\/\/www.facebook.com\/RFBLegal\/\",\"https:\/\/www.linkedin.com\/uas\/login?session_redirect=company2012282\",\"https:\/\/www.instagram.com\/rfb_legal\/\"]}]}<\/script>\n<!-- \/ Yoast SEO plugin. -->","yoast_head_json":{"title":"D\u00eda Internacional de la Mujer 2026 - RFB Legal","description":"El domingo 8 de marzo se celebra el D\u00eda Internacional de la Mujer 2026. Este a\u00f1o, el tema es \u2018Dar para ganar\u2019, que hace hincapi\u00e9 en el poder de","robots":{"index":"index","follow":"follow","max-snippet":"max-snippet:-1","max-image-preview":"max-image-preview:large","max-video-preview":"max-video-preview:-1"},"canonical":"https:\/\/rfblegal.co.uk\/es\/perspectivas\/dia-internacional-de-la-mujer-2026\/","og_locale":"es_ES","og_type":"article","og_title":"International Women's Day 2026 - RFB Legal","og_description":"Sunday, 8th&nbsp;March, marks International Women\u2019s Day&nbsp;2026.&nbsp;This year, the theme is \u2018Give to Gain\u2019,&nbsp;which emphasises the&nbsp;power of","og_url":"https:\/\/rfblegal.co.uk\/es\/perspectivas\/dia-internacional-de-la-mujer-2026\/","og_site_name":"RFB Legal","article_publisher":"https:\/\/www.facebook.com\/RFBLegal\/","article_modified_time":"2026-03-09T15:26:41+00:00","og_image":[{"width":2120,"height":1108,"url":"https:\/\/rfblegal.co.uk\/wp-content\/uploads\/2026\/03\/IWD-2026-2-scaled.png","type":"image\/png"}],"twitter_card":"summary_large_image","twitter_misc":{"Est. reading time":"19 minutos"},"schema":{"@context":"https:\/\/schema.org","@graph":[{"@type":"WebPage","@id":"https:\/\/rfblegal.co.uk\/insights\/international-womens-day-2026\/","url":"https:\/\/rfblegal.co.uk\/insights\/international-womens-day-2026\/","name":"D\u00eda Internacional de la Mujer 2026 - RFB Legal","isPartOf":{"@id":"https:\/\/rfblegal.co.uk\/#website"},"primaryImageOfPage":{"@id":"https:\/\/rfblegal.co.uk\/insights\/international-womens-day-2026\/#primaryimage"},"image":{"@id":"https:\/\/rfblegal.co.uk\/insights\/international-womens-day-2026\/#primaryimage"},"thumbnailUrl":"https:\/\/rfblegal.co.uk\/wp-content\/uploads\/2026\/03\/IWD-2026-2-scaled.png","datePublished":"2026-03-09T15:23:49+00:00","dateModified":"2026-03-09T15:26:41+00:00","description":"El domingo 8 de marzo se celebra el D\u00eda Internacional de la Mujer 2026. Este a\u00f1o, el tema es \u2018Dar para ganar\u2019, que hace hincapi\u00e9 en el poder de","breadcrumb":{"@id":"https:\/\/rfblegal.co.uk\/insights\/international-womens-day-2026\/#breadcrumb"},"inLanguage":"es","potentialAction":[{"@type":"ReadAction","target":["https:\/\/rfblegal.co.uk\/insights\/international-womens-day-2026\/"]}]},{"@type":"ImageObject","inLanguage":"es","@id":"https:\/\/rfblegal.co.uk\/insights\/international-womens-day-2026\/#primaryimage","url":"https:\/\/rfblegal.co.uk\/wp-content\/uploads\/2026\/03\/IWD-2026-2-scaled.png","contentUrl":"https:\/\/rfblegal.co.uk\/wp-content\/uploads\/2026\/03\/IWD-2026-2-scaled.png","width":2120,"height":1108},{"@type":"BreadcrumbList","@id":"https:\/\/rfblegal.co.uk\/insights\/international-womens-day-2026\/#breadcrumb","itemListElement":[{"@type":"ListItem","position":1,"name":"Home","item":"https:\/\/rfblegal.co.uk\/"},{"@type":"ListItem","position":2,"name":"Insights","item":"https:\/\/rfblegal.co.uk\/insights\/"},{"@type":"ListItem","position":3,"name":"International Women&#8217;s Day 2026"}]},{"@type":"WebSite","@id":"https:\/\/rfblegal.co.uk\/#website","url":"https:\/\/rfblegal.co.uk\/","name":"RFB Legal","description":"","publisher":{"@id":"https:\/\/rfblegal.co.uk\/#organization"},"potentialAction":[{"@type":"SearchAction","target":{"@type":"EntryPoint","urlTemplate":"https:\/\/rfblegal.co.uk\/?s={search_term_string}"},"query-input":{"@type":"PropertyValueSpecification","valueRequired":true,"valueName":"search_term_string"}}],"inLanguage":"es"},{"@type":"Organization","@id":"https:\/\/rfblegal.co.uk\/#organization","name":"RFB Legal","url":"https:\/\/rfblegal.co.uk\/","logo":{"@type":"ImageObject","inLanguage":"es","@id":"https:\/\/rfblegal.co.uk\/#\/schema\/logo\/image\/","url":"https:\/\/rfblegal.co.uk\/wp-content\/uploads\/2024\/01\/header_company_logo.svg","contentUrl":"https:\/\/rfblegal.co.uk\/wp-content\/uploads\/2024\/01\/header_company_logo.svg","caption":"RFB Legal"},"image":{"@id":"https:\/\/rfblegal.co.uk\/#\/schema\/logo\/image\/"},"sameAs":["https:\/\/www.facebook.com\/RFBLegal\/","https:\/\/www.linkedin.com\/uas\/login?session_redirect=company2012282","https:\/\/www.instagram.com\/rfb_legal\/"]}]}},"_links":{"self":[{"href":"https:\/\/rfblegal.co.uk\/es\/wp-json\/wp\/v2\/insight\/8853","targetHints":{"allow":["GET"]}}],"collection":[{"href":"https:\/\/rfblegal.co.uk\/es\/wp-json\/wp\/v2\/insight"}],"about":[{"href":"https:\/\/rfblegal.co.uk\/es\/wp-json\/wp\/v2\/types\/insight"}],"author":[{"embeddable":true,"href":"https:\/\/rfblegal.co.uk\/es\/wp-json\/wp\/v2\/users\/12"}],"version-history":[{"count":3,"href":"https:\/\/rfblegal.co.uk\/es\/wp-json\/wp\/v2\/insight\/8853\/revisions"}],"predecessor-version":[{"id":8860,"href":"https:\/\/rfblegal.co.uk\/es\/wp-json\/wp\/v2\/insight\/8853\/revisions\/8860"}],"wp:featuredmedia":[{"embeddable":true,"href":"https:\/\/rfblegal.co.uk\/es\/wp-json\/wp\/v2\/media\/8857"}],"wp:attachment":[{"href":"https:\/\/rfblegal.co.uk\/es\/wp-json\/wp\/v2\/media?parent=8853"}],"wp:term":[{"taxonomy":"category","embeddable":true,"href":"https:\/\/rfblegal.co.uk\/es\/wp-json\/wp\/v2\/categories?post=8853"},{"taxonomy":"post_tag","embeddable":true,"href":"https:\/\/rfblegal.co.uk\/es\/wp-json\/wp\/v2\/tags?post=8853"}],"curies":[{"name":"wp","href":"https:\/\/api.w.org\/{rel}","templated":true}]}}